{"id":21101,"date":"2020-07-30T17:23:35","date_gmt":"2020-07-30T16:23:35","guid":{"rendered":"https:\/\/www.ipleiria.pt\/cursos\/?post_type=course&#038;p=21101"},"modified":"2023-03-03T21:32:20","modified_gmt":"2023-03-03T21:32:20","slug":"consumer-law","status":"publish","type":"course","link":"https:\/\/www.ipleiria.pt\/en\/course\/consumer-law\/","title":{"rendered":"Consumer Law"},"content":{"rendered":"\n<div style=\"height:15px\" aria-hidden=\"true\" class=\"wp-block-spacer\"><\/div>\n\n\n<div class=\"d-flex flex-column\">\n <h1 class=\"is-style-theme-title order-2\">Consumer Law<\/h1>\n   <div class=\"block post-field post-subtitle course-type order-1\">\n <div class=\"sr-only hide-from-gutenberg\">Course Type: <\/div>\n <div class=\"is-style-theme-subtitle-inherit-color\">Postgraduate Programme<\/div>\n <\/div>\n <\/div>\n\n\n<div style=\"height:10px\" aria-hidden=\"true\" class=\"wp-block-spacer\"><\/div>\n\n\n\n<div class=\"wp-container-3 wp-block-columns\">\n<div class=\"wp-container-1 wp-block-column\" style=\"flex-basis:70%\"><div class=\"post-field clearfix\">\n<h2 class=\"d-none post-title font-weight-semibold h6 m-0 p-0\" style=\"font-size: 1rem\">Programme Content<\/h2>\n<div>\n<p class=\"is-style-theme-subtitle-inherit-color has-regular-text-color-color has-background-grey-color-background-color has-text-color has-background\" style=\"font-size:11px\"><strong>The content of this web page is written in Portuguese as this programme\/course is only taught in Portuguese.<\/strong><\/p>\n<\/div>\n<div class=\"clearfix\"><\/div>\n<\/div>\n\n\n<div style=\"height:10px\" aria-hidden=\"true\" class=\"wp-block-spacer\"><\/div>\n\n\n<div class=\"post-field clearfix\">\n<h2 class=\"d-none post-title font-weight-semibold h6 m-0 p-0\" style=\"font-size: 1rem\">Programme Introduction<\/h2>\n<div><p>O tema da informa\u00e7\u00e3o e forma\u00e7\u00e3o do consumidor \u00e9 atual, relevante e premente, tendo em considera\u00e7\u00e3o a import\u00e2ncia fundamental que o consumidor tem vindo a assumir na nossa sociedade. A orienta\u00e7\u00e3o dos indiv\u00edduos para um consumo respons\u00e1vel e a responsabiliza\u00e7\u00e3o das empresas e institui\u00e7\u00f5es pela qualidade da informa\u00e7\u00e3o disponibilizada ao consumidor s\u00e3o preocupa\u00e7\u00f5es atuais dos governos e organismos p\u00fablicos europeus. A Uni\u00e3o Europeia tem dado especial aten\u00e7\u00e3o ao consumidor, colocando a t\u00f3nica na necessidade de formar uma sociedade europeia mais respons\u00e1vel e esclarecida no que respeita \u00e0s op\u00e7\u00f5es e estrat\u00e9gias de consumo, em particular, um consumo respons\u00e1vel. Para tal, conta com a mobiliza\u00e7\u00e3o da sociedade civil, de organiza\u00e7\u00f5es profissionais e de prote\u00e7\u00e3o dos consumidores e com a interven\u00e7\u00e3o das unidades de ensino superior para promover um comportamento de consumo que melhore a qualidade de vida das sociedades europeias.<\/p>\n<p>Com a perspetiva de uma crescente procura por forma\u00e7\u00e3o avan\u00e7ada nas \u00e1reas do consumo, haver\u00e1 espa\u00e7o para que a ESTG do Polit\u00e9cnico de Leiria, em parceria com a Ordem dos Solicitadores e dos Agentes de Execu\u00e7\u00e3o e, bem assim, com a Associa\u00e7\u00e3o de Direito do Consumo, possa oferecer um curso de p\u00f3s-gradua\u00e7\u00e3o em Direito do Consumo, que permita, por um lado, a continua\u00e7\u00e3o de estudos dos estudantes do 1.\u00ba ciclo (Solicitadoria, Administra\u00e7\u00e3o P\u00fablica, Gest\u00e3o de Empresas, Marketing, entre outros) ou do 2.\u00ba ciclo, bem como o aprofundamento ou atualiza\u00e7\u00e3o de conhecimentos dos profissionais destas \u00e1reas, em particular, dos Solicitadores.<\/p>\n<p>Para tal, esta proposta de P\u00f3s-Gradua\u00e7\u00e3o em Direito do Consumo pretende ser abrangente no que respeita aos v\u00e1rios temas abordados e ter uma componente pr\u00e1tica relevante, proporcionando uma aprendizagem baseada na transmiss\u00e3o de conhecimentos sobre estas mat\u00e9rias e na observa\u00e7\u00e3o e partilha de casos reais, o que ficar\u00e1 a cargo de um corpo docente de acad\u00e9micos e profissionais de notoriedade reconhecida, a n\u00edvel nacional e internacional, das \u00e1reas consumeristas.<\/p><\/div>\n<div class=\"clearfix\"><\/div>\n<\/div>\n\n<\/div>\n\n\n\n<div class=\"wp-container-2 wp-block-column pl-md-5\" style=\"flex-basis:30%\">\n<div style=\"height:15px\" aria-hidden=\"true\" class=\"wp-block-spacer\"><\/div>\n\n\n\n\n<div class=\"post-field mt-3 course_school\">\n        <h2 class=\"field-title font-weight-semibold h6 m-0 p-0\" style=\"font-size: 1rem\">School<\/h2>\n                                                                        \n            <div class=\"course-meta-value\"><a title=\"Know more about the School of Technology and Management\" href=\"https:\/\/www.ipleiria.pt\/en\/about-us\/schools\/estg\/\">Technology and Management<\/a><\/div>\n                <div class=\"clearfix\"><\/div>\n    <\/div><div class=\"post-field mt-3 course_city\">\n        <h2 class=\"field-title font-weight-semibold h6 m-0 p-0\" style=\"font-size: 1rem\">City<\/h2>\n                                                                        \n            <div class=\"course-meta-value\"><a title=\"Know more about Leiria\" href=\"https:\/\/www.ipleiria.pt\/en\/live\/student-life\/leiria-region\/city-of-leiria\/\">Leiria<\/a><\/div>\n                <div class=\"clearfix\"><\/div>\n    <\/div>    <div class=\"post-field mt-3 course_language\">\n        <h2 class=\"field-title font-weight-semibold h6 m-0 p-0\" style=\"font-size: 1rem\">Language<\/h2>\n        <div>Portuguese<\/div>\n        <div class=\"clearfix\"><\/div>\n    <\/div>    <div class=\"post-field mt-3 course_schedule\">\n        <h2 class=\"field-title font-weight-semibold h6 m-0 p-0\" style=\"font-size: 1rem\">Type<\/h2>\n        <div>Evening<\/div>\n        <div class=\"clearfix\"><\/div>\n    <\/div>\n\n<div class=\"post-field mt-3 course_length\">\n    <h2 class=\"field-title font-weight-semibold h6 m-0 p-0\" style=\"font-size: 1rem\">Length<\/h2>\n    <div>1 semestre<\/div>\n    <div class=\"clearfix\"><\/div>\n<\/div>\n\n<div class=\"post-field mt-3 course_vacancies\">\n    <h2 class=\"field-title font-weight-semibold h6 m-0 p-0\" style=\"font-size: 1rem\">Vacancies\n<\/h2>\n    <div><p>40<\/p>\n<p>(n.\u00ba m\u00ednimo de participantes: 18)<\/p><\/div>\n    <div class=\"clearfix\"><\/div>\n<\/div>\n\n\n\n<\/div>\n<\/div>\n\n\n\n<div style=\"height:70px\" aria-hidden=\"true\" class=\"wp-block-spacer\"><\/div>\n\n\n\n<div id=\"gbc-_c6d60f-0b\" class=\"wp-block-pt-ipleiria-ued-wp-theme-ipleiria-gutenbergblocks-container gbc gbc-view row-valign-top align-full\" style=\"background-color:#F3F3F3\"><div class=\"gbc-background-overlay gbc-background-overlay-normal\" style=\"opacity:0.3\"><\/div><div class=\"gbc-wrapper\" style=\"padding-top:0;padding-bottom:0\"><div id=\"gbc-container-gbc-_c6d60f-0b\" class=\"inner-container\">\n<div class=\"wp-container-6 wp-block-columns removeGap\">\n<div class=\"wp-container-4 wp-block-column is-vertically-aligned-top m-0 d-print-none\"><div class=\"wp-block-image\">\n<figure class=\"alignright size-full\"><img src=\"https:\/\/www.ipleiria.pt\/en\/wp-content\/uploads\/sites\/25\/2020\/07\/pexels-mikhail-nilov-6969964.jpg\" alt=\"\" class=\"wp-image-44427\"\/><\/figure><\/div><\/div>\n\n\n\n<div class=\"wp-container-5 wp-block-column m-0 px-sm-4 scroll-text grey\" style=\"flex-basis:50%\">\n<div id=\"gbc-_abf99b-92\" class=\"wp-block-pt-ipleiria-ued-wp-theme-ipleiria-gutenbergblocks-container gbc gbc-view row-valign-top align-full\" style=\"margin-left:0px;margin-right:0px\"><div class=\"gbc-background-overlay gbc-background-overlay-normal\" style=\"opacity:0.3\"><\/div><div class=\"gbc-wrapper\" style=\"padding-left:15px;padding-right:15px;padding-top:42px;padding-bottom:15px\"><div id=\"gbc-container-gbc-_abf99b-92\" class=\"inner-container\" style=\"max-width:540px\"><div class=\"d-flex flex-column\">\n    <h2 class=\"has-text-align-left is-style-theme-title order-2 mb-4\">Objectives<\/h2>\n    <div class=\"has-text-align-left is-style-theme-subtitle order-1\">Programme<\/div>\n<\/div>\n<div><p>O curso de p\u00f3s-gradua\u00e7\u00e3o em Direito do Consumo visa proporcionar uma forma\u00e7\u00e3o especializada na \u00e1rea multidisciplinar do consumo (<em>v.g., <\/em>contratos de consumo, comunica\u00e7\u00f5es comerciais e pr\u00e1ticas comerciais, dados pessoais, resolu\u00e7\u00e3o de conflitos de consumo), desenvolvendo e atualizando o dom\u00ednio t\u00e9cnico e pr\u00e1tico dos seus discentes e, bem assim, promovendo a reflex\u00e3o cr\u00edtica, te\u00f3rica e metodol\u00f3gica sobre estas mat\u00e9rias.<\/p>\n<p>Esta P\u00f3s-Gradua\u00e7\u00e3o prop\u00f5e-se, deste modo, ministrar aos formandos as compet\u00eancias necess\u00e1rias para:<\/p>\n<p>(1) identificar a problem\u00e1tica apresentada e realizar a sua qualifica\u00e7\u00e3o jur\u00eddica;<\/p>\n<p>(2) subsumir ao regime jur\u00eddico aplic\u00e1vel;<\/p>\n<p>(3) saber qual o instrumento ou mecanismo legal de tutela do consumidor de que deve socorrer-se; e<\/p>\n<p>(4) conhecer genericamente o quadro jur\u00eddico de prote\u00e7\u00e3o do consumidor.<\/p><\/div><\/div><\/div><\/div>\n<\/div>\n<\/div>\n<\/div><\/div><\/div>\n\n\n\n<div id=\"gbc-_46742f-3f\" class=\"wp-block-pt-ipleiria-ued-wp-theme-ipleiria-gutenbergblocks-container gbc gbc-view row-valign-top align-full\" style=\"background-color:#262626\"><div class=\"gbc-background-overlay gbc-background-overlay-normal\" style=\"opacity:0.3\"><\/div><div class=\"gbc-wrapper\"><div id=\"gbc-container-gbc-_46742f-3f\" class=\"inner-container\">\n<div class=\"wp-container-9 wp-block-columns removeGap\">\n<div class=\"wp-container-7 wp-block-column m-0 px-sm-4 scroll-text dark\" style=\"flex-basis:50%\">\n<div id=\"gbc-_961362-11\" class=\"wp-block-pt-ipleiria-ued-wp-theme-ipleiria-gutenbergblocks-container gbc gbc-view row-valign-top align-full float-right clearfix\" style=\"margin-left:0px;margin-right:0px\"><div class=\"gbc-background-overlay gbc-background-overlay-normal\" style=\"opacity:0.3\"><\/div><div class=\"gbc-wrapper\" style=\"padding-left:15px;padding-right:15px;padding-top:42px;padding-bottom:15px\"><div id=\"gbc-container-gbc-_961362-11\" class=\"inner-container\" style=\"max-width:540px\">\n<div style=\"height:40px\" aria-hidden=\"true\" class=\"wp-block-spacer\"><\/div>\n\n\n<\/div><\/div><\/div>\n<\/div>\n\n\n\n<div class=\"wp-container-8 wp-block-column m-0 d-print-none\">\n<figure class=\"wp-block-image size-large\"><img loading=\"lazy\" width=\"1024\" height=\"683\" src=\"https:\/\/www.ipleiria.pt\/en\/wp-content\/uploads\/sites\/25\/2020\/12\/course_asset_02.jpg\" alt=\"\" class=\"wp-image-22612\" srcset=\"https:\/\/www.ipleiria.pt\/en\/wp-content\/uploads\/sites\/25\/2020\/12\/course_asset_02.jpg 1024w, https:\/\/www.ipleiria.pt\/en\/wp-content\/uploads\/sites\/25\/2020\/12\/course_asset_02-300x200.jpg 300w, https:\/\/www.ipleiria.pt\/en\/wp-content\/uploads\/sites\/25\/2020\/12\/course_asset_02-768x512.jpg 768w\" sizes=\"(max-width: 1024px) 100vw, 1024px\" \/><\/figure>\n<\/div>\n<\/div>\n<\/div><\/div><\/div>\n\n\n\n<div style=\"height:70px\" aria-hidden=\"true\" class=\"wp-block-spacer\"><\/div>\n\n\n    \n    <section id=\"course-curriculum-section\" aria-labelledby=\"course-curriculum-label\">\n                    \t<div class=\"post-field course_curriculum_list\">\n    \t\t    \t\t    <div id=\"gba_56fcfd-0\" class=\"wp-block-pt-ipleiria-ued-wp-theme-ipleiria-gutenbergblocks-collapse gba gba-view gba_56fcfd-0\">\n            \t\t<div id=\"gba-pane_c7ff2e-0\" class=\"wp-block-pt-ipleiria-ued-wp-theme-ipleiria-gutenbergblocks-collapse-pane gba-pane gba-pane-save gba-pane_e1b913-0\">\n            \t\t\t<div class=\"card\">\n            \t\t\t\t<div class=\"card-header\" id=\"gba-pane-heading_c7ff2e-0\">\n            \t\t\t\t\t<div class=\"mb-0\">\n            \t\t\t\t\t\t<button class=\"btn btn-link collapsed\" type=\"button\" data-toggle=\"collapse\" data-target=\"#gba-pane-collapse_c7ff2e-0\" aria-controls=\"gba-pane-collapse_c7ff2e-0\" aria-expanded=\"false\">\n            \t\t\t\t\t\t\t<h3 class=\"gba-pane-title\">Unidades Curriculares<\/h3>\n            \t\t\t\t\t\t<\/button>\n            \t\t\t\t\t<\/div>\n            \t\t\t\t<\/div>\n            \t\t\t\t<div id=\"gba-pane-collapse_c7ff2e-0\" class=\"panel-content collapse\" aria-labelledby=\"gba-pane-heading_c7ff2e-0\" data-parent=\"#gba_56fcfd-0\">\n            \t\t\t\t\t<div class=\"card-body\">\n            \t\t\t\t\t\t            \t\t\t\t\t\t\t            \t\t\t\t\t\t\t            \t\t\t\t\t\t\t            \t\t\t\t\t\t\t\t            \t\t\t\t\t\t\t\t\t            \t\t\t\t\t\t\t\t\t\t            \t\t\t\t\t\t\t\t\t            \t\t\t\t\t\t\t\t            \t\t\t\t\t\t\t\t\t            \t\t\t\t\t\t\t\t\t\t            \t\t\t\t\t\t\t\t\t            \t\t\t\t\t\t\t\t            \t\t\t\t\t\t\t\t\t            \t\t\t\t\t\t\t\t\t\t            \t\t\t\t\t\t\t\t\t            \t\t\t\t\t\t\t\t            \t\t\t\t\t\t\t\t\t            \t\t\t\t\t\t\t\t\t\t            \t\t\t\t\t\t\t\t\t            \t\t\t\t\t\t\t\t            \t\t\t\t\t\t\t\t\t            \t\t\t\t\t\t\t\t\t\t            \t\t\t\t\t\t\t\t\t            \t\t\t\t\t\t\t\t            \t\t\t\t\t\t\t\t\t            \t\t\t\t\t\t\t\t\t\t            \t\t\t\t\t\t\t\t\t            \t\t\t\t\t\t\t\t            \t\t\t\t\t\t\t            \t\t\t\t\t\t\t\t            \t\t\t\t\t\t\t\t\t            \t\t\t\t\t\t\t\t            \t\t\t\t\t\t\t\t\t            \t\t\t\t\t\t\t\t            \t\t\t\t\t\t\t\t\t            \t\t\t\t\t\t\t\t            \t\t\t\t\t\t\t\t\t            \t\t\t\t\t\t\t\t            \t\t\t\t\t\t\t\t\t            \t\t\t\t\t\t\t\t            \t\t\t\t\t\t\t\t\t            \t\t\t\t\t\t\t\t            \t\t\t\t\t\t\t            \t\t\t\t\t\t\t\t            \t\t\t\t\t\t\t\t\t            \t\t\t\t\t\t\t\t            \t\t\t\t\t\t\t\t\t            \t\t\t\t\t\t\t\t            \t\t\t\t\t\t\t\t\t            \t\t\t\t\t\t\t\t            \t\t\t\t\t\t\t\t\t            \t\t\t\t\t\t\t\t            \t\t\t\t\t\t\t\t\t            \t\t\t\t\t\t\t\t            \t\t\t\t\t\t\t\t\t            \t\t\t\t\t\t\t\t            \t\t\t\t\t\t\t            \t\t\t\t\t\t\t\t            \t\t\t\t\t\t\t\t\t            \t\t\t\t\t\t\t\t            \t\t\t\t\t\t\t\t\t            \t\t\t\t\t\t\t\t            \t\t\t\t\t\t\t\t\t            \t\t\t\t\t\t\t\t            \t\t\t\t\t\t\t\t\t            \t\t\t\t\t\t\t\t            \t\t\t\t\t\t\t\t\t            \t\t\t\t\t\t\t\t            \t\t\t\t\t\t\t\t\t            \t\t\t\t\t\t\t\t            \t\t\t\t\t\t\t            \t\t\t\t\t\t\t\t            \t\t\t\t\t\t\t\t\t            \t\t\t\t\t\t\t\t            \t\t\t\t\t\t\t\t\t            \t\t\t\t\t\t\t\t            \t\t\t\t\t\t\t\t\t            \t\t\t\t\t\t\t\t            \t\t\t\t\t\t\t\t\t            \t\t\t\t\t\t\t\t            \t\t\t\t\t\t\t\t\t            \t\t\t\t\t\t\t\t            \t\t\t\t\t\t\t\t\t            \t\t\t\t\t\t\t\t            \t\t\t\t\t\t\t            \t\t\t\t\t\t\t\n            \t\t\t\t\t\t\t<div class=\"wp-block-table m-0\">\n            \t\t\t\t\t\t\t\t<table class=\"table\">\n            \t\t\t\t\t\t\t\t\t<caption class=\"sr-only\">Unidades Curriculares<\/caption>\n            \t\t\t\t\t\t\t\t\t<thead class=\"sr-only\">\n            \t\t\t\t\t\t\t\t\t\t<tr class=\"sr-only\">\n            \t\t\t\t\t\t\t\t\t\t\t            \t\t\t\t\t\t\t\t\t\t\t\t            \t\t\t\t\t\t\t\t\t\t\t\t\t<th class=\"sr-only curricular_plan_cu_field curricular_plan_cu_code\">ID<\/th>\n            \t\t\t\t\t\t\t\t\t\t\t\t            \t\t\t\t\t\t\t\t\t\t\t            \t\t\t\t\t\t\t\t\t\t\t\t            \t\t\t\t\t\t\t\t\t\t\t\t\t<th class=\"sr-only curricular_plan_cu_field curricular_plan_cu_title\">Name<\/th>\n            \t\t\t\t\t\t\t\t\t\t\t\t            \t\t\t\t\t\t\t\t\t\t\t            \t\t\t\t\t\t\t\t\t\t\t\t            \t\t\t\t\t\t\t\t\t\t\t\t\t<th class=\"sr-only curricular_plan_cu_field curricular_plan_cu_period\">Semester<\/th>\n            \t\t\t\t\t\t\t\t\t\t\t\t            \t\t\t\t\t\t\t\t\t\t\t            \t\t\t\t\t\t\t\t\t\t\t\t            \t\t\t\t\t\t\t\t\t\t\t\t\t<th class=\"sr-only curricular_plan_cu_field curricular_plan_cu_ects\">ECTS<\/th>\n            \t\t\t\t\t\t\t\t\t\t\t\t            \t\t\t\t\t\t\t\t\t\t\t            \t\t\t\t\t\t\t\t\t\t\t\t            \t\t\t\t\t\t\t\t\t\t\t\t\t<th class=\"sr-only curricular_plan_cu_field curricular_plan_cu_duration\">Length<\/th>\n            \t\t\t\t\t\t\t\t\t\t\t\t            \t\t\t\t\t\t\t\t\t\t\t            \t\t\t\t\t\t\t\t\t\t\t\t            \t\t\t\t\t\t\t\t\t\t\t            \t\t\t\t\t\t\t\t\t\t<\/tr>\n            \t\t\t\t\t\t\t\t\t<\/thead>\n            \t\t\t\t\t\t\t\t\t<tbody>\n            \t\t\t\t\t\t\t\t\t\t            \t\t\t\t\t\t\t\t\t\t\t<tr>\n            \t\t\t\t\t\t\t\t\t\t\t\t            \t\t\t\t\t\t\t\t\t\t\t\t\t            \t\t\t\t\t\t\t\t\t\t\t\t\t\t<td class=\"curricular_plan_cu_field curricular_plan_cu_code\">\n            \t\t\t\t\t\t\t\t\t\t\t\t\t\t\t            \t\t\t\t\t\t\t\t\t\t\t\t\t\t\t\t\n            \t\t\t\t\t\t\t\t\t\t\t\t\t\t\t            \t\t\t\t\t\t\t\t\t\t\t\t\t\t<\/td>\n            \t\t\t\t\t\t\t\t\t\t\t\t\t            \t\t\t\t\t\t\t\t\t\t\t\t            \t\t\t\t\t\t\t\t\t\t\t\t\t            \t\t\t\t\t\t\t\t\t\t\t\t\t\t<td class=\"curricular_plan_cu_field curricular_plan_cu_title\">\n            \t\t\t\t\t\t\t\t\t\t\t\t\t\t\t            \t\t\t\t\t\t\t\t\t\t\t\t\t\t\t\tIntrodu\u00e7\u00e3o ao Direito do Consumo\n            \t\t\t\t\t\t\t\t\t\t\t\t\t\t\t            \t\t\t\t\t\t\t\t\t\t\t\t\t\t<\/td>\n            \t\t\t\t\t\t\t\t\t\t\t\t\t            \t\t\t\t\t\t\t\t\t\t\t\t            \t\t\t\t\t\t\t\t\t\t\t\t\t            \t\t\t\t\t\t\t\t\t\t\t\t\t\t<td class=\"curricular_plan_cu_field curricular_plan_cu_period\">\n            \t\t\t\t\t\t\t\t\t\t\t\t\t\t\t            \t\t\t\t\t\t\t\t\t\t\t\t\t\t\t\t\n            \t\t\t\t\t\t\t\t\t\t\t\t\t\t\t            \t\t\t\t\t\t\t\t\t\t\t\t\t\t<\/td>\n            \t\t\t\t\t\t\t\t\t\t\t\t\t            \t\t\t\t\t\t\t\t\t\t\t\t            \t\t\t\t\t\t\t\t\t\t\t\t\t            \t\t\t\t\t\t\t\t\t\t\t\t\t\t<td class=\"curricular_plan_cu_field curricular_plan_cu_ects\">\n            \t\t\t\t\t\t\t\t\t\t\t\t\t\t\t            \t\t\t\t\t\t\t\t\t\t\t\t\t\t\t\t1\n            \t\t\t\t\t\t\t\t\t\t\t\t\t\t\t            \t\t\t\t\t\t\t\t\t\t\t\t\t\t<\/td>\n            \t\t\t\t\t\t\t\t\t\t\t\t\t            \t\t\t\t\t\t\t\t\t\t\t\t            \t\t\t\t\t\t\t\t\t\t\t\t\t            \t\t\t\t\t\t\t\t\t\t\t\t\t\t<td class=\"curricular_plan_cu_field curricular_plan_cu_duration\">\n            \t\t\t\t\t\t\t\t\t\t\t\t\t\t\t            \t\t\t\t\t\t\t\t\t\t\t\t\t\t\t\t4 h\n            \t\t\t\t\t\t\t\t\t\t\t\t\t\t\t            \t\t\t\t\t\t\t\t\t\t\t\t\t\t<\/td>\n            \t\t\t\t\t\t\t\t\t\t\t\t\t            \t\t\t\t\t\t\t\t\t\t\t\t            \t\t\t\t\t\t\t\t\t\t\t\t\t            \t\t\t\t\t\t\t\t\t\t\t\t            \t\t\t\t\t\t\t\t\t\t\t<\/tr>\n            \t\t\t\t\t\t\t\t\t\t\t            \t\t\t\t\t\t\t\t\t\t\t            \t\t\t\t\t\t\t\t\t\t            \t\t\t\t\t\t\t\t\t\t\t<tr>\n            \t\t\t\t\t\t\t\t\t\t\t\t            \t\t\t\t\t\t\t\t\t\t\t\t\t            \t\t\t\t\t\t\t\t\t\t\t\t\t\t<td class=\"curricular_plan_cu_field curricular_plan_cu_code\">\n            \t\t\t\t\t\t\t\t\t\t\t\t\t\t\t            \t\t\t\t\t\t\t\t\t\t\t\t\t\t\t\t\n            \t\t\t\t\t\t\t\t\t\t\t\t\t\t\t            \t\t\t\t\t\t\t\t\t\t\t\t\t\t<\/td>\n            \t\t\t\t\t\t\t\t\t\t\t\t\t            \t\t\t\t\t\t\t\t\t\t\t\t            \t\t\t\t\t\t\t\t\t\t\t\t\t            \t\t\t\t\t\t\t\t\t\t\t\t\t\t<td class=\"curricular_plan_cu_field curricular_plan_cu_title\">\n            \t\t\t\t\t\t\t\t\t\t\t\t\t\t\t            \t\t\t\t\t\t\t\t\t\t\t\t\t\t\t\tDo Mercado e dos Contratos de Consumo em Geral\n            \t\t\t\t\t\t\t\t\t\t\t\t\t\t\t            \t\t\t\t\t\t\t\t\t\t\t\t\t\t<\/td>\n            \t\t\t\t\t\t\t\t\t\t\t\t\t            \t\t\t\t\t\t\t\t\t\t\t\t            \t\t\t\t\t\t\t\t\t\t\t\t\t            \t\t\t\t\t\t\t\t\t\t\t\t\t\t<td class=\"curricular_plan_cu_field curricular_plan_cu_period\">\n            \t\t\t\t\t\t\t\t\t\t\t\t\t\t\t            \t\t\t\t\t\t\t\t\t\t\t\t\t\t\t\t\n            \t\t\t\t\t\t\t\t\t\t\t\t\t\t\t            \t\t\t\t\t\t\t\t\t\t\t\t\t\t<\/td>\n            \t\t\t\t\t\t\t\t\t\t\t\t\t            \t\t\t\t\t\t\t\t\t\t\t\t            \t\t\t\t\t\t\t\t\t\t\t\t\t            \t\t\t\t\t\t\t\t\t\t\t\t\t\t<td class=\"curricular_plan_cu_field curricular_plan_cu_ects\">\n            \t\t\t\t\t\t\t\t\t\t\t\t\t\t\t            \t\t\t\t\t\t\t\t\t\t\t\t\t\t\t\t4\n            \t\t\t\t\t\t\t\t\t\t\t\t\t\t\t            \t\t\t\t\t\t\t\t\t\t\t\t\t\t<\/td>\n            \t\t\t\t\t\t\t\t\t\t\t\t\t            \t\t\t\t\t\t\t\t\t\t\t\t            \t\t\t\t\t\t\t\t\t\t\t\t\t            \t\t\t\t\t\t\t\t\t\t\t\t\t\t<td class=\"curricular_plan_cu_field curricular_plan_cu_duration\">\n            \t\t\t\t\t\t\t\t\t\t\t\t\t\t\t            \t\t\t\t\t\t\t\t\t\t\t\t\t\t\t\t12 h\n            \t\t\t\t\t\t\t\t\t\t\t\t\t\t\t            \t\t\t\t\t\t\t\t\t\t\t\t\t\t<\/td>\n            \t\t\t\t\t\t\t\t\t\t\t\t\t            \t\t\t\t\t\t\t\t\t\t\t\t            \t\t\t\t\t\t\t\t\t\t\t\t\t            \t\t\t\t\t\t\t\t\t\t\t\t            \t\t\t\t\t\t\t\t\t\t\t<\/tr>\n            \t\t\t\t\t\t\t\t\t\t\t            \t\t\t\t\t\t\t\t\t\t\t            \t\t\t\t\t\t\t\t\t\t            \t\t\t\t\t\t\t\t\t\t\t<tr>\n            \t\t\t\t\t\t\t\t\t\t\t\t            \t\t\t\t\t\t\t\t\t\t\t\t\t            \t\t\t\t\t\t\t\t\t\t\t\t\t\t<td class=\"curricular_plan_cu_field curricular_plan_cu_code\">\n            \t\t\t\t\t\t\t\t\t\t\t\t\t\t\t            \t\t\t\t\t\t\t\t\t\t\t\t\t\t\t\t\n            \t\t\t\t\t\t\t\t\t\t\t\t\t\t\t            \t\t\t\t\t\t\t\t\t\t\t\t\t\t<\/td>\n            \t\t\t\t\t\t\t\t\t\t\t\t\t            \t\t\t\t\t\t\t\t\t\t\t\t            \t\t\t\t\t\t\t\t\t\t\t\t\t            \t\t\t\t\t\t\t\t\t\t\t\t\t\t<td class=\"curricular_plan_cu_field curricular_plan_cu_title\">\n            \t\t\t\t\t\t\t\t\t\t\t\t\t\t\t            \t\t\t\t\t\t\t\t\t\t\t\t\t\t\t\tDos Contratos de Consumo em Especial\n            \t\t\t\t\t\t\t\t\t\t\t\t\t\t\t            \t\t\t\t\t\t\t\t\t\t\t\t\t\t<\/td>\n            \t\t\t\t\t\t\t\t\t\t\t\t\t            \t\t\t\t\t\t\t\t\t\t\t\t            \t\t\t\t\t\t\t\t\t\t\t\t\t            \t\t\t\t\t\t\t\t\t\t\t\t\t\t<td class=\"curricular_plan_cu_field curricular_plan_cu_period\">\n            \t\t\t\t\t\t\t\t\t\t\t\t\t\t\t            \t\t\t\t\t\t\t\t\t\t\t\t\t\t\t\t\n            \t\t\t\t\t\t\t\t\t\t\t\t\t\t\t            \t\t\t\t\t\t\t\t\t\t\t\t\t\t<\/td>\n            \t\t\t\t\t\t\t\t\t\t\t\t\t            \t\t\t\t\t\t\t\t\t\t\t\t            \t\t\t\t\t\t\t\t\t\t\t\t\t            \t\t\t\t\t\t\t\t\t\t\t\t\t\t<td class=\"curricular_plan_cu_field curricular_plan_cu_ects\">\n            \t\t\t\t\t\t\t\t\t\t\t\t\t\t\t            \t\t\t\t\t\t\t\t\t\t\t\t\t\t\t\t6\n            \t\t\t\t\t\t\t\t\t\t\t\t\t\t\t            \t\t\t\t\t\t\t\t\t\t\t\t\t\t<\/td>\n            \t\t\t\t\t\t\t\t\t\t\t\t\t            \t\t\t\t\t\t\t\t\t\t\t\t            \t\t\t\t\t\t\t\t\t\t\t\t\t            \t\t\t\t\t\t\t\t\t\t\t\t\t\t<td class=\"curricular_plan_cu_field curricular_plan_cu_duration\">\n            \t\t\t\t\t\t\t\t\t\t\t\t\t\t\t            \t\t\t\t\t\t\t\t\t\t\t\t\t\t\t\t32 h\n            \t\t\t\t\t\t\t\t\t\t\t\t\t\t\t            \t\t\t\t\t\t\t\t\t\t\t\t\t\t<\/td>\n            \t\t\t\t\t\t\t\t\t\t\t\t\t            \t\t\t\t\t\t\t\t\t\t\t\t            \t\t\t\t\t\t\t\t\t\t\t\t\t            \t\t\t\t\t\t\t\t\t\t\t\t            \t\t\t\t\t\t\t\t\t\t\t<\/tr>\n            \t\t\t\t\t\t\t\t\t\t\t            \t\t\t\t\t\t\t\t\t\t\t            \t\t\t\t\t\t\t\t\t\t            \t\t\t\t\t\t\t\t\t\t\t<tr>\n            \t\t\t\t\t\t\t\t\t\t\t\t            \t\t\t\t\t\t\t\t\t\t\t\t\t            \t\t\t\t\t\t\t\t\t\t\t\t\t\t<td class=\"curricular_plan_cu_field curricular_plan_cu_code\">\n            \t\t\t\t\t\t\t\t\t\t\t\t\t\t\t            \t\t\t\t\t\t\t\t\t\t\t\t\t\t\t\t\n            \t\t\t\t\t\t\t\t\t\t\t\t\t\t\t            \t\t\t\t\t\t\t\t\t\t\t\t\t\t<\/td>\n            \t\t\t\t\t\t\t\t\t\t\t\t\t            \t\t\t\t\t\t\t\t\t\t\t\t            \t\t\t\t\t\t\t\t\t\t\t\t\t            \t\t\t\t\t\t\t\t\t\t\t\t\t\t<td class=\"curricular_plan_cu_field curricular_plan_cu_title\">\n            \t\t\t\t\t\t\t\t\t\t\t\t\t\t\t            \t\t\t\t\t\t\t\t\t\t\t\t\t\t\t\tDo Consumidor Digital\n            \t\t\t\t\t\t\t\t\t\t\t\t\t\t\t            \t\t\t\t\t\t\t\t\t\t\t\t\t\t<\/td>\n            \t\t\t\t\t\t\t\t\t\t\t\t\t            \t\t\t\t\t\t\t\t\t\t\t\t            \t\t\t\t\t\t\t\t\t\t\t\t\t            \t\t\t\t\t\t\t\t\t\t\t\t\t\t<td class=\"curricular_plan_cu_field curricular_plan_cu_period\">\n            \t\t\t\t\t\t\t\t\t\t\t\t\t\t\t            \t\t\t\t\t\t\t\t\t\t\t\t\t\t\t\t\n            \t\t\t\t\t\t\t\t\t\t\t\t\t\t\t            \t\t\t\t\t\t\t\t\t\t\t\t\t\t<\/td>\n            \t\t\t\t\t\t\t\t\t\t\t\t\t            \t\t\t\t\t\t\t\t\t\t\t\t            \t\t\t\t\t\t\t\t\t\t\t\t\t            \t\t\t\t\t\t\t\t\t\t\t\t\t\t<td class=\"curricular_plan_cu_field curricular_plan_cu_ects\">\n            \t\t\t\t\t\t\t\t\t\t\t\t\t\t\t            \t\t\t\t\t\t\t\t\t\t\t\t\t\t\t\t4\n            \t\t\t\t\t\t\t\t\t\t\t\t\t\t\t            \t\t\t\t\t\t\t\t\t\t\t\t\t\t<\/td>\n            \t\t\t\t\t\t\t\t\t\t\t\t\t            \t\t\t\t\t\t\t\t\t\t\t\t            \t\t\t\t\t\t\t\t\t\t\t\t\t            \t\t\t\t\t\t\t\t\t\t\t\t\t\t<td class=\"curricular_plan_cu_field curricular_plan_cu_duration\">\n            \t\t\t\t\t\t\t\t\t\t\t\t\t\t\t            \t\t\t\t\t\t\t\t\t\t\t\t\t\t\t\t12 h\n            \t\t\t\t\t\t\t\t\t\t\t\t\t\t\t            \t\t\t\t\t\t\t\t\t\t\t\t\t\t<\/td>\n            \t\t\t\t\t\t\t\t\t\t\t\t\t            \t\t\t\t\t\t\t\t\t\t\t\t            \t\t\t\t\t\t\t\t\t\t\t\t\t            \t\t\t\t\t\t\t\t\t\t\t\t            \t\t\t\t\t\t\t\t\t\t\t<\/tr>\n            \t\t\t\t\t\t\t\t\t\t\t            \t\t\t\t\t\t\t\t\t\t\t            \t\t\t\t\t\t\t\t\t\t            \t\t\t\t\t\t\t\t\t\t\t<tr>\n            \t\t\t\t\t\t\t\t\t\t\t\t            \t\t\t\t\t\t\t\t\t\t\t\t\t            \t\t\t\t\t\t\t\t\t\t\t\t\t\t<td class=\"curricular_plan_cu_field curricular_plan_cu_code\">\n            \t\t\t\t\t\t\t\t\t\t\t\t\t\t\t            \t\t\t\t\t\t\t\t\t\t\t\t\t\t\t\t\n            \t\t\t\t\t\t\t\t\t\t\t\t\t\t\t            \t\t\t\t\t\t\t\t\t\t\t\t\t\t<\/td>\n            \t\t\t\t\t\t\t\t\t\t\t\t\t            \t\t\t\t\t\t\t\t\t\t\t\t            \t\t\t\t\t\t\t\t\t\t\t\t\t            \t\t\t\t\t\t\t\t\t\t\t\t\t\t<td class=\"curricular_plan_cu_field curricular_plan_cu_title\">\n            \t\t\t\t\t\t\t\t\t\t\t\t\t\t\t            \t\t\t\t\t\t\t\t\t\t\t\t\t\t\t\tDa Tutela Judicial e Extrajudicial do Consumidor\n            \t\t\t\t\t\t\t\t\t\t\t\t\t\t\t            \t\t\t\t\t\t\t\t\t\t\t\t\t\t<\/td>\n            \t\t\t\t\t\t\t\t\t\t\t\t\t            \t\t\t\t\t\t\t\t\t\t\t\t            \t\t\t\t\t\t\t\t\t\t\t\t\t            \t\t\t\t\t\t\t\t\t\t\t\t\t\t<td class=\"curricular_plan_cu_field curricular_plan_cu_period\">\n            \t\t\t\t\t\t\t\t\t\t\t\t\t\t\t            \t\t\t\t\t\t\t\t\t\t\t\t\t\t\t\t\n            \t\t\t\t\t\t\t\t\t\t\t\t\t\t\t            \t\t\t\t\t\t\t\t\t\t\t\t\t\t<\/td>\n            \t\t\t\t\t\t\t\t\t\t\t\t\t            \t\t\t\t\t\t\t\t\t\t\t\t            \t\t\t\t\t\t\t\t\t\t\t\t\t            \t\t\t\t\t\t\t\t\t\t\t\t\t\t<td class=\"curricular_plan_cu_field curricular_plan_cu_ects\">\n            \t\t\t\t\t\t\t\t\t\t\t\t\t\t\t            \t\t\t\t\t\t\t\t\t\t\t\t\t\t\t\t5\n            \t\t\t\t\t\t\t\t\t\t\t\t\t\t\t            \t\t\t\t\t\t\t\t\t\t\t\t\t\t<\/td>\n            \t\t\t\t\t\t\t\t\t\t\t\t\t            \t\t\t\t\t\t\t\t\t\t\t\t            \t\t\t\t\t\t\t\t\t\t\t\t\t            \t\t\t\t\t\t\t\t\t\t\t\t\t\t<td class=\"curricular_plan_cu_field curricular_plan_cu_duration\">\n            \t\t\t\t\t\t\t\t\t\t\t\t\t\t\t            \t\t\t\t\t\t\t\t\t\t\t\t\t\t\t\t20 h\n            \t\t\t\t\t\t\t\t\t\t\t\t\t\t\t            \t\t\t\t\t\t\t\t\t\t\t\t\t\t<\/td>\n            \t\t\t\t\t\t\t\t\t\t\t\t\t            \t\t\t\t\t\t\t\t\t\t\t\t            \t\t\t\t\t\t\t\t\t\t\t\t\t            \t\t\t\t\t\t\t\t\t\t\t\t            \t\t\t\t\t\t\t\t\t\t\t<\/tr>\n            \t\t\t\t\t\t\t\t\t\t\t            \t\t\t\t\t\t\t\t\t\t\t            \t\t\t\t\t\t\t\t\t\t            \t\t\t\t\t\t\t\t\t<\/tbody>\n            \t\t\t\t\t\t\t\t<\/table>\n            \t\t\t\t\t\t\t<\/div>\n            \t\t\t\t\t\t            \t\t\t\t\t<\/div>\t\t\t\t\t\t\t\n            \t\t\t\t<\/div>\n            \t\t\t<\/div>\n            \t\t<\/div>\n            \t<\/div>\n    \t\t    \t<\/div>\n    <\/section>\n\n\n\n<div style=\"height:40px\" aria-hidden=\"true\" class=\"wp-block-spacer\"><\/div>\n\n\n\n<hr class=\"wp-block-separator has-css-opacity\"\/>\n\n\n\n<div style=\"height:40px\" aria-hidden=\"true\" class=\"wp-block-spacer\"><\/div>\n\n\n\n<div class=\"wp-container-13 wp-block-columns\">\n<div class=\"wp-container-10 wp-block-column\"><div class=\"post-field course_public_notice\">\n   <h3 class=\"pt-0 field-title\">Entry Requirements<\/h2>\n    <div><p>Destinat\u00e1rios:<\/p>\n<ul>\n<li>Licenciados em Administra\u00e7\u00e3o P\u00fablica, Direito, Solicitadoria ou titulares de outras licenciaturas que lidem com o comportamento do consumidor no exerc\u00edcio da sua profiss\u00e3o.<\/li>\n<li>Em condi\u00e7\u00f5es excecionais, poder\u00e3o vir a ser admitidos candidatos que n\u00e3o possuam o grau de licenciado, mas que sejam detentores de curr\u00edculo profissional relevante.<\/li>\n<li>Tamb\u00e9m, excecionalmente, poder\u00e3o vir a ser admitidos candidatos, que frequentem um dos cursos de licenciatura <em>supra <\/em>elencados e ainda n\u00e3o o tenham conclu\u00eddo.<\/li>\n<\/ul><\/div>\n    <div class=\"clearfix\"><\/div>\n<\/div><\/div>\n\n\n\n<div class=\"wp-container-11 wp-block-column\" style=\"flex-basis:3%\"><\/div>\n\n\n\n<div class=\"wp-container-12 wp-block-column\">\n\n<div class=\"post-field course_more_information\">\n   <h3 class=\"field-title\">More Information<\/h2>\n    <div>\n<p>Consulte o <a href=\"https:\/\/www.ipleiria.pt\/wp-content\/uploads\/2021\/07\/Programa-PG-em-Direito-do-Consumo.pdf\" target=\"_blank\" rel=\"noopener\">Programa da PG em Direito do Consumo<\/a><\/p>\n<p>A P\u00f3s-gradua\u00e7\u00e3o tem a dura\u00e7\u00e3o 82 horas, com in\u00edcio em outubro de 2021 e t\u00e9rminus em dezembro de 2021.<br \/>As aulas ser\u00e3o lecionadas de forma telem\u00e1tica em sess\u00f5es \u00e0 dist\u00e2ncia de 8 horas cada, aos s\u00e1bados, das 9:30 \u00e0s 13:30 horas e das 14h30 \u00e0s 18h30.<\/p>\n<p>\u00a0<\/p>\n<p>Contacto:<br \/>Secretariado de P\u00f3s-Gradua\u00e7\u00f5es (Sandra Br\u00e1s)<br \/>\u00a0Tel. 244 820 308 &#8211; Fax. 244 820 310<br \/>E-mail: <a href=\"mailto:posgraduacoes.estg@ipleiria.pt\" target=\"_blank\" rel=\"noopener\">posgraduacoes.estg@ipleiria.pt<\/a><\/p>\n<p>\u00a0<\/p>\n<\/div>\n    <div class=\"clearfix\"><\/div>\n<\/div><\/div>\n<\/div>\n\n\n\n<div style=\"height:40px\" aria-hidden=\"true\" class=\"wp-block-spacer\"><\/div>\n\n\n\n<div id=\"gbc-_e8a439-20\" class=\"wp-block-pt-ipleiria-ued-wp-theme-ipleiria-gutenbergblocks-container gbc gbc-view row-valign-top align-full\"><div class=\"gbc-background-overlay gbc-background-overlay-normal\" style=\"opacity:0.3\"><\/div><div class=\"gbc-wrapper\" style=\"padding-top:100px;padding-bottom:60px\"><div id=\"gbc-container-gbc-_e8a439-20\" class=\"inner-container container\">\n<div class=\"wp-container-17 wp-block-columns\">\n<div class=\"wp-container-14 wp-block-column\"><div class=\"post-field course_application_fee\">\n   <h3 class=\"has-text-align-center pt-0 field-title\">Application Fee<\/h2>\n    <div>60\u20ac<\/div>\n    <div class=\"clearfix\"><\/div>\n<\/div><\/div>\n\n\n\n<div class=\"wp-container-15 wp-block-column\"><div class=\"post-field course_enrolment_fee\">\n   <h3 class=\"has-text-align-center pt-0 field-title\">Enrolment Fee<\/h2>\n    <div>\n<p style=\"text-align: center;\">Contingente geral: 700\u20ac<\/p>\n<p style=\"text-align: center;\">No caso de estudantes e ex-estudantes do Polit\u00e9cnico de Leiria, bem como os associados da apDC e da OSAE:\u00a0 600\u20ac.<\/p>\n<p>\u00a0<\/p>\n<\/div>\n    <div class=\"clearfix\"><\/div>\n<\/div><\/div>\n\n\n\n<div class=\"wp-container-16 wp-block-column\"><\/div>\n<\/div>\n<\/div><\/div><\/div>\n\n\n\n<div style=\"height:40px\" aria-hidden=\"true\" class=\"wp-block-spacer\"><\/div>\n\n\n\n<hr class=\"wp-block-separator has-css-opacity is-style-wide\"\/>\n\n\n<div class=\"wp-block-pt-ipleiria-ued-wp-theme-ipleiria-gutenbergblocks-container gbc gbc-view row-valign-top align-full d-none\">\n    <div class=\"gbc-background\" style=\"background-color:#262626\"><\/div>\n    <div class=\"gbc-background-overlay gbc-background-overlay-normal\" style=\"opacity:0.3\"><\/div>\n    <div class=\"gbc-wrapper\" style=\"padding-top:100px;padding-bottom:60px\">\n        <div id=\"gbc-container-_2a836c-36\" class=\"inner-container container\">\n            <h2 class=\"has-text-align-center is-style-theme-title has-dark-title-text-color-color has-text-color\">Online Application<\/h2>\n            <p class=\"has-text-align-center has-dark-title-text-color-color has-text-color\">Use the button bellow to start your application.<\/p>                                                                                                        \n                    <div class=\"wp-block-buttons aligncenter is-content-justification-center\">\n                        <div class=\"wp-block-button is-style-theme-button-outline\">\n                            <a class=\"wp-block-button__link has-title-text-color-color has-dark-title-text-color-background-color has-text-color has-background\" href=\"https:\/\/inforestudante.ipleiria.pt\/\" target=\"_blank\" rel=\"noreferrer noopener\">How to apply<\/a>\n                    \n                        <\/div>\n                    <\/div>\n                <\/div>\n    <\/div>\n<\/div>\n\n\n                                    ","protected":false},"featured_media":44426,"template":"","meta":{"multilingual_post_translation":"{\"pt-PT\":{\"url\":\"https:\/\/www.ipleiria.pt\/curso\/pos-graduacao-em-direito-do-consumo\/\",\"postID\":null,\"postTitle\":\"\",\"siteID\":1,\"customURL\":true,\"languageInfo\":{\"multilingual_site_api_url\":\"https:\/\/www.ipleiria.pt\/wp-json\/\",\"name\":\"Portugu\u00eas\",\"locale\":\"pt_PT\"}}}","custompostfields_course-video":"","custompostfields_course_certificates":"","custompostfields_course_vacancies_geral":"","custompostfields_course_vacancies_international":"","custompostfields_course_tuition_fee_geral":"","custompostfields_course_tuition_fee_international":"","custompostfields_course-curriculum_pdf":0,"custompostfields_course_enrolment_fee_general":"","custompostfields_course_enrolment_fee_international":"","custompostfields_course_announcement":"","custompostfields_meta-description":"","custompostfields_course-study-plan":"[{\"curricular_plan_section_title\":\"Unidades Curriculares\",\"curricular_plan_cus\":[{\"curricular_plan_cu_code\":\"\",\"curricular_plan_cu_title\":\"Introdu\\u00e7\\u00e3o ao Direito do Consumo\",\"curricular_plan_cu_period\":\"\",\"curricular_plan_cu_ects\":\"1\",\"curricular_plan_cu_duration\":\"4 h\",\"curricular_plan_cu_description\":\"\"},{\"curricular_plan_cu_code\":\"\",\"curricular_plan_cu_title\":\"Do Mercado e dos Contratos de Consumo em Geral\",\"curricular_plan_cu_period\":\"\",\"curricular_plan_cu_ects\":\"4\",\"curricular_plan_cu_duration\":\"12 h\",\"curricular_plan_cu_description\":\"\"},{\"curricular_plan_cu_code\":\"\",\"curricular_plan_cu_title\":\"Dos Contratos de Consumo em Especial\",\"curricular_plan_cu_period\":\"\",\"curricular_plan_cu_ects\":\"6\",\"curricular_plan_cu_duration\":\"32 h\",\"curricular_plan_cu_description\":\"\"},{\"curricular_plan_cu_code\":\"\",\"curricular_plan_cu_title\":\"Do Consumidor Digital\",\"curricular_plan_cu_period\":\"\",\"curricular_plan_cu_ects\":\"4\",\"curricular_plan_cu_duration\":\"12 h\",\"curricular_plan_cu_description\":\"\"},{\"curricular_plan_cu_code\":\"\",\"curricular_plan_cu_title\":\"Da Tutela Judicial e Extrajudicial do Consumidor\",\"curricular_plan_cu_period\":\"\",\"curricular_plan_cu_ects\":\"5\",\"curricular_plan_cu_duration\":\"20 h\",\"curricular_plan_cu_description\":\"\"}]}]","custompostfields_course_presentation":"<p>O tema da informa\u00e7\u00e3o e forma\u00e7\u00e3o do consumidor \u00e9 atual, relevante e premente, tendo em considera\u00e7\u00e3o a import\u00e2ncia fundamental que o consumidor tem vindo a assumir na nossa sociedade. A orienta\u00e7\u00e3o dos indiv\u00edduos para um consumo respons\u00e1vel e a responsabiliza\u00e7\u00e3o das empresas e institui\u00e7\u00f5es pela qualidade da informa\u00e7\u00e3o disponibilizada ao consumidor s\u00e3o preocupa\u00e7\u00f5es atuais dos governos e organismos p\u00fablicos europeus. A Uni\u00e3o Europeia tem dado especial aten\u00e7\u00e3o ao consumidor, colocando a t\u00f3nica na necessidade de formar uma sociedade europeia mais respons\u00e1vel e esclarecida no que respeita \u00e0s op\u00e7\u00f5es e estrat\u00e9gias de consumo, em particular, um consumo respons\u00e1vel. Para tal, conta com a mobiliza\u00e7\u00e3o da sociedade civil, de organiza\u00e7\u00f5es profissionais e de prote\u00e7\u00e3o dos consumidores e com a interven\u00e7\u00e3o das unidades de ensino superior para promover um comportamento de consumo que melhore a qualidade de vida das sociedades europeias.<\/p>\n<p>Com a perspetiva de uma crescente procura por forma\u00e7\u00e3o avan\u00e7ada nas \u00e1reas do consumo, haver\u00e1 espa\u00e7o para que a ESTG do Polit\u00e9cnico de Leiria, em parceria com a Ordem dos Solicitadores e dos Agentes de Execu\u00e7\u00e3o e, bem assim, com a Associa\u00e7\u00e3o de Direito do Consumo, possa oferecer um curso de p\u00f3s-gradua\u00e7\u00e3o em Direito do Consumo, que permita, por um lado, a continua\u00e7\u00e3o de estudos dos estudantes do 1.\u00ba ciclo (Solicitadoria, Administra\u00e7\u00e3o P\u00fablica, Gest\u00e3o de Empresas, Marketing, entre outros) ou do 2.\u00ba ciclo, bem como o aprofundamento ou atualiza\u00e7\u00e3o de conhecimentos dos profissionais destas \u00e1reas, em particular, dos Solicitadores.<\/p>\n<p>Para tal, esta proposta de P\u00f3s-Gradua\u00e7\u00e3o em Direito do Consumo pretende ser abrangente no que respeita aos v\u00e1rios temas abordados e ter uma componente pr\u00e1tica relevante, proporcionando uma aprendizagem baseada na transmiss\u00e3o de conhecimentos sobre estas mat\u00e9rias e na observa\u00e7\u00e3o e partilha de casos reais, o que ficar\u00e1 a cargo de um corpo docente de acad\u00e9micos e profissionais de notoriedade reconhecida, a n\u00edvel nacional e internacional, das \u00e1reas consumeristas.<\/p>","custompostfields_course_content":"<!-- wp:paragraph {\"placeholder\":\"Set \\u0022Programme Content\\u0022 content...\",\"style\":{\"typography\":{\"fontSize\":\"11px\"}},\"backgroundColor\":\"background-grey-color\",\"textColor\":\"regular-text-color\",\"className\":\"is-style-theme-subtitle-inherit-color\"} -->\n<p class=\"is-style-theme-subtitle-inherit-color has-regular-text-color-color has-background-grey-color-background-color has-text-color has-background\" style=\"font-size:11px\"><strong>The content of this web page is written in Portuguese as this programme\/course is only taught in Portuguese.<\/strong><\/p>\n<!-- \/wp:paragraph -->","custompostfields_course_code":"","custompostfields_course_public_notice":"","custompostfields_course_length":"1 semestre","custompostfields_course_ects":"20","custompostfields_course_supervisor":"","custompostfields_course_vacancies":"<p>40<\/p>\n<p>(n.\u00ba m\u00ednimo de participantes: 18)<\/p>","custompostfields_course_application_fee":"60\u20ac","custompostfields_course_enrolment_fee":"<!-- wp:freeform -->\n<p style=\"text-align: center;\">Contingente geral: 700\u20ac<\/p>\n<p style=\"text-align: center;\">No caso de estudantes e ex-estudantes do Polit\u00e9cnico de Leiria, bem como os associados da apDC e da OSAE:\u00a0 600\u20ac.<\/p>\n<p>\u00a0<\/p>\n<!-- \/wp:freeform -->","custompostfields_course_tuition_fee":"","custompostfields_course_goals":"<p>O curso de p\u00f3s-gradua\u00e7\u00e3o em Direito do Consumo visa proporcionar uma forma\u00e7\u00e3o especializada na \u00e1rea multidisciplinar do consumo (<em>v.g., <\/em>contratos de consumo, comunica\u00e7\u00f5es comerciais e pr\u00e1ticas comerciais, dados pessoais, resolu\u00e7\u00e3o de conflitos de consumo), desenvolvendo e atualizando o dom\u00ednio t\u00e9cnico e pr\u00e1tico dos seus discentes e, bem assim, promovendo a reflex\u00e3o cr\u00edtica, te\u00f3rica e metodol\u00f3gica sobre estas mat\u00e9rias.<\/p>\n<p>Esta P\u00f3s-Gradua\u00e7\u00e3o prop\u00f5e-se, deste modo, ministrar aos formandos as compet\u00eancias necess\u00e1rias para:<\/p>\n<p>(1) identificar a problem\u00e1tica apresentada e realizar a sua qualifica\u00e7\u00e3o jur\u00eddica;<\/p>\n<p>(2) subsumir ao regime jur\u00eddico aplic\u00e1vel;<\/p>\n<p>(3) saber qual o instrumento ou mecanismo legal de tutela do consumidor de que deve socorrer-se; e<\/p>\n<p>(4) conhecer genericamente o quadro jur\u00eddico de prote\u00e7\u00e3o do consumidor.<\/p>","custompostfields_course_future_studies":"","custompostfields_course_career_prospects":"","custompostfields_course_entry_requirements":"<p>Destinat\u00e1rios:<\/p>\n<ul>\n<li>Licenciados em Administra\u00e7\u00e3o P\u00fablica, Direito, Solicitadoria ou titulares de outras licenciaturas que lidem com o comportamento do consumidor no exerc\u00edcio da sua profiss\u00e3o.<\/li>\n<li>Em condi\u00e7\u00f5es excecionais, poder\u00e3o vir a ser admitidos candidatos que n\u00e3o possuam o grau de licenciado, mas que sejam detentores de curr\u00edculo profissional relevante.<\/li>\n<li>Tamb\u00e9m, excecionalmente, poder\u00e3o vir a ser admitidos candidatos, que frequentem um dos cursos de licenciatura <em>supra <\/em>elencados e ainda n\u00e3o o tenham conclu\u00eddo.<\/li>\n<\/ul>","custompostfields_course_more_information":"<!-- wp:freeform -->\n<p>Consulte o <a href=\"https:\/\/www.ipleiria.pt\/wp-content\/uploads\/2021\/07\/Programa-PG-em-Direito-do-Consumo.pdf\" target=\"_blank\" rel=\"noopener\">Programa da PG em Direito do Consumo<\/a><\/p>\n<p>A P\u00f3s-gradua\u00e7\u00e3o tem a dura\u00e7\u00e3o 82 horas, com in\u00edcio em outubro de 2021 e t\u00e9rminus em dezembro de 2021.<br \/>As aulas ser\u00e3o lecionadas de forma telem\u00e1tica em sess\u00f5es \u00e0 dist\u00e2ncia de 8 horas cada, aos s\u00e1bados, das 9:30 \u00e0s 13:30 horas e das 14h30 \u00e0s 18h30.<\/p>\n<p>\u00a0<\/p>\n<p>Contacto:<br \/>Secretariado de P\u00f3s-Gradua\u00e7\u00f5es (Sandra Br\u00e1s)<br \/>\u00a0Tel. 244 820 308 - Fax. 244 820 310<br \/>E-mail: <a href=\"mailto:posgraduacoes.estg@ipleiria.pt\" target=\"_blank\" rel=\"noopener\">posgraduacoes.estg@ipleiria.pt<\/a><\/p>\n<p>\u00a0<\/p>\n<!-- \/wp:freeform -->","custompostfields_course_curriculum":"[{\"curricular_plan_section_title\":\"Unidades Curriculares\",\"curricular_plan_cus\":[{\"curricular_plan_cu_code\":\"\",\"curricular_plan_cu_title\":\"Introdu\\u00e7\\u00e3o ao Direito do Consumo\",\"curricular_plan_cu_period\":\"\",\"curricular_plan_cu_ects\":\"1\",\"curricular_plan_cu_duration\":\"4 h\",\"curricular_plan_cu_description\":\"\"},{\"curricular_plan_cu_code\":\"\",\"curricular_plan_cu_title\":\"Do Mercado e dos Contratos de Consumo em Geral\",\"curricular_plan_cu_period\":\"\",\"curricular_plan_cu_ects\":\"4\",\"curricular_plan_cu_duration\":\"12 h\",\"curricular_plan_cu_description\":\"\"},{\"curricular_plan_cu_code\":\"\",\"curricular_plan_cu_title\":\"Dos Contratos de Consumo em Especial\",\"curricular_plan_cu_period\":\"\",\"curricular_plan_cu_ects\":\"6\",\"curricular_plan_cu_duration\":\"32 h\",\"curricular_plan_cu_description\":\"\"},{\"curricular_plan_cu_code\":\"\",\"curricular_plan_cu_title\":\"Do Consumidor Digital\",\"curricular_plan_cu_period\":\"\",\"curricular_plan_cu_ects\":\"4\",\"curricular_plan_cu_duration\":\"12 h\",\"curricular_plan_cu_description\":\"\"},{\"curricular_plan_cu_code\":\"\",\"curricular_plan_cu_title\":\"Da Tutela Judicial e Extrajudicial do Consumidor\",\"curricular_plan_cu_period\":\"\",\"curricular_plan_cu_ects\":\"5\",\"curricular_plan_cu_duration\":\"20 h\",\"curricular_plan_cu_description\":\"\"}]}]","custompostfields_course_testimonies":"","custompostfields_course_short_notice":"<span class=\"semi-bold text-color\" style=\"color: #ff0000;\">Novo! Edi\u00e7\u00e3o dispon\u00edvel 2020<\/span>","custompostfields_post-association_course_enrolment_link":{"opensInNewTab":true},"custompostfields_course_accreditation":"","custompostfields_course_dges_registration":"","custompostfields_course_footer":""},"course_city":[285],"enrolment_state":[],"course_language":[55],"course_schedule":[58],"course_domain":[13],"course_school":[71],"course_type":[57],"course_tax":[],"_links":{"self":[{"href":"https:\/\/www.ipleiria.pt\/en\/wp-json\/wp\/v2\/course\/21101"}],"collection":[{"href":"https:\/\/www.ipleiria.pt\/en\/wp-json\/wp\/v2\/course"}],"about":[{"href":"https:\/\/www.ipleiria.pt\/en\/wp-json\/wp\/v2\/types\/course"}],"version-history":[{"count":6,"href":"https:\/\/www.ipleiria.pt\/en\/wp-json\/wp\/v2\/course\/21101\/revisions"}],"predecessor-version":[{"id":44428,"href":"https:\/\/www.ipleiria.pt\/en\/wp-json\/wp\/v2\/course\/21101\/revisions\/44428"}],"wp:featuredmedia":[{"embeddable":true,"href":"https:\/\/www.ipleiria.pt\/en\/wp-json\/wp\/v2\/media\/44426"}],"wp:attachment":[{"href":"https:\/\/www.ipleiria.pt\/en\/wp-json\/wp\/v2\/media?parent=21101"}],"wp:term":[{"taxonomy":"course_city","embeddable":true,"href":"https:\/\/www.ipleiria.pt\/en\/wp-json\/wp\/v2\/course_city?post=21101"},{"taxonomy":"enrolment_state","embeddable":true,"href":"https:\/\/www.ipleiria.pt\/en\/wp-json\/wp\/v2\/enrolment_state?post=21101"},{"taxonomy":"course_language","embeddable":true,"href":"https:\/\/www.ipleiria.pt\/en\/wp-json\/wp\/v2\/course_language?post=21101"},{"taxonomy":"course_schedule","embeddable":true,"href":"https:\/\/www.ipleiria.pt\/en\/wp-json\/wp\/v2\/course_schedule?post=21101"},{"taxonomy":"course_domain","embeddable":true,"href":"https:\/\/www.ipleiria.pt\/en\/wp-json\/wp\/v2\/course_domain?post=21101"},{"taxonomy":"course_school","embeddable":true,"href":"https:\/\/www.ipleiria.pt\/en\/wp-json\/wp\/v2\/course_school?post=21101"},{"taxonomy":"course_type","embeddable":true,"href":"https:\/\/www.ipleiria.pt\/en\/wp-json\/wp\/v2\/course_type?post=21101"},{"taxonomy":"course_tax","embeddable":true,"href":"https:\/\/www.ipleiria.pt\/en\/wp-json\/wp\/v2\/course_tax?post=21101"}],"curies":[{"name":"wp","href":"https:\/\/api.w.org\/{rel}","templated":true}]}}