{"id":21401,"date":"2020-11-14T17:23:07","date_gmt":"2020-11-14T17:23:07","guid":{"rendered":"https:\/\/www.ipleiria.pt\/cursos\/?post_type=course&#038;p=21401"},"modified":"2023-03-03T21:27:09","modified_gmt":"2023-03-03T21:27:09","slug":"pos-graduacao-adaptive-sports","status":"publish","type":"course","link":"https:\/\/www.ipleiria.pt\/en\/course\/pos-graduacao-adaptive-sports\/","title":{"rendered":"Adaptive Sports &#8211; 2nd Edition"},"content":{"rendered":"<div class=\"d-flex flex-column\">\n <h1 class=\"is-style-theme-title order-2\">Adaptive Sports &#8211; 2nd Edition<\/h1>\n   <div class=\"block post-field post-subtitle course-type order-1\">\n <div class=\"sr-only hide-from-gutenberg\">Course Type: <\/div>\n <div class=\"is-style-theme-subtitle-inherit-color\">Postgraduate Programme<\/div>\n <\/div>\n <\/div>\n\n\n<div style=\"height:15px\" aria-hidden=\"true\" class=\"wp-block-spacer\"><\/div>\n\n\n\n<div class=\"wp-container-3 wp-block-columns\">\n<div class=\"wp-container-1 wp-block-column\" style=\"flex-basis:70%\"><div class=\"post-field clearfix\">\n<h2 class=\"d-none post-title font-weight-semibold h6 m-0 p-0\" style=\"font-size: 1rem\">Conte\u00fado do curso<\/h2>\n<div>\n<p class=\"is-style-theme-subtitle-inherit-color has-regular-text-color-color has-background-grey-color-background-color has-text-color has-background\" style=\"font-size:11px\"><strong>The content of this web page is written in Portuguese as this programme\/course is only taught in Portuguese.<\/strong><\/p>\n<\/div>\n<div class=\"clearfix\"><\/div>\n<\/div>\n\n<div class=\"post-field course_presentation\">\n<h2 class=\"post-title sr-only hide-from-gutenberg\">Apresenta\u00e7\u00e3o do curso<\/h2>\n<div>\n<p class=\"is-style-theme-default-title\"><\/p>\n\n\n\n<p class=\"is-style-theme-default-title\">O curso de P\u00f3s-Gradua\u00e7\u00e3o em Desporto Atividade F\u00edsica Adaptados tem como principal objetivo aprofundar e desenvolver compet\u00eancias no \u00e2mbito da interven\u00e7\u00e3o profissional no contexto do desporto e da atividade f\u00edsica adaptados.&nbsp;<\/p>\n\n\n\n<ul><li>O curso visa formar profissionais especializados na \u00e1rea do desporto e da atividade f\u00edsica adaptados, com compet\u00eancias t\u00e9cnicas para desempenhar fun\u00e7\u00f5es de treinadores desportivos em modalidades adaptadas (individuais e coletivas), de t\u00e9cnicos de exerc\u00edcio f\u00edsico adaptado (no contexto do&nbsp;<em>fitness<\/em>&nbsp;e no contexto de institui\u00e7\u00f5es de acolhimento de pessoas com defici\u00eancia), contribuir para o aumento de compet\u00eancias dos professores de educa\u00e7\u00e3o f\u00edsica para uma interven\u00e7\u00e3o mais adequada e eficaz no desenvolvimento da pr\u00e1tica desportiva dos alunos com defici\u00eancia e promover a aquisi\u00e7\u00e3o de conhecimentos relativos \u00e0 interven\u00e7\u00e3o em popula\u00e7\u00f5es com defici\u00eancia, nomeadamente no que diz respeito \u00e0s determinantes e consequ\u00eancias da pr\u00e1tica de desporto e atividade f\u00edsica, bem como do potencial social que esta pr\u00e1tica poder\u00e1 ter.<\/li><\/ul>\n<\/div>\n<div class=\"clearfix\"><\/div>\n<\/div>\n\n<div class=\"post-field clearfix\">\n<h2 class=\"post-title font-weight-semibold h6 m-0 p-0\" style=\"font-size: 1rem\">Coordenador do curso<\/h2>\n<div>\n<p>(em atualiza\u00e7\u00e3o)<\/p>\n<\/div>\n<div class=\"clearfix\"><\/div>\n<\/div><\/div>\n\n\n\n<div class=\"wp-container-2 wp-block-column pl-md-5\" style=\"flex-basis:30%\">\n<div style=\"height:15px\" aria-hidden=\"true\" class=\"wp-block-spacer\"><\/div>\n\n\n<div class=\"post-field course_code\">\n<h2 class=\"field-title font-weight-semibold h6 m-0 p-0\" style=\"font-size: 1rem\">C\u00f3digo<\/h2>\n<div>2116<\/div>\n<div class=\"clearfix\"><\/div>\n<\/div>\n\n        <div class=\"post-field mt-3 course_school\">\n        <h2 class=\"field-title font-weight-semibold h6 m-0 p-0\" style=\"font-size: 1rem\">School<\/h2>\n        <div>Education and Social Sciences<\/div>\n        <div class=\"clearfix\"><\/div>\n    <\/div>\n\n\n        <div class=\"post-field mt-3 course_city\">\n        <h2 class=\"field-title font-weight-semibold h6 m-0 p-0\" style=\"font-size: 1rem\">City<\/h2>\n        <div>Leiria<\/div>\n        <div class=\"clearfix\"><\/div>\n    <\/div>\n\n\n<div class=\"post-field mt-3 course_length\">\n    <h2 class=\"field-title font-weight-semibold h6 m-0 p-0\" style=\"font-size: 1rem\">Dura\u00e7\u00e3o<\/h2>\n    <div>2 semestres<\/div>\n    <div class=\"clearfix\"><\/div>\n<\/div>\n\n<div class=\"post-field mt-3 course_vacancies\">\n<h2 class=\"field-title font-weight-semibold h6 m-0 p-0\" style=\"font-size: 1rem\">Vagas do curso<\/h2>\n<div>\n<p>Contingente geral: 20 vagas<\/p>\n<p>Contingente estudante internacional: 5 vagas<\/p>\n<\/div>\n<div class=\"clearfix\"><\/div>\n<\/div><\/div>\n<\/div>\n\n\n\n<div style=\"height:70px\" aria-hidden=\"true\" class=\"wp-block-spacer\"><\/div>\n\n\n\n<div id=\"gbc-_49a122-4a\" class=\"wp-block-pt-ipleiria-ued-wp-theme-ipleiria-gutenbergblocks-container gbc gbc-view row-valign-top align-full\" style=\"background-color:#F3F3F3\"><div class=\"gbc-background-overlay gbc-background-overlay-normal\" style=\"opacity:0.3\"><\/div><div class=\"gbc-wrapper\" style=\"padding-top:0;padding-bottom:0\"><div id=\"gbc-container-gbc-_49a122-4a\" class=\"inner-container\">\n<div class=\"wp-container-6 wp-block-columns removeGap\">\n<div class=\"wp-container-4 wp-block-column is-vertically-aligned-top m-0 d-print-none\"><div class=\"wp-block-image\">\n<figure class=\"alignright size-full\"><img loading=\"lazy\" width=\"2560\" height=\"1706\" src=\"https:\/\/www.ipleiria.pt\/en\/wp-content\/uploads\/sites\/25\/2022\/03\/pexels-run-ffwpu-1568804-scaled-2.jpg\" alt=\"\" class=\"wp-image-42768\" srcset=\"https:\/\/www.ipleiria.pt\/en\/wp-content\/uploads\/sites\/25\/2022\/03\/pexels-run-ffwpu-1568804-scaled-2.jpg 2560w, https:\/\/www.ipleiria.pt\/en\/wp-content\/uploads\/sites\/25\/2022\/03\/pexels-run-ffwpu-1568804-scaled-2-300x200.jpg 300w, https:\/\/www.ipleiria.pt\/en\/wp-content\/uploads\/sites\/25\/2022\/03\/pexels-run-ffwpu-1568804-scaled-2-1024x682.jpg 1024w, https:\/\/www.ipleiria.pt\/en\/wp-content\/uploads\/sites\/25\/2022\/03\/pexels-run-ffwpu-1568804-scaled-2-768x512.jpg 768w, https:\/\/www.ipleiria.pt\/en\/wp-content\/uploads\/sites\/25\/2022\/03\/pexels-run-ffwpu-1568804-scaled-2-1536x1024.jpg 1536w, https:\/\/www.ipleiria.pt\/en\/wp-content\/uploads\/sites\/25\/2022\/03\/pexels-run-ffwpu-1568804-scaled-2-2048x1365.jpg 2048w\" sizes=\"(max-width: 2560px) 100vw, 2560px\" \/><\/figure><\/div><\/div>\n\n\n\n<div class=\"wp-container-5 wp-block-column m-0 px-sm-4 scroll-text grey\" style=\"flex-basis:50%\">\n<div id=\"gbc-_cea4f7-f8\" class=\"wp-block-pt-ipleiria-ued-wp-theme-ipleiria-gutenbergblocks-container gbc gbc-view row-valign-top align-full\" style=\"margin-left:0px;margin-right:0px\"><div class=\"gbc-background-overlay gbc-background-overlay-normal\" style=\"opacity:0.3\"><\/div><div class=\"gbc-wrapper\" style=\"padding-left:15px;padding-right:15px;padding-top:42px;padding-bottom:15px\"><div id=\"gbc-container-gbc-_cea4f7-f8\" class=\"inner-container\" style=\"max-width:540px\"><div class=\"d-flex flex-column\">\n    <h2 class=\"has-text-align-left is-style-theme-title order-2 mb-4\">Objetivos<\/h2>\n    <div class=\"has-text-align-left is-style-theme-subtitle order-1\">Lorem Ipsum<\/div>\n<\/div>\n<div>\n<ul><li>Dotar os participantes de compet\u00eancias pedag\u00f3gicas e did\u00e1ticas adequadas a uma interven\u00e7\u00e3o espec\u00edfica junto destas popula\u00e7\u00f5es em contexto de desporto e atividade f\u00edsica;<\/li><li>Fomentar a criatividade e empreendedorismo nomeadamente atrav\u00e9s da reflex\u00e3o sobre a import\u00e2ncia do desenvolvimento de projetos de interven\u00e7\u00e3o comunit\u00e1ria, recorrendo ao desporto e atividade f\u00edsica como promotores de uma inclus\u00e3o social mais bem sucedida;<\/li><li>Contribuir para o aprofundar de conhecimentos relativos \u00e0 inova\u00e7\u00e3o tecnol\u00f3gica aplicada ao contexto do desporto adaptado e da atividade f\u00edsica adaptada, nomeadamente como ve\u00edculo promotor da redu\u00e7\u00e3o ou elimina\u00e7\u00e3o das barreiras para a pr\u00e1tica regular de desporto\/atividade f\u00edsica, contribuindo desta forma para o aumento dos \u00edndices de pr\u00e1tica da popula\u00e7\u00e3o como um todo;<\/li><li>Possibilitar o contacto com diferentes institui\u00e7\u00f5es (locais, regionais e nacionais) com responsabilidade na promo\u00e7\u00e3o e implementa\u00e7\u00e3o do desporto e atividade f\u00edsica adaptados.<\/li><\/ul>\n<\/div><\/div><\/div><\/div>\n<\/div>\n<\/div>\n<\/div><\/div><\/div>\n\n\n\n<div id=\"gbc-_75f245-38\" class=\"wp-block-pt-ipleiria-ued-wp-theme-ipleiria-gutenbergblocks-container gbc gbc-view row-valign-top align-full\" style=\"background-color:#262626\"><div class=\"gbc-background-overlay gbc-background-overlay-normal\" style=\"opacity:0.3\"><\/div><div class=\"gbc-wrapper\"><div id=\"gbc-container-gbc-_75f245-38\" class=\"inner-container\">\n<div class=\"wp-container-9 wp-block-columns removeGap\">\n<div class=\"wp-container-7 wp-block-column m-0 px-sm-4 scroll-text dark\" style=\"flex-basis:50%\">\n<div id=\"gbc-_6f657a-69\" class=\"wp-block-pt-ipleiria-ued-wp-theme-ipleiria-gutenbergblocks-container gbc gbc-view row-valign-top align-full float-right clearfix\" style=\"margin-left:0px;margin-right:0px\"><div class=\"gbc-background-overlay gbc-background-overlay-normal\" style=\"opacity:0.3\"><\/div><div class=\"gbc-wrapper\" style=\"padding-left:15px;padding-right:15px;padding-top:42px;padding-bottom:15px\"><div id=\"gbc-container-gbc-_6f657a-69\" class=\"inner-container\" style=\"max-width:540px\">\n<div style=\"height:40px\" aria-hidden=\"true\" class=\"wp-block-spacer\"><\/div>\n\n\n<\/div><\/div><\/div>\n<\/div>\n\n\n\n<div class=\"wp-container-8 wp-block-column m-0 d-print-none\">\n<figure class=\"wp-block-image size-full\"><img src=\"https:\/\/www.ipleiria.pt\/en\/wp-content\/uploads\/sites\/25\/2020\/11\/pexels-kampus-production-8346662.jpg\" alt=\"\" class=\"wp-image-44420\"\/><\/figure>\n<\/div>\n<\/div>\n<\/div><\/div><\/div>\n\n\n\n<div style=\"height:70px\" aria-hidden=\"true\" class=\"wp-block-spacer\"><\/div>\n\n\n    \n    <section id=\"course-curriculum-section\" aria-labelledby=\"course-curriculum-label\">\n                \t\t            \t<div class=\"post-field course_curriculum_list\">\n    \t\t    \t\t    <div id=\"gba_56fcfd-0\" class=\"wp-block-pt-ipleiria-ued-wp-theme-ipleiria-gutenbergblocks-collapse gba gba-view gba_56fcfd-0\">\n            \t\t<div id=\"gba-pane_c7ff2e-0\" class=\"wp-block-pt-ipleiria-ued-wp-theme-ipleiria-gutenbergblocks-collapse-pane gba-pane gba-pane-save gba-pane_e1b913-0\">\n            \t\t\t<div class=\"card\">\n            \t\t\t\t<div class=\"card-header\" id=\"gba-pane-heading_c7ff2e-0\">\n            \t\t\t\t\t<div class=\"mb-0\">\n            \t\t\t\t\t\t<button class=\"btn btn-link collapsed\" type=\"button\" data-toggle=\"collapse\" data-target=\"#gba-pane-collapse_c7ff2e-0\" aria-controls=\"gba-pane-collapse_c7ff2e-0\" aria-expanded=\"false\">\n            \t\t\t\t\t\t\t<h3 class=\"gba-pane-title\">1.\u00ba Semestre<\/h3>\n            \t\t\t\t\t\t<\/button>\n            \t\t\t\t\t<\/div>\n            \t\t\t\t<\/div>\n            \t\t\t\t<div id=\"gba-pane-collapse_c7ff2e-0\" class=\"panel-content collapse\" aria-labelledby=\"gba-pane-heading_c7ff2e-0\" data-parent=\"#gba_56fcfd-0\">\n            \t\t\t\t\t<div class=\"card-body\">\n            \t\t\t\t\t\t            \t\t\t\t\t\t\t            \t\t\t\t\t\t\t            \t\t\t\t\t\t\t            \t\t\t\t\t\t\t\t            \t\t\t\t\t\t\t\t\t            \t\t\t\t\t\t\t\t\t\t            \t\t\t\t\t\t\t\t\t            \t\t\t\t\t\t\t\t            \t\t\t\t\t\t\t\t\t            \t\t\t\t\t\t\t\t\t\t            \t\t\t\t\t\t\t\t\t            \t\t\t\t\t\t\t\t            \t\t\t\t\t\t\t\t\t            \t\t\t\t\t\t\t\t\t\t            \t\t\t\t\t\t\t\t\t            \t\t\t\t\t\t\t\t            \t\t\t\t\t\t\t\t\t            \t\t\t\t\t\t\t\t\t\t            \t\t\t\t\t\t\t\t\t            \t\t\t\t\t\t\t\t            \t\t\t\t\t\t\t\t\t            \t\t\t\t\t\t\t\t\t\t            \t\t\t\t\t\t\t\t\t            \t\t\t\t\t\t\t\t            \t\t\t\t\t\t\t\t\t            \t\t\t\t\t\t\t\t\t\t            \t\t\t\t\t\t\t\t\t            \t\t\t\t\t\t\t\t            \t\t\t\t\t\t\t            \t\t\t\t\t\t\t\t            \t\t\t\t\t\t\t\t\t            \t\t\t\t\t\t\t\t            \t\t\t\t\t\t\t\t\t            \t\t\t\t\t\t\t\t            \t\t\t\t\t\t\t\t\t            \t\t\t\t\t\t\t\t            \t\t\t\t\t\t\t\t\t            \t\t\t\t\t\t\t\t            \t\t\t\t\t\t\t\t\t            \t\t\t\t\t\t\t\t            \t\t\t\t\t\t\t\t\t            \t\t\t\t\t\t\t\t            \t\t\t\t\t\t\t            \t\t\t\t\t\t\t\t            \t\t\t\t\t\t\t\t\t            \t\t\t\t\t\t\t\t            \t\t\t\t\t\t\t\t\t            \t\t\t\t\t\t\t\t            \t\t\t\t\t\t\t\t\t            \t\t\t\t\t\t\t\t            \t\t\t\t\t\t\t\t\t            \t\t\t\t\t\t\t\t            \t\t\t\t\t\t\t\t\t            \t\t\t\t\t\t\t\t            \t\t\t\t\t\t\t\t\t            \t\t\t\t\t\t\t\t            \t\t\t\t\t\t\t            \t\t\t\t\t\t\t\t            \t\t\t\t\t\t\t\t\t            \t\t\t\t\t\t\t\t            \t\t\t\t\t\t\t\t\t            \t\t\t\t\t\t\t\t            \t\t\t\t\t\t\t\t\t            \t\t\t\t\t\t\t\t            \t\t\t\t\t\t\t\t\t            \t\t\t\t\t\t\t\t            \t\t\t\t\t\t\t\t\t            \t\t\t\t\t\t\t\t            \t\t\t\t\t\t\t\t\t            \t\t\t\t\t\t\t\t            \t\t\t\t\t\t\t            \t\t\t\t\t\t\t\n            \t\t\t\t\t\t\t<div class=\"wp-block-table m-0\">\n            \t\t\t\t\t\t\t\t<table class=\"table\">\n            \t\t\t\t\t\t\t\t\t<caption class=\"sr-only\">1.\u00ba Semestre<\/caption>\n            \t\t\t\t\t\t\t\t\t<thead class=\"sr-only\">\n            \t\t\t\t\t\t\t\t\t\t<tr class=\"sr-only\">\n            \t\t\t\t\t\t\t\t\t\t\t            \t\t\t\t\t\t\t\t\t\t\t\t            \t\t\t\t\t\t\t\t\t\t\t\t\t<th class=\"sr-only curricular_plan_cu_field curricular_plan_cu_code\"><\/th>\n            \t\t\t\t\t\t\t\t\t\t\t\t            \t\t\t\t\t\t\t\t\t\t\t            \t\t\t\t\t\t\t\t\t\t\t\t            \t\t\t\t\t\t\t\t\t\t\t\t\t<th class=\"sr-only curricular_plan_cu_field curricular_plan_cu_title\">Curricular Unit<\/th>\n            \t\t\t\t\t\t\t\t\t\t\t\t            \t\t\t\t\t\t\t\t\t\t\t            \t\t\t\t\t\t\t\t\t\t\t\t            \t\t\t\t\t\t\t\t\t\t\t\t\t<th class=\"sr-only curricular_plan_cu_field curricular_plan_cu_period\">Period<\/th>\n            \t\t\t\t\t\t\t\t\t\t\t\t            \t\t\t\t\t\t\t\t\t\t\t            \t\t\t\t\t\t\t\t\t\t\t\t            \t\t\t\t\t\t\t\t\t\t\t\t\t<th class=\"sr-only curricular_plan_cu_field curricular_plan_cu_ects\">ECTS<\/th>\n            \t\t\t\t\t\t\t\t\t\t\t\t            \t\t\t\t\t\t\t\t\t\t\t            \t\t\t\t\t\t\t\t\t\t\t\t            \t\t\t\t\t\t\t\t\t\t\t\t\t<th class=\"sr-only curricular_plan_cu_field curricular_plan_cu_duration\">Length<\/th>\n            \t\t\t\t\t\t\t\t\t\t\t\t            \t\t\t\t\t\t\t\t\t\t\t            \t\t\t\t\t\t\t\t\t\t\t\t            \t\t\t\t\t\t\t\t\t\t\t            \t\t\t\t\t\t\t\t\t\t<\/tr>\n            \t\t\t\t\t\t\t\t\t<\/thead>\n            \t\t\t\t\t\t\t\t\t<tbody>\n            \t\t\t\t\t\t\t\t\t\t            \t\t\t\t\t\t\t\t\t\t\t<tr>\n            \t\t\t\t\t\t\t\t\t\t\t\t            \t\t\t\t\t\t\t\t\t\t\t\t\t            \t\t\t\t\t\t\t\t\t\t\t\t\t\t<td class=\"curricular_plan_cu_field curricular_plan_cu_code\">\n            \t\t\t\t\t\t\t\t\t\t\t\t\t\t\t            \t\t\t\t\t\t\t\t\t\t\t\t\t\t\t\t2116101\n            \t\t\t\t\t\t\t\t\t\t\t\t\t\t\t            \t\t\t\t\t\t\t\t\t\t\t\t\t\t<\/td>\n            \t\t\t\t\t\t\t\t\t\t\t\t\t            \t\t\t\t\t\t\t\t\t\t\t\t            \t\t\t\t\t\t\t\t\t\t\t\t\t            \t\t\t\t\t\t\t\t\t\t\t\t\t\t<td class=\"curricular_plan_cu_field curricular_plan_cu_title\">\n            \t\t\t\t\t\t\t\t\t\t\t\t\t\t\t            \t\t\t\t\t\t\t\t\t\t\t\t\t\t\t\tMeios e Tecnologias de Apoio \u00e0 Defici\u00eancia\n            \t\t\t\t\t\t\t\t\t\t\t\t\t\t\t            \t\t\t\t\t\t\t\t\t\t\t\t\t\t<\/td>\n            \t\t\t\t\t\t\t\t\t\t\t\t\t            \t\t\t\t\t\t\t\t\t\t\t\t            \t\t\t\t\t\t\t\t\t\t\t\t\t            \t\t\t\t\t\t\t\t\t\t\t\t\t\t<td class=\"curricular_plan_cu_field curricular_plan_cu_period\">\n            \t\t\t\t\t\t\t\t\t\t\t\t\t\t\t            \t\t\t\t\t\t\t\t\t\t\t\t\t\t\t\t\n            \t\t\t\t\t\t\t\t\t\t\t\t\t\t\t            \t\t\t\t\t\t\t\t\t\t\t\t\t\t<\/td>\n            \t\t\t\t\t\t\t\t\t\t\t\t\t            \t\t\t\t\t\t\t\t\t\t\t\t            \t\t\t\t\t\t\t\t\t\t\t\t\t            \t\t\t\t\t\t\t\t\t\t\t\t\t\t<td class=\"curricular_plan_cu_field curricular_plan_cu_ects\">\n            \t\t\t\t\t\t\t\t\t\t\t\t\t\t\t            \t\t\t\t\t\t\t\t\t\t\t\t\t\t\t\t3\n            \t\t\t\t\t\t\t\t\t\t\t\t\t\t\t            \t\t\t\t\t\t\t\t\t\t\t\t\t\t<\/td>\n            \t\t\t\t\t\t\t\t\t\t\t\t\t            \t\t\t\t\t\t\t\t\t\t\t\t            \t\t\t\t\t\t\t\t\t\t\t\t\t            \t\t\t\t\t\t\t\t\t\t\t\t\t\t<td class=\"curricular_plan_cu_field curricular_plan_cu_duration\">\n            \t\t\t\t\t\t\t\t\t\t\t\t\t\t\t            \t\t\t\t\t\t\t\t\t\t\t\t\t\t\t\t30 h\n            \t\t\t\t\t\t\t\t\t\t\t\t\t\t\t            \t\t\t\t\t\t\t\t\t\t\t\t\t\t<\/td>\n            \t\t\t\t\t\t\t\t\t\t\t\t\t            \t\t\t\t\t\t\t\t\t\t\t\t            \t\t\t\t\t\t\t\t\t\t\t\t\t            \t\t\t\t\t\t\t\t\t\t\t\t            \t\t\t\t\t\t\t\t\t\t\t<\/tr>\n            \t\t\t\t\t\t\t\t\t\t\t            \t\t\t\t\t\t\t\t\t\t\t            \t\t\t\t\t\t\t\t\t\t            \t\t\t\t\t\t\t\t\t\t\t<tr>\n            \t\t\t\t\t\t\t\t\t\t\t\t            \t\t\t\t\t\t\t\t\t\t\t\t\t            \t\t\t\t\t\t\t\t\t\t\t\t\t\t<td class=\"curricular_plan_cu_field curricular_plan_cu_code\">\n            \t\t\t\t\t\t\t\t\t\t\t\t\t\t\t            \t\t\t\t\t\t\t\t\t\t\t\t\t\t\t\t2116102\n            \t\t\t\t\t\t\t\t\t\t\t\t\t\t\t            \t\t\t\t\t\t\t\t\t\t\t\t\t\t<\/td>\n            \t\t\t\t\t\t\t\t\t\t\t\t\t            \t\t\t\t\t\t\t\t\t\t\t\t            \t\t\t\t\t\t\t\t\t\t\t\t\t            \t\t\t\t\t\t\t\t\t\t\t\t\t\t<td class=\"curricular_plan_cu_field curricular_plan_cu_title\">\n            \t\t\t\t\t\t\t\t\t\t\t\t\t\t\t            \t\t\t\t\t\t\t\t\t\t\t\t\t\t\t\tPsicologia do Desporto e da Atividade F\u00edsica Adaptados\n            \t\t\t\t\t\t\t\t\t\t\t\t\t\t\t            \t\t\t\t\t\t\t\t\t\t\t\t\t\t<\/td>\n            \t\t\t\t\t\t\t\t\t\t\t\t\t            \t\t\t\t\t\t\t\t\t\t\t\t            \t\t\t\t\t\t\t\t\t\t\t\t\t            \t\t\t\t\t\t\t\t\t\t\t\t\t\t<td class=\"curricular_plan_cu_field curricular_plan_cu_period\">\n            \t\t\t\t\t\t\t\t\t\t\t\t\t\t\t            \t\t\t\t\t\t\t\t\t\t\t\t\t\t\t\t\n            \t\t\t\t\t\t\t\t\t\t\t\t\t\t\t            \t\t\t\t\t\t\t\t\t\t\t\t\t\t<\/td>\n            \t\t\t\t\t\t\t\t\t\t\t\t\t            \t\t\t\t\t\t\t\t\t\t\t\t            \t\t\t\t\t\t\t\t\t\t\t\t\t            \t\t\t\t\t\t\t\t\t\t\t\t\t\t<td class=\"curricular_plan_cu_field curricular_plan_cu_ects\">\n            \t\t\t\t\t\t\t\t\t\t\t\t\t\t\t            \t\t\t\t\t\t\t\t\t\t\t\t\t\t\t\t3\n            \t\t\t\t\t\t\t\t\t\t\t\t\t\t\t            \t\t\t\t\t\t\t\t\t\t\t\t\t\t<\/td>\n            \t\t\t\t\t\t\t\t\t\t\t\t\t            \t\t\t\t\t\t\t\t\t\t\t\t            \t\t\t\t\t\t\t\t\t\t\t\t\t            \t\t\t\t\t\t\t\t\t\t\t\t\t\t<td class=\"curricular_plan_cu_field curricular_plan_cu_duration\">\n            \t\t\t\t\t\t\t\t\t\t\t\t\t\t\t            \t\t\t\t\t\t\t\t\t\t\t\t\t\t\t\t30 h\n            \t\t\t\t\t\t\t\t\t\t\t\t\t\t\t            \t\t\t\t\t\t\t\t\t\t\t\t\t\t<\/td>\n            \t\t\t\t\t\t\t\t\t\t\t\t\t            \t\t\t\t\t\t\t\t\t\t\t\t            \t\t\t\t\t\t\t\t\t\t\t\t\t            \t\t\t\t\t\t\t\t\t\t\t\t            \t\t\t\t\t\t\t\t\t\t\t<\/tr>\n            \t\t\t\t\t\t\t\t\t\t\t            \t\t\t\t\t\t\t\t\t\t\t            \t\t\t\t\t\t\t\t\t\t            \t\t\t\t\t\t\t\t\t\t\t<tr>\n            \t\t\t\t\t\t\t\t\t\t\t\t            \t\t\t\t\t\t\t\t\t\t\t\t\t            \t\t\t\t\t\t\t\t\t\t\t\t\t\t<td class=\"curricular_plan_cu_field curricular_plan_cu_code\">\n            \t\t\t\t\t\t\t\t\t\t\t\t\t\t\t            \t\t\t\t\t\t\t\t\t\t\t\t\t\t\t\t2116103\n            \t\t\t\t\t\t\t\t\t\t\t\t\t\t\t            \t\t\t\t\t\t\t\t\t\t\t\t\t\t<\/td>\n            \t\t\t\t\t\t\t\t\t\t\t\t\t            \t\t\t\t\t\t\t\t\t\t\t\t            \t\t\t\t\t\t\t\t\t\t\t\t\t            \t\t\t\t\t\t\t\t\t\t\t\t\t\t<td class=\"curricular_plan_cu_field curricular_plan_cu_title\">\n            \t\t\t\t\t\t\t\t\t\t\t\t\t\t\t            \t\t\t\t\t\t\t\t\t\t\t\t\t\t\t\tProped\u00eautica do Desporto Adaptado\n            \t\t\t\t\t\t\t\t\t\t\t\t\t\t\t            \t\t\t\t\t\t\t\t\t\t\t\t\t\t<\/td>\n            \t\t\t\t\t\t\t\t\t\t\t\t\t            \t\t\t\t\t\t\t\t\t\t\t\t            \t\t\t\t\t\t\t\t\t\t\t\t\t            \t\t\t\t\t\t\t\t\t\t\t\t\t\t<td class=\"curricular_plan_cu_field curricular_plan_cu_period\">\n            \t\t\t\t\t\t\t\t\t\t\t\t\t\t\t            \t\t\t\t\t\t\t\t\t\t\t\t\t\t\t\t\n            \t\t\t\t\t\t\t\t\t\t\t\t\t\t\t            \t\t\t\t\t\t\t\t\t\t\t\t\t\t<\/td>\n            \t\t\t\t\t\t\t\t\t\t\t\t\t            \t\t\t\t\t\t\t\t\t\t\t\t            \t\t\t\t\t\t\t\t\t\t\t\t\t            \t\t\t\t\t\t\t\t\t\t\t\t\t\t<td class=\"curricular_plan_cu_field curricular_plan_cu_ects\">\n            \t\t\t\t\t\t\t\t\t\t\t\t\t\t\t            \t\t\t\t\t\t\t\t\t\t\t\t\t\t\t\t6\n            \t\t\t\t\t\t\t\t\t\t\t\t\t\t\t            \t\t\t\t\t\t\t\t\t\t\t\t\t\t<\/td>\n            \t\t\t\t\t\t\t\t\t\t\t\t\t            \t\t\t\t\t\t\t\t\t\t\t\t            \t\t\t\t\t\t\t\t\t\t\t\t\t            \t\t\t\t\t\t\t\t\t\t\t\t\t\t<td class=\"curricular_plan_cu_field curricular_plan_cu_duration\">\n            \t\t\t\t\t\t\t\t\t\t\t\t\t\t\t            \t\t\t\t\t\t\t\t\t\t\t\t\t\t\t\t60 h\n            \t\t\t\t\t\t\t\t\t\t\t\t\t\t\t            \t\t\t\t\t\t\t\t\t\t\t\t\t\t<\/td>\n            \t\t\t\t\t\t\t\t\t\t\t\t\t            \t\t\t\t\t\t\t\t\t\t\t\t            \t\t\t\t\t\t\t\t\t\t\t\t\t            \t\t\t\t\t\t\t\t\t\t\t\t            \t\t\t\t\t\t\t\t\t\t\t<\/tr>\n            \t\t\t\t\t\t\t\t\t\t\t            \t\t\t\t\t\t\t\t\t\t\t            \t\t\t\t\t\t\t\t\t\t            \t\t\t\t\t\t\t\t\t\t\t<tr>\n            \t\t\t\t\t\t\t\t\t\t\t\t            \t\t\t\t\t\t\t\t\t\t\t\t\t            \t\t\t\t\t\t\t\t\t\t\t\t\t\t<td class=\"curricular_plan_cu_field curricular_plan_cu_code\">\n            \t\t\t\t\t\t\t\t\t\t\t\t\t\t\t            \t\t\t\t\t\t\t\t\t\t\t\t\t\t\t\t2116104\n            \t\t\t\t\t\t\t\t\t\t\t\t\t\t\t            \t\t\t\t\t\t\t\t\t\t\t\t\t\t<\/td>\n            \t\t\t\t\t\t\t\t\t\t\t\t\t            \t\t\t\t\t\t\t\t\t\t\t\t            \t\t\t\t\t\t\t\t\t\t\t\t\t            \t\t\t\t\t\t\t\t\t\t\t\t\t\t<td class=\"curricular_plan_cu_field curricular_plan_cu_title\">\n            \t\t\t\t\t\t\t\t\t\t\t\t\t\t\t            \t\t\t\t\t\t\t\t\t\t\t\t\t\t\t\tFisiologia do Exerc\u00edcio em Popula\u00e7\u00f5es Especiais\n            \t\t\t\t\t\t\t\t\t\t\t\t\t\t\t            \t\t\t\t\t\t\t\t\t\t\t\t\t\t<\/td>\n            \t\t\t\t\t\t\t\t\t\t\t\t\t            \t\t\t\t\t\t\t\t\t\t\t\t            \t\t\t\t\t\t\t\t\t\t\t\t\t            \t\t\t\t\t\t\t\t\t\t\t\t\t\t<td class=\"curricular_plan_cu_field curricular_plan_cu_period\">\n            \t\t\t\t\t\t\t\t\t\t\t\t\t\t\t            \t\t\t\t\t\t\t\t\t\t\t\t\t\t\t\t\n            \t\t\t\t\t\t\t\t\t\t\t\t\t\t\t            \t\t\t\t\t\t\t\t\t\t\t\t\t\t<\/td>\n            \t\t\t\t\t\t\t\t\t\t\t\t\t            \t\t\t\t\t\t\t\t\t\t\t\t            \t\t\t\t\t\t\t\t\t\t\t\t\t            \t\t\t\t\t\t\t\t\t\t\t\t\t\t<td class=\"curricular_plan_cu_field curricular_plan_cu_ects\">\n            \t\t\t\t\t\t\t\t\t\t\t\t\t\t\t            \t\t\t\t\t\t\t\t\t\t\t\t\t\t\t\t4\n            \t\t\t\t\t\t\t\t\t\t\t\t\t\t\t            \t\t\t\t\t\t\t\t\t\t\t\t\t\t<\/td>\n            \t\t\t\t\t\t\t\t\t\t\t\t\t            \t\t\t\t\t\t\t\t\t\t\t\t            \t\t\t\t\t\t\t\t\t\t\t\t\t            \t\t\t\t\t\t\t\t\t\t\t\t\t\t<td class=\"curricular_plan_cu_field curricular_plan_cu_duration\">\n            \t\t\t\t\t\t\t\t\t\t\t\t\t\t\t            \t\t\t\t\t\t\t\t\t\t\t\t\t\t\t\t40 h\n            \t\t\t\t\t\t\t\t\t\t\t\t\t\t\t            \t\t\t\t\t\t\t\t\t\t\t\t\t\t<\/td>\n            \t\t\t\t\t\t\t\t\t\t\t\t\t            \t\t\t\t\t\t\t\t\t\t\t\t            \t\t\t\t\t\t\t\t\t\t\t\t\t            \t\t\t\t\t\t\t\t\t\t\t\t            \t\t\t\t\t\t\t\t\t\t\t<\/tr>\n            \t\t\t\t\t\t\t\t\t\t\t            \t\t\t\t\t\t\t\t\t\t\t            \t\t\t\t\t\t\t\t\t\t            \t\t\t\t\t\t\t\t\t<\/tbody>\n            \t\t\t\t\t\t\t\t<\/table>\n            \t\t\t\t\t\t\t<\/div>\n            \t\t\t\t\t\t            \t\t\t\t\t<\/div>\t\t\t\t\t\t\t\n            \t\t\t\t<\/div>\n            \t\t\t<\/div>\n            \t\t<\/div>\n            \t<\/div>\n    \t\t    \t\t    <div id=\"gba_56fcfd-1\" class=\"wp-block-pt-ipleiria-ued-wp-theme-ipleiria-gutenbergblocks-collapse gba gba-view gba_56fcfd-1\">\n            \t\t<div id=\"gba-pane_c7ff2e-1\" class=\"wp-block-pt-ipleiria-ued-wp-theme-ipleiria-gutenbergblocks-collapse-pane gba-pane gba-pane-save gba-pane_e1b913-1\">\n            \t\t\t<div class=\"card\">\n            \t\t\t\t<div class=\"card-header\" id=\"gba-pane-heading_c7ff2e-1\">\n            \t\t\t\t\t<div class=\"mb-0\">\n            \t\t\t\t\t\t<button class=\"btn btn-link collapsed\" type=\"button\" data-toggle=\"collapse\" data-target=\"#gba-pane-collapse_c7ff2e-1\" aria-controls=\"gba-pane-collapse_c7ff2e-1\" aria-expanded=\"false\">\n            \t\t\t\t\t\t\t<h3 class=\"gba-pane-title\">2.\u00ba semestre<\/h3>\n            \t\t\t\t\t\t<\/button>\n            \t\t\t\t\t<\/div>\n            \t\t\t\t<\/div>\n            \t\t\t\t<div id=\"gba-pane-collapse_c7ff2e-1\" class=\"panel-content collapse\" aria-labelledby=\"gba-pane-heading_c7ff2e-1\" data-parent=\"#gba_56fcfd-1\">\n            \t\t\t\t\t<div class=\"card-body\">\n            \t\t\t\t\t\t            \t\t\t\t\t\t\t            \t\t\t\t\t\t\t            \t\t\t\t\t\t\t            \t\t\t\t\t\t\t\t            \t\t\t\t\t\t\t\t\t            \t\t\t\t\t\t\t\t\t\t            \t\t\t\t\t\t\t\t\t            \t\t\t\t\t\t\t\t            \t\t\t\t\t\t\t\t\t            \t\t\t\t\t\t\t\t\t\t            \t\t\t\t\t\t\t\t\t            \t\t\t\t\t\t\t\t            \t\t\t\t\t\t\t\t\t            \t\t\t\t\t\t\t\t\t\t            \t\t\t\t\t\t\t\t\t            \t\t\t\t\t\t\t\t            \t\t\t\t\t\t\t\t\t            \t\t\t\t\t\t\t\t\t\t            \t\t\t\t\t\t\t\t\t            \t\t\t\t\t\t\t\t            \t\t\t\t\t\t\t\t\t            \t\t\t\t\t\t\t\t\t\t            \t\t\t\t\t\t\t\t\t            \t\t\t\t\t\t\t\t            \t\t\t\t\t\t\t\t\t            \t\t\t\t\t\t\t\t\t\t            \t\t\t\t\t\t\t\t\t            \t\t\t\t\t\t\t\t            \t\t\t\t\t\t\t            \t\t\t\t\t\t\t\t            \t\t\t\t\t\t\t\t\t            \t\t\t\t\t\t\t\t            \t\t\t\t\t\t\t\t\t            \t\t\t\t\t\t\t\t            \t\t\t\t\t\t\t\t\t            \t\t\t\t\t\t\t\t            \t\t\t\t\t\t\t\t\t            \t\t\t\t\t\t\t\t            \t\t\t\t\t\t\t\t\t            \t\t\t\t\t\t\t\t            \t\t\t\t\t\t\t\t\t            \t\t\t\t\t\t\t\t            \t\t\t\t\t\t\t            \t\t\t\t\t\t\t\t            \t\t\t\t\t\t\t\t\t            \t\t\t\t\t\t\t\t            \t\t\t\t\t\t\t\t\t            \t\t\t\t\t\t\t\t            \t\t\t\t\t\t\t\t\t            \t\t\t\t\t\t\t\t            \t\t\t\t\t\t\t\t\t            \t\t\t\t\t\t\t\t            \t\t\t\t\t\t\t\t\t            \t\t\t\t\t\t\t\t            \t\t\t\t\t\t\t\t\t            \t\t\t\t\t\t\t\t            \t\t\t\t\t\t\t            \t\t\t\t\t\t\t\t            \t\t\t\t\t\t\t\t\t            \t\t\t\t\t\t\t\t            \t\t\t\t\t\t\t\t\t            \t\t\t\t\t\t\t\t            \t\t\t\t\t\t\t\t\t            \t\t\t\t\t\t\t\t            \t\t\t\t\t\t\t\t\t            \t\t\t\t\t\t\t\t            \t\t\t\t\t\t\t\t\t            \t\t\t\t\t\t\t\t            \t\t\t\t\t\t\t\t\t            \t\t\t\t\t\t\t\t            \t\t\t\t\t\t\t            \t\t\t\t\t\t\t\n            \t\t\t\t\t\t\t<div class=\"wp-block-table m-0\">\n            \t\t\t\t\t\t\t\t<table class=\"table\">\n            \t\t\t\t\t\t\t\t\t<caption class=\"sr-only\">2.\u00ba semestre<\/caption>\n            \t\t\t\t\t\t\t\t\t<thead class=\"sr-only\">\n            \t\t\t\t\t\t\t\t\t\t<tr class=\"sr-only\">\n            \t\t\t\t\t\t\t\t\t\t\t            \t\t\t\t\t\t\t\t\t\t\t\t            \t\t\t\t\t\t\t\t\t\t\t\t\t<th class=\"sr-only curricular_plan_cu_field curricular_plan_cu_code\"><\/th>\n            \t\t\t\t\t\t\t\t\t\t\t\t            \t\t\t\t\t\t\t\t\t\t\t            \t\t\t\t\t\t\t\t\t\t\t\t            \t\t\t\t\t\t\t\t\t\t\t\t\t<th class=\"sr-only curricular_plan_cu_field curricular_plan_cu_title\">Curricular Unit<\/th>\n            \t\t\t\t\t\t\t\t\t\t\t\t            \t\t\t\t\t\t\t\t\t\t\t            \t\t\t\t\t\t\t\t\t\t\t\t            \t\t\t\t\t\t\t\t\t\t\t\t\t<th class=\"sr-only curricular_plan_cu_field curricular_plan_cu_period\">Period<\/th>\n            \t\t\t\t\t\t\t\t\t\t\t\t            \t\t\t\t\t\t\t\t\t\t\t            \t\t\t\t\t\t\t\t\t\t\t\t            \t\t\t\t\t\t\t\t\t\t\t\t\t<th class=\"sr-only curricular_plan_cu_field curricular_plan_cu_ects\">ECTS<\/th>\n            \t\t\t\t\t\t\t\t\t\t\t\t            \t\t\t\t\t\t\t\t\t\t\t            \t\t\t\t\t\t\t\t\t\t\t\t            \t\t\t\t\t\t\t\t\t\t\t\t\t<th class=\"sr-only curricular_plan_cu_field curricular_plan_cu_duration\">Length<\/th>\n            \t\t\t\t\t\t\t\t\t\t\t\t            \t\t\t\t\t\t\t\t\t\t\t            \t\t\t\t\t\t\t\t\t\t\t\t            \t\t\t\t\t\t\t\t\t\t\t            \t\t\t\t\t\t\t\t\t\t<\/tr>\n            \t\t\t\t\t\t\t\t\t<\/thead>\n            \t\t\t\t\t\t\t\t\t<tbody>\n            \t\t\t\t\t\t\t\t\t\t            \t\t\t\t\t\t\t\t\t\t\t<tr>\n            \t\t\t\t\t\t\t\t\t\t\t\t            \t\t\t\t\t\t\t\t\t\t\t\t\t            \t\t\t\t\t\t\t\t\t\t\t\t\t\t<td class=\"curricular_plan_cu_field curricular_plan_cu_code\">\n            \t\t\t\t\t\t\t\t\t\t\t\t\t\t\t            \t\t\t\t\t\t\t\t\t\t\t\t\t\t\t\t2116105\n            \t\t\t\t\t\t\t\t\t\t\t\t\t\t\t            \t\t\t\t\t\t\t\t\t\t\t\t\t\t<\/td>\n            \t\t\t\t\t\t\t\t\t\t\t\t\t            \t\t\t\t\t\t\t\t\t\t\t\t            \t\t\t\t\t\t\t\t\t\t\t\t\t            \t\t\t\t\t\t\t\t\t\t\t\t\t\t<td class=\"curricular_plan_cu_field curricular_plan_cu_title\">\n            \t\t\t\t\t\t\t\t\t\t\t\t\t\t\t            \t\t\t\t\t\t\t\t\t\t\t\t\t\t\t\tInterven\u00e7\u00e3o Comunit\u00e1ria em Desporto e Atividade F\u00edsica Adaptados\n            \t\t\t\t\t\t\t\t\t\t\t\t\t\t\t            \t\t\t\t\t\t\t\t\t\t\t\t\t\t<\/td>\n            \t\t\t\t\t\t\t\t\t\t\t\t\t            \t\t\t\t\t\t\t\t\t\t\t\t            \t\t\t\t\t\t\t\t\t\t\t\t\t            \t\t\t\t\t\t\t\t\t\t\t\t\t\t<td class=\"curricular_plan_cu_field curricular_plan_cu_period\">\n            \t\t\t\t\t\t\t\t\t\t\t\t\t\t\t            \t\t\t\t\t\t\t\t\t\t\t\t\t\t\t\t\n            \t\t\t\t\t\t\t\t\t\t\t\t\t\t\t            \t\t\t\t\t\t\t\t\t\t\t\t\t\t<\/td>\n            \t\t\t\t\t\t\t\t\t\t\t\t\t            \t\t\t\t\t\t\t\t\t\t\t\t            \t\t\t\t\t\t\t\t\t\t\t\t\t            \t\t\t\t\t\t\t\t\t\t\t\t\t\t<td class=\"curricular_plan_cu_field curricular_plan_cu_ects\">\n            \t\t\t\t\t\t\t\t\t\t\t\t\t\t\t            \t\t\t\t\t\t\t\t\t\t\t\t\t\t\t\t3\n            \t\t\t\t\t\t\t\t\t\t\t\t\t\t\t            \t\t\t\t\t\t\t\t\t\t\t\t\t\t<\/td>\n            \t\t\t\t\t\t\t\t\t\t\t\t\t            \t\t\t\t\t\t\t\t\t\t\t\t            \t\t\t\t\t\t\t\t\t\t\t\t\t            \t\t\t\t\t\t\t\t\t\t\t\t\t\t<td class=\"curricular_plan_cu_field curricular_plan_cu_duration\">\n            \t\t\t\t\t\t\t\t\t\t\t\t\t\t\t            \t\t\t\t\t\t\t\t\t\t\t\t\t\t\t\t30 h\n            \t\t\t\t\t\t\t\t\t\t\t\t\t\t\t            \t\t\t\t\t\t\t\t\t\t\t\t\t\t<\/td>\n            \t\t\t\t\t\t\t\t\t\t\t\t\t            \t\t\t\t\t\t\t\t\t\t\t\t            \t\t\t\t\t\t\t\t\t\t\t\t\t            \t\t\t\t\t\t\t\t\t\t\t\t            \t\t\t\t\t\t\t\t\t\t\t<\/tr>\n            \t\t\t\t\t\t\t\t\t\t\t            \t\t\t\t\t\t\t\t\t\t\t            \t\t\t\t\t\t\t\t\t\t            \t\t\t\t\t\t\t\t\t\t\t<tr>\n            \t\t\t\t\t\t\t\t\t\t\t\t            \t\t\t\t\t\t\t\t\t\t\t\t\t            \t\t\t\t\t\t\t\t\t\t\t\t\t\t<td class=\"curricular_plan_cu_field curricular_plan_cu_code\">\n            \t\t\t\t\t\t\t\t\t\t\t\t\t\t\t            \t\t\t\t\t\t\t\t\t\t\t\t\t\t\t\t2116106\n            \t\t\t\t\t\t\t\t\t\t\t\t\t\t\t            \t\t\t\t\t\t\t\t\t\t\t\t\t\t<\/td>\n            \t\t\t\t\t\t\t\t\t\t\t\t\t            \t\t\t\t\t\t\t\t\t\t\t\t            \t\t\t\t\t\t\t\t\t\t\t\t\t            \t\t\t\t\t\t\t\t\t\t\t\t\t\t<td class=\"curricular_plan_cu_field curricular_plan_cu_title\">\n            \t\t\t\t\t\t\t\t\t\t\t\t\t\t\t            \t\t\t\t\t\t\t\t\t\t\t\t\t\t\t\tPrescri\u00e7\u00e3o do Exerc\u00edcio em Popula\u00e7\u00f5es Especiais \n            \t\t\t\t\t\t\t\t\t\t\t\t\t\t\t            \t\t\t\t\t\t\t\t\t\t\t\t\t\t<\/td>\n            \t\t\t\t\t\t\t\t\t\t\t\t\t            \t\t\t\t\t\t\t\t\t\t\t\t            \t\t\t\t\t\t\t\t\t\t\t\t\t            \t\t\t\t\t\t\t\t\t\t\t\t\t\t<td class=\"curricular_plan_cu_field curricular_plan_cu_period\">\n            \t\t\t\t\t\t\t\t\t\t\t\t\t\t\t            \t\t\t\t\t\t\t\t\t\t\t\t\t\t\t\t\n            \t\t\t\t\t\t\t\t\t\t\t\t\t\t\t            \t\t\t\t\t\t\t\t\t\t\t\t\t\t<\/td>\n            \t\t\t\t\t\t\t\t\t\t\t\t\t            \t\t\t\t\t\t\t\t\t\t\t\t            \t\t\t\t\t\t\t\t\t\t\t\t\t            \t\t\t\t\t\t\t\t\t\t\t\t\t\t<td class=\"curricular_plan_cu_field curricular_plan_cu_ects\">\n            \t\t\t\t\t\t\t\t\t\t\t\t\t\t\t            \t\t\t\t\t\t\t\t\t\t\t\t\t\t\t\t4\n            \t\t\t\t\t\t\t\t\t\t\t\t\t\t\t            \t\t\t\t\t\t\t\t\t\t\t\t\t\t<\/td>\n            \t\t\t\t\t\t\t\t\t\t\t\t\t            \t\t\t\t\t\t\t\t\t\t\t\t            \t\t\t\t\t\t\t\t\t\t\t\t\t            \t\t\t\t\t\t\t\t\t\t\t\t\t\t<td class=\"curricular_plan_cu_field curricular_plan_cu_duration\">\n            \t\t\t\t\t\t\t\t\t\t\t\t\t\t\t            \t\t\t\t\t\t\t\t\t\t\t\t\t\t\t\t40 h\n            \t\t\t\t\t\t\t\t\t\t\t\t\t\t\t            \t\t\t\t\t\t\t\t\t\t\t\t\t\t<\/td>\n            \t\t\t\t\t\t\t\t\t\t\t\t\t            \t\t\t\t\t\t\t\t\t\t\t\t            \t\t\t\t\t\t\t\t\t\t\t\t\t            \t\t\t\t\t\t\t\t\t\t\t\t            \t\t\t\t\t\t\t\t\t\t\t<\/tr>\n            \t\t\t\t\t\t\t\t\t\t\t            \t\t\t\t\t\t\t\t\t\t\t            \t\t\t\t\t\t\t\t\t\t            \t\t\t\t\t\t\t\t\t\t\t<tr>\n            \t\t\t\t\t\t\t\t\t\t\t\t            \t\t\t\t\t\t\t\t\t\t\t\t\t            \t\t\t\t\t\t\t\t\t\t\t\t\t\t<td class=\"curricular_plan_cu_field curricular_plan_cu_code\">\n            \t\t\t\t\t\t\t\t\t\t\t\t\t\t\t            \t\t\t\t\t\t\t\t\t\t\t\t\t\t\t\t2116107\n            \t\t\t\t\t\t\t\t\t\t\t\t\t\t\t            \t\t\t\t\t\t\t\t\t\t\t\t\t\t<\/td>\n            \t\t\t\t\t\t\t\t\t\t\t\t\t            \t\t\t\t\t\t\t\t\t\t\t\t            \t\t\t\t\t\t\t\t\t\t\t\t\t            \t\t\t\t\t\t\t\t\t\t\t\t\t\t<td class=\"curricular_plan_cu_field curricular_plan_cu_title\">\n            \t\t\t\t\t\t\t\t\t\t\t\t\t\t\t            \t\t\t\t\t\t\t\t\t\t\t\t\t\t\t\tInova\u00e7\u00e3o Tecnol\u00f3gica Aplicada ao Desporto e Atividade F\u00edsica Adaptados\n            \t\t\t\t\t\t\t\t\t\t\t\t\t\t\t            \t\t\t\t\t\t\t\t\t\t\t\t\t\t<\/td>\n            \t\t\t\t\t\t\t\t\t\t\t\t\t            \t\t\t\t\t\t\t\t\t\t\t\t            \t\t\t\t\t\t\t\t\t\t\t\t\t            \t\t\t\t\t\t\t\t\t\t\t\t\t\t<td class=\"curricular_plan_cu_field curricular_plan_cu_period\">\n            \t\t\t\t\t\t\t\t\t\t\t\t\t\t\t            \t\t\t\t\t\t\t\t\t\t\t\t\t\t\t\t\n            \t\t\t\t\t\t\t\t\t\t\t\t\t\t\t            \t\t\t\t\t\t\t\t\t\t\t\t\t\t<\/td>\n            \t\t\t\t\t\t\t\t\t\t\t\t\t            \t\t\t\t\t\t\t\t\t\t\t\t            \t\t\t\t\t\t\t\t\t\t\t\t\t            \t\t\t\t\t\t\t\t\t\t\t\t\t\t<td class=\"curricular_plan_cu_field curricular_plan_cu_ects\">\n            \t\t\t\t\t\t\t\t\t\t\t\t\t\t\t            \t\t\t\t\t\t\t\t\t\t\t\t\t\t\t\t3\n            \t\t\t\t\t\t\t\t\t\t\t\t\t\t\t            \t\t\t\t\t\t\t\t\t\t\t\t\t\t<\/td>\n            \t\t\t\t\t\t\t\t\t\t\t\t\t            \t\t\t\t\t\t\t\t\t\t\t\t            \t\t\t\t\t\t\t\t\t\t\t\t\t            \t\t\t\t\t\t\t\t\t\t\t\t\t\t<td class=\"curricular_plan_cu_field curricular_plan_cu_duration\">\n            \t\t\t\t\t\t\t\t\t\t\t\t\t\t\t            \t\t\t\t\t\t\t\t\t\t\t\t\t\t\t\t30 h\n            \t\t\t\t\t\t\t\t\t\t\t\t\t\t\t            \t\t\t\t\t\t\t\t\t\t\t\t\t\t<\/td>\n            \t\t\t\t\t\t\t\t\t\t\t\t\t            \t\t\t\t\t\t\t\t\t\t\t\t            \t\t\t\t\t\t\t\t\t\t\t\t\t            \t\t\t\t\t\t\t\t\t\t\t\t            \t\t\t\t\t\t\t\t\t\t\t<\/tr>\n            \t\t\t\t\t\t\t\t\t\t\t            \t\t\t\t\t\t\t\t\t\t\t            \t\t\t\t\t\t\t\t\t\t            \t\t\t\t\t\t\t\t\t\t\t<tr>\n            \t\t\t\t\t\t\t\t\t\t\t\t            \t\t\t\t\t\t\t\t\t\t\t\t\t            \t\t\t\t\t\t\t\t\t\t\t\t\t\t<td class=\"curricular_plan_cu_field curricular_plan_cu_code\">\n            \t\t\t\t\t\t\t\t\t\t\t\t\t\t\t            \t\t\t\t\t\t\t\t\t\t\t\t\t\t\t\t2116108\n            \t\t\t\t\t\t\t\t\t\t\t\t\t\t\t            \t\t\t\t\t\t\t\t\t\t\t\t\t\t<\/td>\n            \t\t\t\t\t\t\t\t\t\t\t\t\t            \t\t\t\t\t\t\t\t\t\t\t\t            \t\t\t\t\t\t\t\t\t\t\t\t\t            \t\t\t\t\t\t\t\t\t\t\t\t\t\t<td class=\"curricular_plan_cu_field curricular_plan_cu_title\">\n            \t\t\t\t\t\t\t\t\t\t\t\t\t\t\t            \t\t\t\t\t\t\t\t\t\t\t\t\t\t\t\tPedagogia do Desporto e da Atividade F\u00edsica Adaptados\n            \t\t\t\t\t\t\t\t\t\t\t\t\t\t\t            \t\t\t\t\t\t\t\t\t\t\t\t\t\t<\/td>\n            \t\t\t\t\t\t\t\t\t\t\t\t\t            \t\t\t\t\t\t\t\t\t\t\t\t            \t\t\t\t\t\t\t\t\t\t\t\t\t            \t\t\t\t\t\t\t\t\t\t\t\t\t\t<td class=\"curricular_plan_cu_field curricular_plan_cu_period\">\n            \t\t\t\t\t\t\t\t\t\t\t\t\t\t\t            \t\t\t\t\t\t\t\t\t\t\t\t\t\t\t\t\n            \t\t\t\t\t\t\t\t\t\t\t\t\t\t\t            \t\t\t\t\t\t\t\t\t\t\t\t\t\t<\/td>\n            \t\t\t\t\t\t\t\t\t\t\t\t\t            \t\t\t\t\t\t\t\t\t\t\t\t            \t\t\t\t\t\t\t\t\t\t\t\t\t            \t\t\t\t\t\t\t\t\t\t\t\t\t\t<td class=\"curricular_plan_cu_field curricular_plan_cu_ects\">\n            \t\t\t\t\t\t\t\t\t\t\t\t\t\t\t            \t\t\t\t\t\t\t\t\t\t\t\t\t\t\t\t6\n            \t\t\t\t\t\t\t\t\t\t\t\t\t\t\t            \t\t\t\t\t\t\t\t\t\t\t\t\t\t<\/td>\n            \t\t\t\t\t\t\t\t\t\t\t\t\t            \t\t\t\t\t\t\t\t\t\t\t\t            \t\t\t\t\t\t\t\t\t\t\t\t\t            \t\t\t\t\t\t\t\t\t\t\t\t\t\t<td class=\"curricular_plan_cu_field curricular_plan_cu_duration\">\n            \t\t\t\t\t\t\t\t\t\t\t\t\t\t\t            \t\t\t\t\t\t\t\t\t\t\t\t\t\t\t\t60 h\n            \t\t\t\t\t\t\t\t\t\t\t\t\t\t\t            \t\t\t\t\t\t\t\t\t\t\t\t\t\t<\/td>\n            \t\t\t\t\t\t\t\t\t\t\t\t\t            \t\t\t\t\t\t\t\t\t\t\t\t            \t\t\t\t\t\t\t\t\t\t\t\t\t            \t\t\t\t\t\t\t\t\t\t\t\t            \t\t\t\t\t\t\t\t\t\t\t<\/tr>\n            \t\t\t\t\t\t\t\t\t\t\t            \t\t\t\t\t\t\t\t\t\t\t            \t\t\t\t\t\t\t\t\t\t            \t\t\t\t\t\t\t\t\t<\/tbody>\n            \t\t\t\t\t\t\t\t<\/table>\n            \t\t\t\t\t\t\t<\/div>\n            \t\t\t\t\t\t            \t\t\t\t\t<\/div>\t\t\t\t\t\t\t\n            \t\t\t\t<\/div>\n            \t\t\t<\/div>\n            \t\t<\/div>\n            \t<\/div>\n    \t\t    \t<\/div>\n    <\/section>\n\n\n\n<div style=\"height:40px\" aria-hidden=\"true\" class=\"wp-block-spacer\"><\/div>\n\n\n\n<div id=\"gbc-_59c1cd-e1\" class=\"wp-block-pt-ipleiria-ued-wp-theme-ipleiria-gutenbergblocks-container gbc gbc-view row-valign-top align-full\" style=\"min-height:400px\"><div class=\"gbc-background\" style=\"background-image:url(http:\/\/localhost\/cursos\/wp-content\/uploads\/sites\/2\/2020\/12\/banner.jpg);background-size:cover;background-position:center center;background-repeat:no-repeat;background-attachment:scroll\"><\/div><div class=\"gbc-background-overlay gbc-background-overlay-normal\" style=\"background-color:#1A1A1A;opacity:0.3\"><\/div><div class=\"gbc-wrapper\" style=\"padding-top:165px;padding-bottom:60px\"><div id=\"gbc-container-gbc-_59c1cd-e1\" class=\"inner-container container\">\n<h2 class=\"has-text-align-center is-style-theme-title has-dark-title-text-color-color has-text-color\">Condi\u00e7\u00f5es de acesso<\/h2>\n<\/div><\/div><\/div>\n\n\n\n<div style=\"height:40px\" aria-hidden=\"true\" class=\"wp-block-spacer\"><\/div>\n\n\n\n<div class=\"wp-container-12 wp-block-columns\">\n<div class=\"wp-container-10 wp-block-column\">\n<h3 class=\"pt-0 field-title\">Condi\u00e7\u00f5es de acesso<\/h3>\n<p>Podem candidatar-se ao curso de P\u00f3s-Gradua\u00e7\u00e3o em Desporto e Atividade F\u00edsica Adaptados:<\/p>\n<ol>\n<li>Titulares do grau de licenciado em Desporto e Bem-Estar, Ci\u00eancias do Desporto, Professores de Educa\u00e7\u00e3o F\u00edsica (Grupos de recrutamento 260 e 620);<\/li>\n<li>Profissionais de outras \u00e1reas ligados \u00e0s institui\u00e7\u00f5es que exer\u00e7am fun\u00e7\u00f5es com popula\u00e7\u00f5es com defici\u00eancia;<\/li>\n<li>Titulares de um grau acad\u00e9mico superior estrangeiro conferido na sequ\u00eancia de um 1.\u00ba ciclo de estudos organizado de acordo com os princ\u00edpios do Processo de Bolonha por um Estado aderente a este Processo, nas \u00e1reas supracitadas;<\/li>\n<li>\n<p>Estudantes que estejam em fase de conclus\u00e3o do curso de licenciatura nas \u00e1reas de forma\u00e7\u00e3o cuja deten\u00e7\u00e3o \u00e9 requerida para ingresso no curso e que declarem esse facto na candidatura;<\/p>\n<\/li>\n<li>Detentores de um curr\u00edculo escolar, cient\u00edfico ou profissional que seja reconhecido como atestando capacidade para realiza\u00e7\u00e3o do curso, pelo conselho t\u00e9cnico \u2013 cient\u00edfico, mesmo que n\u00e3o sejam titulares de uma licenciatura.<\/li>\n<\/ol>\n\n\n\n<p><\/p>\n<\/div>\n\n\n\n<div class=\"wp-container-11 wp-block-column\">\n<h3>Edital<\/h3>\n\n\n\n<p><\/p>\n\n\n\n<h3>Mais informa\u00e7\u00f5es<\/h3>\n\n\n\n<p><strong>Plano de Estudos<\/strong><br><a href=\"https:\/\/files.dre.pt\/2s\/2021\/12\/243000000\/0028200283.pdf\" target=\"_blank\" rel=\"noreferrer noopener\">Despacho n.\u00ba 12339\/2021, DR n.\u00ba 243 \u2013 2S, de 17 de dezembro<\/a><\/p>\n\n\n\n<p><strong>Acredita\u00e7\u00e3o como Forma\u00e7\u00e3o Cont\u00ednua<\/strong><\/p>\n\n\n\n<p>Este curso encontra-se acreditado pelo Conselho Cient\u00edfico Pedag\u00f3gico da Forma\u00e7\u00e3o Cont\u00ednua (CCPFC) como curso de forma\u00e7\u00e3o, registo n\u00ba CCPFC\/ACC-109662\/20 (v\u00e1lido at\u00e9 23 de novembro de 2023), , sendo 250 horas acreditadas, destinada a professores de Educa\u00e7\u00e3o f\u00edsica, dos grupos 260 e 620, e de Educa\u00e7\u00e3o Especial, dos grupos 910, 920 e 930.<\/p>\n\n\n\n<p>Contactos:<br><a href=\"mailto:academicos@ipleiria.pt\" target=\"_blank\" rel=\"noreferrer noopener\">academicos@ipleiria.pt<\/a><\/p>\n<\/div>\n<\/div>\n\n\n\n<div class=\"wp-container-15 wp-block-columns\">\n<div class=\"wp-container-13 wp-block-column\">\n<h3>Taxa de candidatura<\/h3>\n\n\n\n<p>60\u20ac<\/p>\n<\/div>\n\n\n\n<div class=\"wp-container-14 wp-block-column\">\n<h3>Taxa anual<\/h3>\n\n\n\n<p>1100\u20ac<\/p>\n<\/div>\n<\/div>\n\n\n\n<hr class=\"wp-block-separator has-css-opacity is-style-wide\"\/>\n\n\n<div class=\"wp-block-image\">\n<figure class=\"aligncenter size-large is-resized\"><img src=\"https:\/\/www.ipleiria.pt\/wp-content\/uploads\/2022\/09\/BARRA-1920x277.png\" alt=\"\" class=\"wp-image-60507\" width=\"500\"\/><\/figure><\/div>","protected":false},"featured_media":44417,"template":"","meta":{"multilingual_post_translation":"{\"pt-PT\":{\"url\":\"https:\/\/www.ipleiria.pt\/curso\/pos-graduacao-em-desporto-e-atividade-fisica-adaptados\",\"postID\":null,\"postTitle\":\"\",\"siteID\":1,\"customURL\":true,\"languageInfo\":{\"multilingual_site_api_url\":\"https:\/\/www.ipleiria.pt\/wp-json\/\",\"name\":\"Portugu\u00eas\",\"locale\":\"pt_PT\"}}}","custompostfields_course-video":"","custompostfields_course_certificates":"","custompostfields_course_vacancies_geral":"","custompostfields_course_vacancies_international":"","custompostfields_course_tuition_fee_geral":"","custompostfields_course_application":"","custompostfields_course_tuition_fee_international":"","custompostfields_course-curriculum_pdf":0,"custompostfields_course_enrolment_fee_general":"","custompostfields_course_enrolment_fee_international":"","custompostfields_course_announcement":"","custompostfields_meta-description":"","custompostfields_course-study-plan":"","custompostfields_course_presentation":"<!-- wp:paragraph {\"className\":\"is-style-theme-default-title\"} -->\n<p class=\"is-style-theme-default-title\"><\/p>\n<!-- \/wp:paragraph -->\n\n<!-- wp:paragraph {\"className\":\"is-style-theme-default-title\"} -->\n<p class=\"is-style-theme-default-title\">O curso de P\u00f3s-Gradua\u00e7\u00e3o em Desporto Atividade F\u00edsica Adaptados tem como principal objetivo aprofundar e desenvolver compet\u00eancias no \u00e2mbito da interven\u00e7\u00e3o profissional no contexto do desporto e da atividade f\u00edsica adaptados.&nbsp;<\/p>\n<!-- \/wp:paragraph -->\n\n<!-- wp:list -->\n<ul><li>O curso visa formar profissionais especializados na \u00e1rea do desporto e da atividade f\u00edsica adaptados, com compet\u00eancias t\u00e9cnicas para desempenhar fun\u00e7\u00f5es de treinadores desportivos em modalidades adaptadas (individuais e coletivas), de t\u00e9cnicos de exerc\u00edcio f\u00edsico adaptado (no contexto do&nbsp;<em>fitness<\/em>&nbsp;e no contexto de institui\u00e7\u00f5es de acolhimento de pessoas com defici\u00eancia), contribuir para o aumento de compet\u00eancias dos professores de educa\u00e7\u00e3o f\u00edsica para uma interven\u00e7\u00e3o mais adequada e eficaz no desenvolvimento da pr\u00e1tica desportiva dos alunos com defici\u00eancia e promover a aquisi\u00e7\u00e3o de conhecimentos relativos \u00e0 interven\u00e7\u00e3o em popula\u00e7\u00f5es com defici\u00eancia, nomeadamente no que diz respeito \u00e0s determinantes e consequ\u00eancias da pr\u00e1tica de desporto e atividade f\u00edsica, bem como do potencial social que esta pr\u00e1tica poder\u00e1 ter.<\/li><\/ul>\n<!-- \/wp:list -->","custompostfields_course_content":"<!-- wp:paragraph {\"placeholder\":\"Set \\u0022Programme Content\\u0022 content...\",\"style\":{\"typography\":{\"fontSize\":\"11px\"}},\"backgroundColor\":\"background-grey-color\",\"textColor\":\"regular-text-color\",\"className\":\"is-style-theme-subtitle-inherit-color\"} -->\n<p class=\"is-style-theme-subtitle-inherit-color has-regular-text-color-color has-background-grey-color-background-color has-text-color has-background\" style=\"font-size:11px\"><strong>The content of this web page is written in Portuguese as this programme\/course is only taught in Portuguese.<\/strong><\/p>\n<!-- \/wp:paragraph -->","custompostfields_course_code":"2116","custompostfields_course_public_notice":"<p><a href=\"https:\/\/www.ipleiria.pt\/cursos\/wp-content\/uploads\/sites\/4\/2020\/11\/EditalPG_2020-21.pdf\" target=\"_blank\" rel=\"noopener\">Edital PG_2020_21<\/a><\/p>","custompostfields_course_length":"2 semestres","custompostfields_course_ects":"32","custompostfields_course_supervisor":"<!-- wp:paragraph {\"placeholder\":\"Set \\u0022Programme Coordinator\\u0022 content...\"} -->\n<p>(em atualiza\u00e7\u00e3o)<\/p>\n<!-- \/wp:paragraph -->","custompostfields_course_vacancies":"<!-- wp:freeform -->\n<p>Contingente geral: 20 vagas<\/p>\n<p>Contingente estudante internacional: 5 vagas<\/p>\n<!-- \/wp:freeform -->","custompostfields_course_application_fee":"60\u20ac","custompostfields_course_enrolment_fee":"","custompostfields_course_tuition_fee":"<p>1100\u20ac<\/p>","custompostfields_course_goals":"<!-- wp:list -->\n<ul><li>Dotar os participantes de compet\u00eancias pedag\u00f3gicas e did\u00e1ticas adequadas a uma interven\u00e7\u00e3o espec\u00edfica junto destas popula\u00e7\u00f5es em contexto de desporto e atividade f\u00edsica;<\/li><li>Fomentar a criatividade e empreendedorismo nomeadamente atrav\u00e9s da reflex\u00e3o sobre a import\u00e2ncia do desenvolvimento de projetos de interven\u00e7\u00e3o comunit\u00e1ria, recorrendo ao desporto e atividade f\u00edsica como promotores de uma inclus\u00e3o social mais bem sucedida;<\/li><li>Contribuir para o aprofundar de conhecimentos relativos \u00e0 inova\u00e7\u00e3o tecnol\u00f3gica aplicada ao contexto do desporto adaptado e da atividade f\u00edsica adaptada, nomeadamente como ve\u00edculo promotor da redu\u00e7\u00e3o ou elimina\u00e7\u00e3o das barreiras para a pr\u00e1tica regular de desporto\/atividade f\u00edsica, contribuindo desta forma para o aumento dos \u00edndices de pr\u00e1tica da popula\u00e7\u00e3o como um todo;<\/li><li>Possibilitar o contacto com diferentes institui\u00e7\u00f5es (locais, regionais e nacionais) com responsabilidade na promo\u00e7\u00e3o e implementa\u00e7\u00e3o do desporto e atividade f\u00edsica adaptados.<\/li><\/ul>\n<!-- \/wp:list -->","custompostfields_course_future_studies":"","custompostfields_course_career_prospects":"","custompostfields_course_entry_requirements":"<!-- wp:freeform -->\n<h3 class=\"pt-0 field-title\">Condi\u00e7\u00f5es de acesso<\/h3>\n<p>Podem candidatar-se ao curso de P\u00f3s-Gradua\u00e7\u00e3o em Desporto e Atividade F\u00edsica Adaptados:<\/p>\n<ol>\n<li>Titulares do grau de licenciado em Desporto e Bem-Estar, Ci\u00eancias do Desporto, Professores de Educa\u00e7\u00e3o F\u00edsica (Grupos de recrutamento 260 e 620);<\/li>\n<li>Profissionais de outras \u00e1reas ligados \u00e0s institui\u00e7\u00f5es que exer\u00e7am fun\u00e7\u00f5es com popula\u00e7\u00f5es com defici\u00eancia;<\/li>\n<li>Titulares de um grau acad\u00e9mico superior estrangeiro conferido na sequ\u00eancia de um 1.\u00ba ciclo de estudos organizado de acordo com os princ\u00edpios do Processo de Bolonha por um Estado aderente a este Processo, nas \u00e1reas supracitadas;<\/li>\n<li>\n<p>Estudantes que estejam em fase de conclus\u00e3o do curso de licenciatura nas \u00e1reas de forma\u00e7\u00e3o cuja deten\u00e7\u00e3o \u00e9 requerida para ingresso no curso e que declarem esse facto na candidatura;<\/p>\n<\/li>\n<li>Detentores de um curr\u00edculo escolar, cient\u00edfico ou profissional que seja reconhecido como atestando capacidade para realiza\u00e7\u00e3o do curso, pelo conselho t\u00e9cnico \u2013 cient\u00edfico, mesmo que n\u00e3o sejam titulares de uma licenciatura.<\/li>\n<\/ol>\n<!-- \/wp:freeform -->","custompostfields_course_more_information":"<p class=\"semi-bold\">Hor\u00e1rio p\u00f3s-laboral:<\/p>\n<p>Sexta \u2013 das 18:30 \u00e0s 23:30<br>S\u00e1bado \u2013 das 09:00 \u00e0s 18:00<\/p>\n<p>&nbsp;<\/p>\n<p class=\"semi-bold\"><span class=\"semi-bold\">In\u00edcio do curso: <\/span>Fevereiro de 2021<\/p>\n<p><span class=\"semi-bold\">Candidaturas on-line<\/span>: 16 a 30 novembro de 2020 em <a href=\"http:\/\/candidaturas.ipleiria.pt\">http:\/\/candidaturas.ipleiria.pt<\/a><\/p>\n<p><span class=\"semi-bold\">Publicita\u00e7\u00e3o de Resultados:<\/span> 09 de dezembro de 2020<\/p>\n<p><span class=\"semi-bold\">Per\u00edodo de Reclama\u00e7\u00e3o: <\/span>10 a 11 de dezembro de 2020<\/p>\n<p><span class=\"semi-bold\">Matr\u00edculas:<\/span> 14 a 18 de dezembro de 2020 no <a href=\"https:\/\/portaldoestudante.ipleiria.pt\/netpa\/page\" target=\"_blank\" rel=\"noopener\">Portal dos Estudantes<\/a><\/p>\n<p>&nbsp;<\/p>\n<p><span class=\"semi-bold\">Plano de estudos<\/span><br><a href=\"https:\/\/www.ipleiria.pt\/cursos\/wp-content\/uploads\/sites\/4\/2020\/11\/Despacho-n.\u00ba-10258-2020-P\u00f3s-gradua\u00e7\u00e3o-em-Desporto-e-Atividade-F\u00edsica-Adaptados.pdf\" target=\"_blank\" rel=\"noopener\">Despacho n\u00ba 10258\/2020 DR 2.\u00aa S\u00e9rie, de 23 de outubro<\/a><\/p>\n<p><span class=\"semi-bold\">Acredita\u00e7\u00e3o como Forma\u00e7\u00e3o Cont\u00ednua<\/span><\/p>\n<p>A edi\u00e7\u00e3o deste curso \u00e9 acreditada pelo Conselho Cient\u00edfico Pedag\u00f3gico da Forma\u00e7\u00e3o Cont\u00ednua (CCPFC) como curso de forma\u00e7\u00e3o, registo n\u00ba CCPFC\/ACC-109662\/20, sendo 250 horas acreditadas, destinada a professores de Educa\u00e7\u00e3o f\u00edsica, dos grupos 260 e 620.<\/p>\n<p>&nbsp;<\/p>\n<p><span class=\"semi-bold\">Contactos<\/span>:<br><a href=\"mailto:academicos@ipleiria.pt\" target=\"_blank\" rel=\"noopener\">academicos@ipleiria.pt<\/a><\/p>\n<p>Tel: (+351) 244 829 400<\/p>","custompostfields_course_curriculum":"[{\"curricular_plan_section_title\":\"1.\u00ba Semestre\",\"curricular_plan_cus\":[{\"curricular_plan_cu_code\":\"2116101\",\"curricular_plan_cu_title\":\"Meios e Tecnologias de Apoio \u00e0 Defici\u00eancia\",\"curricular_plan_cu_period\":\"\",\"curricular_plan_cu_ects\":\"3\",\"curricular_plan_cu_duration\":\"30 h\",\"curricular_plan_cu_description\":\"\"},{\"curricular_plan_cu_code\":\"2116102\",\"curricular_plan_cu_title\":\"Psicologia do Desporto e da Atividade F\u00edsica Adaptados\",\"curricular_plan_cu_period\":\"\",\"curricular_plan_cu_ects\":\"3\",\"curricular_plan_cu_duration\":\"30 h\",\"curricular_plan_cu_description\":\"\"},{\"curricular_plan_cu_code\":\"2116103\",\"curricular_plan_cu_title\":\"Proped\u00eautica do Desporto Adaptado\",\"curricular_plan_cu_period\":\"\",\"curricular_plan_cu_ects\":\"6\",\"curricular_plan_cu_duration\":\"60 h\",\"curricular_plan_cu_description\":\"\"},{\"curricular_plan_cu_code\":\"2116104\",\"curricular_plan_cu_title\":\"Fisiologia do Exerc\u00edcio em Popula\u00e7\u00f5es Especiais\",\"curricular_plan_cu_period\":\"\",\"curricular_plan_cu_ects\":\"4\",\"curricular_plan_cu_duration\":\"40 h\",\"curricular_plan_cu_description\":\"\"}]},{\"curricular_plan_section_title\":\"2.\u00ba semestre\",\"curricular_plan_cus\":[{\"curricular_plan_cu_code\":\"2116105\",\"curricular_plan_cu_title\":\"Interven\u00e7\u00e3o Comunit\u00e1ria em Desporto e Atividade F\u00edsica Adaptados\",\"curricular_plan_cu_period\":\"\",\"curricular_plan_cu_ects\":\"3\",\"curricular_plan_cu_duration\":\"30 h\",\"curricular_plan_cu_description\":\"\"},{\"curricular_plan_cu_code\":\"2116106\",\"curricular_plan_cu_title\":\"Prescri\u00e7\u00e3o do Exerc\u00edcio em Popula\u00e7\u00f5es Especiais \",\"curricular_plan_cu_period\":\"\",\"curricular_plan_cu_ects\":\"4\",\"curricular_plan_cu_duration\":\"40 h\",\"curricular_plan_cu_description\":\"\"},{\"curricular_plan_cu_code\":\"2116107\",\"curricular_plan_cu_title\":\"Inova\u00e7\u00e3o Tecnol\u00f3gica Aplicada ao Desporto e Atividade F\u00edsica Adaptados\",\"curricular_plan_cu_period\":\"\",\"curricular_plan_cu_ects\":\"3\",\"curricular_plan_cu_duration\":\"30 h\",\"curricular_plan_cu_description\":\"\"},{\"curricular_plan_cu_code\":\"2116108\",\"curricular_plan_cu_title\":\"Pedagogia do Desporto e da Atividade F\u00edsica Adaptados\",\"curricular_plan_cu_period\":\"\",\"curricular_plan_cu_ects\":\"6\",\"curricular_plan_cu_duration\":\"60 h\",\"curricular_plan_cu_description\":\"\"}]}]","custompostfields_course_testimonies":"","custompostfields_course_short_notice":"<span class=\"semi-bold text-color\" style=\"color: #ff0000;\">Novo! Edi\u00e7\u00e3o dispon\u00edvel 2020<\/span>","custompostfields_post-association_course_enrolment_link":{"opensInNewTab":true},"custompostfields_course_accreditation":"","custompostfields_course_dges_registration":"","custompostfields_course_footer":""},"course_city":[285],"enrolment_state":[],"course_language":[55],"course_schedule":[58],"course_domain":[63],"course_school":[16],"course_type":[57],"course_tax":[],"_links":{"self":[{"href":"https:\/\/www.ipleiria.pt\/en\/wp-json\/wp\/v2\/course\/21401"}],"collection":[{"href":"https:\/\/www.ipleiria.pt\/en\/wp-json\/wp\/v2\/course"}],"about":[{"href":"https:\/\/www.ipleiria.pt\/en\/wp-json\/wp\/v2\/types\/course"}],"version-history":[{"count":21,"href":"https:\/\/www.ipleiria.pt\/en\/wp-json\/wp\/v2\/course\/21401\/revisions"}],"predecessor-version":[{"id":44421,"href":"https:\/\/www.ipleiria.pt\/en\/wp-json\/wp\/v2\/course\/21401\/revisions\/44421"}],"wp:featuredmedia":[{"embeddable":true,"href":"https:\/\/www.ipleiria.pt\/en\/wp-json\/wp\/v2\/media\/44417"}],"wp:attachment":[{"href":"https:\/\/www.ipleiria.pt\/en\/wp-json\/wp\/v2\/media?parent=21401"}],"wp:term":[{"taxonomy":"course_city","embeddable":true,"href":"https:\/\/www.ipleiria.pt\/en\/wp-json\/wp\/v2\/course_city?post=21401"},{"taxonomy":"enrolment_state","embeddable":true,"href":"https:\/\/www.ipleiria.pt\/en\/wp-json\/wp\/v2\/enrolment_state?post=21401"},{"taxonomy":"course_language","embeddable":true,"href":"https:\/\/www.ipleiria.pt\/en\/wp-json\/wp\/v2\/course_language?post=21401"},{"taxonomy":"course_schedule","embeddable":true,"href":"https:\/\/www.ipleiria.pt\/en\/wp-json\/wp\/v2\/course_schedule?post=21401"},{"taxonomy":"course_domain","embeddable":true,"href":"https:\/\/www.ipleiria.pt\/en\/wp-json\/wp\/v2\/course_domain?post=21401"},{"taxonomy":"course_school","embeddable":true,"href":"https:\/\/www.ipleiria.pt\/en\/wp-json\/wp\/v2\/course_school?post=21401"},{"taxonomy":"course_type","embeddable":true,"href":"https:\/\/www.ipleiria.pt\/en\/wp-json\/wp\/v2\/course_type?post=21401"},{"taxonomy":"course_tax","embeddable":true,"href":"https:\/\/www.ipleiria.pt\/en\/wp-json\/wp\/v2\/course_tax?post=21401"}],"curies":[{"name":"wp","href":"https:\/\/api.w.org\/{rel}","templated":true}]}}