{"id":22673,"date":"2014-12-12T17:28:28","date_gmt":"2014-12-12T17:28:28","guid":{"rendered":"https:\/\/www.ipleiria.pt\/cursos\/?post_type=course&#038;p=1400"},"modified":"2023-03-03T21:34:40","modified_gmt":"2023-03-03T21:34:40","slug":"urbanism-and-environmental-law","status":"publish","type":"course","link":"https:\/\/www.ipleiria.pt\/en\/course\/urbanism-and-environmental-law\/","title":{"rendered":"Urbanism and Environmental Law"},"content":{"rendered":"\n<div style=\"height:15px\" aria-hidden=\"true\" class=\"wp-block-spacer\"><\/div>\n\n\n<div class=\"d-flex flex-column\">\n <h1 class=\"is-style-theme-title order-2\">Urbanism and Environmental Law<\/h1>\n   <div class=\"block post-field post-subtitle course-type order-1\">\n <div class=\"sr-only hide-from-gutenberg\">Course Type: <\/div>\n <div class=\"is-style-theme-subtitle-inherit-color\">Postgraduate Programme<\/div>\n <\/div>\n <\/div>\n\n\n<div style=\"height:10px\" aria-hidden=\"true\" class=\"wp-block-spacer\"><\/div>\n\n\n\n<div class=\"wp-container-3 wp-block-columns\">\n<div class=\"wp-container-1 wp-block-column\" style=\"flex-basis:70%\"><div class=\"post-field clearfix\">\n<h2 class=\"d-none post-title font-weight-semibold h6 m-0 p-0\" style=\"font-size: 1rem\">Programme Content<\/h2>\n<div>\n<p class=\"is-style-theme-subtitle-inherit-color has-regular-text-color-color has-background-grey-color-background-color has-text-color has-background\" style=\"font-size:11px\"><strong>The content of this web page is written in Portuguese as this programme\/course is only taught in Portuguese.<\/strong><\/p>\n<\/div>\n<div class=\"clearfix\"><\/div>\n<\/div>\n\n\n<div style=\"height:10px\" aria-hidden=\"true\" class=\"wp-block-spacer\"><\/div>\n\n\n<div class=\"post-field clearfix\">\n<h2 class=\"d-none post-title font-weight-semibold h6 m-0 p-0\" style=\"font-size: 1rem\">Programme Introduction<\/h2>\n<div>\n<p class=\"is-style-theme-default-title\">O Curso de P\u00f3s-Gradua\u00e7\u00e3o em Direito do Urbanismo e do Ambiente pretende desenvolver e aprofundar&nbsp;compet\u00eancias, de forma multidisciplinar, quer da \u00e1rea cient\u00edfica do Urbanismo, quer da \u00e1rea do Ambiente,&nbsp;desenvolvendo e atualizando o dom\u00ednio t\u00e9cnico e pr\u00e1tico dos seus discentes e, bem assim, promovendo a&nbsp;reflex\u00e3o cr\u00edtica, te\u00f3rica e metodol\u00f3gica sobre estas mat\u00e9rias. &nbsp;<\/p>\n\n\n\n<p class=\"is-style-theme-default-title\">Este curso pretende criar um ambiente prop\u00edcio para que os seus participante encontrem o est\u00edmulo para a sua constante atualiza\u00e7\u00e3o e, especificamente, de todos aqueles que trabalham e operam nestes dom\u00ednios, atrav\u00e9s de&nbsp;uma atitude permanente de inquiri\u00e7\u00e3o e de experimenta\u00e7\u00e3o.<\/p>\n<\/div>\n<div class=\"clearfix\"><\/div>\n<\/div>\n\n<\/div>\n\n\n\n<div class=\"wp-container-2 wp-block-column pl-md-5\" style=\"flex-basis:30%\">\n<div style=\"height:15px\" aria-hidden=\"true\" class=\"wp-block-spacer\"><\/div>\n\n\n<div class=\"post-field course_code\">\n<h2 class=\"field-title font-weight-semibold h6 m-0 p-0\" style=\"font-size: 1rem\">Reference\n<\/h2>\n<div>2034 <\/div>\n<div class=\"clearfix\"><\/div>\n<\/div>\n\n<div class=\"post-field mt-3 course_school\">\n        <h2 class=\"field-title font-weight-semibold h6 m-0 p-0\" style=\"font-size: 1rem\">School<\/h2>\n                                                                        \n            <div class=\"course-meta-value\"><a title=\"Know more about the School of Technology and Management\" href=\"https:\/\/www.ipleiria.pt\/en\/about-us\/schools\/estg\/\">Technology and Management<\/a><\/div>\n                <div class=\"clearfix\"><\/div>\n    <\/div><div class=\"post-field mt-3 course_city\">\n        <h2 class=\"field-title font-weight-semibold h6 m-0 p-0\" style=\"font-size: 1rem\">City<\/h2>\n                                                                        \n            <div class=\"course-meta-value\"><a title=\"Know more about Leiria\" href=\"https:\/\/www.ipleiria.pt\/en\/live\/student-life\/leiria-region\/city-of-leiria\/\">Leiria<\/a><\/div>\n                <div class=\"clearfix\"><\/div>\n    <\/div>    <div class=\"post-field mt-3 course_language\">\n        <h2 class=\"field-title font-weight-semibold h6 m-0 p-0\" style=\"font-size: 1rem\">Language<\/h2>\n        <div>Portuguese<\/div>\n        <div class=\"clearfix\"><\/div>\n    <\/div>    <div class=\"post-field mt-3 course_schedule\">\n        <h2 class=\"field-title font-weight-semibold h6 m-0 p-0\" style=\"font-size: 1rem\">Type<\/h2>\n        <div>Morning &amp; Afternoon<\/div>\n        <div class=\"clearfix\"><\/div>\n    <\/div>\n\n\n\n<div class=\"post-field mt-3 course_vacancies\">\n    <h2 class=\"field-title font-weight-semibold h6 m-0 p-0\" style=\"font-size: 1rem\">Vacancies\n<\/h2>\n    <div><p>30<\/p><\/div>\n    <div class=\"clearfix\"><\/div>\n<\/div>\n\n\n\n<\/div>\n<\/div>\n\n\n\n<div style=\"height:70px\" aria-hidden=\"true\" class=\"wp-block-spacer\"><\/div>\n\n\n\n<div id=\"gbc-_c6d60f-0b\" class=\"wp-block-pt-ipleiria-ued-wp-theme-ipleiria-gutenbergblocks-container gbc gbc-view row-valign-top align-full\" style=\"background-color:#F3F3F3\"><div class=\"gbc-background-overlay gbc-background-overlay-normal\" style=\"opacity:0.3\"><\/div><div class=\"gbc-wrapper\" style=\"padding-top:0;padding-bottom:0\"><div id=\"gbc-container-gbc-_c6d60f-0b\" class=\"inner-container\">\n<div class=\"wp-container-6 wp-block-columns removeGap\">\n<div class=\"wp-container-4 wp-block-column is-vertically-aligned-top m-0 d-print-none\"><div class=\"wp-block-image\">\n<figure class=\"alignright size-full\"><img src=\"https:\/\/www.ipleiria.pt\/en\/wp-content\/uploads\/sites\/25\/2014\/12\/abdul-zreika-pMzlO7xJAd4-unsplash.jpg\" alt=\"\" class=\"wp-image-44430\"\/><\/figure><\/div><\/div>\n\n\n\n<div class=\"wp-container-5 wp-block-column m-0 px-sm-4 scroll-text grey\" style=\"flex-basis:50%\">\n<div id=\"gbc-_abf99b-92\" class=\"wp-block-pt-ipleiria-ued-wp-theme-ipleiria-gutenbergblocks-container gbc gbc-view row-valign-top align-full\" style=\"margin-left:0px;margin-right:0px\"><div class=\"gbc-background-overlay gbc-background-overlay-normal\" style=\"opacity:0.3\"><\/div><div class=\"gbc-wrapper\" style=\"padding-left:15px;padding-right:15px;padding-top:42px;padding-bottom:15px\"><div id=\"gbc-container-gbc-_abf99b-92\" class=\"inner-container\" style=\"max-width:540px\"><div class=\"d-flex flex-column\">\n    <h2 class=\"has-text-align-left is-style-theme-title order-2 mb-4\">Objectives<\/h2>\n    <div class=\"has-text-align-left is-style-theme-subtitle order-1\">Programme<\/div>\n<\/div>\n<div>\n<ul>\n<li>Orienta\u00e7\u00e3o vocacional e reorienta\u00e7\u00e3o de profissionais licenciados em \u00e1reas afins ao Urbanismo e Ambiente \u2013 arquitetura, engenharia, geografia, paisagismo \u2013 permitindo-lhes trabalhar no \u00e2mbito espec\u00edfico das mat\u00e9rias do Curso.<\/li>\n<\/ul>\n<\/div><\/div><\/div><\/div>\n<\/div>\n<\/div>\n<\/div><\/div><\/div>\n\n\n\n<div id=\"gbc-_46742f-3f\" class=\"wp-block-pt-ipleiria-ued-wp-theme-ipleiria-gutenbergblocks-container gbc gbc-view row-valign-top align-full\" style=\"background-color:#262626\"><div class=\"gbc-background-overlay gbc-background-overlay-normal\" style=\"opacity:0.3\"><\/div><div class=\"gbc-wrapper\"><div id=\"gbc-container-gbc-_46742f-3f\" class=\"inner-container\">\n<div class=\"wp-container-9 wp-block-columns removeGap\">\n<div class=\"wp-container-7 wp-block-column m-0 px-sm-4 scroll-text dark\" style=\"flex-basis:50%\">\n<div id=\"gbc-_961362-11\" class=\"wp-block-pt-ipleiria-ued-wp-theme-ipleiria-gutenbergblocks-container gbc gbc-view row-valign-top align-full float-right clearfix\" style=\"margin-left:0px;margin-right:0px\"><div class=\"gbc-background-overlay gbc-background-overlay-normal\" style=\"opacity:0.3\"><\/div><div class=\"gbc-wrapper\" style=\"padding-left:15px;padding-right:15px;padding-top:42px;padding-bottom:15px\"><div id=\"gbc-container-gbc-_961362-11\" class=\"inner-container\" style=\"max-width:540px\">\n<div style=\"height:40px\" aria-hidden=\"true\" class=\"wp-block-spacer\"><\/div>\n\n\n<\/div><\/div><\/div>\n<\/div>\n\n\n\n<div class=\"wp-container-8 wp-block-column m-0 d-print-none\">\n<figure class=\"wp-block-image size-full\"><img src=\"https:\/\/www.ipleiria.pt\/en\/wp-content\/uploads\/sites\/25\/2014\/12\/clem-onojeghuo-zZza888FSKg-unsplash.jpg\" alt=\"\" class=\"wp-image-44431\"\/><\/figure>\n<\/div>\n<\/div>\n<\/div><\/div><\/div>\n\n\n\n<div style=\"height:70px\" aria-hidden=\"true\" class=\"wp-block-spacer\"><\/div>\n\n\n    \n    <section id=\"course-curriculum-section\" aria-labelledby=\"course-curriculum-label\">\n                    \t<div class=\"post-field course_curriculum_list\">\n    \t\t    \t\t    <div id=\"gba_56fcfd-0\" class=\"wp-block-pt-ipleiria-ued-wp-theme-ipleiria-gutenbergblocks-collapse gba gba-view gba_56fcfd-0\">\n            \t\t<div id=\"gba-pane_c7ff2e-0\" class=\"wp-block-pt-ipleiria-ued-wp-theme-ipleiria-gutenbergblocks-collapse-pane gba-pane gba-pane-save gba-pane_e1b913-0\">\n            \t\t\t<div class=\"card\">\n            \t\t\t\t<div class=\"card-header\" id=\"gba-pane-heading_c7ff2e-0\">\n            \t\t\t\t\t<div class=\"mb-0\">\n            \t\t\t\t\t\t<button class=\"btn btn-link collapsed\" type=\"button\" data-toggle=\"collapse\" data-target=\"#gba-pane-collapse_c7ff2e-0\" aria-controls=\"gba-pane-collapse_c7ff2e-0\" aria-expanded=\"false\">\n            \t\t\t\t\t\t\t<h3 class=\"gba-pane-title\"><\/h3>\n            \t\t\t\t\t\t<\/button>\n            \t\t\t\t\t<\/div>\n            \t\t\t\t<\/div>\n            \t\t\t\t<div id=\"gba-pane-collapse_c7ff2e-0\" class=\"panel-content collapse\" aria-labelledby=\"gba-pane-heading_c7ff2e-0\" data-parent=\"#gba_56fcfd-0\">\n            \t\t\t\t\t<div class=\"card-body\">\n            \t\t\t\t\t\t            \t\t\t\t\t\t\t            \t\t\t\t\t\t\t            \t\t\t\t\t\t\t            \t\t\t\t\t\t\t\t            \t\t\t\t\t\t\t\t\t            \t\t\t\t\t\t\t\t\t\t            \t\t\t\t\t\t\t\t\t            \t\t\t\t\t\t\t\t            \t\t\t\t\t\t\t\t\t            \t\t\t\t\t\t\t\t\t\t            \t\t\t\t\t\t\t\t\t            \t\t\t\t\t\t\t\t            \t\t\t\t\t\t\t\t\t            \t\t\t\t\t\t\t\t\t\t            \t\t\t\t\t\t\t\t\t            \t\t\t\t\t\t\t\t            \t\t\t\t\t\t\t\t\t            \t\t\t\t\t\t\t\t\t\t            \t\t\t\t\t\t\t\t\t            \t\t\t\t\t\t\t\t            \t\t\t\t\t\t\t\t\t            \t\t\t\t\t\t\t\t\t\t            \t\t\t\t\t\t\t\t\t            \t\t\t\t\t\t\t\t            \t\t\t\t\t\t\t\t\t            \t\t\t\t\t\t\t\t\t\t            \t\t\t\t\t\t\t\t\t            \t\t\t\t\t\t\t\t            \t\t\t\t\t\t\t            \t\t\t\t\t\t\t\t            \t\t\t\t\t\t\t\t\t            \t\t\t\t\t\t\t\t            \t\t\t\t\t\t\t\t\t            \t\t\t\t\t\t\t\t            \t\t\t\t\t\t\t\t\t            \t\t\t\t\t\t\t\t            \t\t\t\t\t\t\t\t\t            \t\t\t\t\t\t\t\t            \t\t\t\t\t\t\t\t\t            \t\t\t\t\t\t\t\t            \t\t\t\t\t\t\t\t\t            \t\t\t\t\t\t\t\t            \t\t\t\t\t\t\t            \t\t\t\t\t\t\t\t            \t\t\t\t\t\t\t\t\t            \t\t\t\t\t\t\t\t            \t\t\t\t\t\t\t\t\t            \t\t\t\t\t\t\t\t            \t\t\t\t\t\t\t\t\t            \t\t\t\t\t\t\t\t            \t\t\t\t\t\t\t\t\t            \t\t\t\t\t\t\t\t            \t\t\t\t\t\t\t\t\t            \t\t\t\t\t\t\t\t            \t\t\t\t\t\t\t\t\t            \t\t\t\t\t\t\t\t            \t\t\t\t\t\t\t            \t\t\t\t\t\t\t\t            \t\t\t\t\t\t\t\t\t            \t\t\t\t\t\t\t\t            \t\t\t\t\t\t\t\t\t            \t\t\t\t\t\t\t\t            \t\t\t\t\t\t\t\t\t            \t\t\t\t\t\t\t\t            \t\t\t\t\t\t\t\t\t            \t\t\t\t\t\t\t\t            \t\t\t\t\t\t\t\t\t            \t\t\t\t\t\t\t\t            \t\t\t\t\t\t\t\t\t            \t\t\t\t\t\t\t\t            \t\t\t\t\t\t\t            \t\t\t\t\t\t\t\t            \t\t\t\t\t\t\t\t\t            \t\t\t\t\t\t\t\t            \t\t\t\t\t\t\t\t\t            \t\t\t\t\t\t\t\t            \t\t\t\t\t\t\t\t\t            \t\t\t\t\t\t\t\t            \t\t\t\t\t\t\t\t\t            \t\t\t\t\t\t\t\t            \t\t\t\t\t\t\t\t\t            \t\t\t\t\t\t\t\t            \t\t\t\t\t\t\t\t\t            \t\t\t\t\t\t\t\t            \t\t\t\t\t\t\t            \t\t\t\t\t\t\t\t            \t\t\t\t\t\t\t\t\t            \t\t\t\t\t\t\t\t            \t\t\t\t\t\t\t\t\t            \t\t\t\t\t\t\t\t            \t\t\t\t\t\t\t\t\t            \t\t\t\t\t\t\t\t            \t\t\t\t\t\t\t\t\t            \t\t\t\t\t\t\t\t            \t\t\t\t\t\t\t\t\t            \t\t\t\t\t\t\t\t            \t\t\t\t\t\t\t\t\t            \t\t\t\t\t\t\t\t            \t\t\t\t\t\t\t            \t\t\t\t\t\t\t\n            \t\t\t\t\t\t\t<div class=\"wp-block-table m-0\">\n            \t\t\t\t\t\t\t\t<table class=\"table\">\n            \t\t\t\t\t\t\t\t\t<caption class=\"sr-only\"><\/caption>\n            \t\t\t\t\t\t\t\t\t<thead class=\"sr-only\">\n            \t\t\t\t\t\t\t\t\t\t<tr class=\"sr-only\">\n            \t\t\t\t\t\t\t\t\t\t\t            \t\t\t\t\t\t\t\t\t\t\t\t            \t\t\t\t\t\t\t\t\t\t\t\t\t<th class=\"sr-only curricular_plan_cu_field curricular_plan_cu_code\">ID<\/th>\n            \t\t\t\t\t\t\t\t\t\t\t\t            \t\t\t\t\t\t\t\t\t\t\t            \t\t\t\t\t\t\t\t\t\t\t\t            \t\t\t\t\t\t\t\t\t\t\t\t\t<th class=\"sr-only curricular_plan_cu_field curricular_plan_cu_title\">Name<\/th>\n            \t\t\t\t\t\t\t\t\t\t\t\t            \t\t\t\t\t\t\t\t\t\t\t            \t\t\t\t\t\t\t\t\t\t\t\t            \t\t\t\t\t\t\t\t\t\t\t\t\t<th class=\"sr-only curricular_plan_cu_field curricular_plan_cu_period\">Semester<\/th>\n            \t\t\t\t\t\t\t\t\t\t\t\t            \t\t\t\t\t\t\t\t\t\t\t            \t\t\t\t\t\t\t\t\t\t\t\t            \t\t\t\t\t\t\t\t\t\t\t\t\t<th class=\"sr-only curricular_plan_cu_field curricular_plan_cu_ects\">ECTS<\/th>\n            \t\t\t\t\t\t\t\t\t\t\t\t            \t\t\t\t\t\t\t\t\t\t\t            \t\t\t\t\t\t\t\t\t\t\t\t            \t\t\t\t\t\t\t\t\t\t\t\t\t<th class=\"sr-only curricular_plan_cu_field curricular_plan_cu_duration\">Length<\/th>\n            \t\t\t\t\t\t\t\t\t\t\t\t            \t\t\t\t\t\t\t\t\t\t\t            \t\t\t\t\t\t\t\t\t\t\t\t            \t\t\t\t\t\t\t\t\t\t\t            \t\t\t\t\t\t\t\t\t\t<\/tr>\n            \t\t\t\t\t\t\t\t\t<\/thead>\n            \t\t\t\t\t\t\t\t\t<tbody>\n            \t\t\t\t\t\t\t\t\t\t            \t\t\t\t\t\t\t\t\t\t\t<tr>\n            \t\t\t\t\t\t\t\t\t\t\t\t            \t\t\t\t\t\t\t\t\t\t\t\t\t            \t\t\t\t\t\t\t\t\t\t\t\t\t\t<td class=\"curricular_plan_cu_field curricular_plan_cu_code\">\n            \t\t\t\t\t\t\t\t\t\t\t\t\t\t\t            \t\t\t\t\t\t\t\t\t\t\t\t\t\t\t\t\n            \t\t\t\t\t\t\t\t\t\t\t\t\t\t\t            \t\t\t\t\t\t\t\t\t\t\t\t\t\t<\/td>\n            \t\t\t\t\t\t\t\t\t\t\t\t\t            \t\t\t\t\t\t\t\t\t\t\t\t            \t\t\t\t\t\t\t\t\t\t\t\t\t            \t\t\t\t\t\t\t\t\t\t\t\t\t\t<td class=\"curricular_plan_cu_field curricular_plan_cu_title\">\n            \t\t\t\t\t\t\t\t\t\t\t\t\t\t\t            \t\t\t\t\t\t\t\t\t\t\t\t\t\t\t\tM 1: Enquadramento Legislativo Geral da Seguran\u00e7a Higiene e Sa\u00fade no&lt;br&gt;Trabalho e espec\u00edfico da Constru\u00e7\u00e3o\n            \t\t\t\t\t\t\t\t\t\t\t\t\t\t\t            \t\t\t\t\t\t\t\t\t\t\t\t\t\t<\/td>\n            \t\t\t\t\t\t\t\t\t\t\t\t\t            \t\t\t\t\t\t\t\t\t\t\t\t            \t\t\t\t\t\t\t\t\t\t\t\t\t            \t\t\t\t\t\t\t\t\t\t\t\t\t\t<td class=\"curricular_plan_cu_field curricular_plan_cu_period\">\n            \t\t\t\t\t\t\t\t\t\t\t\t\t\t\t            \t\t\t\t\t\t\t\t\t\t\t\t\t\t\t\t1.\u00aa Quinzena\n            \t\t\t\t\t\t\t\t\t\t\t\t\t\t\t            \t\t\t\t\t\t\t\t\t\t\t\t\t\t<\/td>\n            \t\t\t\t\t\t\t\t\t\t\t\t\t            \t\t\t\t\t\t\t\t\t\t\t\t            \t\t\t\t\t\t\t\t\t\t\t\t\t            \t\t\t\t\t\t\t\t\t\t\t\t\t\t<td class=\"curricular_plan_cu_field curricular_plan_cu_ects\">\n            \t\t\t\t\t\t\t\t\t\t\t\t\t\t\t            \t\t\t\t\t\t\t\t\t\t\t\t\t\t\t\t2\n            \t\t\t\t\t\t\t\t\t\t\t\t\t\t\t            \t\t\t\t\t\t\t\t\t\t\t\t\t\t<\/td>\n            \t\t\t\t\t\t\t\t\t\t\t\t\t            \t\t\t\t\t\t\t\t\t\t\t\t            \t\t\t\t\t\t\t\t\t\t\t\t\t            \t\t\t\t\t\t\t\t\t\t\t\t\t\t<td class=\"curricular_plan_cu_field curricular_plan_cu_duration\">\n            \t\t\t\t\t\t\t\t\t\t\t\t\t\t\t            \t\t\t\t\t\t\t\t\t\t\t\t\t\t\t\t\n            \t\t\t\t\t\t\t\t\t\t\t\t\t\t\t            \t\t\t\t\t\t\t\t\t\t\t\t\t\t<\/td>\n            \t\t\t\t\t\t\t\t\t\t\t\t\t            \t\t\t\t\t\t\t\t\t\t\t\t            \t\t\t\t\t\t\t\t\t\t\t\t\t            \t\t\t\t\t\t\t\t\t\t\t\t            \t\t\t\t\t\t\t\t\t\t\t<\/tr>\n            \t\t\t\t\t\t\t\t\t\t\t            \t\t\t\t\t\t\t\t\t\t\t            \t\t\t\t\t\t\t\t\t\t            \t\t\t\t\t\t\t\t\t\t\t<tr>\n            \t\t\t\t\t\t\t\t\t\t\t\t            \t\t\t\t\t\t\t\t\t\t\t\t\t            \t\t\t\t\t\t\t\t\t\t\t\t\t\t<td class=\"curricular_plan_cu_field curricular_plan_cu_code\">\n            \t\t\t\t\t\t\t\t\t\t\t\t\t\t\t            \t\t\t\t\t\t\t\t\t\t\t\t\t\t\t\t\n            \t\t\t\t\t\t\t\t\t\t\t\t\t\t\t            \t\t\t\t\t\t\t\t\t\t\t\t\t\t<\/td>\n            \t\t\t\t\t\t\t\t\t\t\t\t\t            \t\t\t\t\t\t\t\t\t\t\t\t            \t\t\t\t\t\t\t\t\t\t\t\t\t            \t\t\t\t\t\t\t\t\t\t\t\t\t\t<td class=\"curricular_plan_cu_field curricular_plan_cu_title\">\n            \t\t\t\t\t\t\t\t\t\t\t\t\t\t\t            \t\t\t\t\t\t\t\t\t\t\t\t\t\t\t\tM 2: Os intervenientes e Instrumentos de Seguran\u00e7a e Sa\u00fade no Trabalho&lt;br&gt;no Sector da Constru\u00e7\u00e3o Civil e Obras P\u00fablicas\n            \t\t\t\t\t\t\t\t\t\t\t\t\t\t\t            \t\t\t\t\t\t\t\t\t\t\t\t\t\t<\/td>\n            \t\t\t\t\t\t\t\t\t\t\t\t\t            \t\t\t\t\t\t\t\t\t\t\t\t            \t\t\t\t\t\t\t\t\t\t\t\t\t            \t\t\t\t\t\t\t\t\t\t\t\t\t\t<td class=\"curricular_plan_cu_field curricular_plan_cu_period\">\n            \t\t\t\t\t\t\t\t\t\t\t\t\t\t\t            \t\t\t\t\t\t\t\t\t\t\t\t\t\t\t\t1.\u00aa Quinzena\n            \t\t\t\t\t\t\t\t\t\t\t\t\t\t\t            \t\t\t\t\t\t\t\t\t\t\t\t\t\t<\/td>\n            \t\t\t\t\t\t\t\t\t\t\t\t\t            \t\t\t\t\t\t\t\t\t\t\t\t            \t\t\t\t\t\t\t\t\t\t\t\t\t            \t\t\t\t\t\t\t\t\t\t\t\t\t\t<td class=\"curricular_plan_cu_field curricular_plan_cu_ects\">\n            \t\t\t\t\t\t\t\t\t\t\t\t\t\t\t            \t\t\t\t\t\t\t\t\t\t\t\t\t\t\t\t2\n            \t\t\t\t\t\t\t\t\t\t\t\t\t\t\t            \t\t\t\t\t\t\t\t\t\t\t\t\t\t<\/td>\n            \t\t\t\t\t\t\t\t\t\t\t\t\t            \t\t\t\t\t\t\t\t\t\t\t\t            \t\t\t\t\t\t\t\t\t\t\t\t\t            \t\t\t\t\t\t\t\t\t\t\t\t\t\t<td class=\"curricular_plan_cu_field curricular_plan_cu_duration\">\n            \t\t\t\t\t\t\t\t\t\t\t\t\t\t\t            \t\t\t\t\t\t\t\t\t\t\t\t\t\t\t\t\n            \t\t\t\t\t\t\t\t\t\t\t\t\t\t\t            \t\t\t\t\t\t\t\t\t\t\t\t\t\t<\/td>\n            \t\t\t\t\t\t\t\t\t\t\t\t\t            \t\t\t\t\t\t\t\t\t\t\t\t            \t\t\t\t\t\t\t\t\t\t\t\t\t            \t\t\t\t\t\t\t\t\t\t\t\t            \t\t\t\t\t\t\t\t\t\t\t<\/tr>\n            \t\t\t\t\t\t\t\t\t\t\t            \t\t\t\t\t\t\t\t\t\t\t            \t\t\t\t\t\t\t\t\t\t            \t\t\t\t\t\t\t\t\t\t\t<tr>\n            \t\t\t\t\t\t\t\t\t\t\t\t            \t\t\t\t\t\t\t\t\t\t\t\t\t            \t\t\t\t\t\t\t\t\t\t\t\t\t\t<td class=\"curricular_plan_cu_field curricular_plan_cu_code\">\n            \t\t\t\t\t\t\t\t\t\t\t\t\t\t\t            \t\t\t\t\t\t\t\t\t\t\t\t\t\t\t\t\n            \t\t\t\t\t\t\t\t\t\t\t\t\t\t\t            \t\t\t\t\t\t\t\t\t\t\t\t\t\t<\/td>\n            \t\t\t\t\t\t\t\t\t\t\t\t\t            \t\t\t\t\t\t\t\t\t\t\t\t            \t\t\t\t\t\t\t\t\t\t\t\t\t            \t\t\t\t\t\t\t\t\t\t\t\t\t\t<td class=\"curricular_plan_cu_field curricular_plan_cu_title\">\n            \t\t\t\t\t\t\t\t\t\t\t\t\t\t\t            \t\t\t\t\t\t\t\t\t\t\t\t\t\t\t\tM 3: Preven\u00e7\u00e3o de Riscos Profissionais\n            \t\t\t\t\t\t\t\t\t\t\t\t\t\t\t            \t\t\t\t\t\t\t\t\t\t\t\t\t\t<\/td>\n            \t\t\t\t\t\t\t\t\t\t\t\t\t            \t\t\t\t\t\t\t\t\t\t\t\t            \t\t\t\t\t\t\t\t\t\t\t\t\t            \t\t\t\t\t\t\t\t\t\t\t\t\t\t<td class=\"curricular_plan_cu_field curricular_plan_cu_period\">\n            \t\t\t\t\t\t\t\t\t\t\t\t\t\t\t            \t\t\t\t\t\t\t\t\t\t\t\t\t\t\t\t2.\u00aa Quinzena\n            \t\t\t\t\t\t\t\t\t\t\t\t\t\t\t            \t\t\t\t\t\t\t\t\t\t\t\t\t\t<\/td>\n            \t\t\t\t\t\t\t\t\t\t\t\t\t            \t\t\t\t\t\t\t\t\t\t\t\t            \t\t\t\t\t\t\t\t\t\t\t\t\t            \t\t\t\t\t\t\t\t\t\t\t\t\t\t<td class=\"curricular_plan_cu_field curricular_plan_cu_ects\">\n            \t\t\t\t\t\t\t\t\t\t\t\t\t\t\t            \t\t\t\t\t\t\t\t\t\t\t\t\t\t\t\t3\n            \t\t\t\t\t\t\t\t\t\t\t\t\t\t\t            \t\t\t\t\t\t\t\t\t\t\t\t\t\t<\/td>\n            \t\t\t\t\t\t\t\t\t\t\t\t\t            \t\t\t\t\t\t\t\t\t\t\t\t            \t\t\t\t\t\t\t\t\t\t\t\t\t            \t\t\t\t\t\t\t\t\t\t\t\t\t\t<td class=\"curricular_plan_cu_field curricular_plan_cu_duration\">\n            \t\t\t\t\t\t\t\t\t\t\t\t\t\t\t            \t\t\t\t\t\t\t\t\t\t\t\t\t\t\t\t\n            \t\t\t\t\t\t\t\t\t\t\t\t\t\t\t            \t\t\t\t\t\t\t\t\t\t\t\t\t\t<\/td>\n            \t\t\t\t\t\t\t\t\t\t\t\t\t            \t\t\t\t\t\t\t\t\t\t\t\t            \t\t\t\t\t\t\t\t\t\t\t\t\t            \t\t\t\t\t\t\t\t\t\t\t\t            \t\t\t\t\t\t\t\t\t\t\t<\/tr>\n            \t\t\t\t\t\t\t\t\t\t\t            \t\t\t\t\t\t\t\t\t\t\t            \t\t\t\t\t\t\t\t\t\t            \t\t\t\t\t\t\t\t\t\t\t<tr>\n            \t\t\t\t\t\t\t\t\t\t\t\t            \t\t\t\t\t\t\t\t\t\t\t\t\t            \t\t\t\t\t\t\t\t\t\t\t\t\t\t<td class=\"curricular_plan_cu_field curricular_plan_cu_code\">\n            \t\t\t\t\t\t\t\t\t\t\t\t\t\t\t            \t\t\t\t\t\t\t\t\t\t\t\t\t\t\t\t\n            \t\t\t\t\t\t\t\t\t\t\t\t\t\t\t            \t\t\t\t\t\t\t\t\t\t\t\t\t\t<\/td>\n            \t\t\t\t\t\t\t\t\t\t\t\t\t            \t\t\t\t\t\t\t\t\t\t\t\t            \t\t\t\t\t\t\t\t\t\t\t\t\t            \t\t\t\t\t\t\t\t\t\t\t\t\t\t<td class=\"curricular_plan_cu_field curricular_plan_cu_title\">\n            \t\t\t\t\t\t\t\t\t\t\t\t\t\t\t            \t\t\t\t\t\t\t\t\t\t\t\t\t\t\t\tM 4: Coordena\u00e7\u00e3o de Seguran\u00e7a e Sa\u00fade\n            \t\t\t\t\t\t\t\t\t\t\t\t\t\t\t            \t\t\t\t\t\t\t\t\t\t\t\t\t\t<\/td>\n            \t\t\t\t\t\t\t\t\t\t\t\t\t            \t\t\t\t\t\t\t\t\t\t\t\t            \t\t\t\t\t\t\t\t\t\t\t\t\t            \t\t\t\t\t\t\t\t\t\t\t\t\t\t<td class=\"curricular_plan_cu_field curricular_plan_cu_period\">\n            \t\t\t\t\t\t\t\t\t\t\t\t\t\t\t            \t\t\t\t\t\t\t\t\t\t\t\t\t\t\t\t2.\u00aa Quinzena\n            \t\t\t\t\t\t\t\t\t\t\t\t\t\t\t            \t\t\t\t\t\t\t\t\t\t\t\t\t\t<\/td>\n            \t\t\t\t\t\t\t\t\t\t\t\t\t            \t\t\t\t\t\t\t\t\t\t\t\t            \t\t\t\t\t\t\t\t\t\t\t\t\t            \t\t\t\t\t\t\t\t\t\t\t\t\t\t<td class=\"curricular_plan_cu_field curricular_plan_cu_ects\">\n            \t\t\t\t\t\t\t\t\t\t\t\t\t\t\t            \t\t\t\t\t\t\t\t\t\t\t\t\t\t\t\t3\n            \t\t\t\t\t\t\t\t\t\t\t\t\t\t\t            \t\t\t\t\t\t\t\t\t\t\t\t\t\t<\/td>\n            \t\t\t\t\t\t\t\t\t\t\t\t\t            \t\t\t\t\t\t\t\t\t\t\t\t            \t\t\t\t\t\t\t\t\t\t\t\t\t            \t\t\t\t\t\t\t\t\t\t\t\t\t\t<td class=\"curricular_plan_cu_field curricular_plan_cu_duration\">\n            \t\t\t\t\t\t\t\t\t\t\t\t\t\t\t            \t\t\t\t\t\t\t\t\t\t\t\t\t\t\t\t\n            \t\t\t\t\t\t\t\t\t\t\t\t\t\t\t            \t\t\t\t\t\t\t\t\t\t\t\t\t\t<\/td>\n            \t\t\t\t\t\t\t\t\t\t\t\t\t            \t\t\t\t\t\t\t\t\t\t\t\t            \t\t\t\t\t\t\t\t\t\t\t\t\t            \t\t\t\t\t\t\t\t\t\t\t\t            \t\t\t\t\t\t\t\t\t\t\t<\/tr>\n            \t\t\t\t\t\t\t\t\t\t\t            \t\t\t\t\t\t\t\t\t\t\t            \t\t\t\t\t\t\t\t\t\t            \t\t\t\t\t\t\t\t\t\t\t<tr>\n            \t\t\t\t\t\t\t\t\t\t\t\t            \t\t\t\t\t\t\t\t\t\t\t\t\t            \t\t\t\t\t\t\t\t\t\t\t\t\t\t<td class=\"curricular_plan_cu_field curricular_plan_cu_code\">\n            \t\t\t\t\t\t\t\t\t\t\t\t\t\t\t            \t\t\t\t\t\t\t\t\t\t\t\t\t\t\t\t\n            \t\t\t\t\t\t\t\t\t\t\t\t\t\t\t            \t\t\t\t\t\t\t\t\t\t\t\t\t\t<\/td>\n            \t\t\t\t\t\t\t\t\t\t\t\t\t            \t\t\t\t\t\t\t\t\t\t\t\t            \t\t\t\t\t\t\t\t\t\t\t\t\t            \t\t\t\t\t\t\t\t\t\t\t\t\t\t<td class=\"curricular_plan_cu_field curricular_plan_cu_title\">\n            \t\t\t\t\t\t\t\t\t\t\t\t\t\t\t            \t\t\t\t\t\t\t\t\t\t\t\t\t\t\t\tDesenvolvimento de Monografia\n            \t\t\t\t\t\t\t\t\t\t\t\t\t\t\t            \t\t\t\t\t\t\t\t\t\t\t\t\t\t<\/td>\n            \t\t\t\t\t\t\t\t\t\t\t\t\t            \t\t\t\t\t\t\t\t\t\t\t\t            \t\t\t\t\t\t\t\t\t\t\t\t\t            \t\t\t\t\t\t\t\t\t\t\t\t\t\t<td class=\"curricular_plan_cu_field curricular_plan_cu_period\">\n            \t\t\t\t\t\t\t\t\t\t\t\t\t\t\t            \t\t\t\t\t\t\t\t\t\t\t\t\t\t\t\t3.\u00aa Quinzena\n            \t\t\t\t\t\t\t\t\t\t\t\t\t\t\t            \t\t\t\t\t\t\t\t\t\t\t\t\t\t<\/td>\n            \t\t\t\t\t\t\t\t\t\t\t\t\t            \t\t\t\t\t\t\t\t\t\t\t\t            \t\t\t\t\t\t\t\t\t\t\t\t\t            \t\t\t\t\t\t\t\t\t\t\t\t\t\t<td class=\"curricular_plan_cu_field curricular_plan_cu_ects\">\n            \t\t\t\t\t\t\t\t\t\t\t\t\t\t\t            \t\t\t\t\t\t\t\t\t\t\t\t\t\t\t\t1\n            \t\t\t\t\t\t\t\t\t\t\t\t\t\t\t            \t\t\t\t\t\t\t\t\t\t\t\t\t\t<\/td>\n            \t\t\t\t\t\t\t\t\t\t\t\t\t            \t\t\t\t\t\t\t\t\t\t\t\t            \t\t\t\t\t\t\t\t\t\t\t\t\t            \t\t\t\t\t\t\t\t\t\t\t\t\t\t<td class=\"curricular_plan_cu_field curricular_plan_cu_duration\">\n            \t\t\t\t\t\t\t\t\t\t\t\t\t\t\t            \t\t\t\t\t\t\t\t\t\t\t\t\t\t\t\t\n            \t\t\t\t\t\t\t\t\t\t\t\t\t\t\t            \t\t\t\t\t\t\t\t\t\t\t\t\t\t<\/td>\n            \t\t\t\t\t\t\t\t\t\t\t\t\t            \t\t\t\t\t\t\t\t\t\t\t\t            \t\t\t\t\t\t\t\t\t\t\t\t\t            \t\t\t\t\t\t\t\t\t\t\t\t            \t\t\t\t\t\t\t\t\t\t\t<\/tr>\n            \t\t\t\t\t\t\t\t\t\t\t            \t\t\t\t\t\t\t\t\t\t\t            \t\t\t\t\t\t\t\t\t\t            \t\t\t\t\t\t\t\t\t\t\t<tr>\n            \t\t\t\t\t\t\t\t\t\t\t\t            \t\t\t\t\t\t\t\t\t\t\t\t\t            \t\t\t\t\t\t\t\t\t\t\t\t\t\t<td class=\"curricular_plan_cu_field curricular_plan_cu_code\">\n            \t\t\t\t\t\t\t\t\t\t\t\t\t\t\t            \t\t\t\t\t\t\t\t\t\t\t\t\t\t\t\t\n            \t\t\t\t\t\t\t\t\t\t\t\t\t\t\t            \t\t\t\t\t\t\t\t\t\t\t\t\t\t<\/td>\n            \t\t\t\t\t\t\t\t\t\t\t\t\t            \t\t\t\t\t\t\t\t\t\t\t\t            \t\t\t\t\t\t\t\t\t\t\t\t\t            \t\t\t\t\t\t\t\t\t\t\t\t\t\t<td class=\"curricular_plan_cu_field curricular_plan_cu_title\">\n            \t\t\t\t\t\t\t\t\t\t\t\t\t\t\t            \t\t\t\t\t\t\t\t\t\t\t\t\t\t\t\tElabora\u00e7\u00e3o do Projeto Individua\n            \t\t\t\t\t\t\t\t\t\t\t\t\t\t\t            \t\t\t\t\t\t\t\t\t\t\t\t\t\t<\/td>\n            \t\t\t\t\t\t\t\t\t\t\t\t\t            \t\t\t\t\t\t\t\t\t\t\t\t            \t\t\t\t\t\t\t\t\t\t\t\t\t            \t\t\t\t\t\t\t\t\t\t\t\t\t\t<td class=\"curricular_plan_cu_field curricular_plan_cu_period\">\n            \t\t\t\t\t\t\t\t\t\t\t\t\t\t\t            \t\t\t\t\t\t\t\t\t\t\t\t\t\t\t\t\n            \t\t\t\t\t\t\t\t\t\t\t\t\t\t\t            \t\t\t\t\t\t\t\t\t\t\t\t\t\t<\/td>\n            \t\t\t\t\t\t\t\t\t\t\t\t\t            \t\t\t\t\t\t\t\t\t\t\t\t            \t\t\t\t\t\t\t\t\t\t\t\t\t            \t\t\t\t\t\t\t\t\t\t\t\t\t\t<td class=\"curricular_plan_cu_field curricular_plan_cu_ects\">\n            \t\t\t\t\t\t\t\t\t\t\t\t\t\t\t            \t\t\t\t\t\t\t\t\t\t\t\t\t\t\t\t4\n            \t\t\t\t\t\t\t\t\t\t\t\t\t\t\t            \t\t\t\t\t\t\t\t\t\t\t\t\t\t<\/td>\n            \t\t\t\t\t\t\t\t\t\t\t\t\t            \t\t\t\t\t\t\t\t\t\t\t\t            \t\t\t\t\t\t\t\t\t\t\t\t\t            \t\t\t\t\t\t\t\t\t\t\t\t\t\t<td class=\"curricular_plan_cu_field curricular_plan_cu_duration\">\n            \t\t\t\t\t\t\t\t\t\t\t\t\t\t\t            \t\t\t\t\t\t\t\t\t\t\t\t\t\t\t\t\n            \t\t\t\t\t\t\t\t\t\t\t\t\t\t\t            \t\t\t\t\t\t\t\t\t\t\t\t\t\t<\/td>\n            \t\t\t\t\t\t\t\t\t\t\t\t\t            \t\t\t\t\t\t\t\t\t\t\t\t            \t\t\t\t\t\t\t\t\t\t\t\t\t            \t\t\t\t\t\t\t\t\t\t\t\t            \t\t\t\t\t\t\t\t\t\t\t<\/tr>\n            \t\t\t\t\t\t\t\t\t\t\t            \t\t\t\t\t\t\t\t\t\t\t            \t\t\t\t\t\t\t\t\t\t            \t\t\t\t\t\t\t\t\t<\/tbody>\n            \t\t\t\t\t\t\t\t<\/table>\n            \t\t\t\t\t\t\t<\/div>\n            \t\t\t\t\t\t            \t\t\t\t\t<\/div>\t\t\t\t\t\t\t\n            \t\t\t\t<\/div>\n            \t\t\t<\/div>\n            \t\t<\/div>\n            \t<\/div>\n    \t\t    \t<\/div>\n    <\/section>\n\n\n\n<div style=\"height:40px\" aria-hidden=\"true\" class=\"wp-block-spacer\"><\/div>\n\n\n\n<hr class=\"wp-block-separator has-css-opacity\"\/>\n\n\n\n<div style=\"height:40px\" aria-hidden=\"true\" class=\"wp-block-spacer\"><\/div>\n\n\n\n<div class=\"wp-container-13 wp-block-columns\">\n<div class=\"wp-container-10 wp-block-column\"><\/div>\n\n\n\n<div class=\"wp-container-11 wp-block-column\" style=\"flex-basis:3%\"><\/div>\n\n\n\n<div class=\"wp-container-12 wp-block-column\">\n\n<div class=\"post-field course_more_information\">\n   <h3 class=\"field-title\">More Information<\/h2>\n    <div>\n<p><a href=\"https:\/\/www.ipleiria.pt\/cursos\/wp-content\/uploads\/sites\/4\/2014\/12\/p\u00f3s-gradua\u00e7\u00e3o_em_direito_do_urbanismo_e_do_ambiente.pdf\" target=\"_blank\" rel=\"noopener\">Plano Curricular &#8211; Di\u00e1rio da Rep\u00fablica<\/a><\/p>\n<p><span class=\"semi-bold\">Sobre o curso, contacte:<\/span><\/p>\n<p><span class=\"semi-bold\"><\/span><\/p>\n<ul>\n<li>C\u00e1tia Cebola &#8211; <a href=\"mailto:catia.cebola@ipleiria.pt\" target=\"_blank\" rel=\"noreferrer noopener\">catia.cebola@ipleiria.pt<\/a><\/li>\n<\/ul>\n<p><span class=\"semi-bold\"> <\/span><\/p>\n<ul>\n<li>Susana Almeida &#8211; <a href=\"mailto:susana.almeida@ipleiria.pt\" target=\"_blank\" rel=\"noreferrer noopener\">susana.almeida@ipleiria.pt<\/a><\/li>\n<\/ul>\n<p><span class=\"semi-bold\"> <\/span><\/p>\n<ul>\n<li>Jorge Mendes<a href=\"mailto:jorge.mendes@ipleiria.pt\" target=\"_blank\" rel=\"noreferrer noopener\"> &#8211; jorge.mendes@ipleiria.pt<\/a><\/li>\n<\/ul>\n<p><span class=\"semi-bold\">Outras informa\u00e7\u00f5es:<\/span><\/p>\n<ul>\n<li>Secretariado de P\u00f3s-Gradua\u00e7\u00f5es<br \/>Escola Superior de Tecnologia e Gest\u00e3o<br \/>Campus 2, Edif\u00edcio B, R\/C Dt.<br \/>Morro do Lena \u2013 Alto do Vieiro2411-901 Leiria<br \/>Tel. 244 820 308 &#8211; Fax. 244 820 310<br \/>E-mail: <a href=\"mailto:posgraduacoes@estg.ipleiria.pt\" target=\"_blank\" rel=\"noopener\">posgraduacoes@estg.ipleiria.pt<\/a><\/li>\n<\/ul>\n<\/div>\n    <div class=\"clearfix\"><\/div>\n<\/div><\/div>\n<\/div>\n\n\n\n<div style=\"height:40px\" aria-hidden=\"true\" class=\"wp-block-spacer\"><\/div>\n\n\n\n<div id=\"gbc-_a4101f-83\" class=\"wp-block-pt-ipleiria-ued-wp-theme-ipleiria-gutenbergblocks-container gbc gbc-view row-valign-top align-full\" style=\"background-color:#F3F3F3\"><div class=\"gbc-background-overlay gbc-background-overlay-normal\" style=\"opacity:0.3\"><\/div><div class=\"gbc-wrapper\" style=\"padding-top:0;padding-bottom:0\"><div id=\"gbc-container-gbc-_a4101f-83\" class=\"inner-container\">\n<div class=\"wp-container-16 wp-block-columns\">\n<div class=\"wp-container-14 wp-block-column is-vertically-aligned-top m-0 d-print-none\"><div class=\"wp-block-image\">\n<figure class=\"alignright size-full\"><img loading=\"lazy\" width=\"1771\" height=\"1181\" src=\"https:\/\/www.ipleiria.pt\/en\/wp-content\/uploads\/sites\/25\/2022\/03\/course_asset_03-8-1.jpg\" alt=\"\" class=\"wp-image-42664\" srcset=\"https:\/\/www.ipleiria.pt\/en\/wp-content\/uploads\/sites\/25\/2022\/03\/course_asset_03-8-1.jpg 1771w, https:\/\/www.ipleiria.pt\/en\/wp-content\/uploads\/sites\/25\/2022\/03\/course_asset_03-8-1-300x200.jpg 300w, https:\/\/www.ipleiria.pt\/en\/wp-content\/uploads\/sites\/25\/2022\/03\/course_asset_03-8-1-1024x683.jpg 1024w, https:\/\/www.ipleiria.pt\/en\/wp-content\/uploads\/sites\/25\/2022\/03\/course_asset_03-8-1-768x512.jpg 768w, https:\/\/www.ipleiria.pt\/en\/wp-content\/uploads\/sites\/25\/2022\/03\/course_asset_03-8-1-1536x1024.jpg 1536w\" sizes=\"(max-width: 1771px) 100vw, 1771px\" \/><\/figure><\/div><\/div>\n\n\n\n<div class=\"wp-container-15 wp-block-column m-0 px-sm-4 scroll-text grey\" style=\"flex-basis:50%\">\n<div id=\"gbc-_535d73-ec\" class=\"wp-block-pt-ipleiria-ued-wp-theme-ipleiria-gutenbergblocks-container gbc gbc-view row-valign-top align-full\" style=\"margin-left:0px;margin-right:0px\"><div class=\"gbc-background-overlay gbc-background-overlay-normal\" style=\"opacity:0.3\"><\/div><div class=\"gbc-wrapper\" style=\"padding-left:15px;padding-right:15px;padding-top:42px;padding-bottom:15px\"><div id=\"gbc-container-gbc-_535d73-ec\" class=\"inner-container\" style=\"max-width:540px\"><\/div><\/div><\/div>\n<\/div>\n<\/div>\n<\/div><\/div><\/div>\n\n\n\n<div id=\"gbc-_e8a439-20\" class=\"wp-block-pt-ipleiria-ued-wp-theme-ipleiria-gutenbergblocks-container gbc gbc-view row-valign-top align-full\"><div class=\"gbc-background-overlay gbc-background-overlay-normal\" style=\"opacity:0.3\"><\/div><div class=\"gbc-wrapper\" style=\"padding-top:100px;padding-bottom:60px\"><div id=\"gbc-container-gbc-_e8a439-20\" class=\"inner-container container\">\n<div class=\"wp-container-20 wp-block-columns\">\n<div class=\"wp-container-17 wp-block-column\"><div class=\"post-field course_application_fee\">\n   <h3 class=\"has-text-align-center pt-0 field-title\">Application Fee<\/h2>\n    <div><!-- wp:freeform -->\n<p style=\"text-align: center;\">50,00 \u20ac<\/p>\n<!-- \/wp:freeform --><\/div>\n    <div class=\"clearfix\"><\/div>\n<\/div><\/div>\n\n\n\n<div class=\"wp-container-18 wp-block-column\"><\/div>\n\n\n\n<div class=\"wp-container-19 wp-block-column\"><div class=\"post-field course_tuition_fee\">\n   <h3 class=\"has-text-align-center pt-0 field-title\">Tuition Fee<\/h2>\n    <div>\n<p style=\"text-align: center;\">500\u20ac &#8211; 42 h (8 ECT)<br \/>300\u20ac &#8211; 33 h (6 ECT)<br \/>800\u20ac &#8211; 75 h (14 ECT)<\/p>\n<\/div>\n    <div class=\"clearfix\"><\/div>\n<\/div><\/div>\n<\/div>\n<\/div><\/div><\/div>\n\n\n\n<div style=\"height:40px\" aria-hidden=\"true\" class=\"wp-block-spacer\"><\/div>\n\n\n\n<hr class=\"wp-block-separator has-css-opacity is-style-wide\"\/>\n\n\n<div class=\"wp-block-pt-ipleiria-ued-wp-theme-ipleiria-gutenbergblocks-container gbc gbc-view row-valign-top align-full d-none\">\n    <div class=\"gbc-background\" style=\"background-color:#262626\"><\/div>\n    <div class=\"gbc-background-overlay gbc-background-overlay-normal\" style=\"opacity:0.3\"><\/div>\n    <div class=\"gbc-wrapper\" style=\"padding-top:100px;padding-bottom:60px\">\n        <div id=\"gbc-container-_2a836c-36\" class=\"inner-container container\">\n            <h2 class=\"has-text-align-center is-style-theme-title has-dark-title-text-color-color has-text-color\">Online Application<\/h2>\n            <p class=\"has-text-align-center has-dark-title-text-color-color has-text-color\">Use the button bellow to start your application.<\/p>                                                                                                        \n                    <div class=\"wp-block-buttons aligncenter is-content-justification-center\">\n                        <div class=\"wp-block-button is-style-theme-button-outline\">\n                            <a class=\"wp-block-button__link has-title-text-color-color has-dark-title-text-color-background-color has-text-color has-background\" href=\"https:\/\/inforestudante.ipleiria.pt\/\" target=\"_blank\" rel=\"noreferrer noopener\">How to apply<\/a>\n                    \n                        <\/div>\n                    <\/div>\n                <\/div>\n    <\/div>\n<\/div>\n\n\n                                    ","protected":false},"featured_media":44429,"template":"","meta":{"multilingual_post_translation":"{\"pt-PT\":{\"url\":\"https:\/\/www.ipleiria.pt\/curso\/pos-graduacao-em-direito-do-urbanismo-e-do-ambiente\/\",\"postID\":null,\"postTitle\":\"\",\"siteID\":1,\"customURL\":true,\"languageInfo\":{\"multilingual_site_api_url\":\"https:\/\/www.ipleiria.pt\/wp-json\/\",\"name\":\"Portugu\u00eas\",\"locale\":\"pt_PT\"}}}","custompostfields_course-video":"","custompostfields_course_certificates":"","custompostfields_course_vacancies_geral":"","custompostfields_course_vacancies_international":"","custompostfields_course_tuition_fee_geral":"","custompostfields_course_application":"","custompostfields_course_tuition_fee_international":"","custompostfields_course-curriculum_pdf":0,"custompostfields_course_enrolment_fee_general":"","custompostfields_course_enrolment_fee_international":"","custompostfields_course_announcement":"","custompostfields_meta-description":"","custompostfields_course-study-plan":"","custompostfields_course_presentation":"<!-- wp:paragraph {\"className\":\"is-style-theme-default-title\"} -->\n<p class=\"is-style-theme-default-title\">O Curso de P\u00f3s-Gradua\u00e7\u00e3o em Direito do Urbanismo e do Ambiente pretende desenvolver e aprofundar&nbsp;compet\u00eancias, de forma multidisciplinar, quer da \u00e1rea cient\u00edfica do Urbanismo, quer da \u00e1rea do Ambiente,&nbsp;desenvolvendo e atualizando o dom\u00ednio t\u00e9cnico e pr\u00e1tico dos seus discentes e, bem assim, promovendo a&nbsp;reflex\u00e3o cr\u00edtica, te\u00f3rica e metodol\u00f3gica sobre estas mat\u00e9rias. &nbsp;<\/p>\n<!-- \/wp:paragraph -->\n\n<!-- wp:paragraph {\"className\":\"is-style-theme-default-title\"} -->\n<p class=\"is-style-theme-default-title\">Este curso pretende criar um ambiente prop\u00edcio para que os seus participante encontrem o est\u00edmulo para a sua constante atualiza\u00e7\u00e3o e, especificamente, de todos aqueles que trabalham e operam nestes dom\u00ednios, atrav\u00e9s de&nbsp;uma atitude permanente de inquiri\u00e7\u00e3o e de experimenta\u00e7\u00e3o.<\/p>\n<!-- \/wp:paragraph -->","custompostfields_course_content":"<!-- wp:paragraph {\"placeholder\":\"Set \\u0022Programme Content\\u0022 content...\",\"style\":{\"typography\":{\"fontSize\":\"11px\"}},\"backgroundColor\":\"background-grey-color\",\"textColor\":\"regular-text-color\",\"className\":\"is-style-theme-subtitle-inherit-color\"} -->\n<p class=\"is-style-theme-subtitle-inherit-color has-regular-text-color-color has-background-grey-color-background-color has-text-color has-background\" style=\"font-size:11px\"><strong>The content of this web page is written in Portuguese as this programme\/course is only taught in Portuguese.<\/strong><\/p>\n<!-- \/wp:paragraph -->","custompostfields_course_code":"2034 ","custompostfields_course_public_notice":"","custompostfields_course_length":"","custompostfields_course_ects":"14","custompostfields_course_supervisor":"","custompostfields_course_vacancies":"<p>30<\/p>","custompostfields_course_application_fee":"<!-- wp:freeform -->\n<p style=\"text-align: center;\">50,00 \u20ac<\/p>\n<!-- \/wp:freeform -->","custompostfields_course_enrolment_fee":"","custompostfields_course_tuition_fee":"<!-- wp:freeform -->\n<p style=\"text-align: center;\">500\u20ac - 42 h (8 ECT)<br \/>300\u20ac - 33 h (6 ECT)<br \/>800\u20ac - 75 h (14 ECT)<\/p>\n<!-- \/wp:freeform -->","custompostfields_course_goals":"<!-- wp:freeform -->\n<ul>\n<li>Orienta\u00e7\u00e3o vocacional e reorienta\u00e7\u00e3o de profissionais licenciados em \u00e1reas afins ao Urbanismo e Ambiente \u2013 arquitetura, engenharia, geografia, paisagismo \u2013 permitindo-lhes trabalhar no \u00e2mbito espec\u00edfico das mat\u00e9rias do Curso.<\/li>\n<\/ul>\n<!-- \/wp:freeform -->","custompostfields_course_future_studies":"","custompostfields_course_career_prospects":"","custompostfields_course_entry_requirements":"","custompostfields_course_more_information":"<!-- wp:freeform -->\n<p><a href=\"https:\/\/www.ipleiria.pt\/cursos\/wp-content\/uploads\/sites\/4\/2014\/12\/p\u00f3s-gradua\u00e7\u00e3o_em_direito_do_urbanismo_e_do_ambiente.pdf\" target=\"_blank\" rel=\"noopener\">Plano Curricular - Di\u00e1rio da Rep\u00fablica<\/a><\/p>\n<p><span class=\"semi-bold\">Sobre o curso, contacte:<\/span><\/p>\n<p><span class=\"semi-bold\"><!-- wp:paragraph --><\/span><\/p>\n<ul>\n<li>C\u00e1tia Cebola - <a href=\"mailto:catia.cebola@ipleiria.pt\" target=\"_blank\" rel=\"noreferrer noopener\">catia.cebola@ipleiria.pt<\/a><\/li>\n<\/ul>\n<p><span class=\"semi-bold\"><!-- \/wp:paragraph --> <!-- wp:paragraph --><\/span><\/p>\n<ul>\n<li>Susana Almeida - <a href=\"mailto:susana.almeida@ipleiria.pt\" target=\"_blank\" rel=\"noreferrer noopener\">susana.almeida@ipleiria.pt<\/a><\/li>\n<\/ul>\n<p><span class=\"semi-bold\"><!-- \/wp:paragraph --> <!-- wp:paragraph --><\/span><\/p>\n<ul>\n<li>Jorge Mendes<a href=\"mailto:jorge.mendes@ipleiria.pt\" target=\"_blank\" rel=\"noreferrer noopener\"> - jorge.mendes@ipleiria.pt<\/a><\/li>\n<\/ul>\n<p><span class=\"semi-bold\">Outras informa\u00e7\u00f5es:<\/span><\/p>\n<ul>\n<li>Secretariado de P\u00f3s-Gradua\u00e7\u00f5es<br \/>Escola Superior de Tecnologia e Gest\u00e3o<br \/>Campus 2, Edif\u00edcio B, R\/C Dt.<br \/>Morro do Lena \u2013 Alto do Vieiro2411-901 Leiria<br \/>Tel. 244 820 308 - Fax. 244 820 310<br \/>E-mail: <a href=\"mailto:posgraduacoes@estg.ipleiria.pt\" target=\"_blank\" rel=\"noopener\">posgraduacoes@estg.ipleiria.pt<\/a><\/li>\n<\/ul>\n<!-- \/wp:freeform -->","custompostfields_course_curriculum":"[{\"curricular_plan_section_title\":\"\",\"curricular_plan_cus\":[{\"curricular_plan_cu_code\":\"\",\"curricular_plan_cu_title\":\"M 1: Enquadramento Legislativo Geral da Seguran\u00e7a Higiene e Sa\u00fade no<br>Trabalho e espec\u00edfico da Constru\u00e7\u00e3o\",\"curricular_plan_cu_period\":\"1.\u00aa Quinzena\",\"curricular_plan_cu_ects\":\"2\",\"curricular_plan_cu_duration\":\"\",\"curricular_plan_cu_description\":\"\"},{\"curricular_plan_cu_code\":\"\",\"curricular_plan_cu_title\":\"M 2: Os intervenientes e Instrumentos de Seguran\u00e7a e Sa\u00fade no Trabalho<br>no Sector da Constru\u00e7\u00e3o Civil e Obras P\u00fablicas\",\"curricular_plan_cu_period\":\"1.\u00aa Quinzena\",\"curricular_plan_cu_ects\":\"2\",\"curricular_plan_cu_duration\":\"\",\"curricular_plan_cu_description\":\"\"},{\"curricular_plan_cu_code\":\"\",\"curricular_plan_cu_title\":\"M 3: Preven\u00e7\u00e3o de Riscos Profissionais\",\"curricular_plan_cu_period\":\"2.\u00aa Quinzena\",\"curricular_plan_cu_ects\":\"3\",\"curricular_plan_cu_duration\":\"\",\"curricular_plan_cu_description\":\"\"},{\"curricular_plan_cu_code\":\"\",\"curricular_plan_cu_title\":\"M 4: Coordena\u00e7\u00e3o de Seguran\u00e7a e Sa\u00fade\",\"curricular_plan_cu_period\":\"2.\u00aa Quinzena\",\"curricular_plan_cu_ects\":\"3\",\"curricular_plan_cu_duration\":\"\",\"curricular_plan_cu_description\":\"\"},{\"curricular_plan_cu_code\":\"\",\"curricular_plan_cu_title\":\"Desenvolvimento de Monografia\",\"curricular_plan_cu_period\":\"3.\u00aa Quinzena\",\"curricular_plan_cu_ects\":\"1\",\"curricular_plan_cu_duration\":\"\",\"curricular_plan_cu_description\":\"\"},{\"curricular_plan_cu_code\":\"\",\"curricular_plan_cu_title\":\"Elabora\u00e7\u00e3o do Projeto Individua\",\"curricular_plan_cu_period\":\"\",\"curricular_plan_cu_ects\":\"4\",\"curricular_plan_cu_duration\":\"\",\"curricular_plan_cu_description\":\"\"}]}]","custompostfields_course_testimonies":"","custompostfields_course_short_notice":"","custompostfields_post-association_course_enrolment_link":{"opensInNewTab":true},"custompostfields_course_accreditation":"","custompostfields_course_dges_registration":"","custompostfields_course_footer":""},"course_city":[285],"enrolment_state":[],"course_language":[55],"course_schedule":[15],"course_domain":[13],"course_school":[71],"course_type":[57],"course_tax":[],"_links":{"self":[{"href":"https:\/\/www.ipleiria.pt\/en\/wp-json\/wp\/v2\/course\/22673"}],"collection":[{"href":"https:\/\/www.ipleiria.pt\/en\/wp-json\/wp\/v2\/course"}],"about":[{"href":"https:\/\/www.ipleiria.pt\/en\/wp-json\/wp\/v2\/types\/course"}],"version-history":[{"count":6,"href":"https:\/\/www.ipleiria.pt\/en\/wp-json\/wp\/v2\/course\/22673\/revisions"}],"predecessor-version":[{"id":44433,"href":"https:\/\/www.ipleiria.pt\/en\/wp-json\/wp\/v2\/course\/22673\/revisions\/44433"}],"wp:featuredmedia":[{"embeddable":true,"href":"https:\/\/www.ipleiria.pt\/en\/wp-json\/wp\/v2\/media\/44429"}],"wp:attachment":[{"href":"https:\/\/www.ipleiria.pt\/en\/wp-json\/wp\/v2\/media?parent=22673"}],"wp:term":[{"taxonomy":"course_city","embeddable":true,"href":"https:\/\/www.ipleiria.pt\/en\/wp-json\/wp\/v2\/course_city?post=22673"},{"taxonomy":"enrolment_state","embeddable":true,"href":"https:\/\/www.ipleiria.pt\/en\/wp-json\/wp\/v2\/enrolment_state?post=22673"},{"taxonomy":"course_language","embeddable":true,"href":"https:\/\/www.ipleiria.pt\/en\/wp-json\/wp\/v2\/course_language?post=22673"},{"taxonomy":"course_schedule","embeddable":true,"href":"https:\/\/www.ipleiria.pt\/en\/wp-json\/wp\/v2\/course_schedule?post=22673"},{"taxonomy":"course_domain","embeddable":true,"href":"https:\/\/www.ipleiria.pt\/en\/wp-json\/wp\/v2\/course_domain?post=22673"},{"taxonomy":"course_school","embeddable":true,"href":"https:\/\/www.ipleiria.pt\/en\/wp-json\/wp\/v2\/course_school?post=22673"},{"taxonomy":"course_type","embeddable":true,"href":"https:\/\/www.ipleiria.pt\/en\/wp-json\/wp\/v2\/course_type?post=22673"},{"taxonomy":"course_tax","embeddable":true,"href":"https:\/\/www.ipleiria.pt\/en\/wp-json\/wp\/v2\/course_tax?post=22673"}],"curies":[{"name":"wp","href":"https:\/\/api.w.org\/{rel}","templated":true}]}}