{"id":451,"date":"2014-11-10T09:58:02","date_gmt":"2014-11-10T09:58:02","guid":{"rendered":"http:\/\/sites.ipleiria.pt\/ipleiria-courses\/?post_type=course&#038;p=451"},"modified":"2026-04-20T14:10:12","modified_gmt":"2026-04-20T13:10:12","slug":"master-in-cultural-management","status":"publish","type":"course","link":"https:\/\/www.ipleiria.pt\/en\/course\/master-in-cultural-management\/","title":{"rendered":"Cultural Management"},"content":{"rendered":"\n<div style=\"height:15px\" aria-hidden=\"true\" class=\"wp-block-spacer\"><\/div>\n\n\n<div class=\"d-flex flex-column\">\n <h1 class=\"is-style-theme-title order-2\">Cultural Management<\/h1>\n   <div class=\"block post-field post-subtitle course-type order-1\">\n <div class=\"sr-only hide-from-gutenberg\">Course Type: <\/div>\n <div class=\"is-style-theme-subtitle-inherit-color\">Master\u2019s Programme<\/div>\n <\/div>\n <\/div>\n\n\n<div style=\"height:10px\" aria-hidden=\"true\" class=\"wp-block-spacer\"><\/div>\n\n\n\n<div class=\"wp-container-3 wp-block-columns\">\n<div class=\"wp-container-1 wp-block-column\" style=\"flex-basis:70%\">\n\n<div class=\"post-field clearfix\">\n<h2 class=\"d-none post-title font-weight-semibold h6 m-0 p-0\" style=\"font-size: 1rem\">Programme Introduction<\/h2>\n<div>\n<p>This master aims the development of skills and the acquisition of in-depth knowledge for a qualified professional practice in the cultural and creative sector in its global and local contexts of the production and circulation of cultural goods, emphasizing the processes of urban planning and regeneration and the emerging creative industries. Highlighting the professional character of the MCM, the learning environment develops itself through active and participant research methodologies focusing contemporary and qualified institutional practices, providing the acquisition of specific skills in cultural management, both for the formulation of projects or in daily management of a range of diversified cultural organizations.<\/p>\n<\/div>\n<div class=\"clearfix\"><\/div>\n<\/div>\n\n<div class=\"post-field clearfix\">\n<h2 class=\"post-title font-weight-semibold h6 m-0 mt-4 p-0\" style=\"font-size: 1rem\">Programme Coordinator<\/h2>\n<div>\n<p>(updating)<\/p>\n<\/div>\n<div class=\"clearfix\"><\/div>\n<\/div><\/div>\n\n\n\n<div class=\"wp-container-2 wp-block-column pl-md-5\" style=\"flex-basis:30%\">\n<div style=\"height:15px\" aria-hidden=\"true\" class=\"wp-block-spacer\"><\/div>\n\n\n<div class=\"post-field course_code\">\n<h2 class=\"field-title font-weight-semibold h6 m-0 p-0\" style=\"font-size: 1rem\">Reference\n<\/h2>\n<div>9433<\/div>\n<div class=\"clearfix\"><\/div>\n<\/div>\n\n<div class=\"post-field mt-3 course_school\">\n        <h2 class=\"field-title font-weight-semibold h6 m-0 p-0\" style=\"font-size: 1rem\">School<\/h2>\n                                                                        \n            <div class=\"course-meta-value\"><a title=\"Know more about the School of Arts and Design\" href=\"https:\/\/www.ipleiria.pt\/en\/about-us\/schools\/esad-cr\/\">Arts and Design<\/a><\/div>\n                <div class=\"clearfix\"><\/div>\n    <\/div><div class=\"post-field mt-3 course_city\">\n        <h2 class=\"field-title font-weight-semibold h6 m-0 p-0\" style=\"font-size: 1rem\">City<\/h2>\n                                                                        \n            <div class=\"course-meta-value\"><a title=\"Know more about Caldas da Rainha\" href=\"https:\/\/www.ipleiria.pt\/en\/live\/student-life\/leiria-region\/caldas-da-rainha\/\">Caldas da Rainha<\/a><\/div>\n                <div class=\"clearfix\"><\/div>\n    <\/div>    <div class=\"post-field mt-3 course_language\">\n        <h2 class=\"field-title font-weight-semibold h6 m-0 p-0\" style=\"font-size: 1rem\">Language<\/h2>\n        <div>Portuguese<\/div>\n        <div class=\"clearfix\"><\/div>\n    <\/div>    <div class=\"post-field mt-3 course_schedule\">\n        <h2 class=\"field-title font-weight-semibold h6 m-0 p-0\" style=\"font-size: 1rem\">Type<\/h2>\n        <div>Evening<\/div>\n        <div class=\"clearfix\"><\/div>\n    <\/div>\n\n<div class=\"post-field mt-3 course_length\">\n    <h2 class=\"field-title font-weight-semibold h6 m-0 p-0\" style=\"font-size: 1rem\">Length<\/h2>\n    <div>4 Semesters<\/div>\n    <div class=\"clearfix\"><\/div>\n<\/div>\n\n<div class=\"post-field mt-3 course_vacancies\">\n    <h2 class=\"field-title font-weight-semibold h6 m-0 p-0\" style=\"font-size: 1rem\">Vacancies\n<\/h2>\n    <div>\n<p>General and International student contingent: 25<\/p>\n<\/div>\n    <div class=\"clearfix\"><\/div>\n<\/div>\n\n<div class=\"post-field mt-3 course_notice\">\n    <h2 class=\"field-title font-weight-semibold h6 m-0 p-0\" style=\"font-size: 1rem\">Notice<\/h2>\n    <div>\n<p><a rel=\"noreferrer noopener\" href=\"https:\/\/www.ipleiria.pt\/wp-content\/uploads\/2026\/04\/Edital-ESAD.CR-Gestao-Cultural-PL.pdf\" data-type=\"URL\" data-id=\"https:\/\/www.ipleiria.pt\/wp-content\/uploads\/2026\/04\/Edital-ESAD.CR-Gestao-Cultural-PL.pdf\" target=\"_blank\">Edital 2026<\/a> (PT Doc retf 2v)<\/p>\n<\/div>\n    <div class=\"clearfix\"><\/div>\n<\/div>\n\n<div class=\"post-field mt-3 course_dges_registration\">\n    <h2 class=\"field-title font-weight-semibold h6 m-0 p-0\" style=\"font-size: 1rem\">DGES certification<\/h2>\n    <div><!-- wp:paragraph -->\n<p><a href=\"https:\/\/www.dges.gov.pt\/simges\/public\/www\/cursos\/3648\" target=\"_blank\" rel=\"noreferrer noopener\">Link to registration<\/a><\/p>\n<!-- \/wp:paragraph --><\/div>\n    <div class=\"clearfix\"><\/div>\n<\/div><\/div>\n<\/div>\n\n\n\n<div style=\"height:70px\" aria-hidden=\"true\" class=\"wp-block-spacer\"><\/div>\n\n\n\n<div id=\"gbc-_c6d60f-0b\" class=\"wp-block-pt-ipleiria-ued-wp-theme-ipleiria-gutenbergblocks-container gbc gbc-view row-valign-top align-full\" style=\"background-color:#F3F3F3\"><div class=\"gbc-background-overlay gbc-background-overlay-normal\" style=\"opacity:0.3\"><\/div><div class=\"gbc-wrapper\" style=\"padding-top:0;padding-bottom:0\"><div id=\"gbc-container-gbc-_c6d60f-0b\" class=\"inner-container\">\n<div class=\"wp-container-6 wp-block-columns removeGap\">\n<div class=\"wp-container-4 wp-block-column is-vertically-aligned-top m-0 d-print-none\"><div class=\"wp-block-image\">\n<figure class=\"alignright size-large\"><img loading=\"lazy\" width=\"1024\" height=\"831\" src=\"https:\/\/www.ipleiria.pt\/en\/wp-content\/uploads\/sites\/25\/2014\/11\/MG_1704-1024x831.jpg\" alt=\"\" class=\"wp-image-44344\" srcset=\"https:\/\/www.ipleiria.pt\/en\/wp-content\/uploads\/sites\/25\/2014\/11\/MG_1704-1024x831.jpg 1024w, https:\/\/www.ipleiria.pt\/en\/wp-content\/uploads\/sites\/25\/2014\/11\/MG_1704-300x244.jpg 300w, https:\/\/www.ipleiria.pt\/en\/wp-content\/uploads\/sites\/25\/2014\/11\/MG_1704-768x624.jpg 768w, https:\/\/www.ipleiria.pt\/en\/wp-content\/uploads\/sites\/25\/2014\/11\/MG_1704-1536x1247.jpg 1536w, https:\/\/www.ipleiria.pt\/en\/wp-content\/uploads\/sites\/25\/2014\/11\/MG_1704-2048x1663.jpg 2048w\" sizes=\"(max-width: 1024px) 100vw, 1024px\" \/><\/figure><\/div><\/div>\n\n\n\n<div class=\"wp-container-5 wp-block-column m-0 px-sm-4 scroll-text grey\" style=\"flex-basis:50%\">\n<div id=\"gbc-_abf99b-92\" class=\"wp-block-pt-ipleiria-ued-wp-theme-ipleiria-gutenbergblocks-container gbc gbc-view row-valign-top align-full\" style=\"margin-left:0px;margin-right:0px\"><div class=\"gbc-background-overlay gbc-background-overlay-normal\" style=\"opacity:0.3\"><\/div><div class=\"gbc-wrapper\" style=\"padding-left:15px;padding-right:15px;padding-top:42px;padding-bottom:15px\"><div id=\"gbc-container-gbc-_abf99b-92\" class=\"inner-container\" style=\"max-width:540px\"><div class=\"d-flex flex-column\">\n    <h2 class=\"has-text-align-left is-style-theme-title order-2 mb-4\">Objectives<\/h2>\n    <div class=\"has-text-align-left is-style-theme-subtitle order-1\">Programme<\/div>\n<\/div>\n<div>\n<p>The Master in Cultural Management (henceforth designated as MCM) provides a conceptual framework and references in the areas related with the mission of a cultural manager, based on the systematic approach to the management of cultural and artistic projects.<\/p>\n<\/div><\/div><\/div><\/div>\n<\/div>\n<\/div>\n<\/div><\/div><\/div>\n\n\n\n<div id=\"gbc-_46742f-3f\" class=\"wp-block-pt-ipleiria-ued-wp-theme-ipleiria-gutenbergblocks-container gbc gbc-view row-valign-top align-full\" style=\"background-color:#262626\"><div class=\"gbc-background-overlay gbc-background-overlay-normal\" style=\"opacity:0.3\"><\/div><div class=\"gbc-wrapper\"><div id=\"gbc-container-gbc-_46742f-3f\" class=\"inner-container\">\n<div class=\"wp-container-9 wp-block-columns removeGap\">\n<div class=\"wp-container-7 wp-block-column m-0 px-sm-4 scroll-text dark\" style=\"flex-basis:50%\">\n<div id=\"gbc-_961362-11\" class=\"wp-block-pt-ipleiria-ued-wp-theme-ipleiria-gutenbergblocks-container gbc gbc-view row-valign-top align-full float-right clearfix\" style=\"margin-left:0px;margin-right:0px\"><div class=\"gbc-background-overlay gbc-background-overlay-normal\" style=\"opacity:0.3\"><\/div><div class=\"gbc-wrapper\" style=\"padding-left:15px;padding-right:15px;padding-top:42px;padding-bottom:15px\"><div id=\"gbc-container-gbc-_961362-11\" class=\"inner-container\" style=\"max-width:540px\">\n<div style=\"height:40px\" aria-hidden=\"true\" class=\"wp-block-spacer\"><\/div>\n\n\n<\/div><\/div><\/div>\n<\/div>\n\n\n\n<div class=\"wp-container-8 wp-block-column m-0 d-print-none\">\n<figure class=\"wp-block-image size-large\"><img loading=\"lazy\" width=\"1024\" height=\"683\" src=\"https:\/\/www.ipleiria.pt\/en\/wp-content\/uploads\/sites\/25\/2020\/12\/course_asset_02.jpg\" alt=\"\" class=\"wp-image-22612\" srcset=\"https:\/\/www.ipleiria.pt\/en\/wp-content\/uploads\/sites\/25\/2020\/12\/course_asset_02.jpg 1024w, https:\/\/www.ipleiria.pt\/en\/wp-content\/uploads\/sites\/25\/2020\/12\/course_asset_02-300x200.jpg 300w, https:\/\/www.ipleiria.pt\/en\/wp-content\/uploads\/sites\/25\/2020\/12\/course_asset_02-768x512.jpg 768w\" sizes=\"(max-width: 1024px) 100vw, 1024px\" \/><\/figure>\n<\/div>\n<\/div>\n<\/div><\/div><\/div>\n\n\n\n<div style=\"height:70px\" aria-hidden=\"true\" class=\"wp-block-spacer\"><\/div>\n\n\n    \n    <section id=\"course-curriculum-section\" aria-labelledby=\"course-curriculum-label\">\n                    \t<div class=\"post-field course_curriculum_list\">\n    \t\t    \t\t    <div id=\"gba_56fcfd-0\" class=\"wp-block-pt-ipleiria-ued-wp-theme-ipleiria-gutenbergblocks-collapse gba gba-view gba_56fcfd-0\">\n            \t\t<div id=\"gba-pane_c7ff2e-0\" class=\"wp-block-pt-ipleiria-ued-wp-theme-ipleiria-gutenbergblocks-collapse-pane gba-pane gba-pane-save gba-pane_e1b913-0\">\n            \t\t\t<div class=\"card\">\n            \t\t\t\t<div class=\"card-header\" id=\"gba-pane-heading_c7ff2e-0\">\n            \t\t\t\t\t<div class=\"mb-0\">\n            \t\t\t\t\t\t<button class=\"btn btn-link collapsed\" type=\"button\" data-toggle=\"collapse\" data-target=\"#gba-pane-collapse_c7ff2e-0\" aria-controls=\"gba-pane-collapse_c7ff2e-0\" aria-expanded=\"false\">\n            \t\t\t\t\t\t\t<h3 class=\"gba-pane-title\">1st Year<\/h3>\n            \t\t\t\t\t\t<\/button>\n            \t\t\t\t\t<\/div>\n            \t\t\t\t<\/div>\n            \t\t\t\t<div id=\"gba-pane-collapse_c7ff2e-0\" class=\"panel-content collapse\" aria-labelledby=\"gba-pane-heading_c7ff2e-0\" data-parent=\"#gba_56fcfd-0\">\n            \t\t\t\t\t<div class=\"card-body\">\n            \t\t\t\t\t\t            \t\t\t\t\t\t\t            \t\t\t\t\t\t\t            \t\t\t\t\t\t\t            \t\t\t\t\t\t\t\t            \t\t\t\t\t\t\t\t\t            \t\t\t\t\t\t\t\t\t\t            \t\t\t\t\t\t\t\t\t            \t\t\t\t\t\t\t\t            \t\t\t\t\t\t\t\t\t            \t\t\t\t\t\t\t\t\t\t            \t\t\t\t\t\t\t\t\t            \t\t\t\t\t\t\t\t            \t\t\t\t\t\t\t\t\t            \t\t\t\t\t\t\t\t\t\t            \t\t\t\t\t\t\t\t\t            \t\t\t\t\t\t\t\t            \t\t\t\t\t\t\t\t\t            \t\t\t\t\t\t\t\t\t\t            \t\t\t\t\t\t\t\t\t            \t\t\t\t\t\t\t\t            \t\t\t\t\t\t\t\t\t            \t\t\t\t\t\t\t\t\t\t            \t\t\t\t\t\t\t\t\t            \t\t\t\t\t\t\t\t            \t\t\t\t\t\t\t\t\t            \t\t\t\t\t\t\t\t\t\t            \t\t\t\t\t\t\t\t\t            \t\t\t\t\t\t\t\t            \t\t\t\t\t\t\t            \t\t\t\t\t\t\t\t            \t\t\t\t\t\t\t\t\t            \t\t\t\t\t\t\t\t            \t\t\t\t\t\t\t\t\t            \t\t\t\t\t\t\t\t            \t\t\t\t\t\t\t\t\t            \t\t\t\t\t\t\t\t            \t\t\t\t\t\t\t\t\t            \t\t\t\t\t\t\t\t            \t\t\t\t\t\t\t\t\t            \t\t\t\t\t\t\t\t            \t\t\t\t\t\t\t\t\t            \t\t\t\t\t\t\t\t            \t\t\t\t\t\t\t            \t\t\t\t\t\t\t\t            \t\t\t\t\t\t\t\t\t            \t\t\t\t\t\t\t\t            \t\t\t\t\t\t\t\t\t            \t\t\t\t\t\t\t\t            \t\t\t\t\t\t\t\t\t            \t\t\t\t\t\t\t\t            \t\t\t\t\t\t\t\t\t            \t\t\t\t\t\t\t\t            \t\t\t\t\t\t\t\t\t            \t\t\t\t\t\t\t\t            \t\t\t\t\t\t\t\t\t            \t\t\t\t\t\t\t\t            \t\t\t\t\t\t\t            \t\t\t\t\t\t\t\t            \t\t\t\t\t\t\t\t\t            \t\t\t\t\t\t\t\t            \t\t\t\t\t\t\t\t\t            \t\t\t\t\t\t\t\t            \t\t\t\t\t\t\t\t\t            \t\t\t\t\t\t\t\t            \t\t\t\t\t\t\t\t\t            \t\t\t\t\t\t\t\t            \t\t\t\t\t\t\t\t\t            \t\t\t\t\t\t\t\t            \t\t\t\t\t\t\t\t\t            \t\t\t\t\t\t\t\t            \t\t\t\t\t\t\t            \t\t\t\t\t\t\t\t            \t\t\t\t\t\t\t\t\t            \t\t\t\t\t\t\t\t            \t\t\t\t\t\t\t\t\t            \t\t\t\t\t\t\t\t            \t\t\t\t\t\t\t\t\t            \t\t\t\t\t\t\t\t            \t\t\t\t\t\t\t\t\t            \t\t\t\t\t\t\t\t            \t\t\t\t\t\t\t\t\t            \t\t\t\t\t\t\t\t            \t\t\t\t\t\t\t\t\t            \t\t\t\t\t\t\t\t            \t\t\t\t\t\t\t            \t\t\t\t\t\t\t\t            \t\t\t\t\t\t\t\t\t            \t\t\t\t\t\t\t\t            \t\t\t\t\t\t\t\t\t            \t\t\t\t\t\t\t\t            \t\t\t\t\t\t\t\t\t            \t\t\t\t\t\t\t\t            \t\t\t\t\t\t\t\t\t            \t\t\t\t\t\t\t\t            \t\t\t\t\t\t\t\t\t            \t\t\t\t\t\t\t\t            \t\t\t\t\t\t\t\t\t            \t\t\t\t\t\t\t\t            \t\t\t\t\t\t\t            \t\t\t\t\t\t\t\t            \t\t\t\t\t\t\t\t\t            \t\t\t\t\t\t\t\t            \t\t\t\t\t\t\t\t\t            \t\t\t\t\t\t\t\t            \t\t\t\t\t\t\t\t\t            \t\t\t\t\t\t\t\t            \t\t\t\t\t\t\t\t\t            \t\t\t\t\t\t\t\t            \t\t\t\t\t\t\t\t\t            \t\t\t\t\t\t\t\t            \t\t\t\t\t\t\t\t\t            \t\t\t\t\t\t\t\t            \t\t\t\t\t\t\t            \t\t\t\t\t\t\t\t            \t\t\t\t\t\t\t\t\t            \t\t\t\t\t\t\t\t            \t\t\t\t\t\t\t\t\t            \t\t\t\t\t\t\t\t            \t\t\t\t\t\t\t\t\t            \t\t\t\t\t\t\t\t            \t\t\t\t\t\t\t\t\t            \t\t\t\t\t\t\t\t            \t\t\t\t\t\t\t\t\t            \t\t\t\t\t\t\t\t            \t\t\t\t\t\t\t\t\t            \t\t\t\t\t\t\t\t            \t\t\t\t\t\t\t            \t\t\t\t\t\t\t\n            \t\t\t\t\t\t\t<div class=\"wp-block-table m-0\">\n            \t\t\t\t\t\t\t\t<table class=\"table\">\n            \t\t\t\t\t\t\t\t\t<caption class=\"sr-only\">1st Year<\/caption>\n            \t\t\t\t\t\t\t\t\t<thead class=\"sr-only\">\n            \t\t\t\t\t\t\t\t\t\t<tr class=\"sr-only\">\n            \t\t\t\t\t\t\t\t\t\t\t            \t\t\t\t\t\t\t\t\t\t\t\t            \t\t\t\t\t\t\t\t\t\t\t\t\t<th class=\"sr-only curricular_plan_cu_field curricular_plan_cu_code\">ID<\/th>\n            \t\t\t\t\t\t\t\t\t\t\t\t            \t\t\t\t\t\t\t\t\t\t\t            \t\t\t\t\t\t\t\t\t\t\t\t            \t\t\t\t\t\t\t\t\t\t\t\t\t<th class=\"sr-only curricular_plan_cu_field curricular_plan_cu_title\">Name<\/th>\n            \t\t\t\t\t\t\t\t\t\t\t\t            \t\t\t\t\t\t\t\t\t\t\t            \t\t\t\t\t\t\t\t\t\t\t\t            \t\t\t\t\t\t\t\t\t\t\t\t\t<th class=\"sr-only curricular_plan_cu_field curricular_plan_cu_period\">Semester<\/th>\n            \t\t\t\t\t\t\t\t\t\t\t\t            \t\t\t\t\t\t\t\t\t\t\t            \t\t\t\t\t\t\t\t\t\t\t\t            \t\t\t\t\t\t\t\t\t\t\t\t\t<th class=\"sr-only curricular_plan_cu_field curricular_plan_cu_ects\">ECTS<\/th>\n            \t\t\t\t\t\t\t\t\t\t\t\t            \t\t\t\t\t\t\t\t\t\t\t            \t\t\t\t\t\t\t\t\t\t\t\t            \t\t\t\t\t\t\t\t\t\t\t\t\t<th class=\"sr-only curricular_plan_cu_field curricular_plan_cu_duration\">Length<\/th>\n            \t\t\t\t\t\t\t\t\t\t\t\t            \t\t\t\t\t\t\t\t\t\t\t            \t\t\t\t\t\t\t\t\t\t\t\t            \t\t\t\t\t\t\t\t\t\t\t            \t\t\t\t\t\t\t\t\t\t<\/tr>\n            \t\t\t\t\t\t\t\t\t<\/thead>\n            \t\t\t\t\t\t\t\t\t<tbody>\n            \t\t\t\t\t\t\t\t\t\t            \t\t\t\t\t\t\t\t\t\t\t<tr>\n            \t\t\t\t\t\t\t\t\t\t\t\t            \t\t\t\t\t\t\t\t\t\t\t\t\t            \t\t\t\t\t\t\t\t\t\t\t\t\t\t<td class=\"curricular_plan_cu_field curricular_plan_cu_code\">\n            \t\t\t\t\t\t\t\t\t\t\t\t\t\t\t            \t\t\t\t\t\t\t\t\t\t\t\t\t\t\t\t\n            \t\t\t\t\t\t\t\t\t\t\t\t\t\t\t            \t\t\t\t\t\t\t\t\t\t\t\t\t\t<\/td>\n            \t\t\t\t\t\t\t\t\t\t\t\t\t            \t\t\t\t\t\t\t\t\t\t\t\t            \t\t\t\t\t\t\t\t\t\t\t\t\t            \t\t\t\t\t\t\t\t\t\t\t\t\t\t<td class=\"curricular_plan_cu_field curricular_plan_cu_title\">\n            \t\t\t\t\t\t\t\t\t\t\t\t\t\t\t            \t\t\t\t\t\t\t\t\t\t\t\t\t\t\t\t<a class=\"btn btn-link p-0 text-left\" data-toggle=\"collapse\" href=\"#cu-desc-0-0\" role=\"button\" aria-expanded=\"false\">\n            \t\t\t\t\t\t\t\t\t\t\t\t\t\t\t\t\tGest\u00e3o Cultural I\n            \t\t\t\t\t\t\t\t\t\t\t\t\t\t\t\t<\/a>\n            \t\t\t\t\t\t\t\t\t\t\t\t\t\t\t            \t\t\t\t\t\t\t\t\t\t\t\t\t\t<\/td>\n            \t\t\t\t\t\t\t\t\t\t\t\t\t            \t\t\t\t\t\t\t\t\t\t\t\t            \t\t\t\t\t\t\t\t\t\t\t\t\t            \t\t\t\t\t\t\t\t\t\t\t\t\t\t<td class=\"curricular_plan_cu_field curricular_plan_cu_period\">\n            \t\t\t\t\t\t\t\t\t\t\t\t\t\t\t            \t\t\t\t\t\t\t\t\t\t\t\t\t\t\t\t1st Semester\n            \t\t\t\t\t\t\t\t\t\t\t\t\t\t\t            \t\t\t\t\t\t\t\t\t\t\t\t\t\t<\/td>\n            \t\t\t\t\t\t\t\t\t\t\t\t\t            \t\t\t\t\t\t\t\t\t\t\t\t            \t\t\t\t\t\t\t\t\t\t\t\t\t            \t\t\t\t\t\t\t\t\t\t\t\t\t\t<td class=\"curricular_plan_cu_field curricular_plan_cu_ects\">\n            \t\t\t\t\t\t\t\t\t\t\t\t\t\t\t            \t\t\t\t\t\t\t\t\t\t\t\t\t\t\t\t6\n            \t\t\t\t\t\t\t\t\t\t\t\t\t\t\t            \t\t\t\t\t\t\t\t\t\t\t\t\t\t<\/td>\n            \t\t\t\t\t\t\t\t\t\t\t\t\t            \t\t\t\t\t\t\t\t\t\t\t\t            \t\t\t\t\t\t\t\t\t\t\t\t\t            \t\t\t\t\t\t\t\t\t\t\t\t\t\t<td class=\"curricular_plan_cu_field curricular_plan_cu_duration\">\n            \t\t\t\t\t\t\t\t\t\t\t\t\t\t\t            \t\t\t\t\t\t\t\t\t\t\t\t\t\t\t\t1st Year\n            \t\t\t\t\t\t\t\t\t\t\t\t\t\t\t            \t\t\t\t\t\t\t\t\t\t\t\t\t\t<\/td>\n            \t\t\t\t\t\t\t\t\t\t\t\t\t            \t\t\t\t\t\t\t\t\t\t\t\t            \t\t\t\t\t\t\t\t\t\t\t\t\t            \t\t\t\t\t\t\t\t\t\t\t\t            \t\t\t\t\t\t\t\t\t\t\t<\/tr>\n            \t\t\t\t\t\t\t\t\t\t\t            \t\t\t\t\t\t\t\t\t\t\t            \t\t\t\t\t\t\t\t\t\t\t\t<tr id=\"cu-desc-0-0\" class=\"collapse\">\n            \t\t\t\t\t\t\t\t\t\t\t\t\t<td colspan=\"100%\" class=\"curricular_plan_cu_field curricular_plan_cu_description p-3\">\n            \t\t\t\t\t\t\t\t\t\t\t\t\t\t\n<ol><li>Introduction: The cultural and creative sector, Cultural professions and Professional organizations<\/li><li>Challenges and contemporary dilemmas of Cultural Management<\/li><li>Cultural Policies (Europe \/ Portugal)<\/li><li>Economy of Culture and Creativity<\/li><li>Management of cultural projects and equipment<\/li><li>Cultural Audiences and Cultural Practices<\/li><li>Cultural Networks<\/li><li>Urban Culture, Festivals and Major Events<\/li><li>Cultural Entrepreneurship<\/li><\/ol>\n\n            \t\t\t\t\t\t\t\t\t\t\t\t\t<\/td>\n            \t\t\t\t\t\t\t\t\t\t\t\t<\/tr>\n            \t\t\t\t\t\t\t\t\t\t\t            \t\t\t\t\t\t\t\t\t\t            \t\t\t\t\t\t\t\t\t\t\t<tr>\n            \t\t\t\t\t\t\t\t\t\t\t\t            \t\t\t\t\t\t\t\t\t\t\t\t\t            \t\t\t\t\t\t\t\t\t\t\t\t\t\t<td class=\"curricular_plan_cu_field curricular_plan_cu_code\">\n            \t\t\t\t\t\t\t\t\t\t\t\t\t\t\t            \t\t\t\t\t\t\t\t\t\t\t\t\t\t\t\t\n            \t\t\t\t\t\t\t\t\t\t\t\t\t\t\t            \t\t\t\t\t\t\t\t\t\t\t\t\t\t<\/td>\n            \t\t\t\t\t\t\t\t\t\t\t\t\t            \t\t\t\t\t\t\t\t\t\t\t\t            \t\t\t\t\t\t\t\t\t\t\t\t\t            \t\t\t\t\t\t\t\t\t\t\t\t\t\t<td class=\"curricular_plan_cu_field curricular_plan_cu_title\">\n            \t\t\t\t\t\t\t\t\t\t\t\t\t\t\t            \t\t\t\t\t\t\t\t\t\t\t\t\t\t\t\t<a class=\"btn btn-link p-0 text-left\" data-toggle=\"collapse\" href=\"#cu-desc-0-1\" role=\"button\" aria-expanded=\"false\">\n            \t\t\t\t\t\t\t\t\t\t\t\t\t\t\t\t\tProject Management I\n            \t\t\t\t\t\t\t\t\t\t\t\t\t\t\t\t<\/a>\n            \t\t\t\t\t\t\t\t\t\t\t\t\t\t\t            \t\t\t\t\t\t\t\t\t\t\t\t\t\t<\/td>\n            \t\t\t\t\t\t\t\t\t\t\t\t\t            \t\t\t\t\t\t\t\t\t\t\t\t            \t\t\t\t\t\t\t\t\t\t\t\t\t            \t\t\t\t\t\t\t\t\t\t\t\t\t\t<td class=\"curricular_plan_cu_field curricular_plan_cu_period\">\n            \t\t\t\t\t\t\t\t\t\t\t\t\t\t\t            \t\t\t\t\t\t\t\t\t\t\t\t\t\t\t\t1st Semester\n            \t\t\t\t\t\t\t\t\t\t\t\t\t\t\t            \t\t\t\t\t\t\t\t\t\t\t\t\t\t<\/td>\n            \t\t\t\t\t\t\t\t\t\t\t\t\t            \t\t\t\t\t\t\t\t\t\t\t\t            \t\t\t\t\t\t\t\t\t\t\t\t\t            \t\t\t\t\t\t\t\t\t\t\t\t\t\t<td class=\"curricular_plan_cu_field curricular_plan_cu_ects\">\n            \t\t\t\t\t\t\t\t\t\t\t\t\t\t\t            \t\t\t\t\t\t\t\t\t\t\t\t\t\t\t\t12\n            \t\t\t\t\t\t\t\t\t\t\t\t\t\t\t            \t\t\t\t\t\t\t\t\t\t\t\t\t\t<\/td>\n            \t\t\t\t\t\t\t\t\t\t\t\t\t            \t\t\t\t\t\t\t\t\t\t\t\t            \t\t\t\t\t\t\t\t\t\t\t\t\t            \t\t\t\t\t\t\t\t\t\t\t\t\t\t<td class=\"curricular_plan_cu_field curricular_plan_cu_duration\">\n            \t\t\t\t\t\t\t\t\t\t\t\t\t\t\t            \t\t\t\t\t\t\t\t\t\t\t\t\t\t\t\t1st Year\n            \t\t\t\t\t\t\t\t\t\t\t\t\t\t\t            \t\t\t\t\t\t\t\t\t\t\t\t\t\t<\/td>\n            \t\t\t\t\t\t\t\t\t\t\t\t\t            \t\t\t\t\t\t\t\t\t\t\t\t            \t\t\t\t\t\t\t\t\t\t\t\t\t            \t\t\t\t\t\t\t\t\t\t\t\t            \t\t\t\t\t\t\t\t\t\t\t<\/tr>\n            \t\t\t\t\t\t\t\t\t\t\t            \t\t\t\t\t\t\t\t\t\t\t            \t\t\t\t\t\t\t\t\t\t\t\t<tr id=\"cu-desc-0-1\" class=\"collapse\">\n            \t\t\t\t\t\t\t\t\t\t\t\t\t<td colspan=\"100%\" class=\"curricular_plan_cu_field curricular_plan_cu_description p-3\">\n            \t\t\t\t\t\t\t\t\t\t\t\t\t\t\n<ol><li>Cultural property: definition and areas of intervention<\/li><li>Curating and Programming: characteristics of production, communication and funding<\/li><li>Curatorial and programming proposals<\/li><li>Concepts of production, financing and cultural communication<\/li><li>Stages in the management process<\/li><li>Contracts and protocols<\/li><li>Managing artistic teams<\/li><li>Managing and training production teams<\/li><li>Audience mediation and accessibility plan<\/li><li>Reports: elements for analysing the event<\/li><li>Dossier and funding, communication and media planning<\/li><li>Team organisation chart and detailed job description<\/li><li>Timetabling, budgeting and applications<\/li><\/ol>\n\n            \t\t\t\t\t\t\t\t\t\t\t\t\t<\/td>\n            \t\t\t\t\t\t\t\t\t\t\t\t<\/tr>\n            \t\t\t\t\t\t\t\t\t\t\t            \t\t\t\t\t\t\t\t\t\t            \t\t\t\t\t\t\t\t\t\t\t<tr>\n            \t\t\t\t\t\t\t\t\t\t\t\t            \t\t\t\t\t\t\t\t\t\t\t\t\t            \t\t\t\t\t\t\t\t\t\t\t\t\t\t<td class=\"curricular_plan_cu_field curricular_plan_cu_code\">\n            \t\t\t\t\t\t\t\t\t\t\t\t\t\t\t            \t\t\t\t\t\t\t\t\t\t\t\t\t\t\t\t\n            \t\t\t\t\t\t\t\t\t\t\t\t\t\t\t            \t\t\t\t\t\t\t\t\t\t\t\t\t\t<\/td>\n            \t\t\t\t\t\t\t\t\t\t\t\t\t            \t\t\t\t\t\t\t\t\t\t\t\t            \t\t\t\t\t\t\t\t\t\t\t\t\t            \t\t\t\t\t\t\t\t\t\t\t\t\t\t<td class=\"curricular_plan_cu_field curricular_plan_cu_title\">\n            \t\t\t\t\t\t\t\t\t\t\t\t\t\t\t            \t\t\t\t\t\t\t\t\t\t\t\t\t\t\t\t<a class=\"btn btn-link p-0 text-left\" data-toggle=\"collapse\" href=\"#cu-desc-0-2\" role=\"button\" aria-expanded=\"false\">\n            \t\t\t\t\t\t\t\t\t\t\t\t\t\t\t\t\tUrban Studies\n            \t\t\t\t\t\t\t\t\t\t\t\t\t\t\t\t<\/a>\n            \t\t\t\t\t\t\t\t\t\t\t\t\t\t\t            \t\t\t\t\t\t\t\t\t\t\t\t\t\t<\/td>\n            \t\t\t\t\t\t\t\t\t\t\t\t\t            \t\t\t\t\t\t\t\t\t\t\t\t            \t\t\t\t\t\t\t\t\t\t\t\t\t            \t\t\t\t\t\t\t\t\t\t\t\t\t\t<td class=\"curricular_plan_cu_field curricular_plan_cu_period\">\n            \t\t\t\t\t\t\t\t\t\t\t\t\t\t\t            \t\t\t\t\t\t\t\t\t\t\t\t\t\t\t\t1st Semester\n            \t\t\t\t\t\t\t\t\t\t\t\t\t\t\t            \t\t\t\t\t\t\t\t\t\t\t\t\t\t<\/td>\n            \t\t\t\t\t\t\t\t\t\t\t\t\t            \t\t\t\t\t\t\t\t\t\t\t\t            \t\t\t\t\t\t\t\t\t\t\t\t\t            \t\t\t\t\t\t\t\t\t\t\t\t\t\t<td class=\"curricular_plan_cu_field curricular_plan_cu_ects\">\n            \t\t\t\t\t\t\t\t\t\t\t\t\t\t\t            \t\t\t\t\t\t\t\t\t\t\t\t\t\t\t\t6\n            \t\t\t\t\t\t\t\t\t\t\t\t\t\t\t            \t\t\t\t\t\t\t\t\t\t\t\t\t\t<\/td>\n            \t\t\t\t\t\t\t\t\t\t\t\t\t            \t\t\t\t\t\t\t\t\t\t\t\t            \t\t\t\t\t\t\t\t\t\t\t\t\t            \t\t\t\t\t\t\t\t\t\t\t\t\t\t<td class=\"curricular_plan_cu_field curricular_plan_cu_duration\">\n            \t\t\t\t\t\t\t\t\t\t\t\t\t\t\t            \t\t\t\t\t\t\t\t\t\t\t\t\t\t\t\t1st Year\n            \t\t\t\t\t\t\t\t\t\t\t\t\t\t\t            \t\t\t\t\t\t\t\t\t\t\t\t\t\t<\/td>\n            \t\t\t\t\t\t\t\t\t\t\t\t\t            \t\t\t\t\t\t\t\t\t\t\t\t            \t\t\t\t\t\t\t\t\t\t\t\t\t            \t\t\t\t\t\t\t\t\t\t\t\t            \t\t\t\t\t\t\t\t\t\t\t<\/tr>\n            \t\t\t\t\t\t\t\t\t\t\t            \t\t\t\t\t\t\t\t\t\t\t            \t\t\t\t\t\t\t\t\t\t\t\t<tr id=\"cu-desc-0-2\" class=\"collapse\">\n            \t\t\t\t\t\t\t\t\t\t\t\t\t<td colspan=\"100%\" class=\"curricular_plan_cu_field curricular_plan_cu_description p-3\">\n            \t\t\t\t\t\t\t\t\t\t\t\t\t\t\n<p>The course is divided into five broad themes that will be addressed in an integrated approach and following the various pedagogical and research methodologies defined for this subject:<\/p>\n\n\n\n<ol><li>Theories and practices of urban space<\/li><li>Urban culture and globalization<\/li><li>Cultural practices in the city: from patrimonialization to social movements<\/li><li>Urban subcultures and the reconfiguration of urban space<\/li><li>The city as a creative object: case studies.<\/li><\/ol>\n\n            \t\t\t\t\t\t\t\t\t\t\t\t\t<\/td>\n            \t\t\t\t\t\t\t\t\t\t\t\t<\/tr>\n            \t\t\t\t\t\t\t\t\t\t\t            \t\t\t\t\t\t\t\t\t\t            \t\t\t\t\t\t\t\t\t\t\t<tr>\n            \t\t\t\t\t\t\t\t\t\t\t\t            \t\t\t\t\t\t\t\t\t\t\t\t\t            \t\t\t\t\t\t\t\t\t\t\t\t\t\t<td class=\"curricular_plan_cu_field curricular_plan_cu_code\">\n            \t\t\t\t\t\t\t\t\t\t\t\t\t\t\t            \t\t\t\t\t\t\t\t\t\t\t\t\t\t\t\t\n            \t\t\t\t\t\t\t\t\t\t\t\t\t\t\t            \t\t\t\t\t\t\t\t\t\t\t\t\t\t<\/td>\n            \t\t\t\t\t\t\t\t\t\t\t\t\t            \t\t\t\t\t\t\t\t\t\t\t\t            \t\t\t\t\t\t\t\t\t\t\t\t\t            \t\t\t\t\t\t\t\t\t\t\t\t\t\t<td class=\"curricular_plan_cu_field curricular_plan_cu_title\">\n            \t\t\t\t\t\t\t\t\t\t\t\t\t\t\t            \t\t\t\t\t\t\t\t\t\t\t\t\t\t\t\t<a class=\"btn btn-link p-0 text-left\" data-toggle=\"collapse\" href=\"#cu-desc-0-3\" role=\"button\" aria-expanded=\"false\">\n            \t\t\t\t\t\t\t\t\t\t\t\t\t\t\t\t\tContemporary Culture\n            \t\t\t\t\t\t\t\t\t\t\t\t\t\t\t\t<\/a>\n            \t\t\t\t\t\t\t\t\t\t\t\t\t\t\t            \t\t\t\t\t\t\t\t\t\t\t\t\t\t<\/td>\n            \t\t\t\t\t\t\t\t\t\t\t\t\t            \t\t\t\t\t\t\t\t\t\t\t\t            \t\t\t\t\t\t\t\t\t\t\t\t\t            \t\t\t\t\t\t\t\t\t\t\t\t\t\t<td class=\"curricular_plan_cu_field curricular_plan_cu_period\">\n            \t\t\t\t\t\t\t\t\t\t\t\t\t\t\t            \t\t\t\t\t\t\t\t\t\t\t\t\t\t\t\t1st Semester\n            \t\t\t\t\t\t\t\t\t\t\t\t\t\t\t            \t\t\t\t\t\t\t\t\t\t\t\t\t\t<\/td>\n            \t\t\t\t\t\t\t\t\t\t\t\t\t            \t\t\t\t\t\t\t\t\t\t\t\t            \t\t\t\t\t\t\t\t\t\t\t\t\t            \t\t\t\t\t\t\t\t\t\t\t\t\t\t<td class=\"curricular_plan_cu_field curricular_plan_cu_ects\">\n            \t\t\t\t\t\t\t\t\t\t\t\t\t\t\t            \t\t\t\t\t\t\t\t\t\t\t\t\t\t\t\t6\n            \t\t\t\t\t\t\t\t\t\t\t\t\t\t\t            \t\t\t\t\t\t\t\t\t\t\t\t\t\t<\/td>\n            \t\t\t\t\t\t\t\t\t\t\t\t\t            \t\t\t\t\t\t\t\t\t\t\t\t            \t\t\t\t\t\t\t\t\t\t\t\t\t            \t\t\t\t\t\t\t\t\t\t\t\t\t\t<td class=\"curricular_plan_cu_field curricular_plan_cu_duration\">\n            \t\t\t\t\t\t\t\t\t\t\t\t\t\t\t            \t\t\t\t\t\t\t\t\t\t\t\t\t\t\t\t1st Year\n            \t\t\t\t\t\t\t\t\t\t\t\t\t\t\t            \t\t\t\t\t\t\t\t\t\t\t\t\t\t<\/td>\n            \t\t\t\t\t\t\t\t\t\t\t\t\t            \t\t\t\t\t\t\t\t\t\t\t\t            \t\t\t\t\t\t\t\t\t\t\t\t\t            \t\t\t\t\t\t\t\t\t\t\t\t            \t\t\t\t\t\t\t\t\t\t\t<\/tr>\n            \t\t\t\t\t\t\t\t\t\t\t            \t\t\t\t\t\t\t\t\t\t\t            \t\t\t\t\t\t\t\t\t\t\t\t<tr id=\"cu-desc-0-3\" class=\"collapse\">\n            \t\t\t\t\t\t\t\t\t\t\t\t\t<td colspan=\"100%\" class=\"curricular_plan_cu_field curricular_plan_cu_description p-3\">\n            \t\t\t\t\t\t\t\t\t\t\t\t\t\t\n<ol><li>In the games of categories, in the mesh of hierarchies<\/li><li>Cultures in (Contemporary Culture)<\/li><li>Culture and Nature<\/li><li>When culture goes POP<\/li><li>Black Culture<\/li><li>The digitalization of culture<\/li><\/ol>\n\n            \t\t\t\t\t\t\t\t\t\t\t\t\t<\/td>\n            \t\t\t\t\t\t\t\t\t\t\t\t<\/tr>\n            \t\t\t\t\t\t\t\t\t\t\t            \t\t\t\t\t\t\t\t\t\t            \t\t\t\t\t\t\t\t\t\t\t<tr>\n            \t\t\t\t\t\t\t\t\t\t\t\t            \t\t\t\t\t\t\t\t\t\t\t\t\t            \t\t\t\t\t\t\t\t\t\t\t\t\t\t<td class=\"curricular_plan_cu_field curricular_plan_cu_code\">\n            \t\t\t\t\t\t\t\t\t\t\t\t\t\t\t            \t\t\t\t\t\t\t\t\t\t\t\t\t\t\t\t\n            \t\t\t\t\t\t\t\t\t\t\t\t\t\t\t            \t\t\t\t\t\t\t\t\t\t\t\t\t\t<\/td>\n            \t\t\t\t\t\t\t\t\t\t\t\t\t            \t\t\t\t\t\t\t\t\t\t\t\t            \t\t\t\t\t\t\t\t\t\t\t\t\t            \t\t\t\t\t\t\t\t\t\t\t\t\t\t<td class=\"curricular_plan_cu_field curricular_plan_cu_title\">\n            \t\t\t\t\t\t\t\t\t\t\t\t\t\t\t            \t\t\t\t\t\t\t\t\t\t\t\t\t\t\t\t<a class=\"btn btn-link p-0 text-left\" data-toggle=\"collapse\" href=\"#cu-desc-0-4\" role=\"button\" aria-expanded=\"false\">\n            \t\t\t\t\t\t\t\t\t\t\t\t\t\t\t\t\tEstudos Curatoriais\n            \t\t\t\t\t\t\t\t\t\t\t\t\t\t\t\t<\/a>\n            \t\t\t\t\t\t\t\t\t\t\t\t\t\t\t            \t\t\t\t\t\t\t\t\t\t\t\t\t\t<\/td>\n            \t\t\t\t\t\t\t\t\t\t\t\t\t            \t\t\t\t\t\t\t\t\t\t\t\t            \t\t\t\t\t\t\t\t\t\t\t\t\t            \t\t\t\t\t\t\t\t\t\t\t\t\t\t<td class=\"curricular_plan_cu_field curricular_plan_cu_period\">\n            \t\t\t\t\t\t\t\t\t\t\t\t\t\t\t            \t\t\t\t\t\t\t\t\t\t\t\t\t\t\t\t1st Semester\n            \t\t\t\t\t\t\t\t\t\t\t\t\t\t\t            \t\t\t\t\t\t\t\t\t\t\t\t\t\t<\/td>\n            \t\t\t\t\t\t\t\t\t\t\t\t\t            \t\t\t\t\t\t\t\t\t\t\t\t            \t\t\t\t\t\t\t\t\t\t\t\t\t            \t\t\t\t\t\t\t\t\t\t\t\t\t\t<td class=\"curricular_plan_cu_field curricular_plan_cu_ects\">\n            \t\t\t\t\t\t\t\t\t\t\t\t\t\t\t            \t\t\t\t\t\t\t\t\t\t\t\t\t\t\t\t6\n            \t\t\t\t\t\t\t\t\t\t\t\t\t\t\t            \t\t\t\t\t\t\t\t\t\t\t\t\t\t<\/td>\n            \t\t\t\t\t\t\t\t\t\t\t\t\t            \t\t\t\t\t\t\t\t\t\t\t\t            \t\t\t\t\t\t\t\t\t\t\t\t\t            \t\t\t\t\t\t\t\t\t\t\t\t\t\t<td class=\"curricular_plan_cu_field curricular_plan_cu_duration\">\n            \t\t\t\t\t\t\t\t\t\t\t\t\t\t\t            \t\t\t\t\t\t\t\t\t\t\t\t\t\t\t\t1st Year\n            \t\t\t\t\t\t\t\t\t\t\t\t\t\t\t            \t\t\t\t\t\t\t\t\t\t\t\t\t\t<\/td>\n            \t\t\t\t\t\t\t\t\t\t\t\t\t            \t\t\t\t\t\t\t\t\t\t\t\t            \t\t\t\t\t\t\t\t\t\t\t\t\t            \t\t\t\t\t\t\t\t\t\t\t\t            \t\t\t\t\t\t\t\t\t\t\t<\/tr>\n            \t\t\t\t\t\t\t\t\t\t\t            \t\t\t\t\t\t\t\t\t\t\t            \t\t\t\t\t\t\t\t\t\t\t\t<tr id=\"cu-desc-0-4\" class=\"collapse\">\n            \t\t\t\t\t\t\t\t\t\t\t\t\t<td colspan=\"100%\" class=\"curricular_plan_cu_field curricular_plan_cu_description p-3\">\n            \t\t\t\t\t\t\t\t\t\t\t\t\t\t\n<ol><li>Atlas Mnemosyne de Aby Warburg;<\/li><li>Didi-Hubermann: Atlas ou a gaia ci\u00eancia inquieta;<\/li><li>Georges Bataille: revista Documents e dicion\u00e1rio cr\u00edtico;<\/li><li>Nadja de Andr\u00e9 Breton;&#8211; Marcel Broodthaers: Mus\u00e9e d&#8217;art moderne, section des aigles;<\/li><li>Os Becher: Gaz Tanks;&#8211; Evidence: sultan e Mandel;<\/li><li>Peter Piller: di\u00e1rios;<\/li><li>Jorge Luis Borges e Maria Kodama: Atlas;<\/li><li>Jean Luc Godard: Histoires du Cin\u00e9ma;<\/li><\/ol>\n\n            \t\t\t\t\t\t\t\t\t\t\t\t\t<\/td>\n            \t\t\t\t\t\t\t\t\t\t\t\t<\/tr>\n            \t\t\t\t\t\t\t\t\t\t\t            \t\t\t\t\t\t\t\t\t\t            \t\t\t\t\t\t\t\t\t\t\t<tr>\n            \t\t\t\t\t\t\t\t\t\t\t\t            \t\t\t\t\t\t\t\t\t\t\t\t\t            \t\t\t\t\t\t\t\t\t\t\t\t\t\t<td class=\"curricular_plan_cu_field curricular_plan_cu_code\">\n            \t\t\t\t\t\t\t\t\t\t\t\t\t\t\t            \t\t\t\t\t\t\t\t\t\t\t\t\t\t\t\t\n            \t\t\t\t\t\t\t\t\t\t\t\t\t\t\t            \t\t\t\t\t\t\t\t\t\t\t\t\t\t<\/td>\n            \t\t\t\t\t\t\t\t\t\t\t\t\t            \t\t\t\t\t\t\t\t\t\t\t\t            \t\t\t\t\t\t\t\t\t\t\t\t\t            \t\t\t\t\t\t\t\t\t\t\t\t\t\t<td class=\"curricular_plan_cu_field curricular_plan_cu_title\">\n            \t\t\t\t\t\t\t\t\t\t\t\t\t\t\t            \t\t\t\t\t\t\t\t\t\t\t\t\t\t\t\tCreative Industries\n            \t\t\t\t\t\t\t\t\t\t\t\t\t\t\t            \t\t\t\t\t\t\t\t\t\t\t\t\t\t<\/td>\n            \t\t\t\t\t\t\t\t\t\t\t\t\t            \t\t\t\t\t\t\t\t\t\t\t\t            \t\t\t\t\t\t\t\t\t\t\t\t\t            \t\t\t\t\t\t\t\t\t\t\t\t\t\t<td class=\"curricular_plan_cu_field curricular_plan_cu_period\">\n            \t\t\t\t\t\t\t\t\t\t\t\t\t\t\t            \t\t\t\t\t\t\t\t\t\t\t\t\t\t\t\t2nd Semester\n            \t\t\t\t\t\t\t\t\t\t\t\t\t\t\t            \t\t\t\t\t\t\t\t\t\t\t\t\t\t<\/td>\n            \t\t\t\t\t\t\t\t\t\t\t\t\t            \t\t\t\t\t\t\t\t\t\t\t\t            \t\t\t\t\t\t\t\t\t\t\t\t\t            \t\t\t\t\t\t\t\t\t\t\t\t\t\t<td class=\"curricular_plan_cu_field curricular_plan_cu_ects\">\n            \t\t\t\t\t\t\t\t\t\t\t\t\t\t\t            \t\t\t\t\t\t\t\t\t\t\t\t\t\t\t\t9\n            \t\t\t\t\t\t\t\t\t\t\t\t\t\t\t            \t\t\t\t\t\t\t\t\t\t\t\t\t\t<\/td>\n            \t\t\t\t\t\t\t\t\t\t\t\t\t            \t\t\t\t\t\t\t\t\t\t\t\t            \t\t\t\t\t\t\t\t\t\t\t\t\t            \t\t\t\t\t\t\t\t\t\t\t\t\t\t<td class=\"curricular_plan_cu_field curricular_plan_cu_duration\">\n            \t\t\t\t\t\t\t\t\t\t\t\t\t\t\t            \t\t\t\t\t\t\t\t\t\t\t\t\t\t\t\t1st Year\n            \t\t\t\t\t\t\t\t\t\t\t\t\t\t\t            \t\t\t\t\t\t\t\t\t\t\t\t\t\t<\/td>\n            \t\t\t\t\t\t\t\t\t\t\t\t\t            \t\t\t\t\t\t\t\t\t\t\t\t            \t\t\t\t\t\t\t\t\t\t\t\t\t            \t\t\t\t\t\t\t\t\t\t\t\t            \t\t\t\t\t\t\t\t\t\t\t<\/tr>\n            \t\t\t\t\t\t\t\t\t\t\t            \t\t\t\t\t\t\t\t\t\t\t            \t\t\t\t\t\t\t\t\t\t            \t\t\t\t\t\t\t\t\t\t\t<tr>\n            \t\t\t\t\t\t\t\t\t\t\t\t            \t\t\t\t\t\t\t\t\t\t\t\t\t            \t\t\t\t\t\t\t\t\t\t\t\t\t\t<td class=\"curricular_plan_cu_field curricular_plan_cu_code\">\n            \t\t\t\t\t\t\t\t\t\t\t\t\t\t\t            \t\t\t\t\t\t\t\t\t\t\t\t\t\t\t\t\n            \t\t\t\t\t\t\t\t\t\t\t\t\t\t\t            \t\t\t\t\t\t\t\t\t\t\t\t\t\t<\/td>\n            \t\t\t\t\t\t\t\t\t\t\t\t\t            \t\t\t\t\t\t\t\t\t\t\t\t            \t\t\t\t\t\t\t\t\t\t\t\t\t            \t\t\t\t\t\t\t\t\t\t\t\t\t\t<td class=\"curricular_plan_cu_field curricular_plan_cu_title\">\n            \t\t\t\t\t\t\t\t\t\t\t\t\t\t\t            \t\t\t\t\t\t\t\t\t\t\t\t\t\t\t\tCommunication\n            \t\t\t\t\t\t\t\t\t\t\t\t\t\t\t            \t\t\t\t\t\t\t\t\t\t\t\t\t\t<\/td>\n            \t\t\t\t\t\t\t\t\t\t\t\t\t            \t\t\t\t\t\t\t\t\t\t\t\t            \t\t\t\t\t\t\t\t\t\t\t\t\t            \t\t\t\t\t\t\t\t\t\t\t\t\t\t<td class=\"curricular_plan_cu_field curricular_plan_cu_period\">\n            \t\t\t\t\t\t\t\t\t\t\t\t\t\t\t            \t\t\t\t\t\t\t\t\t\t\t\t\t\t\t\t2nd Semester\n            \t\t\t\t\t\t\t\t\t\t\t\t\t\t\t            \t\t\t\t\t\t\t\t\t\t\t\t\t\t<\/td>\n            \t\t\t\t\t\t\t\t\t\t\t\t\t            \t\t\t\t\t\t\t\t\t\t\t\t            \t\t\t\t\t\t\t\t\t\t\t\t\t            \t\t\t\t\t\t\t\t\t\t\t\t\t\t<td class=\"curricular_plan_cu_field curricular_plan_cu_ects\">\n            \t\t\t\t\t\t\t\t\t\t\t\t\t\t\t            \t\t\t\t\t\t\t\t\t\t\t\t\t\t\t\t9\n            \t\t\t\t\t\t\t\t\t\t\t\t\t\t\t            \t\t\t\t\t\t\t\t\t\t\t\t\t\t<\/td>\n            \t\t\t\t\t\t\t\t\t\t\t\t\t            \t\t\t\t\t\t\t\t\t\t\t\t            \t\t\t\t\t\t\t\t\t\t\t\t\t            \t\t\t\t\t\t\t\t\t\t\t\t\t\t<td class=\"curricular_plan_cu_field curricular_plan_cu_duration\">\n            \t\t\t\t\t\t\t\t\t\t\t\t\t\t\t            \t\t\t\t\t\t\t\t\t\t\t\t\t\t\t\t1st Year\n            \t\t\t\t\t\t\t\t\t\t\t\t\t\t\t            \t\t\t\t\t\t\t\t\t\t\t\t\t\t<\/td>\n            \t\t\t\t\t\t\t\t\t\t\t\t\t            \t\t\t\t\t\t\t\t\t\t\t\t            \t\t\t\t\t\t\t\t\t\t\t\t\t            \t\t\t\t\t\t\t\t\t\t\t\t            \t\t\t\t\t\t\t\t\t\t\t<\/tr>\n            \t\t\t\t\t\t\t\t\t\t\t            \t\t\t\t\t\t\t\t\t\t\t            \t\t\t\t\t\t\t\t\t\t            \t\t\t\t\t\t\t\t\t\t\t<tr>\n            \t\t\t\t\t\t\t\t\t\t\t\t            \t\t\t\t\t\t\t\t\t\t\t\t\t            \t\t\t\t\t\t\t\t\t\t\t\t\t\t<td class=\"curricular_plan_cu_field curricular_plan_cu_code\">\n            \t\t\t\t\t\t\t\t\t\t\t\t\t\t\t            \t\t\t\t\t\t\t\t\t\t\t\t\t\t\t\t\n            \t\t\t\t\t\t\t\t\t\t\t\t\t\t\t            \t\t\t\t\t\t\t\t\t\t\t\t\t\t<\/td>\n            \t\t\t\t\t\t\t\t\t\t\t\t\t            \t\t\t\t\t\t\t\t\t\t\t\t            \t\t\t\t\t\t\t\t\t\t\t\t\t            \t\t\t\t\t\t\t\t\t\t\t\t\t\t<td class=\"curricular_plan_cu_field curricular_plan_cu_title\">\n            \t\t\t\t\t\t\t\t\t\t\t\t\t\t\t            \t\t\t\t\t\t\t\t\t\t\t\t\t\t\t\tProject Management II\n            \t\t\t\t\t\t\t\t\t\t\t\t\t\t\t            \t\t\t\t\t\t\t\t\t\t\t\t\t\t<\/td>\n            \t\t\t\t\t\t\t\t\t\t\t\t\t            \t\t\t\t\t\t\t\t\t\t\t\t            \t\t\t\t\t\t\t\t\t\t\t\t\t            \t\t\t\t\t\t\t\t\t\t\t\t\t\t<td class=\"curricular_plan_cu_field curricular_plan_cu_period\">\n            \t\t\t\t\t\t\t\t\t\t\t\t\t\t\t            \t\t\t\t\t\t\t\t\t\t\t\t\t\t\t\t2nd Semester\n            \t\t\t\t\t\t\t\t\t\t\t\t\t\t\t            \t\t\t\t\t\t\t\t\t\t\t\t\t\t<\/td>\n            \t\t\t\t\t\t\t\t\t\t\t\t\t            \t\t\t\t\t\t\t\t\t\t\t\t            \t\t\t\t\t\t\t\t\t\t\t\t\t            \t\t\t\t\t\t\t\t\t\t\t\t\t\t<td class=\"curricular_plan_cu_field curricular_plan_cu_ects\">\n            \t\t\t\t\t\t\t\t\t\t\t\t\t\t\t            \t\t\t\t\t\t\t\t\t\t\t\t\t\t\t\t12\n            \t\t\t\t\t\t\t\t\t\t\t\t\t\t\t            \t\t\t\t\t\t\t\t\t\t\t\t\t\t<\/td>\n            \t\t\t\t\t\t\t\t\t\t\t\t\t            \t\t\t\t\t\t\t\t\t\t\t\t            \t\t\t\t\t\t\t\t\t\t\t\t\t            \t\t\t\t\t\t\t\t\t\t\t\t\t\t<td class=\"curricular_plan_cu_field curricular_plan_cu_duration\">\n            \t\t\t\t\t\t\t\t\t\t\t\t\t\t\t            \t\t\t\t\t\t\t\t\t\t\t\t\t\t\t\t1st Year\n            \t\t\t\t\t\t\t\t\t\t\t\t\t\t\t            \t\t\t\t\t\t\t\t\t\t\t\t\t\t<\/td>\n            \t\t\t\t\t\t\t\t\t\t\t\t\t            \t\t\t\t\t\t\t\t\t\t\t\t            \t\t\t\t\t\t\t\t\t\t\t\t\t            \t\t\t\t\t\t\t\t\t\t\t\t            \t\t\t\t\t\t\t\t\t\t\t<\/tr>\n            \t\t\t\t\t\t\t\t\t\t\t            \t\t\t\t\t\t\t\t\t\t\t            \t\t\t\t\t\t\t\t\t\t            \t\t\t\t\t\t\t\t\t<\/tbody>\n            \t\t\t\t\t\t\t\t<\/table>\n            \t\t\t\t\t\t\t<\/div>\n            \t\t\t\t\t\t            \t\t\t\t\t<\/div>\t\t\t\t\t\t\t\n            \t\t\t\t<\/div>\n            \t\t\t<\/div>\n            \t\t<\/div>\n            \t<\/div>\n    \t\t    \t\t    <div id=\"gba_56fcfd-1\" class=\"wp-block-pt-ipleiria-ued-wp-theme-ipleiria-gutenbergblocks-collapse gba gba-view gba_56fcfd-1\">\n            \t\t<div id=\"gba-pane_c7ff2e-1\" class=\"wp-block-pt-ipleiria-ued-wp-theme-ipleiria-gutenbergblocks-collapse-pane gba-pane gba-pane-save gba-pane_e1b913-1\">\n            \t\t\t<div class=\"card\">\n            \t\t\t\t<div class=\"card-header\" id=\"gba-pane-heading_c7ff2e-1\">\n            \t\t\t\t\t<div class=\"mb-0\">\n            \t\t\t\t\t\t<button class=\"btn btn-link collapsed\" type=\"button\" data-toggle=\"collapse\" data-target=\"#gba-pane-collapse_c7ff2e-1\" aria-controls=\"gba-pane-collapse_c7ff2e-1\" aria-expanded=\"false\">\n            \t\t\t\t\t\t\t<h3 class=\"gba-pane-title\">2nd Year<\/h3>\n            \t\t\t\t\t\t<\/button>\n            \t\t\t\t\t<\/div>\n            \t\t\t\t<\/div>\n            \t\t\t\t<div id=\"gba-pane-collapse_c7ff2e-1\" class=\"panel-content collapse\" aria-labelledby=\"gba-pane-heading_c7ff2e-1\" data-parent=\"#gba_56fcfd-1\">\n            \t\t\t\t\t<div class=\"card-body\">\n            \t\t\t\t\t\t            \t\t\t\t\t\t\t            \t\t\t\t\t\t\t            \t\t\t\t\t\t\t            \t\t\t\t\t\t\t\t            \t\t\t\t\t\t\t\t\t            \t\t\t\t\t\t\t\t\t\t            \t\t\t\t\t\t\t\t\t            \t\t\t\t\t\t\t\t            \t\t\t\t\t\t\t\t\t            \t\t\t\t\t\t\t\t\t\t            \t\t\t\t\t\t\t\t\t            \t\t\t\t\t\t\t\t            \t\t\t\t\t\t\t\t\t            \t\t\t\t\t\t\t\t\t\t            \t\t\t\t\t\t\t\t\t            \t\t\t\t\t\t\t\t            \t\t\t\t\t\t\t\t\t            \t\t\t\t\t\t\t\t\t\t            \t\t\t\t\t\t\t\t\t            \t\t\t\t\t\t\t\t            \t\t\t\t\t\t\t\t\t            \t\t\t\t\t\t\t\t\t\t            \t\t\t\t\t\t\t\t\t            \t\t\t\t\t\t\t\t            \t\t\t\t\t\t\t\t\t            \t\t\t\t\t\t\t\t\t\t            \t\t\t\t\t\t\t\t\t            \t\t\t\t\t\t\t\t            \t\t\t\t\t\t\t            \t\t\t\t\t\t\t\t            \t\t\t\t\t\t\t\t\t            \t\t\t\t\t\t\t\t            \t\t\t\t\t\t\t\t\t            \t\t\t\t\t\t\t\t            \t\t\t\t\t\t\t\t\t            \t\t\t\t\t\t\t\t            \t\t\t\t\t\t\t\t\t            \t\t\t\t\t\t\t\t            \t\t\t\t\t\t\t\t\t            \t\t\t\t\t\t\t\t            \t\t\t\t\t\t\t\t\t            \t\t\t\t\t\t\t\t            \t\t\t\t\t\t\t            \t\t\t\t\t\t\t\t            \t\t\t\t\t\t\t\t\t            \t\t\t\t\t\t\t\t            \t\t\t\t\t\t\t\t\t            \t\t\t\t\t\t\t\t            \t\t\t\t\t\t\t\t\t            \t\t\t\t\t\t\t\t            \t\t\t\t\t\t\t\t\t            \t\t\t\t\t\t\t\t            \t\t\t\t\t\t\t\t\t            \t\t\t\t\t\t\t\t            \t\t\t\t\t\t\t\t\t            \t\t\t\t\t\t\t\t            \t\t\t\t\t\t\t            \t\t\t\t\t\t\t\n            \t\t\t\t\t\t\t<div class=\"wp-block-table m-0\">\n            \t\t\t\t\t\t\t\t<table class=\"table\">\n            \t\t\t\t\t\t\t\t\t<caption class=\"sr-only\">2nd Year<\/caption>\n            \t\t\t\t\t\t\t\t\t<thead class=\"sr-only\">\n            \t\t\t\t\t\t\t\t\t\t<tr class=\"sr-only\">\n            \t\t\t\t\t\t\t\t\t\t\t            \t\t\t\t\t\t\t\t\t\t\t\t            \t\t\t\t\t\t\t\t\t\t\t\t\t<th class=\"sr-only curricular_plan_cu_field curricular_plan_cu_code\">ID<\/th>\n            \t\t\t\t\t\t\t\t\t\t\t\t            \t\t\t\t\t\t\t\t\t\t\t            \t\t\t\t\t\t\t\t\t\t\t\t            \t\t\t\t\t\t\t\t\t\t\t\t\t<th class=\"sr-only curricular_plan_cu_field curricular_plan_cu_title\">Name<\/th>\n            \t\t\t\t\t\t\t\t\t\t\t\t            \t\t\t\t\t\t\t\t\t\t\t            \t\t\t\t\t\t\t\t\t\t\t\t            \t\t\t\t\t\t\t\t\t\t\t\t\t<th class=\"sr-only curricular_plan_cu_field curricular_plan_cu_period\">Semester<\/th>\n            \t\t\t\t\t\t\t\t\t\t\t\t            \t\t\t\t\t\t\t\t\t\t\t            \t\t\t\t\t\t\t\t\t\t\t\t            \t\t\t\t\t\t\t\t\t\t\t\t\t<th class=\"sr-only curricular_plan_cu_field curricular_plan_cu_ects\">ECTS<\/th>\n            \t\t\t\t\t\t\t\t\t\t\t\t            \t\t\t\t\t\t\t\t\t\t\t            \t\t\t\t\t\t\t\t\t\t\t\t            \t\t\t\t\t\t\t\t\t\t\t\t\t<th class=\"sr-only curricular_plan_cu_field curricular_plan_cu_duration\">Length<\/th>\n            \t\t\t\t\t\t\t\t\t\t\t\t            \t\t\t\t\t\t\t\t\t\t\t            \t\t\t\t\t\t\t\t\t\t\t\t            \t\t\t\t\t\t\t\t\t\t\t            \t\t\t\t\t\t\t\t\t\t<\/tr>\n            \t\t\t\t\t\t\t\t\t<\/thead>\n            \t\t\t\t\t\t\t\t\t<tbody>\n            \t\t\t\t\t\t\t\t\t\t            \t\t\t\t\t\t\t\t\t\t\t<tr>\n            \t\t\t\t\t\t\t\t\t\t\t\t            \t\t\t\t\t\t\t\t\t\t\t\t\t            \t\t\t\t\t\t\t\t\t\t\t\t\t\t<td class=\"curricular_plan_cu_field curricular_plan_cu_code\">\n            \t\t\t\t\t\t\t\t\t\t\t\t\t\t\t            \t\t\t\t\t\t\t\t\t\t\t\t\t\t\t\t\n            \t\t\t\t\t\t\t\t\t\t\t\t\t\t\t            \t\t\t\t\t\t\t\t\t\t\t\t\t\t<\/td>\n            \t\t\t\t\t\t\t\t\t\t\t\t\t            \t\t\t\t\t\t\t\t\t\t\t\t            \t\t\t\t\t\t\t\t\t\t\t\t\t            \t\t\t\t\t\t\t\t\t\t\t\t\t\t<td class=\"curricular_plan_cu_field curricular_plan_cu_title\">\n            \t\t\t\t\t\t\t\t\t\t\t\t\t\t\t            \t\t\t\t\t\t\t\t\t\t\t\t\t\t\t\t<a class=\"btn btn-link p-0 text-left\" data-toggle=\"collapse\" href=\"#cu-desc-1-0\" role=\"button\" aria-expanded=\"false\">\n            \t\t\t\t\t\t\t\t\t\t\t\t\t\t\t\t\tPr\u00e1ticas Discursivas\n            \t\t\t\t\t\t\t\t\t\t\t\t\t\t\t\t<\/a>\n            \t\t\t\t\t\t\t\t\t\t\t\t\t\t\t            \t\t\t\t\t\t\t\t\t\t\t\t\t\t<\/td>\n            \t\t\t\t\t\t\t\t\t\t\t\t\t            \t\t\t\t\t\t\t\t\t\t\t\t            \t\t\t\t\t\t\t\t\t\t\t\t\t            \t\t\t\t\t\t\t\t\t\t\t\t\t\t<td class=\"curricular_plan_cu_field curricular_plan_cu_period\">\n            \t\t\t\t\t\t\t\t\t\t\t\t\t\t\t            \t\t\t\t\t\t\t\t\t\t\t\t\t\t\t\t1st Semester\n            \t\t\t\t\t\t\t\t\t\t\t\t\t\t\t            \t\t\t\t\t\t\t\t\t\t\t\t\t\t<\/td>\n            \t\t\t\t\t\t\t\t\t\t\t\t\t            \t\t\t\t\t\t\t\t\t\t\t\t            \t\t\t\t\t\t\t\t\t\t\t\t\t            \t\t\t\t\t\t\t\t\t\t\t\t\t\t<td class=\"curricular_plan_cu_field curricular_plan_cu_ects\">\n            \t\t\t\t\t\t\t\t\t\t\t\t\t\t\t            \t\t\t\t\t\t\t\t\t\t\t\t\t\t\t\t9\n            \t\t\t\t\t\t\t\t\t\t\t\t\t\t\t            \t\t\t\t\t\t\t\t\t\t\t\t\t\t<\/td>\n            \t\t\t\t\t\t\t\t\t\t\t\t\t            \t\t\t\t\t\t\t\t\t\t\t\t            \t\t\t\t\t\t\t\t\t\t\t\t\t            \t\t\t\t\t\t\t\t\t\t\t\t\t\t<td class=\"curricular_plan_cu_field curricular_plan_cu_duration\">\n            \t\t\t\t\t\t\t\t\t\t\t\t\t\t\t            \t\t\t\t\t\t\t\t\t\t\t\t\t\t\t\t2nd Year\n            \t\t\t\t\t\t\t\t\t\t\t\t\t\t\t            \t\t\t\t\t\t\t\t\t\t\t\t\t\t<\/td>\n            \t\t\t\t\t\t\t\t\t\t\t\t\t            \t\t\t\t\t\t\t\t\t\t\t\t            \t\t\t\t\t\t\t\t\t\t\t\t\t            \t\t\t\t\t\t\t\t\t\t\t\t            \t\t\t\t\t\t\t\t\t\t\t<\/tr>\n            \t\t\t\t\t\t\t\t\t\t\t            \t\t\t\t\t\t\t\t\t\t\t            \t\t\t\t\t\t\t\t\t\t\t\t<tr id=\"cu-desc-1-0\" class=\"collapse\">\n            \t\t\t\t\t\t\t\t\t\t\t\t\t<td colspan=\"100%\" class=\"curricular_plan_cu_field curricular_plan_cu_description p-3\">\n            \t\t\t\t\t\t\t\t\t\t\t\t\t\t\n<ol><li>The order of discourses: genres and forms.<\/li><li>Writing practices: describing, conceptualizing, questioning.<\/li><li>Theory and critical discourse: study of selected cases.<\/li><li>Lexicon and vocabulary of the arts: references and how to use them.<\/li><li>The curatorial discourse: modes of investigation and research in the arts.<\/li><li>Discursive modalities in the field of contemporary art<\/li><li>The potential (auto)biographical and narrative dimension of writing<\/li><li>Discursive practices in the construction of theauthor<\/li><\/ol>\n\n            \t\t\t\t\t\t\t\t\t\t\t\t\t<\/td>\n            \t\t\t\t\t\t\t\t\t\t\t\t<\/tr>\n            \t\t\t\t\t\t\t\t\t\t\t            \t\t\t\t\t\t\t\t\t\t            \t\t\t\t\t\t\t\t\t\t\t<tr>\n            \t\t\t\t\t\t\t\t\t\t\t\t            \t\t\t\t\t\t\t\t\t\t\t\t\t            \t\t\t\t\t\t\t\t\t\t\t\t\t\t<td class=\"curricular_plan_cu_field curricular_plan_cu_code\">\n            \t\t\t\t\t\t\t\t\t\t\t\t\t\t\t            \t\t\t\t\t\t\t\t\t\t\t\t\t\t\t\t\n            \t\t\t\t\t\t\t\t\t\t\t\t\t\t\t            \t\t\t\t\t\t\t\t\t\t\t\t\t\t<\/td>\n            \t\t\t\t\t\t\t\t\t\t\t\t\t            \t\t\t\t\t\t\t\t\t\t\t\t            \t\t\t\t\t\t\t\t\t\t\t\t\t            \t\t\t\t\t\t\t\t\t\t\t\t\t\t<td class=\"curricular_plan_cu_field curricular_plan_cu_title\">\n            \t\t\t\t\t\t\t\t\t\t\t\t\t\t\t            \t\t\t\t\t\t\t\t\t\t\t\t\t\t\t\t<a class=\"btn btn-link p-0 text-left\" data-toggle=\"collapse\" href=\"#cu-desc-1-1\" role=\"button\" aria-expanded=\"false\">\n            \t\t\t\t\t\t\t\t\t\t\t\t\t\t\t\t\tSemin\u00e1rio de Investiga\u00e7\u00e3o \n            \t\t\t\t\t\t\t\t\t\t\t\t\t\t\t\t<\/a>\n            \t\t\t\t\t\t\t\t\t\t\t\t\t\t\t            \t\t\t\t\t\t\t\t\t\t\t\t\t\t<\/td>\n            \t\t\t\t\t\t\t\t\t\t\t\t\t            \t\t\t\t\t\t\t\t\t\t\t\t            \t\t\t\t\t\t\t\t\t\t\t\t\t            \t\t\t\t\t\t\t\t\t\t\t\t\t\t<td class=\"curricular_plan_cu_field curricular_plan_cu_period\">\n            \t\t\t\t\t\t\t\t\t\t\t\t\t\t\t            \t\t\t\t\t\t\t\t\t\t\t\t\t\t\t\t1st Semester\n            \t\t\t\t\t\t\t\t\t\t\t\t\t\t\t            \t\t\t\t\t\t\t\t\t\t\t\t\t\t<\/td>\n            \t\t\t\t\t\t\t\t\t\t\t\t\t            \t\t\t\t\t\t\t\t\t\t\t\t            \t\t\t\t\t\t\t\t\t\t\t\t\t            \t\t\t\t\t\t\t\t\t\t\t\t\t\t<td class=\"curricular_plan_cu_field curricular_plan_cu_ects\">\n            \t\t\t\t\t\t\t\t\t\t\t\t\t\t\t            \t\t\t\t\t\t\t\t\t\t\t\t\t\t\t\t12\n            \t\t\t\t\t\t\t\t\t\t\t\t\t\t\t            \t\t\t\t\t\t\t\t\t\t\t\t\t\t<\/td>\n            \t\t\t\t\t\t\t\t\t\t\t\t\t            \t\t\t\t\t\t\t\t\t\t\t\t            \t\t\t\t\t\t\t\t\t\t\t\t\t            \t\t\t\t\t\t\t\t\t\t\t\t\t\t<td class=\"curricular_plan_cu_field curricular_plan_cu_duration\">\n            \t\t\t\t\t\t\t\t\t\t\t\t\t\t\t            \t\t\t\t\t\t\t\t\t\t\t\t\t\t\t\t2nd Year\n            \t\t\t\t\t\t\t\t\t\t\t\t\t\t\t            \t\t\t\t\t\t\t\t\t\t\t\t\t\t<\/td>\n            \t\t\t\t\t\t\t\t\t\t\t\t\t            \t\t\t\t\t\t\t\t\t\t\t\t            \t\t\t\t\t\t\t\t\t\t\t\t\t            \t\t\t\t\t\t\t\t\t\t\t\t            \t\t\t\t\t\t\t\t\t\t\t<\/tr>\n            \t\t\t\t\t\t\t\t\t\t\t            \t\t\t\t\t\t\t\t\t\t\t            \t\t\t\t\t\t\t\t\t\t\t\t<tr id=\"cu-desc-1-1\" class=\"collapse\">\n            \t\t\t\t\t\t\t\t\t\t\t\t\t<td colspan=\"100%\" class=\"curricular_plan_cu_field curricular_plan_cu_description p-3\">\n            \t\t\t\t\t\t\t\t\t\t\t\t\t\t\n<ol><li>The methodology of scientific work: from the starting question to the inference of conclusions;<\/li><li>The importance of critical analysis of sources and forms of referencing;<\/li><li>Design, preparation and phasing of the research project;<\/li><li>Conversations with experts from the cultural and creative sector to define and expand the field of research;<\/li><\/ol>\n\n            \t\t\t\t\t\t\t\t\t\t\t\t\t<\/td>\n            \t\t\t\t\t\t\t\t\t\t\t\t<\/tr>\n            \t\t\t\t\t\t\t\t\t\t\t            \t\t\t\t\t\t\t\t\t\t            \t\t\t\t\t\t\t\t\t\t\t<tr>\n            \t\t\t\t\t\t\t\t\t\t\t\t            \t\t\t\t\t\t\t\t\t\t\t\t\t            \t\t\t\t\t\t\t\t\t\t\t\t\t\t<td class=\"curricular_plan_cu_field curricular_plan_cu_code\">\n            \t\t\t\t\t\t\t\t\t\t\t\t\t\t\t            \t\t\t\t\t\t\t\t\t\t\t\t\t\t\t\t\n            \t\t\t\t\t\t\t\t\t\t\t\t\t\t\t            \t\t\t\t\t\t\t\t\t\t\t\t\t\t<\/td>\n            \t\t\t\t\t\t\t\t\t\t\t\t\t            \t\t\t\t\t\t\t\t\t\t\t\t            \t\t\t\t\t\t\t\t\t\t\t\t\t            \t\t\t\t\t\t\t\t\t\t\t\t\t\t<td class=\"curricular_plan_cu_field curricular_plan_cu_title\">\n            \t\t\t\t\t\t\t\t\t\t\t\t\t\t\t            \t\t\t\t\t\t\t\t\t\t\t\t\t\t\t\tThesis\/Final Project\/Internship\n            \t\t\t\t\t\t\t\t\t\t\t\t\t\t\t            \t\t\t\t\t\t\t\t\t\t\t\t\t\t<\/td>\n            \t\t\t\t\t\t\t\t\t\t\t\t\t            \t\t\t\t\t\t\t\t\t\t\t\t            \t\t\t\t\t\t\t\t\t\t\t\t\t            \t\t\t\t\t\t\t\t\t\t\t\t\t\t<td class=\"curricular_plan_cu_field curricular_plan_cu_period\">\n            \t\t\t\t\t\t\t\t\t\t\t\t\t\t\t            \t\t\t\t\t\t\t\t\t\t\t\t\t\t\t\t2nd Semester\n            \t\t\t\t\t\t\t\t\t\t\t\t\t\t\t            \t\t\t\t\t\t\t\t\t\t\t\t\t\t<\/td>\n            \t\t\t\t\t\t\t\t\t\t\t\t\t            \t\t\t\t\t\t\t\t\t\t\t\t            \t\t\t\t\t\t\t\t\t\t\t\t\t            \t\t\t\t\t\t\t\t\t\t\t\t\t\t<td class=\"curricular_plan_cu_field curricular_plan_cu_ects\">\n            \t\t\t\t\t\t\t\t\t\t\t\t\t\t\t            \t\t\t\t\t\t\t\t\t\t\t\t\t\t\t\t30\n            \t\t\t\t\t\t\t\t\t\t\t\t\t\t\t            \t\t\t\t\t\t\t\t\t\t\t\t\t\t<\/td>\n            \t\t\t\t\t\t\t\t\t\t\t\t\t            \t\t\t\t\t\t\t\t\t\t\t\t            \t\t\t\t\t\t\t\t\t\t\t\t\t            \t\t\t\t\t\t\t\t\t\t\t\t\t\t<td class=\"curricular_plan_cu_field curricular_plan_cu_duration\">\n            \t\t\t\t\t\t\t\t\t\t\t\t\t\t\t            \t\t\t\t\t\t\t\t\t\t\t\t\t\t\t\t2nd Year\n            \t\t\t\t\t\t\t\t\t\t\t\t\t\t\t            \t\t\t\t\t\t\t\t\t\t\t\t\t\t<\/td>\n            \t\t\t\t\t\t\t\t\t\t\t\t\t            \t\t\t\t\t\t\t\t\t\t\t\t            \t\t\t\t\t\t\t\t\t\t\t\t\t            \t\t\t\t\t\t\t\t\t\t\t\t            \t\t\t\t\t\t\t\t\t\t\t<\/tr>\n            \t\t\t\t\t\t\t\t\t\t\t            \t\t\t\t\t\t\t\t\t\t\t            \t\t\t\t\t\t\t\t\t\t            \t\t\t\t\t\t\t\t\t<\/tbody>\n            \t\t\t\t\t\t\t\t<\/table>\n            \t\t\t\t\t\t\t<\/div>\n            \t\t\t\t\t\t            \t\t\t\t\t<\/div>\t\t\t\t\t\t\t\n            \t\t\t\t<\/div>\n            \t\t\t<\/div>\n            \t\t<\/div>\n            \t<\/div>\n    \t\t    \t<\/div>\n    <\/section>\n\n\n\n<div style=\"height:40px\" aria-hidden=\"true\" class=\"wp-block-spacer\"><\/div>\n\n\n\n<hr class=\"wp-block-separator has-css-opacity\"\/>\n\n\n\n<div style=\"height:40px\" aria-hidden=\"true\" class=\"wp-block-spacer\"><\/div>\n\n\n\n<div class=\"wp-container-13 wp-block-columns\">\n<div class=\"wp-container-10 wp-block-column\"><div class=\"post-field course_public_notice\">\n   <h3 class=\"pt-0 field-title\">Entry Requirements<\/h2>\n    <div>\n<p>May apply to the master in cultural management (henceforth designated as MCM):<\/p>\n\n\n\n<p>a) Holders of a BA degree or equivalent in the areas of culture, arts, social sciences, management, administration, economics, information technology and related areas;<\/p>\n\n\n\n<p>b) Holders of a foreign academic graduation degree, organized according to the principles of the Bologna Process by an adherent State;<\/p>\n\n\n\n<p>c) Holders of a foreign BA degree, recognized as relevant by the Technical-Scientific Council of ESAD.CR;<\/p>\n\n\n\n<p>d) Holders of an academic, scientific or professional curriculum, recognized as attesting the capacity to carry out this programme by the Scientific-Technical Council of ESAD.CR.<\/p>\n\n\n\n<p><span class=\"semi-bold\">International Student<\/span><br>All information related to the \u00a0international student application should be consulted on our\u00a0<a rel=\"noopener\" href=\"https:\/\/www.ipleiria.pt\/en\/international\/studying-in-portugal\/international-students\/\" target=\"_blank\">International Students<\/a>\u00a0webpage.<\/p>\n<\/div>\n    <div class=\"clearfix\"><\/div>\n<\/div><\/div>\n\n\n\n<div class=\"wp-container-11 wp-block-column\" style=\"flex-basis:3%\"><\/div>\n\n\n\n<div class=\"wp-container-12 wp-block-column\"><div class=\"post-field course_accreditation\">\n   <h3 class=\"field-title\">Accreditation<\/h2>\n    <div><!-- wp:paragraph -->\n<p>State: Accredited<br>Number of years of accreditation: 6<br>Publication date: 04-12-2020<\/p>\n<!-- \/wp:paragraph -->\n\n<!-- wp:paragraph -->\n<p><a href=\"https:\/\/www.a3es.pt\/pt\/resultados-acreditacao\/gestao-cultural-6\" target=\"_blank\" rel=\"noreferrer noopener\">Accreditation A3ES<\/a><\/p>\n<!-- \/wp:paragraph --><\/div>\n    <div class=\"clearfix\"><\/div>\n<\/div>\n\n<div class=\"post-field course_more_information\">\n   <h3 class=\"field-title\">More Information<\/h2>\n    <div>\n<p><span class=\"semi-bold\">Contacts<\/span><br>E-mail:&nbsp;<a href=\"mailto:studywithus@ipleiria.pt\" target=\"_blank\" rel=\"noreferrer noopener\">studywithus@ipleiria.pt<\/a><\/p>\n<\/div>\n    <div class=\"clearfix\"><\/div>\n<\/div><\/div>\n<\/div>\n\n\n\n<div style=\"height:40px\" aria-hidden=\"true\" class=\"wp-block-spacer\"><\/div>\n\n\n\n<div id=\"gbc-_a4101f-83\" class=\"wp-block-pt-ipleiria-ued-wp-theme-ipleiria-gutenbergblocks-container gbc gbc-view row-valign-top align-full\" style=\"background-color:#F3F3F3\"><div class=\"gbc-background-overlay gbc-background-overlay-normal\" style=\"opacity:0.3\"><\/div><div class=\"gbc-wrapper\" style=\"padding-top:0;padding-bottom:0\"><div id=\"gbc-container-gbc-_a4101f-83\" class=\"inner-container\">\n<div class=\"wp-container-16 wp-block-columns\">\n<div class=\"wp-container-14 wp-block-column is-vertically-aligned-top m-0 d-print-none\"><div class=\"wp-block-image\">\n<figure class=\"alignright size-full\"><img loading=\"lazy\" width=\"1771\" height=\"1181\" src=\"https:\/\/www.ipleiria.pt\/en\/wp-content\/uploads\/sites\/25\/2020\/05\/course_asset_03.jpg\" alt=\"\" class=\"wp-image-23169\" srcset=\"https:\/\/www.ipleiria.pt\/en\/wp-content\/uploads\/sites\/25\/2020\/05\/course_asset_03.jpg 1771w, https:\/\/www.ipleiria.pt\/en\/wp-content\/uploads\/sites\/25\/2020\/05\/course_asset_03-300x200.jpg 300w, https:\/\/www.ipleiria.pt\/en\/wp-content\/uploads\/sites\/25\/2020\/05\/course_asset_03-1024x683.jpg 1024w, https:\/\/www.ipleiria.pt\/en\/wp-content\/uploads\/sites\/25\/2020\/05\/course_asset_03-768x512.jpg 768w, https:\/\/www.ipleiria.pt\/en\/wp-content\/uploads\/sites\/25\/2020\/05\/course_asset_03-1536x1024.jpg 1536w\" sizes=\"(max-width: 1771px) 100vw, 1771px\" \/><\/figure><\/div><\/div>\n\n\n\n<div class=\"wp-container-15 wp-block-column m-0 px-sm-4 scroll-text grey\" style=\"flex-basis:50%\">\n<div id=\"gbc-_535d73-ec\" class=\"wp-block-pt-ipleiria-ued-wp-theme-ipleiria-gutenbergblocks-container gbc gbc-view row-valign-top align-full\" style=\"margin-left:0px;margin-right:0px\"><div class=\"gbc-background-overlay gbc-background-overlay-normal\" style=\"opacity:0.3\"><\/div><div class=\"gbc-wrapper\" style=\"padding-left:15px;padding-right:15px;padding-top:42px;padding-bottom:15px\"><div id=\"gbc-container-gbc-_535d73-ec\" class=\"inner-container\" style=\"max-width:540px\"><\/div><\/div><\/div>\n<\/div>\n<\/div>\n<\/div><\/div><\/div>\n\n\n\n<div id=\"gbc-_e8a439-20\" class=\"wp-block-pt-ipleiria-ued-wp-theme-ipleiria-gutenbergblocks-container gbc gbc-view row-valign-top align-full\"><div class=\"gbc-background-overlay gbc-background-overlay-normal\" style=\"opacity:0.3\"><\/div><div class=\"gbc-wrapper\" style=\"padding-top:100px;padding-bottom:60px\"><div id=\"gbc-container-gbc-_e8a439-20\" class=\"inner-container container\">\n<div class=\"wp-container-20 wp-block-columns\">\n<div class=\"wp-container-17 wp-block-column\"><div class=\"post-field course_application_fee\">\n   <h3 class=\"has-text-align-center pt-0 field-title\">Application Fee<\/h2>\n    <div>60\u20ac<\/div>\n    <div class=\"clearfix\"><\/div>\n<\/div><\/div>\n\n\n\n<div class=\"wp-container-18 wp-block-column\"><div class=\"post-field course_enrolment_fee\">\n   <h3 class=\"has-text-align-center pt-0 field-title\">Enrolment Fee<\/h2>\n    <div>\n<p>General contingent: 50\u20ac<br>International student contingent: 100\u20ac<\/p>\n<\/div>\n    <div class=\"clearfix\"><\/div>\n<\/div><\/div>\n\n\n\n<div class=\"wp-container-19 wp-block-column\"><div class=\"post-field course_tuition_fee\">\n   <h3 class=\"has-text-align-center pt-0 field-title\">Tuition Fee<\/h2>\n    <div>\n<p>General contingent: 1140\u20ac<br \/>International student contingent: 3000\u20ac<\/p>\n<\/div>\n    <div class=\"clearfix\"><\/div>\n<\/div><\/div>\n<\/div>\n<\/div><\/div><\/div>\n\n\n\n<div style=\"height:40px\" aria-hidden=\"true\" class=\"wp-block-spacer\"><\/div>\n\n\n\n<hr class=\"wp-block-separator has-css-opacity is-style-wide\"\/>\n\n\n<div class=\"wp-block-pt-ipleiria-ued-wp-theme-ipleiria-gutenbergblocks-container gbc gbc-view row-valign-top align-full \">\n    <div class=\"gbc-background\" style=\"background-color:#262626\"><\/div>\n    <div class=\"gbc-background-overlay gbc-background-overlay-normal\" style=\"opacity:0.3\"><\/div>\n    <div class=\"gbc-wrapper\" style=\"padding-top:100px;padding-bottom:60px\">\n        <div id=\"gbc-container-_2a836c-36\" class=\"inner-container container\">\n            <h2 class=\"has-text-align-center is-style-theme-title has-dark-title-text-color-color has-text-color\">Online Application<\/h2>\n            <p class=\"has-text-align-center has-dark-title-text-color-color has-text-color\">Use the button bellow to start your application.<\/p>                                                                                                        \n                    <div class=\"wp-block-buttons aligncenter is-content-justification-center\">\n                        <div class=\"wp-block-button is-style-theme-button-outline\">\n                            <a class=\"wp-block-button__link has-title-text-color-color has-dark-title-text-color-background-color has-text-color has-background\" href=\"https:\/\/www.ipleiria.pt\/en\/study\/applications\/masters-applications\/\" target=\"_blank\" rel=\"noreferrer noopener\">How to apply<\/a>\n                    \n                        <\/div>\n                    <\/div>\n                <\/div>\n    <\/div>\n<\/div>\n    <div style=\"margin-bottom: 40px;\"><\/div>\n\n\n                                    ","protected":false},"featured_media":44343,"template":"","meta":{"multilingual_post_translation":"{\"pt-PT\":{\"url\":\"https:\/\/www.ipleiria.pt\/curso\/mestrado-em-gestao-cultural\/\",\"postID\":451,\"postTitle\":\"Gest\u00e3o Cultural\",\"siteID\":1,\"customURL\":false,\"languageInfo\":{\"multilingual_site_api_url\":\"https:\/\/www.ipleiria.pt\/wp-json\/\",\"name\":\"Portugu\u00eas\",\"locale\":\"pt_PT\"}}}","custompostfields_course-video":"","custompostfields_course_certificates":"","custompostfields_course_vacancies_geral":"","custompostfields_course_vacancies_international":"","custompostfields_course_tuition_fee_geral":"","custompostfields_course_application":"","custompostfields_course_tuition_fee_international":"","custompostfields_course-curriculum_pdf":0,"custompostfields_course_enrolment_fee_general":"","custompostfields_course_enrolment_fee_international":"","custompostfields_course_announcement":"","custompostfields_meta-description":"","custompostfields_course-study-plan":"","custompostfields_course_presentation":"<!-- wp:paragraph {\"placeholder\":\"Set \\u0022Programme Introduction\\u0022 content...\"} -->\n<p>This master aims the development of skills and the acquisition of in-depth knowledge for a qualified professional practice in the cultural and creative sector in its global and local contexts of the production and circulation of cultural goods, emphasizing the processes of urban planning and regeneration and the emerging creative industries. Highlighting the professional character of the MCM, the learning environment develops itself through active and participant research methodologies focusing contemporary and qualified institutional practices, providing the acquisition of specific skills in cultural management, both for the formulation of projects or in daily management of a range of diversified cultural organizations.<\/p>\n<!-- \/wp:paragraph -->","custompostfields_course_content":"","custompostfields_course_code":"9433","custompostfields_course_public_notice":"<!-- wp:paragraph -->\n<p><a rel=\"noreferrer noopener\" href=\"https:\/\/www.ipleiria.pt\/wp-content\/uploads\/2026\/04\/Edital-ESAD.CR-Gestao-Cultural-PL.pdf\" data-type=\"URL\" data-id=\"https:\/\/www.ipleiria.pt\/wp-content\/uploads\/2026\/04\/Edital-ESAD.CR-Gestao-Cultural-PL.pdf\" target=\"_blank\">Edital 2026<\/a> (PT Doc retf 2v)<\/p>\n<!-- \/wp:paragraph -->","custompostfields_course_length":"4 Semesters","custompostfields_course_ects":"120","custompostfields_course_supervisor":"<!-- wp:paragraph -->\n<p>(updating)<\/p>\n<!-- \/wp:paragraph -->","custompostfields_course_vacancies":"<!-- wp:paragraph -->\n<p>General and International student contingent: 25<\/p>\n<!-- \/wp:paragraph -->","custompostfields_course_application_fee":"60\u20ac","custompostfields_course_enrolment_fee":"<!-- wp:freeform -->\n<p>General contingent: 50\u20ac<br>International student contingent: 100\u20ac<\/p>\n<!-- \/wp:freeform -->","custompostfields_course_tuition_fee":"<!-- wp:freeform -->\n<p>General contingent: 1140\u20ac<br \/>International student contingent: 3000\u20ac<\/p>\n<!-- \/wp:freeform -->","custompostfields_course_goals":"<!-- wp:freeform -->\n<p>The Master in Cultural Management (henceforth designated as MCM) provides a conceptual framework and references in the areas related with the mission of a cultural manager, based on the systematic approach to the management of cultural and artistic projects.<\/p>\n<!-- \/wp:freeform -->","custompostfields_course_future_studies":"","custompostfields_course_career_prospects":"","custompostfields_course_entry_requirements":"<!-- wp:paragraph -->\n<p>May apply to the master in cultural management (henceforth designated as MCM):<\/p>\n<!-- \/wp:paragraph -->\n\n<!-- wp:paragraph -->\n<p>a) Holders of a BA degree or equivalent in the areas of culture, arts, social sciences, management, administration, economics, information technology and related areas;<\/p>\n<!-- \/wp:paragraph -->\n\n<!-- wp:paragraph -->\n<p>b) Holders of a foreign academic graduation degree, organized according to the principles of the Bologna Process by an adherent State;<\/p>\n<!-- \/wp:paragraph -->\n\n<!-- wp:paragraph -->\n<p>c) Holders of a foreign BA degree, recognized as relevant by the Technical-Scientific Council of ESAD.CR;<\/p>\n<!-- \/wp:paragraph -->\n\n<!-- wp:paragraph -->\n<p>d) Holders of an academic, scientific or professional curriculum, recognized as attesting the capacity to carry out this programme by the Scientific-Technical Council of ESAD.CR.<\/p>\n<!-- \/wp:paragraph -->\n\n<!-- wp:paragraph -->\n<p><span class=\"semi-bold\">International Student<\/span><br>All information related to the \u00a0international student application should be consulted on our\u00a0<a rel=\"noopener\" href=\"https:\/\/www.ipleiria.pt\/en\/international\/studying-in-portugal\/international-students\/\" target=\"_blank\">International Students<\/a>\u00a0webpage.<\/p>\n<!-- \/wp:paragraph -->","custompostfields_course_more_information":"<!-- wp:paragraph -->\n<p><span class=\"semi-bold\">Contacts<\/span><br>E-mail:&nbsp;<a href=\"mailto:studywithus@ipleiria.pt\" target=\"_blank\" rel=\"noreferrer noopener\">studywithus@ipleiria.pt<\/a><\/p>\n<!-- \/wp:paragraph -->","custompostfields_course_curriculum":"[{\"curricular_plan_section_title\":\"1st Year\",\"curricular_plan_cus\":[{\"curricular_plan_cu_code\":\"\",\"curricular_plan_cu_title\":\"Gest\u00e3o Cultural I\",\"curricular_plan_cu_period\":\"1st Semester\",\"curricular_plan_cu_ects\":\"6\",\"curricular_plan_cu_duration\":\"1st Year\",\"curricular_plan_cu_description\":\"<!-- wp:list {\\\"ordered\\\":true} -->\\n<ol><li>Introduction: The cultural and creative sector, Cultural professions and Professional organizations<\/li><li>Challenges and contemporary dilemmas of Cultural Management<\/li><li>Cultural Policies (Europe \/ Portugal)<\/li><li>Economy of Culture and Creativity<\/li><li>Management of cultural projects and equipment<\/li><li>Cultural Audiences and Cultural Practices<\/li><li>Cultural Networks<\/li><li>Urban Culture, Festivals and Major Events<\/li><li>Cultural Entrepreneurship<\/li><\/ol>\\n<!-- \/wp:list -->\"},{\"curricular_plan_cu_code\":\"\",\"curricular_plan_cu_title\":\"Project Management I\",\"curricular_plan_cu_period\":\"1st Semester\",\"curricular_plan_cu_ects\":\"12\",\"curricular_plan_cu_duration\":\"1st Year\",\"curricular_plan_cu_description\":\"<!-- wp:list {\\\"ordered\\\":true} -->\\n<ol><li>Cultural property: definition and areas of intervention<\/li><li>Curating and Programming: characteristics of production, communication and funding<\/li><li>Curatorial and programming proposals<\/li><li>Concepts of production, financing and cultural communication<\/li><li>Stages in the management process<\/li><li>Contracts and protocols<\/li><li>Managing artistic teams<\/li><li>Managing and training production teams<\/li><li>Audience mediation and accessibility plan<\/li><li>Reports: elements for analysing the event<\/li><li>Dossier and funding, communication and media planning<\/li><li>Team organisation chart and detailed job description<\/li><li>Timetabling, budgeting and applications<\/li><\/ol>\\n<!-- \/wp:list -->\"},{\"curricular_plan_cu_code\":\"\",\"curricular_plan_cu_title\":\"Urban Studies\",\"curricular_plan_cu_period\":\"1st Semester\",\"curricular_plan_cu_ects\":\"6\",\"curricular_plan_cu_duration\":\"1st Year\",\"curricular_plan_cu_description\":\"<!-- wp:paragraph -->\\n<p>The course is divided into five broad themes that will be addressed in an integrated approach and following the various pedagogical and research methodologies defined for this subject:<\/p>\\n<!-- \/wp:paragraph -->\\n\\n<!-- wp:list {\\\"ordered\\\":true} -->\\n<ol><li>Theories and practices of urban space<\/li><li>Urban culture and globalization<\/li><li>Cultural practices in the city: from patrimonialization to social movements<\/li><li>Urban subcultures and the reconfiguration of urban space<\/li><li>The city as a creative object: case studies.<\/li><\/ol>\\n<!-- \/wp:list -->\"},{\"curricular_plan_cu_code\":\"\",\"curricular_plan_cu_title\":\"Contemporary Culture\",\"curricular_plan_cu_period\":\"1st Semester\",\"curricular_plan_cu_ects\":\"6\",\"curricular_plan_cu_duration\":\"1st Year\",\"curricular_plan_cu_description\":\"<!-- wp:list {\\\"ordered\\\":true} -->\\n<ol><li>In the games of categories, in the mesh of hierarchies<\/li><li>Cultures in (Contemporary Culture)<\/li><li>Culture and Nature<\/li><li>When culture goes POP<\/li><li>Black Culture<\/li><li>The digitalization of culture<\/li><\/ol>\\n<!-- \/wp:list -->\"},{\"curricular_plan_cu_code\":\"\",\"curricular_plan_cu_title\":\"Estudos Curatoriais\",\"curricular_plan_cu_period\":\"1st Semester\",\"curricular_plan_cu_ects\":\"6\",\"curricular_plan_cu_duration\":\"1st Year\",\"curricular_plan_cu_description\":\"<!-- wp:list {\\\"ordered\\\":true} -->\\n<ol><li>Atlas Mnemosyne de Aby Warburg;<\/li><li>Didi-Hubermann: Atlas ou a gaia ci\u00eancia inquieta;<\/li><li>Georges Bataille: revista Documents e dicion\u00e1rio cr\u00edtico;<\/li><li>Nadja de Andr\u00e9 Breton;-- Marcel Broodthaers: Mus\u00e9e d'art moderne, section des aigles;<\/li><li>Os Becher: Gaz Tanks;-- Evidence: sultan e Mandel;<\/li><li>Peter Piller: di\u00e1rios;<\/li><li>Jorge Luis Borges e Maria Kodama: Atlas;<\/li><li>Jean Luc Godard: Histoires du Cin\u00e9ma;<\/li><\/ol>\\n<!-- \/wp:list -->\"},{\"curricular_plan_cu_code\":\"\",\"curricular_plan_cu_title\":\"Creative Industries\",\"curricular_plan_cu_period\":\"2nd Semester\",\"curricular_plan_cu_ects\":\"9\",\"curricular_plan_cu_duration\":\"1st Year\",\"curricular_plan_cu_description\":\"\"},{\"curricular_plan_cu_code\":\"\",\"curricular_plan_cu_title\":\"Communication\",\"curricular_plan_cu_period\":\"2nd Semester\",\"curricular_plan_cu_ects\":\"9\",\"curricular_plan_cu_duration\":\"1st Year\",\"curricular_plan_cu_description\":\"\"},{\"curricular_plan_cu_code\":\"\",\"curricular_plan_cu_title\":\"Project Management II\",\"curricular_plan_cu_period\":\"2nd Semester\",\"curricular_plan_cu_ects\":\"12\",\"curricular_plan_cu_duration\":\"1st Year\",\"curricular_plan_cu_description\":\"\"}]},{\"curricular_plan_section_title\":\"2nd Year\",\"curricular_plan_cus\":[{\"curricular_plan_cu_code\":\"\",\"curricular_plan_cu_title\":\"Pr\u00e1ticas Discursivas\",\"curricular_plan_cu_period\":\"1st Semester\",\"curricular_plan_cu_ects\":\"9\",\"curricular_plan_cu_duration\":\"2nd Year\",\"curricular_plan_cu_description\":\"<!-- wp:list {\\\"ordered\\\":true} -->\\n<ol><li>The order of discourses: genres and forms.<\/li><li>Writing practices: describing, conceptualizing, questioning.<\/li><li>Theory and critical discourse: study of selected cases.<\/li><li>Lexicon and vocabulary of the arts: references and how to use them.<\/li><li>The curatorial discourse: modes of investigation and research in the arts.<\/li><li>Discursive modalities in the field of contemporary art<\/li><li>The potential (auto)biographical and narrative dimension of writing<\/li><li>Discursive practices in the construction of theauthor<\/li><\/ol>\\n<!-- \/wp:list -->\"},{\"curricular_plan_cu_code\":\"\",\"curricular_plan_cu_title\":\"Semin\u00e1rio de Investiga\u00e7\u00e3o \",\"curricular_plan_cu_period\":\"1st Semester\",\"curricular_plan_cu_ects\":\"12\",\"curricular_plan_cu_duration\":\"2nd Year\",\"curricular_plan_cu_description\":\"<!-- wp:list {\\\"ordered\\\":true} -->\\n<ol><li>The methodology of scientific work: from the starting question to the inference of conclusions;<\/li><li>The importance of critical analysis of sources and forms of referencing;<\/li><li>Design, preparation and phasing of the research project;<\/li><li>Conversations with experts from the cultural and creative sector to define and expand the field of research;<\/li><\/ol>\\n<!-- \/wp:list -->\"},{\"curricular_plan_cu_code\":\"\",\"curricular_plan_cu_title\":\"Thesis\/Final Project\/Internship\",\"curricular_plan_cu_period\":\"2nd Semester\",\"curricular_plan_cu_ects\":\"30\",\"curricular_plan_cu_duration\":\"2nd Year\",\"curricular_plan_cu_description\":\"\"}]}]","custompostfields_course_testimonies":"","custompostfields_course_short_notice":"Vagas abertas para 2020\/2021","custompostfields_post-association_course_enrolment_link":{"opensInNewTab":true},"custompostfields_course_accreditation":"<!-- wp:paragraph -->\n<p>State: Accredited<br>Number of years of accreditation: 6<br>Publication date: 04-12-2020<\/p>\n<!-- \/wp:paragraph -->\n\n<!-- wp:paragraph -->\n<p><a href=\"https:\/\/www.a3es.pt\/pt\/resultados-acreditacao\/gestao-cultural-6\" target=\"_blank\" rel=\"noreferrer noopener\">Accreditation A3ES<\/a><\/p>\n<!-- \/wp:paragraph -->","custompostfields_course_dges_registration":"<!-- wp:paragraph -->\n<p><a href=\"https:\/\/www.dges.gov.pt\/simges\/public\/www\/cursos\/3648\" target=\"_blank\" rel=\"noreferrer noopener\">Link to registration<\/a><\/p>\n<!-- \/wp:paragraph -->","custompostfields_course_footer":""},"course_city":[284],"enrolment_state":[8],"course_language":[55],"course_schedule":[58],"course_domain":[10],"course_school":[9],"course_type":[52],"course_tax":[],"_links":{"self":[{"href":"https:\/\/www.ipleiria.pt\/en\/wp-json\/wp\/v2\/course\/451"}],"collection":[{"href":"https:\/\/www.ipleiria.pt\/en\/wp-json\/wp\/v2\/course"}],"about":[{"href":"https:\/\/www.ipleiria.pt\/en\/wp-json\/wp\/v2\/types\/course"}],"version-history":[{"count":32,"href":"https:\/\/www.ipleiria.pt\/en\/wp-json\/wp\/v2\/course\/451\/revisions"}],"predecessor-version":[{"id":49914,"href":"https:\/\/www.ipleiria.pt\/en\/wp-json\/wp\/v2\/course\/451\/revisions\/49914"}],"wp:featuredmedia":[{"embeddable":true,"href":"https:\/\/www.ipleiria.pt\/en\/wp-json\/wp\/v2\/media\/44343"}],"wp:attachment":[{"href":"https:\/\/www.ipleiria.pt\/en\/wp-json\/wp\/v2\/media?parent=451"}],"wp:term":[{"taxonomy":"course_city","embeddable":true,"href":"https:\/\/www.ipleiria.pt\/en\/wp-json\/wp\/v2\/course_city?post=451"},{"taxonomy":"enrolment_state","embeddable":true,"href":"https:\/\/www.ipleiria.pt\/en\/wp-json\/wp\/v2\/enrolment_state?post=451"},{"taxonomy":"course_language","embeddable":true,"href":"https:\/\/www.ipleiria.pt\/en\/wp-json\/wp\/v2\/course_language?post=451"},{"taxonomy":"course_schedule","embeddable":true,"href":"https:\/\/www.ipleiria.pt\/en\/wp-json\/wp\/v2\/course_schedule?post=451"},{"taxonomy":"course_domain","embeddable":true,"href":"https:\/\/www.ipleiria.pt\/en\/wp-json\/wp\/v2\/course_domain?post=451"},{"taxonomy":"course_school","embeddable":true,"href":"https:\/\/www.ipleiria.pt\/en\/wp-json\/wp\/v2\/course_school?post=451"},{"taxonomy":"course_type","embeddable":true,"href":"https:\/\/www.ipleiria.pt\/en\/wp-json\/wp\/v2\/course_type?post=451"},{"taxonomy":"course_tax","embeddable":true,"href":"https:\/\/www.ipleiria.pt\/en\/wp-json\/wp\/v2\/course_tax?post=451"}],"curies":[{"name":"wp","href":"https:\/\/api.w.org\/{rel}","templated":true}]}}