{"id":4991,"date":"2015-02-05T12:36:47","date_gmt":"2015-02-05T12:36:47","guid":{"rendered":"https:\/\/www.ipleiria.pt\/cursos\/?post_type=course&#038;p=4991"},"modified":"2024-06-27T14:30:17","modified_gmt":"2024-06-27T13:30:17","slug":"tesp-administrative-practices-and-corporate-communication","status":"publish","type":"course","link":"https:\/\/www.ipleiria.pt\/en\/course\/tesp-administrative-practices-and-corporate-communication\/","title":{"rendered":"Administrative Practices and Corporate Communication"},"content":{"rendered":"\n<div style=\"height:15px\" aria-hidden=\"true\" class=\"wp-block-spacer\"><\/div>\n\n\n<div class=\"d-flex flex-column\">\n <h1 class=\"is-style-theme-title order-2\">Administrative Practices and Corporate Communication<\/h1>\n   <div class=\"block post-field post-subtitle course-type order-1\">\n <div class=\"sr-only hide-from-gutenberg\">Course Type: <\/div>\n <div class=\"is-style-theme-subtitle-inherit-color\">Short Cycle (TeSP)<\/div>\n <\/div>\n <\/div>\n\n\n<div class=\"wp-container-3 wp-block-columns\">\n<div class=\"wp-container-1 wp-block-column\" style=\"flex-basis:70%\"><div class=\"post-field clearfix\">\n<h2 class=\"d-none post-title font-weight-semibold h6 m-0 p-0\" style=\"font-size: 1rem\">Conte\u00fado do curso<\/h2>\n<div>\n<p class=\"is-style-theme-subtitle-inherit-color has-regular-text-color-color has-background-grey-color-background-color has-text-color has-background\" style=\"font-size:11px\"><strong>The content of this web page is written in Portuguese as this programme\/course is only taught in Portuguese.<\/strong><\/p>\n<\/div>\n<div class=\"clearfix\"><\/div>\n<\/div>\n\n<div class=\"post-field clearfix\">\n<h2 class=\"d-none post-title font-weight-semibold h6 m-0 p-0\" style=\"font-size: 1rem\">Apresenta\u00e7\u00e3o do curso<\/h2>\n<div>\n<p>O curso T\u00e9cnico Superior Profissional em Pr\u00e1ticas Administrativas e Comunica\u00e7\u00e3o Empresarial visa formar profissionais com compet\u00eancias para planear, gerir e executar atividades administrativas, de assessoria e de apoio t\u00e9cnico em secretariado e comunica\u00e7\u00e3o, em institui\u00e7\u00f5es p\u00fablicas ou em empresas privadas, com ou sem fins lucrativos, vocacionadas para os mercados nacionais e internacionais, e gerir de forma aut\u00f3noma o fluxo de trabalho inerente ao funcionamento dos servi\u00e7os dessas entidades, com recurso a conhecimentos espec\u00edficos na \u00e1rea do secretariado, comunica\u00e7\u00e3o empresarial, <em>marketing<\/em>, contabilidade e apoio jur\u00eddico.<\/p>\n<\/div>\n<div class=\"clearfix\"><\/div>\n<\/div>\n\n<div class=\"post-field clearfix\">\n<h2 class=\"post-title font-weight-semibold h6 m-0 p-0\" style=\"font-size: 1rem\">Coordenador do curso<\/h2>\n<div>\n<p>Marlene Filipa da Natividade e Sousa<br \/><a href=\"mailto:marlene.sousa@ipleiria.pt\" target=\"_blank\" rel=\"noopener\">marlene.sousa@ipleiria.pt<\/a><\/p>\n<\/div>\n<div class=\"clearfix\"><\/div>\n<\/div><\/div>\n\n\n\n<div class=\"wp-container-2 wp-block-column pl-md-5\" style=\"flex-basis:30%\">\n<div style=\"height:15px\" aria-hidden=\"true\" class=\"wp-block-spacer\"><\/div>\n\n\n<div class=\"post-field course_code\">\n<h2 class=\"field-title font-weight-semibold h6 m-0 p-0\" style=\"font-size: 1rem\">C\u00f3digo<\/h2>\n<div>4503<\/div>\n<div class=\"clearfix\"><\/div>\n<\/div>\n\n<div class=\"post-field mt-3 course_school\">\n        <h2 class=\"field-title font-weight-semibold h6 m-0 p-0\" style=\"font-size: 1rem\">School<\/h2>\n                                                                        \n            <div class=\"course-meta-value\"><a title=\"Know more about the School of Education and Social Sciences\" href=\"https:\/\/www.ipleiria.pt\/en\/about-us\/schools\/esecs\/\">Education and Social Sciences<\/a><\/div>\n                <div class=\"clearfix\"><\/div>\n    <\/div><div class=\"post-field mt-3 course_city\">\n        <h2 class=\"field-title font-weight-semibold h6 m-0 p-0\" style=\"font-size: 1rem\">City<\/h2>\n                                                                        \n            <div class=\"course-meta-value\"><a title=\"Know more about Leiria\" href=\"https:\/\/www.ipleiria.pt\/en\/live\/student-life\/leiria-region\/city-of-leiria\/\">Leiria<\/a><\/div>\n                <div class=\"clearfix\"><\/div>\n    <\/div>    <div class=\"post-field mt-3 course_language\">\n        <h2 class=\"field-title font-weight-semibold h6 m-0 p-0\" style=\"font-size: 1rem\">Language<\/h2>\n        <div>Portuguese<\/div>\n        <div class=\"clearfix\"><\/div>\n    <\/div>    <div class=\"post-field mt-3 course_schedule\">\n        <h2 class=\"field-title font-weight-semibold h6 m-0 p-0\" style=\"font-size: 1rem\">Type<\/h2>\n        <div>Morning &amp; Afternoon<\/div>\n        <div class=\"clearfix\"><\/div>\n    <\/div>\n\n<div class=\"post-field mt-3 course_length\">\n    <h2 class=\"field-title font-weight-semibold h6 m-0 p-0\" style=\"font-size: 1rem\">Dura\u00e7\u00e3o<\/h2>\n    <div>2 Anos<\/div>\n    <div class=\"clearfix\"><\/div>\n<\/div>\n\n\n\n<div class=\"post-field mt-3 course_dges_registration\">\n    <h2 class=\"field-title font-weight-semibold h6 m-0 p-0\" style=\"font-size: 1rem\">Registo DGES<\/h2>\n    <div><p><a href=\"https:\/\/www.dges.gov.pt\/pt\/pesquisa_cursos_instituicoes?plid=372&amp;instituicao=Instituto%20Polit%C3%A9cnico%20de%20Leiria&amp;cursos=Pr%C3%A1ticas%20Administrativas%20e%20Comunica%C3%A7%C3%A3o%20Empresarial&amp;distrito=&amp;tipo_ensino=&amp;tipo_estabelecimento=&amp;area=&amp;tipo_curso=7\" target=\"_blank\" rel=\"noopener\">Informa\u00e7\u00e3o de registo<\/a><\/p><\/div>\n    <div class=\"clearfix\"><\/div>\n<\/div><\/div>\n<\/div>\n\n\n\n<hr class=\"wp-block-separator has-css-opacity is-style-wide\"\/>\n\n\n\n<div style=\"height:40px\" aria-hidden=\"true\" class=\"wp-block-spacer\"><\/div>\n\n\n\n<div id=\"gbc-_f1c7ab-0a\" class=\"wp-block-pt-ipleiria-ued-wp-theme-ipleiria-gutenbergblocks-container gbc gbc-view row-valign-top align-full\"><div class=\"gbc-background-overlay gbc-background-overlay-normal\" style=\"opacity:0.3\"><\/div><div class=\"gbc-wrapper\" style=\"padding-top:100px;padding-bottom:60px\"><div id=\"gbc-container-gbc-_f1c7ab-0a\" class=\"inner-container container\">\n<div class=\"wp-container-7 wp-block-columns\">\n<div class=\"wp-container-4 wp-block-column\"><div class=\"post-field course_application_fee\">\n   <h3 class=\"has-text-align-center pt-0 field-title\">Taxa de candidatura<\/h2>\n    <div><!-- wp:freeform -->\n<p style=\"text-align: center;\">60\u20ac<\/p>\n<!-- \/wp:freeform --><\/div>\n    <div class=\"clearfix\"><\/div>\n<\/div><\/div>\n\n\n\n<div class=\"wp-container-5 wp-block-column\"><div class=\"post-field course_enrolment_fee\">\n   <h3 class=\"has-text-align-center pt-0 field-title\">Taxa de matr\u00edcula<\/h2>\n    <div>\n<p>Contingente geral: 30\u20ac*<br>Contingente internacional: 100\u20ac*<\/p>\n\n\n\n<p>*<sub>Inclui Seguro Escolar<\/sub><\/p>\n<\/div>\n    <div class=\"clearfix\"><\/div>\n<\/div><\/div>\n\n\n\n<div class=\"wp-container-6 wp-block-column\"><div class=\"post-field course_tuition_fee\">\n   <h3 class=\"has-text-align-center pt-0 field-title\">Taxa anual<\/h2>\n    <div>\n<p style=\"text-align: center;\">Contingente Geral: 697 \u20ac<em><br \/><\/em>Contingente internacional: 2.250,00 \u20ac<\/p>\n<\/div>\n    <div class=\"clearfix\"><\/div>\n<\/div><\/div>\n<\/div>\n<\/div><\/div><\/div>\n\n\n\n<hr class=\"wp-block-separator has-css-opacity is-style-wide\"\/>\n\n\n\n<p class=\"has-text-align-center has-small-font-size\"><\/p>\n\n\n<div class=\"wp-block-image is-style-default\">\n<figure class=\"aligncenter size-large is-resized\"><img loading=\"lazy\" src=\"https:\/\/www.ipleiria.pt\/en\/wp-content\/uploads\/sites\/25\/2023\/11\/CENTRO2030_BarraCofinan_Designacao_Ass_RGB_2600px-1024x166.png\" alt=\"\" class=\"wp-image-45252\" width=\"512\" height=\"83\" srcset=\"https:\/\/www.ipleiria.pt\/en\/wp-content\/uploads\/sites\/25\/2023\/11\/CENTRO2030_BarraCofinan_Designacao_Ass_RGB_2600px-1024x166.png 1024w, https:\/\/www.ipleiria.pt\/en\/wp-content\/uploads\/sites\/25\/2023\/11\/CENTRO2030_BarraCofinan_Designacao_Ass_RGB_2600px-300x49.png 300w, https:\/\/www.ipleiria.pt\/en\/wp-content\/uploads\/sites\/25\/2023\/11\/CENTRO2030_BarraCofinan_Designacao_Ass_RGB_2600px-768x124.png 768w, https:\/\/www.ipleiria.pt\/en\/wp-content\/uploads\/sites\/25\/2023\/11\/CENTRO2030_BarraCofinan_Designacao_Ass_RGB_2600px-1536x249.png 1536w, https:\/\/www.ipleiria.pt\/en\/wp-content\/uploads\/sites\/25\/2023\/11\/CENTRO2030_BarraCofinan_Designacao_Ass_RGB_2600px-2048x331.png 2048w\" sizes=\"(max-width: 512px) 100vw, 512px\" \/><\/figure><\/div>","protected":false},"featured_media":37365,"template":"","meta":{"multilingual_post_translation":"{\"pt-PT\":{\"url\":\"https:\/\/www.ipleiria.pt\/curso\/tesp-de-praticas-administrativas-e-comunicacao-empresarial\/\",\"postID\":null,\"postTitle\":\"\",\"siteID\":1,\"customURL\":true,\"languageInfo\":{\"multilingual_site_api_url\":\"https:\/\/www.ipleiria.pt\/wp-json\/\",\"name\":\"Portugu\u00eas\",\"locale\":\"pt_PT\"}}}","custompostfields_course-video":"","custompostfields_course_certificates":"","custompostfields_course_vacancies_geral":"","custompostfields_course_vacancies_international":"","custompostfields_course_tuition_fee_geral":"","custompostfields_course_application":"","custompostfields_course_tuition_fee_international":"","custompostfields_course-curriculum_pdf":0,"custompostfields_course_enrolment_fee_general":"","custompostfields_course_enrolment_fee_international":"","custompostfields_course_announcement":"","custompostfields_meta-description":"","custompostfields_course-study-plan":"","custompostfields_course_presentation":"<!-- wp:paragraph -->\n<p>O curso T\u00e9cnico Superior Profissional em Pr\u00e1ticas Administrativas e Comunica\u00e7\u00e3o Empresarial visa formar profissionais com compet\u00eancias para planear, gerir e executar atividades administrativas, de assessoria e de apoio t\u00e9cnico em secretariado e comunica\u00e7\u00e3o, em institui\u00e7\u00f5es p\u00fablicas ou em empresas privadas, com ou sem fins lucrativos, vocacionadas para os mercados nacionais e internacionais, e gerir de forma aut\u00f3noma o fluxo de trabalho inerente ao funcionamento dos servi\u00e7os dessas entidades, com recurso a conhecimentos espec\u00edficos na \u00e1rea do secretariado, comunica\u00e7\u00e3o empresarial, <em>marketing<\/em>, contabilidade e apoio jur\u00eddico.<\/p>\n<!-- \/wp:paragraph -->","custompostfields_course_content":"<!-- wp:paragraph {\"placeholder\":\"Set \\u0022Programme Content\\u0022 content...\",\"style\":{\"typography\":{\"fontSize\":\"11px\"}},\"backgroundColor\":\"background-grey-color\",\"textColor\":\"regular-text-color\",\"className\":\"is-style-theme-subtitle-inherit-color\"} -->\n<p class=\"is-style-theme-subtitle-inherit-color has-regular-text-color-color has-background-grey-color-background-color has-text-color has-background\" style=\"font-size:11px\"><strong>The content of this web page is written in Portuguese as this programme\/course is only taught in Portuguese.<\/strong><\/p>\n<!-- \/wp:paragraph -->","custompostfields_course_code":"4503","custompostfields_course_public_notice":"","custompostfields_course_length":"2 Anos","custompostfields_course_ects":"120","custompostfields_course_supervisor":"<!-- wp:freeform -->\n<p>Marlene Filipa da Natividade e Sousa<br \/><a href=\"mailto:marlene.sousa@ipleiria.pt\" target=\"_blank\" rel=\"noopener\">marlene.sousa@ipleiria.pt<\/a><\/p>\n<!-- \/wp:freeform -->","custompostfields_course_vacancies":"","custompostfields_course_application_fee":"<!-- wp:freeform -->\n<p style=\"text-align: center;\">60\u20ac<\/p>\n<!-- \/wp:freeform -->","custompostfields_course_enrolment_fee":"<!-- wp:paragraph -->\n<p>Contingente geral: 30\u20ac*<br>Contingente internacional: 100\u20ac*<\/p>\n<!-- \/wp:paragraph -->\n\n<!-- wp:paragraph -->\n<p>*<sub>Inclui Seguro Escolar<\/sub><\/p>\n<!-- \/wp:paragraph -->","custompostfields_course_tuition_fee":"<!-- wp:freeform -->\n<p style=\"text-align: center;\">Contingente Geral: 697 \u20ac<em><br \/><\/em>Contingente internacional: 2.250,00 \u20ac<\/p>\n<!-- \/wp:freeform -->","custompostfields_course_goals":"<!-- wp:freeform -->\n<ul>\n<li>Planear, gerir e executar atividades administrativas, de assessoria e de apoio t\u00e9cnico em secretariado e comunica\u00e7\u00e3o, aos \u00f3rg\u00e3os de dire\u00e7\u00e3o e gest\u00e3o da entidade p\u00fablica ou privada em que preste servi\u00e7o;<\/li>\n<li>Gerir de forma aut\u00f3noma o fluxo de trabalho inerente ao funcionamento dos servi\u00e7os administrativos;<\/li>\n<li>Organizar e gerir a agenda do servi\u00e7o e ou a carteira de clientes;<\/li>\n<li>Gerir a comunica\u00e7\u00e3o interna da entidade, nomeadamente para a promo\u00e7\u00e3o do desempenho dos colaboradores;<\/li>\n<li>Intervir na planifica\u00e7\u00e3o e implementa\u00e7\u00e3o da pol\u00edtica de comunica\u00e7\u00e3o externa da entidade, nomeadamente a comunica\u00e7\u00e3o institucional e de marketing, enquanto pol\u00edtica de desenvolvimento estrat\u00e9gico;<\/li>\n<li>Prestar apoio na \u00e1rea comercial da entidade, nomeadamente na gest\u00e3o de clientes e atendimento ao p\u00fablico;<\/li>\n<li>Executar e apoiar atividades na \u00e1rea financeira da entidade, nomeadamente ao n\u00edvel das obriga\u00e7\u00f5es fiscais e contabil\u00edsticas;<\/li>\n<li>Gerir, com recurso aos m\u00e9todos e tecnologias mais adequados, todo o processo de recolha e atualiza\u00e7\u00e3o de legisla\u00e7\u00e3o, jurisprud\u00eancia e doutrina, e a reda\u00e7\u00e3o de algumas minutas contratuais;<\/li>\n<li>Colaborar na avalia\u00e7\u00e3o da qualidade dos servi\u00e7os prestados, propor e implementar medidas visando a melhoria dessa qualidade, regendo-se pelo c\u00f3digo de \u00e9tica;<\/li>\n<li>Participar na defini\u00e7\u00e3o e implementa\u00e7\u00e3o de planos de manuten\u00e7\u00e3o e organiza\u00e7\u00e3o do espa\u00e7o, do arquivo e dos equipamentos.<\/li>\n<\/ul>\n<!-- \/wp:freeform -->","custompostfields_course_future_studies":"<!-- wp:freeform -->\n<p><span class=\"semi-bold\">ACESSO E INGRESSO NO ENSINO SUPERIOR<\/span><br \/>O acesso e ingresso no Ensino Superior para os titulares de um Curso T\u00e9cnico Superior Profissional (TeSP) \u00e9 regulado pelo Decreto-Lei n.\u00ba 113\/2014. Os titulares de um TeSP podem concorrer a um ciclo de estudos de licenciatura pela via dos Concursos Especiais de Acesso ao Ensino Superior.<\/p>\n<p>O ingresso estar\u00e1 sujeito a seria\u00e7\u00e3o, conforme legisla\u00e7\u00e3o aplic\u00e1vel, e ao n\u00famero de vagas estipulado para o curso\/regime a que se candidata. As informa\u00e7\u00f5es sobre os concursos especiais podem ser consultadas <a href=\"https:\/\/www.ipleiria.pt\/estudar\/faq\/candidaturas\/prosseguimento-de-estudos\/\" target=\"_blank\" rel=\"noopener\">aqui<\/a>.<\/p>\n<!-- \/wp:freeform -->","custompostfields_course_career_prospects":"","custompostfields_course_entry_requirements":"<!-- wp:freeform -->\n<ol style=\"list-style-type: upper-alpha;\">\n<li>Titulares de um curso de ensino secund\u00e1rio ou de habilita\u00e7\u00e3o legalmente equivalente<\/li>\n<li>Titulares de um diploma de especializa\u00e7\u00e3o tecnol\u00f3gica, de um diploma de t\u00e9cnico superior profissional ou de um grau de ensino superior, que pretendam a sua requalifica\u00e7\u00e3o profissional<\/li>\n<li>Os que tenham sido aprovados nas provas especialmente adequadas destinadas a avaliar a capacidade para a frequ\u00eancia do ensino superior dos maiores de 23 anos, realizadas, para o curso em causa, nos termos do Decreto-Lei n.\u00ba 64\/2006, de 21 de mar\u00e7o<\/li>\n<\/ol>\n<!-- \/wp:freeform -->","custompostfields_course_more_information":"<!-- wp:freeform -->\n<p><span class=\"semi-bold\">Plano de estudos:<\/span><\/p>\n<p><a href=\"https:\/\/files.dre.pt\/2s\/2022\/06\/106000000\/0021800221.pdf\" target=\"_blank\" rel=\"noopener\">Despacho n.\u00ba 7029\/2022, DR n.\u00ba 106 - 2S, de 1 de junho<\/a><br \/><a href=\"https:\/\/files.dre.pt\/2s\/2022\/07\/130000000\/0037600377.pdf\" target=\"_blank\" rel=\"noopener\">Declara\u00e7\u00e3o de Retifica\u00e7\u00e3o n.\u00ba 612\/2022, DR n.\u00ba 130 - 2S, de 7 de julho<\/a><\/p>\n<!-- \/wp:freeform -->","custompostfields_course_curriculum":"[{\"curricular_plan_section_title\":\"1\u00ba Ano\",\"curricular_plan_cus\":[{\"curricular_plan_cu_code\":\"\",\"curricular_plan_cu_title\":\"Comunica\u00e7\u00e3o em L\u00edngua Portuguesa\",\"curricular_plan_cu_period\":\"1S\",\"curricular_plan_cu_ects\":\"5\",\"curricular_plan_cu_duration\":\"60 h\",\"curricular_plan_cu_description\":\"\"},{\"curricular_plan_cu_code\":\"\",\"curricular_plan_cu_title\":\"Comunica\u00e7\u00e3o em L\u00edngua Inglesa\",\"curricular_plan_cu_period\":\"1S\",\"curricular_plan_cu_ects\":\"5\",\"curricular_plan_cu_duration\":\"60 h\",\"curricular_plan_cu_description\":\"\"},{\"curricular_plan_cu_code\":\"\",\"curricular_plan_cu_title\":\"Instrumentos Inform\u00e1ticos\",\"curricular_plan_cu_period\":\"1S\",\"curricular_plan_cu_ects\":\"5\",\"curricular_plan_cu_duration\":\"60 h\",\"curricular_plan_cu_description\":\"\"},{\"curricular_plan_cu_code\":\"\",\"curricular_plan_cu_title\":\"Gest\u00e3o de Empresas\",\"curricular_plan_cu_period\":\"1S\",\"curricular_plan_cu_ects\":\"7\",\"curricular_plan_cu_duration\":\"60 h\",\"curricular_plan_cu_description\":\"\"},{\"curricular_plan_cu_code\":\"\",\"curricular_plan_cu_title\":\"Pr\u00e1ticas de Secretariado\",\"curricular_plan_cu_period\":\"1S\",\"curricular_plan_cu_ects\":\"8\",\"curricular_plan_cu_duration\":\"90 h\",\"curricular_plan_cu_description\":\"\"},{\"curricular_plan_cu_code\":\"\",\"curricular_plan_cu_title\":\"Comunica\u00e7\u00e3o em L\u00edngua Espanhola\",\"curricular_plan_cu_period\":\"2S\",\"curricular_plan_cu_ects\":\"5\",\"curricular_plan_cu_duration\":\"60 h\",\"curricular_plan_cu_description\":\"\"},{\"curricular_plan_cu_code\":\"\",\"curricular_plan_cu_title\":\"Ingl\u00eas Empresarial I\",\"curricular_plan_cu_period\":\"2S\",\"curricular_plan_cu_ects\":\"4\",\"curricular_plan_cu_duration\":\"45 h\",\"curricular_plan_cu_description\":\"\"},{\"curricular_plan_cu_code\":\"\",\"curricular_plan_cu_title\":\"Comportamento Organizacional\",\"curricular_plan_cu_period\":\"2S\",\"curricular_plan_cu_ects\":\"5\",\"curricular_plan_cu_duration\":\"45 h\",\"curricular_plan_cu_description\":\"\"},{\"curricular_plan_cu_code\":\"\",\"curricular_plan_cu_title\":\"Organiza\u00e7\u00e3o e Gest\u00e3o de Eventos\",\"curricular_plan_cu_period\":\"2S\",\"curricular_plan_cu_ects\":\"4\",\"curricular_plan_cu_duration\":\"45 h\",\"curricular_plan_cu_description\":\"\"},{\"curricular_plan_cu_code\":\"\",\"curricular_plan_cu_title\":\"Contabilidade Geral\",\"curricular_plan_cu_period\":\"2S\",\"curricular_plan_cu_ects\":\"8\",\"curricular_plan_cu_duration\":\"90 h\",\"curricular_plan_cu_description\":\"\"},{\"curricular_plan_cu_code\":\"\",\"curricular_plan_cu_title\":\"Economia\",\"curricular_plan_cu_period\":\"2S\",\"curricular_plan_cu_ects\":\"4\",\"curricular_plan_cu_duration\":\"45 h\",\"curricular_plan_cu_description\":\"\"}]},{\"curricular_plan_section_title\":\"2\u00ba Ano\",\"curricular_plan_cus\":[{\"curricular_plan_cu_code\":\"\",\"curricular_plan_cu_title\":\"Ingl\u00eas Empresarial II\",\"curricular_plan_cu_period\":\"1S\",\"curricular_plan_cu_ects\":\"4\",\"curricular_plan_cu_duration\":\"45 h\",\"curricular_plan_cu_description\":\"\"},{\"curricular_plan_cu_code\":\"\",\"curricular_plan_cu_title\":\"Comunica\u00e7\u00e3o em L\u00edngua Francesa\",\"curricular_plan_cu_period\":\"1S\",\"curricular_plan_cu_ects\":\"5\",\"curricular_plan_cu_duration\":\"60 h\",\"curricular_plan_cu_description\":\"\"},{\"curricular_plan_cu_code\":\"\",\"curricular_plan_cu_title\":\"Comunica\u00e7\u00e3o Empresarial e Marketing\",\"curricular_plan_cu_period\":\"1S\",\"curricular_plan_cu_ects\":\"6\",\"curricular_plan_cu_duration\":\"60 h\",\"curricular_plan_cu_description\":\"\"},{\"curricular_plan_cu_code\":\"\",\"curricular_plan_cu_title\":\"Sistemas Integrados de Gest\u00e3o\",\"curricular_plan_cu_period\":\"1S\",\"curricular_plan_cu_ects\":\"7\",\"curricular_plan_cu_duration\":\"90 h\",\"curricular_plan_cu_description\":\"\"},{\"curricular_plan_cu_code\":\"\",\"curricular_plan_cu_title\":\"Gest\u00e3o de Recursos Humanos\",\"curricular_plan_cu_period\":\"1S\",\"curricular_plan_cu_ects\":\"6\",\"curricular_plan_cu_duration\":\"60 h\",\"curricular_plan_cu_description\":\"\"},{\"curricular_plan_cu_code\":\"\",\"curricular_plan_cu_title\":\"Empreendedorismo e Inova\u00e7\u00e3o\",\"curricular_plan_cu_period\":\"1S\",\"curricular_plan_cu_ects\":\"5\",\"curricular_plan_cu_duration\":\"60 h\",\"curricular_plan_cu_description\":\"\"},{\"curricular_plan_cu_code\":\"\",\"curricular_plan_cu_title\":\"Est\u00e1gio\",\"curricular_plan_cu_period\":\"2S\",\"curricular_plan_cu_ects\":\"30\",\"curricular_plan_cu_duration\":\"640 h\",\"curricular_plan_cu_description\":\"\"}]}]","custompostfields_course_testimonies":"","custompostfields_course_short_notice":"Vagas abertas para 2020\/2021","custompostfields_post-association_course_enrolment_link":{"opensInNewTab":true},"custompostfields_course_accreditation":"","custompostfields_course_dges_registration":"<p><a href=\"https:\/\/www.dges.gov.pt\/pt\/pesquisa_cursos_instituicoes?plid=372&amp;instituicao=Instituto%20Polit%C3%A9cnico%20de%20Leiria&amp;cursos=Pr%C3%A1ticas%20Administrativas%20e%20Comunica%C3%A7%C3%A3o%20Empresarial&amp;distrito=&amp;tipo_ensino=&amp;tipo_estabelecimento=&amp;area=&amp;tipo_curso=7\" target=\"_blank\" rel=\"noopener\">Informa\u00e7\u00e3o de registo<\/a><\/p>","custompostfields_course_footer":"<p><img class=\"aligncenter wp-image-15868 size-medium\" src=\"https:\/\/www.ipleiria.pt\/cursos\/wp-content\/uploads\/sites\/4\/2015\/02\/BarraFinan-300x33.png\" alt=\"BarraFinan\" width=\"300\" height=\"33\"><\/p>"},"course_city":[285],"enrolment_state":[8],"course_language":[55],"course_schedule":[15],"course_domain":[13],"course_school":[16],"course_type":[72],"course_tax":[],"_links":{"self":[{"href":"https:\/\/www.ipleiria.pt\/en\/wp-json\/wp\/v2\/course\/4991"}],"collection":[{"href":"https:\/\/www.ipleiria.pt\/en\/wp-json\/wp\/v2\/course"}],"about":[{"href":"https:\/\/www.ipleiria.pt\/en\/wp-json\/wp\/v2\/types\/course"}],"version-history":[{"count":22,"href":"https:\/\/www.ipleiria.pt\/en\/wp-json\/wp\/v2\/course\/4991\/revisions"}],"predecessor-version":[{"id":49400,"href":"https:\/\/www.ipleiria.pt\/en\/wp-json\/wp\/v2\/course\/4991\/revisions\/49400"}],"wp:featuredmedia":[{"embeddable":true,"href":"https:\/\/www.ipleiria.pt\/en\/wp-json\/wp\/v2\/media\/37365"}],"wp:attachment":[{"href":"https:\/\/www.ipleiria.pt\/en\/wp-json\/wp\/v2\/media?parent=4991"}],"wp:term":[{"taxonomy":"course_city","embeddable":true,"href":"https:\/\/www.ipleiria.pt\/en\/wp-json\/wp\/v2\/course_city?post=4991"},{"taxonomy":"enrolment_state","embeddable":true,"href":"https:\/\/www.ipleiria.pt\/en\/wp-json\/wp\/v2\/enrolment_state?post=4991"},{"taxonomy":"course_language","embeddable":true,"href":"https:\/\/www.ipleiria.pt\/en\/wp-json\/wp\/v2\/course_language?post=4991"},{"taxonomy":"course_schedule","embeddable":true,"href":"https:\/\/www.ipleiria.pt\/en\/wp-json\/wp\/v2\/course_schedule?post=4991"},{"taxonomy":"course_domain","embeddable":true,"href":"https:\/\/www.ipleiria.pt\/en\/wp-json\/wp\/v2\/course_domain?post=4991"},{"taxonomy":"course_school","embeddable":true,"href":"https:\/\/www.ipleiria.pt\/en\/wp-json\/wp\/v2\/course_school?post=4991"},{"taxonomy":"course_type","embeddable":true,"href":"https:\/\/www.ipleiria.pt\/en\/wp-json\/wp\/v2\/course_type?post=4991"},{"taxonomy":"course_tax","embeddable":true,"href":"https:\/\/www.ipleiria.pt\/en\/wp-json\/wp\/v2\/course_tax?post=4991"}],"curies":[{"name":"wp","href":"https:\/\/api.w.org\/{rel}","templated":true}]}}