{"id":6821,"date":"2020-05-07T16:05:46","date_gmt":"2020-05-07T15:05:46","guid":{"rendered":"https:\/\/www.ipleiria.pt\/?page_id=6821"},"modified":"2021-04-15T10:28:19","modified_gmt":"2021-04-15T09:28:19","slug":"curso-intensivo-de-portugues","status":"publish","type":"page","link":"https:\/\/www.ipleiria.pt\/en\/study\/more-education\/international-education\/curso-intensivo-de-portugues\/","title":{"rendered":"Curso Intensivo de Portugu\u00e9s"},"content":{"rendered":"\n<div class=\"wp-container-4 wp-block-columns\">\n<div class=\"wp-container-2 wp-block-column\" style=\"flex-basis:50%\">\n<h2 class=\"is-style-theme-title\">Curso Intensivo de Portugu\u00e9s <\/h2>\n\n\n\n<h4 class=\"is-style-theme-title\">para estudiantes espa\u00f1oles<\/h4>\n\n\n\n<h4>Objetivos generales<\/h4>\n\n\n\n<p>El curso intensivo de Lengua Portuguesa, dirigido a estudiantes de habla hispana, tiene como objetivo proporcionar a los estudiantes con habilidades b\u00e1sicas de escuchar y hablar \/ escribir en portugu\u00e9s.<\/p>\n\n\n\n<div class=\"wp-container-1 wp-block-buttons\">\n<div class=\"wp-block-button is-style-theme-button-solid\"><a class=\"wp-block-button__link\" href=\"http:\/\/www.eventos.ipleiria.pt\/portal\/eventos?p_id=24524\" target=\"_blank\" rel=\"noreferrer noopener\">Reg\u00edstrese ahora<\/a><\/div>\n<\/div>\n<\/div>\n\n\n\n<div class=\"wp-container-3 wp-block-column\">\n<figure class=\"wp-block-image size-large\"><img loading=\"lazy\" width=\"1024\" height=\"683\" src=\"https:\/\/www.ipleiria.pt\/en\/wp-content\/uploads\/sites\/25\/2020\/10\/MG_4155-1024x683.jpg\" alt=\"\" class=\"wp-image-8105\" srcset=\"https:\/\/www.ipleiria.pt\/en\/wp-content\/uploads\/sites\/25\/2020\/10\/MG_4155-1024x683.jpg 1024w, https:\/\/www.ipleiria.pt\/en\/wp-content\/uploads\/sites\/25\/2020\/10\/MG_4155-300x200.jpg 300w, https:\/\/www.ipleiria.pt\/en\/wp-content\/uploads\/sites\/25\/2020\/10\/MG_4155-768x512.jpg 768w, https:\/\/www.ipleiria.pt\/en\/wp-content\/uploads\/sites\/25\/2020\/10\/MG_4155-1536x1025.jpg 1536w, https:\/\/www.ipleiria.pt\/en\/wp-content\/uploads\/sites\/25\/2020\/10\/MG_4155.jpg 1920w\" sizes=\"(max-width: 1024px) 100vw, 1024px\" \/><\/figure>\n<\/div>\n<\/div>\n\n\n\n<div class=\"wp-container-11 wp-block-columns\">\n<div class=\"wp-container-5 wp-block-column\">\n<div class=\"wp-block-pt-ipleiria-ued-wp-theme-ipleiria-gutenbergblocks-infobox gbib gbib-view\"><div class=\"gbib-wrapper gbib-title-wrapper\"><h2 class=\"gbib-title\">Duraci\u00f3n<\/h2><\/div><div class=\"gbib-wrapper gbib-description-wrapper\"><div class=\"gbib-description\">3 semanas<\/div><\/div><\/div>\n<\/div>\n\n\n\n<div class=\"wp-container-6 wp-block-column\">\n<div class=\"wp-block-pt-ipleiria-ued-wp-theme-ipleiria-gutenbergblocks-infobox gbib gbib-view\"><div class=\"gbib-wrapper gbib-title-wrapper\"><h2 class=\"gbib-title\">Valor de Inscripci\u00f3n<\/h2><\/div><div class=\"gbib-wrapper gbib-description-wrapper\"><div class=\"gbib-description\">650,00 Euros por Estudiante<\/div><\/div><\/div>\n<\/div>\n\n\n\n<div class=\"wp-container-7 wp-block-column\">\n<div class=\"wp-block-pt-ipleiria-ued-wp-theme-ipleiria-gutenbergblocks-infobox gbib gbib-view\"><div class=\"gbib-wrapper gbib-title-wrapper\"><h2 class=\"gbib-title\">Calendario<\/h2><\/div><div class=\"gbib-wrapper gbib-description-wrapper\"><div class=\"gbib-description\">agosto y septiembre <\/div><\/div><\/div>\n<\/div>\n\n\n\n<div class=\"wp-container-8 wp-block-column\">\n<div class=\"wp-block-pt-ipleiria-ued-wp-theme-ipleiria-gutenbergblocks-infobox gbib gbib-view\"><div class=\"gbib-wrapper gbib-title-wrapper\"><h2 class=\"gbib-title\">Plazo de inscripci\u00f3n<\/h2><\/div><div class=\"gbib-wrapper gbib-description-wrapper\"><div class=\"gbib-description\">a divulgar<\/div><\/div><\/div>\n<\/div>\n\n\n\n<div class=\"wp-container-9 wp-block-column\">\n<div class=\"wp-block-pt-ipleiria-ued-wp-theme-ipleiria-gutenbergblocks-infobox gbib gbib-view\"><div class=\"gbib-wrapper gbib-title-wrapper\"><h2 class=\"gbib-title\">Carga horaria<\/h2><\/div><div class=\"gbib-wrapper gbib-description-wrapper\"><div class=\"gbib-description\">Total 110 horas<\/div><\/div><\/div>\n<\/div>\n\n\n\n<div class=\"wp-container-10 wp-block-column\">\n<div class=\"wp-block-pt-ipleiria-ued-wp-theme-ipleiria-gutenbergblocks-infobox gbib gbib-view\"><div class=\"gbib-wrapper gbib-title-wrapper\"><h2 class=\"gbib-title\">Lugar<\/h2><\/div><div class=\"gbib-wrapper gbib-description-wrapper\"><div class=\"gbib-description\">Portugal<br><a rel=\"noreferrer noopener\" href=\"https:\/\/www.ipleiria.pt\/esecs\/\" target=\"_blank\">Facultad de Educaci\u00f3n y Ciencias Sociales \u2013 Polit\u00e9cnico de Leiria<\/a><\/div><\/div><\/div>\n<\/div>\n<\/div>\n\n\n\n<hr class=\"wp-block-separator is-style-wide\"\/>\n\n\n\n<h3>Nivel de Lengua . <em>Nivel A1\/A2<\/em><\/h3>\n\n\n\n<p class=\"has-text-columns text-columns-2\">Iniciaci\u00f3n a la lengua con el objetivo de entender y utilizar expresiones familiares del d\u00eda a d\u00eda, as\u00ed como frases b\u00e1sicas dirigidas a satisfacer necesidades concretas. Al final del curso podr\u00e1 comunicarse de manera sencilla en situaciones familiares que requieran intercambio de informaciones cortas y precisas.<br>Puede entender frases y expresiones relacionadas con \u00e1reas familiares al usuario, como informaci\u00f3n personal y familiar b\u00e1sica, compras, geograf\u00eda local, empleo. Puede comunicarse de manera sencilla en situaciones familiares que requieren intercambio de informaciones cortas y precisas. Puede describir de manera superficial aspectos sobre sus conocimientos, ambiente donde vive y necesidades inmediatas.<\/p>\n\n\n\n<h3>Evaluac\u00edon y cr\u00e9ditos ECTS<\/h3>\n\n\n\n<p class=\"has-text-columns text-columns-2\">La evaluaci\u00f3n ser\u00e1 continua y contempla el desempe\u00f1o del estudiante a lo largo del curso. Al final del curso, habr\u00e1 una prueba de evaluaci\u00f3n final (Escrita y Oral).<br>La conclusi\u00f3n con aprovechamiento al curso confiere 4 ECTS (European Credit Transfer System). Para la obtenci\u00f3n del certificado, es obligatoria la aprobaci\u00f3n en el curso.<br>A los alumnos que no hayan sido aprobados, o que no se propusieren a la evaluaci\u00f3n, se emitir\u00e1 un certificado de presencia, siempre que hayan asistido al 75% de las clases impartidas, pero no recibir\u00e1n un certificado con el nivel de conocimiento de la lengua.<\/p>\n\n\n\n<h3>Hor\u00e1rio<\/h3>\n\n\n\n<figure class=\"wp-block-table is-style-stripes\"><table><thead><tr><th><\/th><th>I<\/th><th>II<\/th><th>III<\/th><th>IV<\/th><th>V<\/th><\/tr><\/thead><tbody><tr><td><\/td><td><strong>Lunes <\/strong><br><strong>agosto<\/strong><\/td><td><strong>Martes <\/strong><br><strong>agosto<\/strong><\/td><td><strong>Mi\u00e9rcoles <\/strong><br><strong>agosto<\/strong><\/td><td><strong>Jueves <\/strong><br><strong>agosto<\/strong><\/td><td><strong>Viernes <\/strong><br><strong>agosto<\/strong><\/td><\/tr><tr><td>9h00-13h00<\/td><td>Llegada de los Estudiantes<br>Check-In en las Residencias<br>Informaciones Generales<\/td><td>Acogida<br>Clase A, B, C, D<\/td><td>Clase A, B, C, D<\/td><td>Clase A, B, C, D<\/td><td><br>Clase A, B, C, D<br>Visita de estudio<\/td><\/tr><tr><td>14h30-18h30<\/td><td><\/td><td>VISITA A LEIRIA<br>Turma A, B, C, D<\/td><td>ACTIVIDADES<br>Campus<\/td><td>ACTIVIDADES<br>Campus<\/td><td>Clase A, B, C, D<br>Visita de estudio<\/td><\/tr><\/tbody><\/table><\/figure>\n\n\n\n<figure class=\"wp-block-table is-style-stripes\"><table><thead><tr><th><\/th><th>VI<\/th><th>VII<\/th><th>VIII<\/th><th>IX<\/th><th>X<\/th><\/tr><\/thead><tbody><tr><td><\/td><td><strong>Lunes <\/strong><br><strong>septiembre<\/strong><\/td><td><strong>Martes <\/strong><br><strong>septiembre<\/strong><\/td><td><strong>Mi\u00e9rcoles <\/strong><br><strong>septiembre<\/strong><\/td><td><strong>Jueves <\/strong><br><strong>septiembre<\/strong><\/td><td><strong>Viernes <\/strong><br><strong>septiembre<\/strong><\/td><\/tr><tr><td>9h00-13h00<\/td><td>Clase A, B, C, D<\/td><td>Clase A, B, C, D<\/td><td>Clase A, B, C, D<\/td><td>Clase A, B, C, D<\/td><td>Clase A, B, C, D<br>Visita de estudio<\/td><\/tr><tr><td>14h30-18h30<\/td><td>ACTIVIDADES<br>Campus<\/td><td>Turma A, B, C, D<br>Clase tem\u00e1tica<br>Cultura Portuguesa<\/td><td>ACTIVIDADES<br>Campus<\/td><td>Turma A, B, C, D<br>Clase tem\u00e1tica<br>Cinema<\/td><td>Clase A, B, C, D<br>Visita de estudio<\/td><\/tr><\/tbody><\/table><\/figure>\n\n\n\n<figure class=\"wp-block-table is-style-stripes\"><table><thead><tr><th><\/th><th>XI<\/th><th>XII<\/th><th>XIII<\/th><th>XIV<\/th><th>XV<\/th><\/tr><\/thead><tbody><tr><td><\/td><td><strong>Lunes <\/strong><br><strong>septiembre<\/strong><\/td><td><strong>Martes <\/strong><br><strong>septiembre<\/strong><\/td><td><strong>Mi\u00e9rcoles <\/strong><br><strong>septiembre<\/strong><\/td><td><strong>Jueves <\/strong><br><strong>septiembre<\/strong><\/td><td><strong>Viernes <\/strong><br><strong>septiembre<\/strong><\/td><\/tr><tr><td>9h00-13h00<\/td><td>Clase A, B, C, D<\/td><td>Clase A, B, C, D<\/td><td>Clase A, B, C, D<br>EVALUACI\u00d3N FINAL<\/td><td>ACTIVIDADES<br>Campus<\/td><td>Sesi\u00f3n \u2013 Moodle\/AGCP<br>Unidad de Ense\u00f1anza a Distancia<\/td><\/tr><tr><td>14h30-18h30<\/td><td>Turma A, B, C, D<br>Aula tem\u00e1tica<br>Geograf\u00eda\/Gastronom\u00eda<\/td><td>ACTIVIDADES<br>Campus<\/td><td>ACTIVIDADES<br>Campus<\/td><td>Sesi\u00f3n \u2013 Moodle\/AGCP<br>Unidad de Ense\u00f1anza a Distancia<\/td><td>Turma A, B, C, D<br>Cierre del Curso<br>ENTREGA DE LOS CERTIFICADOS<\/td><\/tr><\/tbody><\/table><\/figure>\n\n\n\n<p style=\"font-size:13px\"><em>Nota:&nbsp;Durante este per\u00edodo los estudiantes ser\u00e1n acompa\u00f1ados en los procesos de formalizaci\u00f3n de matr\u00edcula, solicitud del N\u00famero de Identificaci\u00f3n Fiscal (NIF), apertura de cuenta bancaria y proceso de renovaci\u00f3n de la visa en los Servicios de Fronteras y Extranjeros (SEF).<\/em><\/p>\n\n\n\n<h3>Condiciones de Inscripci\u00f3n<\/h3>\n\n\n\n<p class=\"has-text-columns text-columns-2\">La inscripci\u00f3n incluye la disponibilidad de materiales did\u00e1cticos, as\u00ed como la realizaci\u00f3n de visitas de estudio, clases tem\u00e1ticas, la disponibilidad de formaci\u00f3n complementaria (por ejemplo, Plataforma Moodle) y la eventual participaci\u00f3n en iniciativas de car\u00e1cter acad\u00e9mico, cient\u00edfico y cultural.<br>Los estudiantes tendr\u00e1n acceso a las infraestructuras de apoyo de los Servicios de Acci\u00f3n Social del Polit\u00e9cnico de Leiria (bar, cantina, servicios m\u00e9dicos, actividades culturales y deportivas). Las comidas ser\u00e1n aseguradas en las Cantinas del Polit\u00e9cnico de Leiria, de lunes hasta viernes (almuerzo y cena, durante el per\u00edodo de realizaci\u00f3n del curso). Tambi\u00e9n se asegurar\u00e1 el alojamiento en las residencias de estudiantes del Polit\u00e9cnico de Leiria.<br><em>Los alumnos tendr\u00e1n libre acceso a las bibliotecas de los diferentes campus del Polit\u00e9cnico de Leiria y edificios pedag\u00f3gicos (salas de estudio, ordenadores, red wi-fi, etc.) y a todos los servicios de apoyo existentes para los estudiantes.<\/em><\/p>\n\n\n\n<h3>Formulario de Inscripci\u00f3n y Pago<\/h3>\n\n\n\n<p class=\"has-text-columns text-columns-2\">La inscripci\u00f3n se hace obligatoriamente a trav\u00e9s de un&nbsp;<a rel=\"noreferrer noopener\" href=\"http:\/\/www.eventos.ipleiria.pt\/portal\/eventos?p_id=24524\" target=\"_blank\">formulario online<\/a><br>Solo si considerar\u00e1 la finalizaci\u00f3n de la inscripci\u00f3n con la confirmaci\u00f3n del pago.<br><em>Nota:&nbsp;El valor presentado incluye la participaci\u00f3n en toda la componente lectiva, en las visitas de estudio \/ culturales realizadas a lo largo del curso, la evaluaci\u00f3n y la respectiva certificaci\u00f3n de la participaci\u00f3n en el mismo.<\/em><br><em>Esto incluye tambi\u00e9n el traslado en autob\u00fas entre el aeropuerto Lisboa y Leiria en grupo (en la llegada), as\u00ed como el alojamiento en las residencias de estudiantes y las comidas (almuerzo y cena \u2013 lunes hasta viernes) durante el per\u00edodo de realizaci\u00f3n del curso.<\/em><\/p>\n\n\n\n<div style=\"height:70px\" aria-hidden=\"true\" class=\"wp-block-spacer\"><\/div>\n","protected":false},"excerpt":{"rendered":"Curso Intensivo de Portugu\u00e9s para estudiantes espa\u00f1oles Objetivos generales El curso intensivo de Lengua Portuguesa, dirigido a estudiantes de habla hispana, tiene como objetivo proporcionar a los estudiantes con habilidades b\u00e1sicas de escuchar y hablar \/ escribir en portugu\u00e9s. Nivel de Lengua . Nivel A1\/A2 Iniciaci\u00f3n a la lengua con el objetivo de entender y [&hellip;]","protected":false},"author":2,"featured_media":0,"parent":861,"menu_order":2,"comment_status":"closed","ping_status":"closed","template":"","meta":{"multilingual_post_translation":"{\"pt-PT\":{\"url\":\"https:\/\/www.ipleiria.pt\/estudar\/formacao\/cursos-internacionais\/curso-intensivo-de-portugues\/\",\"postID\":6821,\"postTitle\":\"Curso Intensivo De Portugu\u00e9s\",\"siteID\":1,\"customURL\":false,\"languageInfo\":{\"name\":\"Portuguese (Portugal)\",\"locale\":\"pt_PT\"}}}","custompostfields_page-thumbnail":"","custompostfields_banners":"","custompostfields_meta-description":""},"_links":{"self":[{"href":"https:\/\/www.ipleiria.pt\/en\/wp-json\/wp\/v2\/pages\/6821"}],"collection":[{"href":"https:\/\/www.ipleiria.pt\/en\/wp-json\/wp\/v2\/pages"}],"about":[{"href":"https:\/\/www.ipleiria.pt\/en\/wp-json\/wp\/v2\/types\/page"}],"author":[{"embeddable":true,"href":"https:\/\/www.ipleiria.pt\/en\/wp-json\/wp\/v2\/users\/2"}],"replies":[{"embeddable":true,"href":"https:\/\/www.ipleiria.pt\/en\/wp-json\/wp\/v2\/comments?post=6821"}],"version-history":[{"count":2,"href":"https:\/\/www.ipleiria.pt\/en\/wp-json\/wp\/v2\/pages\/6821\/revisions"}],"predecessor-version":[{"id":27807,"href":"https:\/\/www.ipleiria.pt\/en\/wp-json\/wp\/v2\/pages\/6821\/revisions\/27807"}],"up":[{"embeddable":true,"href":"https:\/\/www.ipleiria.pt\/en\/wp-json\/wp\/v2\/pages\/861"}],"wp:attachment":[{"href":"https:\/\/www.ipleiria.pt\/en\/wp-json\/wp\/v2\/media?parent=6821"}],"curies":[{"name":"wp","href":"https:\/\/api.w.org\/{rel}","templated":true}]}}