{"id":1967,"date":"2019-03-11T12:33:27","date_gmt":"2019-03-11T12:33:27","guid":{"rendered":"https:\/\/www.ipleiria.pt\/esad\/?post_type=course&#038;p=1967"},"modified":"2025-08-28T14:21:55","modified_gmt":"2025-08-28T14:21:55","slug":"mestrado-design-grafico","status":"publish","type":"course","link":"https:\/\/www.ipleiria.pt\/esadcr\/course\/mestrado-design-grafico\/","title":{"rendered":"Design Gr\u00e1fico"},"content":{"rendered":"\n<p>O Mestrado em Design Gr\u00e1fico da ESAD.CR tem como objetivo abrir espa\u00e7o para a explora\u00e7\u00e3o de compet\u00eancias pr\u00e1ticas e concetuais de um elevado n\u00edvel profissional, nas \u00e1reas espec\u00edficas do design gr\u00e1fico e de comunica\u00e7\u00e3o para as m\u00faltiplas plataformas, suportes e media que caracterizam a cultura visual contempor\u00e2nea.<\/p>\n\n\n\n<p>O curso adota uma orienta\u00e7\u00e3o profissionalizante, promovendo a integra\u00e7\u00e3o no universo profissional da comunica\u00e7\u00e3o, atrav\u00e9s do est\u00e1gio ou da investiga\u00e7\u00e3o de projeto aplicada ao desenvolvimento de produtos e servi\u00e7os inovadores. Fomentam-se metodologias de investiga\u00e7\u00e3o e de observa\u00e7\u00e3o em contextos profissionais pr\u00e1ticos, formando compet\u00eancias projetuais criativas orientadas para o desenvolvimento experimental. O Mestrado em Design Gr\u00e1fico \u00e9 tamb\u00e9m um espa\u00e7o de incentivo \u00e0 implementa\u00e7\u00e3o de tudo aquilo que \u00e9 contempor\u00e2neo \u00e0 disciplina do design gr\u00e1fico em termos sociais, atrav\u00e9s da an\u00e1lise constante e necess\u00e1ria do lugar do design na sociedade, quer em termos da ausculta\u00e7\u00e3o de valores de cidadania quer em termos de levantamento de quest\u00f5es ambientais e de sustentabilidade.<\/p>\n","protected":false},"featured_media":2929,"menu_order":0,"template":"","meta":{"multilingual_post_translation":"{\"en-GB\":{\"url\":\"https:\/\/www.ipleiria.pt\/esadcr-en\/course\/master-in-graphic-design\/\",\"postID\":null,\"postTitle\":\"\",\"siteID\":22,\"customURL\":true,\"languageInfo\":{\"multilingual_site_api_url\":\"https:\/\/www.ipleiria.pt\/esadcr-en\/wp-json\/\",\"name\":\"English\",\"locale\":\"en_GB\"}}}","custompostfields_course-image":"28204","custompostfields_banners":"","custompostfields_post-association_course-gallery":{"id":8849,"title":"Mestrado DG","url":"https:\/\/www.ipleiria.pt\/esadcr\/gallery\/m-dg\/","type":"post","subtype":"gallery"},"custompostfields_course-objectives":"<p>O Mestrado em Design Gr\u00e1fico da ESAD.CR tem como objetivo proporcionar aos estudantes um regime de investiga\u00e7\u00e3o nessa \u00e1rea cient\u00edfica, trabalhando a partir dos suportes mais tradicionais do design de comunica\u00e7\u00e3o, tais como design de editorial, tipografia, design de informa\u00e7\u00e3o, ilustra\u00e7\u00e3o, dire\u00e7\u00e3o de arte,\u00a0branding, produ\u00e7\u00e3o multim\u00e9dia e packaging, sempre na senda de processos emergentes e renovadores, nesses mesmos \u00e2mbitos.\u00a0O estudante conhecer\u00e1 a orienta\u00e7\u00e3o necess\u00e1ria por parte de um grupo de docentes especializados, para o desenvolvimento e compreens\u00e3o de uma vis\u00e3o cr\u00edtica, processual e anal\u00edtica de todos os meandros da pr\u00e1tica do design gr\u00e1fico, atrav\u00e9s do investimento na investiga\u00e7\u00e3o e suas metodologias.<\/p>","custompostfields_course-fields":"","custompostfields_course-professional-outlets":"","custompostfields_course-length":"4 semestres","custompostfields_course-ects":"120","custompostfields_course-supervisor":"<p>Ant\u00f3nio Manuel Sucena Silveira Gomes<br \/><a title=\"mailto:antonio.gomes@ipleiria.pt\" href=\"mailto:antonio.gomes@ipleiria.pt\" data-outlook-id=\"20fcbe2a-6e5a-4771-a9b9-1e2f65ea267e\">antonio.gomes@ipleiria.pt<\/a><\/p>","custompostfields_course-teaching-staff":"<p><span data-teams=\"true\">Ant\u00f3nio Costa, Ant\u00f3nio Gomes, Apr\u00edgio Morgado, Carla Cardoso, Carla Lobo Ferreira, Cl\u00e1udia Pernencar, Elga Ferreira, Fernando Oliveira, In\u00eas Laranjeira, Jo\u00e3o Pinto, Jos\u00e9 Marmeleira, Miguel Macedo, Lu\u00edsa Barreto, Marco Correia, Paulo Silva, Ricardo Castro, Ricardo Santos, S\u00edlvia Pinto.\u00a0<\/span><\/p>","custompostfields_course-schedules":"","custompostfields_course-awards":"","custompostfields_course-site":"","custompostfields_course-more-info":"https:\/\/www.ipleiria.pt\/cursos\/course\/mestrado-em-design-grafico-graphic-design\/"},"course-schedule":[36],"course-language":[57,35],"course-type":[33],"_links":{"self":[{"href":"https:\/\/www.ipleiria.pt\/esadcr\/wp-json\/wp\/v2\/course\/1967"}],"collection":[{"href":"https:\/\/www.ipleiria.pt\/esadcr\/wp-json\/wp\/v2\/course"}],"about":[{"href":"https:\/\/www.ipleiria.pt\/esadcr\/wp-json\/wp\/v2\/types\/course"}],"version-history":[{"count":27,"href":"https:\/\/www.ipleiria.pt\/esadcr\/wp-json\/wp\/v2\/course\/1967\/revisions"}],"predecessor-version":[{"id":34812,"href":"https:\/\/www.ipleiria.pt\/esadcr\/wp-json\/wp\/v2\/course\/1967\/revisions\/34812"}],"wp:featuredmedia":[{"embeddable":true,"href":"https:\/\/www.ipleiria.pt\/esadcr\/wp-json\/wp\/v2\/media\/2929"}],"wp:attachment":[{"href":"https:\/\/www.ipleiria.pt\/esadcr\/wp-json\/wp\/v2\/media?parent=1967"}],"wp:term":[{"taxonomy":"course-schedule","embeddable":true,"href":"https:\/\/www.ipleiria.pt\/esadcr\/wp-json\/wp\/v2\/course-schedule?post=1967"},{"taxonomy":"course-language","embeddable":true,"href":"https:\/\/www.ipleiria.pt\/esadcr\/wp-json\/wp\/v2\/course-language?post=1967"},{"taxonomy":"course-type","embeddable":true,"href":"https:\/\/www.ipleiria.pt\/esadcr\/wp-json\/wp\/v2\/course-type?post=1967"}],"curies":[{"name":"wp","href":"https:\/\/api.w.org\/{rel}","templated":true}]}}