{"id":12276,"date":"2021-08-06T16:11:21","date_gmt":"2021-08-06T15:11:21","guid":{"rendered":"https:\/\/www.ipleiria.pt\/esadcr\/?page_id=12276"},"modified":"2025-07-24T16:07:43","modified_gmt":"2025-07-24T16:07:43","slug":"livre","status":"publish","type":"page","link":"https:\/\/www.ipleiria.pt\/esadcr\/sinopses-de-opcao\/livre\/","title":{"rendered":"Op\u00e7\u00f5es Livres"},"content":{"rendered":"\n<h3>1\u00ba Semestre<\/h3>\n\n\n\n<div id=\"gba_3b625d-e1\" class=\"wp-block-pt-ipleiria-ued-wp-theme-ipleiria-gutenbergblocks-collapse gba gba-view gba_3b625d-e1 teste-joao\">\n<div id=\"gba-pane_9c8a75-23\" class=\"wp-block-pt-ipleiria-ued-wp-theme-ipleiria-gutenbergblocks-collapse-pane gba-pane gba-pane-save gba-pane_9c8a75-23 teste joao\"><div class=\"card\"><div class=\"card-header\" id=\"gba-pane-heading_9c8a75-23\"><div class=\"mb-0\"><button class=\"btn btn-link collapsed\" type=\"button\" data-toggle=\"collapse\" data-target=\"#gba-pane-collapse_9c8a75-23\" aria-controls=\"gba-pane-collapse_9c8a75-23\" aria-expanded=\"false\"><span class=\"gba-pane-title\">Artes Sonoras<\/span><\/button><\/div><\/div><div id=\"gba-pane-collapse_9c8a75-23\" class=\"panel-content collapse\" aria-labelledby=\"gba-pane-heading_9c8a75-23\" data-parent=\"#gba_3b625d-e1\"><div class=\"card-body\">\n<div class=\"wp-container-3 wp-block-columns\">\n<div class=\"wp-container-1 wp-block-column\" style=\"flex-basis:66.66%\">\n<p>Esta UC pretende desenvolver e aprofundar as compet\u00eancias t\u00e9cnicas e autonomia criativa dos alunos na \u00e1rea do som. Atrav\u00e9s da elabora\u00e7\u00e3o de exerc\u00edcios individuais de car\u00e1cter art\u00edstico, o aluno ir\u00e1 aprofundar e refletir sobre o processo criativo nas suas diferentes fases, articulando pesquisa te\u00f3rica com o desenvolvimento pr\u00e1tico, de modo a refor\u00e7ar a componente est\u00e9tico\/ art\u00edstica da sua forma\u00e7\u00e3o. Os trabalhos ser\u00e3o enquadrados em tr\u00eas grupos tem\u00e1ticos: Exerc\u00edcio Acusm\u00e1tico, Ensaio Sonoro, e Instala\u00e7\u00e3o Sonora. O acompanhamento dos trabalhos ser\u00e1 complementado com a apresenta\u00e7\u00e3o e discuss\u00e3o de trabalhos de artes sonoras relevantes.<\/p>\n<\/div>\n\n\n\n<div class=\"wp-container-2 wp-block-column\" style=\"flex-basis:33.33%\">\n<p>Op\u00e7\u00e3o Livre III<br>Docente: Diogo Alvim<br>LSI 6 ECTS TP 60 <br>5\u00ba semestre<\/p>\n<\/div>\n<\/div>\n<\/div><\/div><\/div><\/div>\n\n\n\n<div id=\"gba-pane_248428-a4\" class=\"wp-block-pt-ipleiria-ued-wp-theme-ipleiria-gutenbergblocks-collapse-pane gba-pane gba-pane-save gba-pane_248428-a4 teste joao\"><div class=\"card\"><div class=\"card-header\" id=\"gba-pane-heading_248428-a4\"><div class=\"mb-0\"><button class=\"btn btn-link collapsed\" type=\"button\" data-toggle=\"collapse\" data-target=\"#gba-pane-collapse_248428-a4\" aria-controls=\"gba-pane-collapse_248428-a4\" aria-expanded=\"false\"><span class=\"gba-pane-title\">Computa\u00e7\u00e3o F\u00edsica<\/span><\/button><\/div><\/div><div id=\"gba-pane-collapse_248428-a4\" class=\"panel-content collapse\" aria-labelledby=\"gba-pane-heading_248428-a4\" data-parent=\"#gba_3b625d-e1\"><div class=\"card-body\">\n<div class=\"wp-container-6 wp-block-columns\">\n<div class=\"wp-container-4 wp-block-column\" style=\"flex-basis:66.66%\">\n<p>Esta unidade curricular prop\u00f5e que os alunos realizem projetos com componentes digitais e de fabrica\u00e7\u00e3o aditiva relevantes.<br>Trabalhando a intera\u00e7\u00e3o a partir da luz, movimento, som, for\u00e7a e press\u00e3o, o aluno compreender\u00e1 como conceber e prototipar em \u00e1reas como a de design de produto, design de espa\u00e7os, design de comunica\u00e7\u00e3o, artes pl\u00e1sticas, museologia ou rob\u00f3tica. A UC procura tamb\u00e9m introduzir e explorar conceitos b\u00e1sicos de prototipagem tridimensional, eletr\u00f3nica de microcontroladores e internet of things (IoT).<\/p>\n<\/div>\n\n\n\n<div class=\"wp-container-5 wp-block-column\" style=\"flex-basis:33.33%\">\n<p>Op\u00e7\u00e3o Livre I<br>Docente: David Rodrigues<br>LDI 6 ECTS TP 60 <br>5\u00ba semestre<\/p>\n<\/div>\n<\/div>\n<\/div><\/div><\/div><\/div>\n\n\n\n<div id=\"gba-pane_268797-33\" class=\"wp-block-pt-ipleiria-ued-wp-theme-ipleiria-gutenbergblocks-collapse-pane gba-pane gba-pane-save gba-pane_268797-33 teste joao\"><div class=\"card\"><div class=\"card-header\" id=\"gba-pane-heading_268797-33\"><div class=\"mb-0\"><button class=\"btn btn-link collapsed\" type=\"button\" data-toggle=\"collapse\" data-target=\"#gba-pane-collapse_268797-33\" aria-controls=\"gba-pane-collapse_268797-33\" aria-expanded=\"false\"><span class=\"gba-pane-title\">Design de Eventos<\/span><\/button><\/div><\/div><div id=\"gba-pane-collapse_268797-33\" class=\"panel-content collapse\" aria-labelledby=\"gba-pane-heading_268797-33\" data-parent=\"#gba_3b625d-e1\"><div class=\"card-body\">\n<div class=\"wp-container-9 wp-block-columns\">\n<div class=\"wp-container-7 wp-block-column\" style=\"flex-basis:66.66%\">\n<p>Na op\u00e7\u00e3o livre aberta a todos os cursos de Design de Eventos ser\u00e3o dados a conhecer os diferentes tipos de programa\u00e7\u00e3o, produ\u00e7\u00e3o, comunica\u00e7\u00e3o e financiamento cultural, de acordo com uma abordagem adequada a diferentes tipos de a\u00e7\u00e3o. Atrav\u00e9s da apresenta\u00e7\u00e3o e discuss\u00e3o de casos estudo e do desenvolvimento de um projeto cultural, pretende-se dotar a\/os estudantes de conhecimentos, t\u00e9cnicas e instrumentos necess\u00e1rios para a concretiza\u00e7\u00e3o de tarefas de concep\u00e7\u00e3o, organiza\u00e7\u00e3o e produ\u00e7\u00e3o de projetos multidisciplinares em diferentes \u00e1reas da cultura e das artes.<\/p>\n<\/div>\n\n\n\n<div class=\"wp-container-8 wp-block-column\" style=\"flex-basis:33.33%\">\n<p>Op\u00e7\u00e3o Livre I<br>Docente: Carla Cardoso<br>LDI 6 ECTS TP 60 <br>5\u00ba semestre<\/p>\n<\/div>\n<\/div>\n<\/div><\/div><\/div><\/div>\n\n\n\n<div id=\"gba-pane_62d8dc-67\" class=\"wp-block-pt-ipleiria-ued-wp-theme-ipleiria-gutenbergblocks-collapse-pane gba-pane gba-pane-save gba-pane_62d8dc-67 teste joao\"><div class=\"card\"><div class=\"card-header\" id=\"gba-pane-heading_62d8dc-67\"><div class=\"mb-0\"><button class=\"btn btn-link collapsed\" type=\"button\" data-toggle=\"collapse\" data-target=\"#gba-pane-collapse_62d8dc-67\" aria-controls=\"gba-pane-collapse_62d8dc-67\" aria-expanded=\"false\"><span class=\"gba-pane-title\">Espa\u00e7os Expositivos<\/span><\/button><\/div><\/div><div id=\"gba-pane-collapse_62d8dc-67\" class=\"panel-content collapse\" aria-labelledby=\"gba-pane-heading_62d8dc-67\" data-parent=\"#gba_3b625d-e1\"><div class=\"card-body\">\n<div class=\"wp-container-12 wp-block-columns\">\n<div class=\"wp-container-10 wp-block-column\" style=\"flex-basis:66.66%\">\n<p>A unidade curricular de Espa\u00e7os Expositivos visa a aquisi\u00e7\u00e3o de ferramentas para a resolu\u00e7\u00e3o de projetos desenvolvidos para um determinado espa\u00e7o expositivo. Esta UC pretende fomentar a capacidade de pensar as quest\u00f5es expositivas, n\u00e3o apenas na sua dimens\u00e3o organizacional para um determinado espa\u00e7o, mas tamb\u00e9m a capacidade de desenvolver solu\u00e7\u00f5es de sistemas expositivos que tenham em conta um olhar curatorial, ou seja na rela\u00e7\u00e3o entre o espa\u00e7o, o sistema e os conte\u00fados da exposi\u00e7\u00e3o.<\/p>\n<\/div>\n\n\n\n<div class=\"wp-container-11 wp-block-column\" style=\"flex-basis:33.33%\">\n<p>Op\u00e7\u00e3o Livre I<br>Docente: Henrique Ralheta<br>LDI 6 ECTS TP 60 <br>5\u00ba semestre<\/p>\n<\/div>\n<\/div>\n<\/div><\/div><\/div><\/div>\n\n\n\n<div id=\"gba-pane_f20ea3-c7\" class=\"wp-block-pt-ipleiria-ued-wp-theme-ipleiria-gutenbergblocks-collapse-pane gba-pane gba-pane-save gba-pane_f20ea3-c7 teste joao\"><div class=\"card\"><div class=\"card-header\" id=\"gba-pane-heading_f20ea3-c7\"><div class=\"mb-0\"><button class=\"btn btn-link collapsed\" type=\"button\" data-toggle=\"collapse\" data-target=\"#gba-pane-collapse_f20ea3-c7\" aria-controls=\"gba-pane-collapse_f20ea3-c7\" aria-expanded=\"false\"><span class=\"gba-pane-title\">Habitats Experimentais<\/span><\/button><\/div><\/div><div id=\"gba-pane-collapse_f20ea3-c7\" class=\"panel-content collapse\" aria-labelledby=\"gba-pane-heading_f20ea3-c7\" data-parent=\"#gba_3b625d-e1\"><div class=\"card-body\">\n<div class=\"wp-container-15 wp-block-columns\">\n<div class=\"wp-container-13 wp-block-column\" style=\"flex-basis:66.66%\">\n<p>A unidade curricular pretende investigar a quest\u00e3o da experimenta\u00e7\u00e3o sobre os habitats humanos tanto segundo uma perspetiva hist\u00f3rica como contempor\u00e2nea. O programa parte do momento de maior especula\u00e7\u00e3o sobre os modos de habitar o territ\u00f3rio, no per\u00edodo entre os anos 1950 e 1970, com a emerg\u00eancia da sociedade de consumo e de comunica\u00e7\u00e3o generalizada, procurando refletir criticamente sobre a condi\u00e7\u00e3o contempor\u00e2nea. Pretende-se demonstrar que a investiga\u00e7\u00e3o sobre modelos arquitet\u00f3nicos e urbanos do passado recente pode fundamentar e sustentar a resposta a problemas e dilemas com que nos defrontamos hoje.<\/p>\n<\/div>\n\n\n\n<div class=\"wp-container-14 wp-block-column\" style=\"flex-basis:33.33%\">\n<p>Opcional Livre<br>Docente: Pedro Jorge<br>LDE 6 ECTS TP 60 <br>5\u00ba semestre<\/p>\n<\/div>\n<\/div>\n<\/div><\/div><\/div><\/div>\n\n\n\n<div id=\"gba-pane_07b223-e3\" class=\"wp-block-pt-ipleiria-ued-wp-theme-ipleiria-gutenbergblocks-collapse-pane gba-pane gba-pane-save gba-pane_07b223-e3 teste joao\"><div class=\"card\"><div class=\"card-header\" id=\"gba-pane-heading_07b223-e3\"><div class=\"mb-0\"><button class=\"btn btn-link collapsed\" type=\"button\" data-toggle=\"collapse\" data-target=\"#gba-pane-collapse_07b223-e3\" aria-controls=\"gba-pane-collapse_07b223-e3\" aria-expanded=\"false\"><span class=\"gba-pane-title\">Interatividade Audiovisual<\/span><\/button><\/div><\/div><div id=\"gba-pane-collapse_07b223-e3\" class=\"panel-content collapse\" aria-labelledby=\"gba-pane-heading_07b223-e3\" data-parent=\"#gba_3b625d-e1\"><div class=\"card-body\">\n<div class=\"wp-container-18 wp-block-columns\">\n<div class=\"wp-container-16 wp-block-column\" style=\"flex-basis:66.66%\">\n<p>A UC dedica-se \u00e0 cria\u00e7\u00e3o de instala\u00e7\u00f5es e interfaces interativas na \u00e1rea do audiovisual, com perfil art\u00edstico ou de objeto pr\u00e1tico. A UC tem car\u00e1cter pr\u00e1tico e o aluno ter\u00e1 oportunidade de trabalhar com sensores tais como sensores de luz e de toque, e atuadores luzes led e motores, controlados por plataformas dedicadas. A UC ir\u00e1 abranger mat\u00e9ria em v\u00e1rias \u00e1reas como som, imagem, eletr\u00f3nica, software audiovisual e de controlo.<\/p>\n<\/div>\n\n\n\n<div class=\"wp-container-17 wp-block-column\" style=\"flex-basis:33.33%\">\n<p>Op\u00e7\u00e3o Livre III<br>Docente: Ana Carrasco<br>LSI 6 ECTS TP 60 <br>5\u00ba semestre<\/p>\n<\/div>\n<\/div>\n<\/div><\/div><\/div><\/div>\n\n\n\n<div id=\"gba-pane_19f1ca-0c\" class=\"wp-block-pt-ipleiria-ued-wp-theme-ipleiria-gutenbergblocks-collapse-pane gba-pane gba-pane-save gba-pane_19f1ca-0c teste joao\"><div class=\"card\"><div class=\"card-header\" id=\"gba-pane-heading_19f1ca-0c\"><div class=\"mb-0\"><button class=\"btn btn-link collapsed\" type=\"button\" data-toggle=\"collapse\" data-target=\"#gba-pane-collapse_19f1ca-0c\" aria-controls=\"gba-pane-collapse_19f1ca-0c\" aria-expanded=\"false\"><span class=\"gba-pane-title\">Oficina de Antropologia para as Artes e Design<\/span><\/button><\/div><\/div><div id=\"gba-pane-collapse_19f1ca-0c\" class=\"panel-content collapse\" aria-labelledby=\"gba-pane-heading_19f1ca-0c\" data-parent=\"#gba_3b625d-e1\"><div class=\"card-body\">\n<div class=\"wp-container-21 wp-block-columns\">\n<div class=\"wp-container-19 wp-block-column\" style=\"flex-basis:66.66%\">\n<p>Op\u00e7\u00e3o Livre aberta a todos os cursos e que apresenta uma abordagem cr\u00edtica e experimental a partir dos cruzamentos entre as metodologias de sensibilidade antropol\u00f3gica e as \u00e1reas das artes (artes visuais e audiovisuais, performance e teatro) e do design.&nbsp; Estes cruzamentos ser\u00e3o ativados a partir de pr\u00e1ticas multidisciplinares em situa\u00e7\u00f5es de terreno com vista \u00e0 defini\u00e7\u00e3o de trajet\u00f3rias de pesquisa e experimenta\u00e7\u00e3o por parte da\/o\/es estudantes. Ser\u00e1 uma UC em que o laborat\u00f3rio\/oficina \u00e9 o terreno, propriamente dito. Acolhem-se v\u00e1rios idiomas e origens e \u00e9 poss\u00edvel apresentar resultados em portugu\u00eas europeu, portugu\u00eas do Brasil, ingl\u00eas e castelhano.<\/p>\n<\/div>\n\n\n\n<div class=\"wp-container-20 wp-block-column\" style=\"flex-basis:33.33%\">\n<p>Op\u00e7\u00e3o Livre TP3<br>Docente: Teresa Ribeiro<br>LPPC 6 ECTS TP 60 <br>3\u00ba semestre<\/p>\n<\/div>\n<\/div>\n<\/div><\/div><\/div><\/div>\n\n\n\n<div id=\"gba-pane_c81c78-66\" class=\"wp-block-pt-ipleiria-ued-wp-theme-ipleiria-gutenbergblocks-collapse-pane gba-pane gba-pane-save gba-pane_c81c78-66 teste joao\"><div class=\"card\"><div class=\"card-header\" id=\"gba-pane-heading_c81c78-66\"><div class=\"mb-0\"><button class=\"btn btn-link collapsed\" type=\"button\" data-toggle=\"collapse\" data-target=\"#gba-pane-collapse_c81c78-66\" aria-controls=\"gba-pane-collapse_c81c78-66\" aria-expanded=\"false\"><span class=\"gba-pane-title\">Processos Fotogr\u00e1ficos Alternativos<\/span><\/button><\/div><\/div><div id=\"gba-pane-collapse_c81c78-66\" class=\"panel-content collapse\" aria-labelledby=\"gba-pane-heading_c81c78-66\" data-parent=\"#gba_3b625d-e1\"><div class=\"card-body\">\n<div class=\"wp-container-24 wp-block-columns\">\n<div class=\"wp-container-22 wp-block-column\" style=\"flex-basis:66.66%\">\n<p>A unidade curricular pretende compreender a cria\u00e7\u00e3o da imagem fotogr\u00e1fica atrav\u00e9s do conhecimento de v\u00e1rios processos alternativos desde a constru\u00e7\u00e3o de dispositivos \u00f3ticos de capta\u00e7\u00e3o fotogr\u00e1fica \u00e0s emuls\u00f5es fotossens\u00edveis alternativas assim como digitais. A composi\u00e7\u00e3o visual atrav\u00e9s da luz refletida ou da sombra de objetos com diferentes opacidades ser\u00e1 tamb\u00e9m aqui apreendida.<\/p>\n<\/div>\n\n\n\n<div class=\"wp-container-23 wp-block-column\" style=\"flex-basis:33.33%\">\n<p>Op\u00e7\u00e3o Livre III<br>Docente: Ana Vicente<br>LSI 6 ECTS TP 60 <br>5\u00ba semestre<\/p>\n<\/div>\n<\/div>\n<\/div><\/div><\/div><\/div>\n\n\n\n<div id=\"gba-pane_d73e15-7e\" class=\"wp-block-pt-ipleiria-ued-wp-theme-ipleiria-gutenbergblocks-collapse-pane gba-pane gba-pane-save gba-pane_d73e15-7e teste joao\"><div class=\"card\"><div class=\"card-header\" id=\"gba-pane-heading_d73e15-7e\"><div class=\"mb-0\"><button class=\"btn btn-link collapsed\" type=\"button\" data-toggle=\"collapse\" data-target=\"#gba-pane-collapse_d73e15-7e\" aria-controls=\"gba-pane-collapse_d73e15-7e\" aria-expanded=\"false\"><span class=\"gba-pane-title\">Som e Espa\u00e7o<\/span><\/button><\/div><\/div><div id=\"gba-pane-collapse_d73e15-7e\" class=\"panel-content collapse\" aria-labelledby=\"gba-pane-heading_d73e15-7e\" data-parent=\"#gba_3b625d-e1\"><div class=\"card-body\">\n<div class=\"wp-container-27 wp-block-columns\">\n<div class=\"wp-container-25 wp-block-column\" style=\"flex-basis:66.66%\">\n<p>A UC dedica-se ao estudo da rela\u00e7\u00e3o entre som, espa\u00e7o e audi\u00e7\u00e3o. O aluno aprender\u00e1 a caracterizar o comportamento de espa\u00e7os sonoros em conjunto com a parte subjetiva, psicoac\u00fastica, essencial para corrigir problemas e a cria\u00e7\u00e3o de \u201cum bom som numa sala\u201d. Ser\u00e3o abordadas t\u00e9cnicas de estudo e de interven\u00e7\u00e3o atrav\u00e9s da proje\u00e7\u00e3o e constru\u00e7\u00e3o de atuadores sonoros que poder\u00e3o ser integrados em qualquer espa\u00e7o incluindo pequenos est\u00fadios assim como a simula\u00e7\u00e3o de espa\u00e7os reverberantes aplicada a qualquer objeto sonoro.<\/p>\n<\/div>\n\n\n\n<div class=\"wp-container-26 wp-block-column\" style=\"flex-basis:33.33%\">\n<p>Op\u00e7\u00e3o Livre I<br>Docente: Ana Carrasco<br>LSI 6 ECTS TP 60 <br>1\u00ba semestre<\/p>\n<\/div>\n<\/div>\n<\/div><\/div><\/div><\/div>\n<\/div>\n\n\n\n<h3>2\u00ba Semestre<\/h3>\n\n\n\n<div id=\"gba_5979d8-53\" class=\"wp-block-pt-ipleiria-ued-wp-theme-ipleiria-gutenbergblocks-collapse gba gba-view gba_5979d8-53 teste-joao\">\n<div id=\"gba-pane_ab37d4-35\" class=\"wp-block-pt-ipleiria-ued-wp-theme-ipleiria-gutenbergblocks-collapse-pane gba-pane gba-pane-save gba-pane_ab37d4-35 teste joao\"><div class=\"card\"><div class=\"card-header\" id=\"gba-pane-heading_ab37d4-35\"><div class=\"mb-0\"><button class=\"btn btn-link collapsed\" type=\"button\" data-toggle=\"collapse\" data-target=\"#gba-pane-collapse_ab37d4-35\" aria-controls=\"gba-pane-collapse_ab37d4-35\" aria-expanded=\"false\"><span class=\"gba-pane-title\"><strong>Criatividade IA \u2013 Introdu\u00e7\u00e3o \u00e0 Intelig\u00eancia Artificial<\/strong><\/span><\/button><\/div><\/div><div id=\"gba-pane-collapse_ab37d4-35\" class=\"panel-content collapse\" aria-labelledby=\"gba-pane-heading_ab37d4-35\" data-parent=\"#gba_5979d8-53\"><div class=\"card-body\">\n<div class=\"wp-container-30 wp-block-columns\">\n<div class=\"wp-container-28 wp-block-column\" style=\"flex-basis:66.66%\">\n<p>Criatividade IA explora o potencial da Intelig\u00eancia Artificial em dom\u00ednios criativos. O aluno aprender\u00e1 os fundamentos de IA adaptados \u00e0s pr\u00e1ticas e aplica\u00e7\u00f5es do design, estudando como a IA transforma a processo criativo. Explorar\u00e1 o design generativo atrav\u00e9s de algoritmos de intelig\u00eancia artificial. Aprender\u00e1 os processos b\u00e1sicos de IA para arte digital. Analisar\u00e1 as implica\u00e7\u00f5es \u00e9ticas da IA no design, assim como na experi\u00eancia do utilizador e na sociedade. O aluno reimaginar\u00e1 as suas fronteiras criativas atrav\u00e9s da intelig\u00eancia artificial, conhecendo os princ\u00edpios, as ferramentas, e as suas aplica\u00e7\u00f5es.<\/p>\n<\/div>\n\n\n\n<div class=\"wp-container-29 wp-block-column\" style=\"flex-basis:33.33%\">\n<p>Op\u00e7\u00e3o Livre<br>Docente: David Rodrigues<br>LDGM 6 ECTS TP 60 <br>6\u00ba semestre<\/p>\n\n\n\n<p><br><\/p>\n<\/div>\n<\/div>\n<\/div><\/div><\/div><\/div>\n\n\n\n<div id=\"gba-pane_9bb5b8-5e\" class=\"wp-block-pt-ipleiria-ued-wp-theme-ipleiria-gutenbergblocks-collapse-pane gba-pane gba-pane-save gba-pane_9bb5b8-5e teste joao\"><div class=\"card\"><div class=\"card-header\" id=\"gba-pane-heading_9bb5b8-5e\"><div class=\"mb-0\"><button class=\"btn btn-link collapsed\" type=\"button\" data-toggle=\"collapse\" data-target=\"#gba-pane-collapse_9bb5b8-5e\" aria-controls=\"gba-pane-collapse_9bb5b8-5e\" aria-expanded=\"false\"><span class=\"gba-pane-title\">Design Editorial<\/span><\/button><\/div><\/div><div id=\"gba-pane-collapse_9bb5b8-5e\" class=\"panel-content collapse\" aria-labelledby=\"gba-pane-heading_9bb5b8-5e\" data-parent=\"#gba_5979d8-53\"><div class=\"card-body\">\n<div class=\"wp-container-33 wp-block-columns\">\n<div class=\"wp-container-31 wp-block-column\" style=\"flex-basis:66.66%\">\n<p>Uma disciplina de cr\u00edtica e pr\u00e1tica sobre as rela\u00e7\u00f5es entre o Design de Comunica\u00e7\u00e3o e a edi\u00e7\u00e3o de publica\u00e7\u00f5es, debatendo processos, mat\u00e9rias e fun\u00e7\u00f5es, explorando a pr\u00e1tica da p\u00e1gina e do livro atrav\u00e9s da edi\u00e7\u00e3o e design editorial, podendo-se conferir uma dimens\u00e3o autoral ao objeto. Pretende-se que o aluno, de uma forma cr\u00edtica, entenda as rela\u00e7\u00f5es que comp\u00f5em as publica\u00e7\u00f5es impressas e digitais, e adquira conhecimentos e capacidade para edi\u00e7\u00e3o.<\/p>\n<\/div>\n\n\n\n<div class=\"wp-container-32 wp-block-column\" style=\"flex-basis:33.33%\">\n<p>Op\u00e7\u00e3o Livre III<br>Docentes: Lu\u00eds Ribeiro<br>LDGM-PL 6 ECTS TP 60 <br>6\u00ba semestre<\/p>\n<\/div>\n<\/div>\n<\/div><\/div><\/div><\/div>\n\n\n\n<div id=\"gba-pane_cf4e1b-e3\" class=\"wp-block-pt-ipleiria-ued-wp-theme-ipleiria-gutenbergblocks-collapse-pane gba-pane gba-pane-save gba-pane_cf4e1b-e3 teste joao\"><div class=\"card\"><div class=\"card-header\" id=\"gba-pane-heading_cf4e1b-e3\"><div class=\"mb-0\"><button class=\"btn btn-link collapsed\" type=\"button\" data-toggle=\"collapse\" data-target=\"#gba-pane-collapse_cf4e1b-e3\" aria-controls=\"gba-pane-collapse_cf4e1b-e3\" aria-expanded=\"false\"><span class=\"gba-pane-title\">Design para Redes Sociais<\/span><\/button><\/div><\/div><div id=\"gba-pane-collapse_cf4e1b-e3\" class=\"panel-content collapse\" aria-labelledby=\"gba-pane-heading_cf4e1b-e3\" data-parent=\"#gba_5979d8-53\"><div class=\"card-body\">\n<div class=\"wp-container-36 wp-block-columns\">\n<div class=\"wp-container-34 wp-block-column\" style=\"flex-basis:66.66%\">\n<p>As redes sociais s\u00e3o um espa\u00e7o p\u00fablico incontorn\u00e1vel, onde os agentes sociais exercem a sua influ\u00eancia de forma exponencial, atrav\u00e9s de um potencial comunicativo e de intera\u00e7\u00e3o sem precedentes. Esta UC procura compreender os mecanismos de funcionamento, as val\u00eancias e os padr\u00f5es de intera\u00e7\u00e3o, centrando-se na forma como o design influencia a efetividade comunicativa, dando ainda a conhecer ferramentas essenciais para a propaga\u00e7\u00e3o da mensagem.<\/p>\n<\/div>\n\n\n\n<div class=\"wp-container-35 wp-block-column\" style=\"flex-basis:33.33%\">\n<p>Op\u00e7\u00e3o Livre<br>Docente: Lu\u00eds Favas<br>LDGM 6 ECTS TP 60 <br>6\u00ba semestre<\/p>\n<\/div>\n<\/div>\n<\/div><\/div><\/div><\/div>\n\n\n\n<div id=\"gba-pane_a68cec-ef\" class=\"wp-block-pt-ipleiria-ued-wp-theme-ipleiria-gutenbergblocks-collapse-pane gba-pane gba-pane-save gba-pane_a68cec-ef teste joao\"><div class=\"card\"><div class=\"card-header\" id=\"gba-pane-heading_a68cec-ef\"><div class=\"mb-0\"><button class=\"btn btn-link collapsed\" type=\"button\" data-toggle=\"collapse\" data-target=\"#gba-pane-collapse_a68cec-ef\" aria-controls=\"gba-pane-collapse_a68cec-ef\" aria-expanded=\"false\"><span class=\"gba-pane-title\">Document\u00e1rio de Cria\u00e7\u00e3o<\/span><\/button><\/div><\/div><div id=\"gba-pane-collapse_a68cec-ef\" class=\"panel-content collapse\" aria-labelledby=\"gba-pane-heading_a68cec-ef\" data-parent=\"#gba_5979d8-53\"><div class=\"card-body\">\n<div class=\"wp-container-39 wp-block-columns\">\n<div class=\"wp-container-37 wp-block-column\" style=\"flex-basis:66.66%\">\n<p>Prop\u00f5e-se uma abordagem introdut\u00f3ria ao cinema documental, atrav\u00e9s da interroga\u00e7\u00e3o das suas pr\u00e1ticas, quer do ponto de vista hist\u00f3rico-te\u00f3rico, quer do ponto de vista da explora\u00e7\u00e3o das suas potencialidades expressivas e criativas. Tratar-se-\u00e1 de interrogar pr\u00e1ticas, temas, c\u00f3digos, conce\u00e7\u00f5es e pol\u00e9micas dominantes e horizontes do g\u00e9nero; tratar-se-\u00e1 tamb\u00e9m de incentivar a inven\u00e7\u00e3o formal e o exerc\u00edcio direto e livre da cria\u00e7\u00e3o, a experimenta\u00e7\u00e3o sobre as conven\u00e7\u00f5es e as tend\u00eancias contempor\u00e2neas do cinema documental.<\/p>\n<\/div>\n\n\n\n<div class=\"wp-container-38 wp-block-column\" style=\"flex-basis:33.33%\">\n<p>Op\u00e7\u00e3o Livre II<br>Docente: Susana Duarte<br>LSI 6 ECTS TP 60 <br>4\u00ba semestre<\/p>\n<\/div>\n<\/div>\n<\/div><\/div><\/div><\/div>\n\n\n\n<div id=\"gba-pane_a7ee3c-63\" class=\"wp-block-pt-ipleiria-ued-wp-theme-ipleiria-gutenbergblocks-collapse-pane gba-pane gba-pane-save gba-pane_a7ee3c-63 teste joao\"><div class=\"card\"><div class=\"card-header\" id=\"gba-pane-heading_a7ee3c-63\"><div class=\"mb-0\"><button class=\"btn btn-link collapsed\" type=\"button\" data-toggle=\"collapse\" data-target=\"#gba-pane-collapse_a7ee3c-63\" aria-controls=\"gba-pane-collapse_a7ee3c-63\" aria-expanded=\"false\"><span class=\"gba-pane-title\">Espa\u00e7o C\u00e9nico<\/span><\/button><\/div><\/div><div id=\"gba-pane-collapse_a7ee3c-63\" class=\"panel-content collapse\" aria-labelledby=\"gba-pane-heading_a7ee3c-63\" data-parent=\"#gba_5979d8-53\"><div class=\"card-body\">\n<div class=\"wp-container-42 wp-block-columns\">\n<div class=\"wp-container-40 wp-block-column\" style=\"flex-basis:66.66%\">\n<p>A unidade curricular de Espa\u00e7o C\u00e9nico introduz os estudantes \u00e0s particularidades do espa\u00e7o c\u00e9nico enquanto dispositivo multifuncional, que responde \u00e0s necessidades espec\u00edficas dos espet\u00e1culos, na forma como este espa\u00e7o \u00e9 organizado, explorado e percecionado. Ser\u00e1 trabalhada a capacidade de sintetizar num projeto de cenografia as ideias de um espet\u00e1culo, criando um discurso espec\u00edfico do espa\u00e7o, num processo pluridisciplinar, em que a colabora\u00e7\u00e3o entre os v\u00e1rios cursos e a concretiza\u00e7\u00e3o dos projetos s\u00e3o pontos-chave.<\/p>\n<\/div>\n\n\n\n<div class=\"wp-container-41 wp-block-column\" style=\"flex-basis:33.33%\">\n<p>Op\u00e7\u00e3o Livre<br>Docente: Henrique Ralheta<br>LDE 6 ECTS TP 60 <br>6\u00ba semestre<\/p>\n<\/div>\n<\/div>\n<\/div><\/div><\/div><\/div>\n\n\n\n<div id=\"gba-pane_f65029-40\" class=\"wp-block-pt-ipleiria-ued-wp-theme-ipleiria-gutenbergblocks-collapse-pane gba-pane gba-pane-save gba-pane_f65029-40 teste joao\"><div class=\"card\"><div class=\"card-header\" id=\"gba-pane-heading_f65029-40\"><div class=\"mb-0\"><button class=\"btn btn-link collapsed\" type=\"button\" data-toggle=\"collapse\" data-target=\"#gba-pane-collapse_f65029-40\" aria-controls=\"gba-pane-collapse_f65029-40\" aria-expanded=\"false\"><span class=\"gba-pane-title\">Espa\u00e7os e Curadoria<\/span><\/button><\/div><\/div><div id=\"gba-pane-collapse_f65029-40\" class=\"panel-content collapse\" aria-labelledby=\"gba-pane-heading_f65029-40\" data-parent=\"#gba_5979d8-53\"><div class=\"card-body\">\n<div class=\"wp-container-45 wp-block-columns\">\n<div class=\"wp-container-43 wp-block-column\" style=\"flex-basis:66.66%\">\n<p>A unidade curricular centra-se no papel que a curadoria tem assumido num horizonte transdisciplinar, fazendo confluir as pr\u00e1ticas arquitet\u00f3nicas, art\u00edsticas e do design com as ci\u00eancias sociais e humanas. Pretende-se explorar a rela\u00e7\u00e3o da atividade curatorial com o espa\u00e7o real, convocando as pr\u00e1ticas art\u00edsticas e a investiga\u00e7\u00e3o de material arquiv\u00edstico e incentivando abordagens experimentais, coletivas ou individuais, com o intuito de refletir sobre a condi\u00e7\u00e3o social e est\u00e9tica contempor\u00e2nea.&nbsp;<\/p>\n<\/div>\n\n\n\n<div class=\"wp-container-44 wp-block-column\" style=\"flex-basis:33.33%\">\n<p>Op\u00e7\u00e3o Livre<br>Docente: Henrique Ralheta e Pedro Jorge<br>LDE 6 ECTS TP 60 <br>6\u00ba semestre<\/p>\n<\/div>\n<\/div>\n<\/div><\/div><\/div><\/div>\n\n\n\n<div id=\"gba-pane_d7d4b0-c0\" class=\"wp-block-pt-ipleiria-ued-wp-theme-ipleiria-gutenbergblocks-collapse-pane gba-pane gba-pane-save gba-pane_d7d4b0-c0 teste joao\"><div class=\"card\"><div class=\"card-header\" id=\"gba-pane-heading_d7d4b0-c0\"><div class=\"mb-0\"><button class=\"btn btn-link collapsed\" type=\"button\" data-toggle=\"collapse\" data-target=\"#gba-pane-collapse_d7d4b0-c0\" aria-controls=\"gba-pane-collapse_d7d4b0-c0\" aria-expanded=\"false\"><span class=\"gba-pane-title\">Fotografia de Objetos<\/span><\/button><\/div><\/div><div id=\"gba-pane-collapse_d7d4b0-c0\" class=\"panel-content collapse\" aria-labelledby=\"gba-pane-heading_d7d4b0-c0\" data-parent=\"#gba_5979d8-53\"><div class=\"card-body\">\n<div class=\"wp-container-48 wp-block-columns\">\n<div class=\"wp-container-46 wp-block-column\" style=\"flex-basis:66.66%\">\n<p>A UC oferece uma introdu\u00e7\u00e3o te\u00f3rico-pr\u00e1tica \u00e0 fotografia de pequenos objetos, e alia conceitos e exerc\u00edcios da fotografia de produto, todavia adaptados \u00e0 utiliza\u00e7\u00e3o de fontes luminosas pratic\u00e1veis e que fazem parte do quotidiano de qualquer pessoa que a utilize a fotografia com frequ\u00eancia a favor de uma \u00e1rea art\u00edstica diversa (artes pl\u00e1sticas, design, teatro). Inclui o estudo de exemplos de pintura, fotografia de produto, fotografia de alimentos, retrato e macrofotografia, artes c\u00e9nicas, entre outros. As compet\u00eancias a adquirir baseiam-se na resolu\u00e7\u00e3o de problemas fotogr\u00e1ficos concretos, atrav\u00e9s de estudos de caso e de exerc\u00edcios pr\u00e1ticos, e na utiliza\u00e7\u00e3o de objetos do quotidiano como instrumentos capazes de ajudar a criar imagens de qualidade.<\/p>\n<\/div>\n\n\n\n<div class=\"wp-container-47 wp-block-column\" style=\"flex-basis:33.33%\">\n<p>Op\u00e7\u00e3o Livre IV<br>Docente: Jo\u00e3o Pupo Correia<br>LSI 6 ECTS TP 60 <br>6\u00ba semestre<\/p>\n<\/div>\n<\/div>\n<\/div><\/div><\/div><\/div>\n\n\n\n<div id=\"gba-pane_c4d195-c6\" class=\"wp-block-pt-ipleiria-ued-wp-theme-ipleiria-gutenbergblocks-collapse-pane gba-pane gba-pane-save gba-pane_c4d195-c6 teste joao\"><div class=\"card\"><div class=\"card-header\" id=\"gba-pane-heading_c4d195-c6\"><div class=\"mb-0\"><button class=\"btn btn-link collapsed\" type=\"button\" data-toggle=\"collapse\" data-target=\"#gba-pane-collapse_c4d195-c6\" aria-controls=\"gba-pane-collapse_c4d195-c6\" aria-expanded=\"false\"><span class=\"gba-pane-title\">Gui\u00e3o e Narrativa<\/span><\/button><\/div><\/div><div id=\"gba-pane-collapse_c4d195-c6\" class=\"panel-content collapse\" aria-labelledby=\"gba-pane-heading_c4d195-c6\" data-parent=\"#gba_5979d8-53\"><div class=\"card-body\">\n<div class=\"wp-container-51 wp-block-columns\">\n<div class=\"wp-container-49 wp-block-column\" style=\"flex-basis:66.66%\">\n<p><\/p>\n<\/div>\n\n\n\n<div class=\"wp-container-50 wp-block-column\" style=\"flex-basis:33.33%\">\n<p>Op\u00e7\u00e3o Livre TP2<br>Docente: <br>LPPC 6 ECTS TP 60 <br>2\u00ba semestre<\/p>\n<\/div>\n<\/div>\n<\/div><\/div><\/div><\/div>\n\n\n\n<div id=\"gba-pane_4e802d-24\" class=\"wp-block-pt-ipleiria-ued-wp-theme-ipleiria-gutenbergblocks-collapse-pane gba-pane gba-pane-save gba-pane_4e802d-24 teste joao\"><div class=\"card\"><div class=\"card-header\" id=\"gba-pane-heading_4e802d-24\"><div class=\"mb-0\"><button class=\"btn btn-link collapsed\" type=\"button\" data-toggle=\"collapse\" data-target=\"#gba-pane-collapse_4e802d-24\" aria-controls=\"gba-pane-collapse_4e802d-24\" aria-expanded=\"false\"><span class=\"gba-pane-title\">Laborat\u00f3rio de Cer\u00e2mica \u2013 Modelos e Prot\u00f3tipos<\/span><\/button><\/div><\/div><div id=\"gba-pane-collapse_4e802d-24\" class=\"panel-content collapse\" aria-labelledby=\"gba-pane-heading_4e802d-24\" data-parent=\"#gba_5979d8-53\"><div class=\"card-body\">\n<div class=\"wp-container-54 wp-block-columns\">\n<div class=\"wp-container-52 wp-block-column\" style=\"flex-basis:66.66%\">\n<p>Esta unidade curricular tem como objetivo a cria\u00e7\u00e3o de um espa\u00e7o de experimenta\u00e7\u00e3o de t\u00e9cnicas no desenvolvimento de pe\u00e7as cer\u00e2micas contempor\u00e2neas. Pretende-se abordar processos tais como: constru\u00e7\u00e3o de pe\u00e7as de maior escala, constru\u00e7\u00e3o de fornos cer\u00e2micos artesanais, identifica\u00e7\u00e3o e recolha de argilas em ambiente natural, entre outros.<\/p>\n<\/div>\n\n\n\n<div class=\"wp-container-53 wp-block-column\" style=\"flex-basis:33.33%\">\n<p>Op\u00e7\u00e3o Livre II<br>Docente: Vitor Reis<br>LDPCV 6 ECTS TP 60 <br>6\u00ba semestre<\/p>\n<\/div>\n<\/div>\n<\/div><\/div><\/div><\/div>\n\n\n\n<div id=\"gba-pane_61cf2b-cb\" class=\"wp-block-pt-ipleiria-ued-wp-theme-ipleiria-gutenbergblocks-collapse-pane gba-pane gba-pane-save gba-pane_61cf2b-cb teste joao\"><div class=\"card\"><div class=\"card-header\" id=\"gba-pane-heading_61cf2b-cb\"><div class=\"mb-0\"><button class=\"btn btn-link collapsed\" type=\"button\" data-toggle=\"collapse\" data-target=\"#gba-pane-collapse_61cf2b-cb\" aria-controls=\"gba-pane-collapse_61cf2b-cb\" aria-expanded=\"false\"><span class=\"gba-pane-title\">Laborat\u00f3rio de Cinema Experimental<\/span><\/button><\/div><\/div><div id=\"gba-pane-collapse_61cf2b-cb\" class=\"panel-content collapse\" aria-labelledby=\"gba-pane-heading_61cf2b-cb\" data-parent=\"#gba_5979d8-53\"><div class=\"card-body\">\n<div class=\"wp-container-57 wp-block-columns\">\n<div class=\"wp-container-55 wp-block-column\" style=\"flex-basis:66.66%\">\n<p>Trata-se de proporcionar compet\u00eancias pr\u00e1ticas, t\u00e9cnicas e te\u00f3ricas para o desenvolvimento de uma \u2018escrita\u2019 cinematogr\u00e1fica singular, no atual contexto de (re)produ\u00e7\u00e3o digital de imagens. A interroga\u00e7\u00e3o sobre a no\u00e7\u00e3o de experimental permitir\u00e1 abordar obras e gestos criativos reveladores de m\u00faltiplas liga\u00e7\u00f5es entre cinema, arte e experimenta\u00e7\u00e3o contempor\u00e2neas. Ser\u00e3o incentivados exerc\u00edcios em v\u00eddeo associadas ao discurso e \u00e0 narra\u00e7\u00e3o, ao uso de found-footage, \u00e0 pr\u00e1tica do autorretrato.<\/p>\n<\/div>\n\n\n\n<div class=\"wp-container-56 wp-block-column\" style=\"flex-basis:33.33%\">\n<p>Op\u00e7\u00e3o Livre IV<br>Docente: In\u00eas Oliveira<br>LSI 6 ECTS TP 60 <br>6\u00ba semestre<\/p>\n<\/div>\n<\/div>\n<\/div><\/div><\/div><\/div>\n\n\n\n<div id=\"gba-pane_4ed3ee-a0\" class=\"wp-block-pt-ipleiria-ued-wp-theme-ipleiria-gutenbergblocks-collapse-pane gba-pane gba-pane-save gba-pane_4ed3ee-a0 teste joao\"><div class=\"card\"><div class=\"card-header\" id=\"gba-pane-heading_4ed3ee-a0\"><div class=\"mb-0\"><button class=\"btn btn-link collapsed\" type=\"button\" data-toggle=\"collapse\" data-target=\"#gba-pane-collapse_4ed3ee-a0\" aria-controls=\"gba-pane-collapse_4ed3ee-a0\" aria-expanded=\"false\"><span class=\"gba-pane-title\">Marketing e Comunica\u00e7\u00e3o Digital<\/span><\/button><\/div><\/div><div id=\"gba-pane-collapse_4ed3ee-a0\" class=\"panel-content collapse\" aria-labelledby=\"gba-pane-heading_4ed3ee-a0\" data-parent=\"#gba_5979d8-53\"><div class=\"card-body\">\n<div class=\"wp-container-60 wp-block-columns\">\n<div class=\"wp-container-58 wp-block-column\" style=\"flex-basis:66.66%\">\n<p>Aliando uma base te\u00f3rica e estudo de casos a uma componente pr\u00e1tica, esta disciplina, tem como objetivo fornecer caos alunos princ\u00edpios para a conce\u00e7\u00e3o de estrat\u00e9gias em marketing digital, bem como, de um modo pr\u00e1tico, ferramentas para a constru\u00e7\u00e3o, gest\u00e3o, otimiza\u00e7\u00e3o e an\u00e1lise de campanhas publicit\u00e1rias com recurso \u00e0s redes sociais e outras plataformas online.<\/p>\n<\/div>\n\n\n\n<div class=\"wp-container-59 wp-block-column\" style=\"flex-basis:33.33%\">\n<p>Op\u00e7\u00e3o Livre<br>Docente: S\u00f3nia F\u00e9lix<br>LDGM 6 ECTS TP 60 <br>6\u00ba semestre<\/p>\n<\/div>\n<\/div>\n<\/div><\/div><\/div><\/div>\n\n\n\n<div id=\"gba-pane_846c27-83\" class=\"wp-block-pt-ipleiria-ued-wp-theme-ipleiria-gutenbergblocks-collapse-pane gba-pane gba-pane-save gba-pane_846c27-83 teste joao\"><div class=\"card\"><div class=\"card-header\" id=\"gba-pane-heading_846c27-83\"><div class=\"mb-0\"><button class=\"btn btn-link collapsed\" type=\"button\" data-toggle=\"collapse\" data-target=\"#gba-pane-collapse_846c27-83\" aria-controls=\"gba-pane-collapse_846c27-83\" aria-expanded=\"false\"><span class=\"gba-pane-title\">Motion Design<\/span><\/button><\/div><\/div><div id=\"gba-pane-collapse_846c27-83\" class=\"panel-content collapse\" aria-labelledby=\"gba-pane-heading_846c27-83\" data-parent=\"#gba_5979d8-53\"><div class=\"card-body\">\n<div class=\"wp-container-63 wp-block-columns\">\n<div class=\"wp-container-61 wp-block-column\" style=\"flex-basis:66.66%\">\n<p>Esta UC prop\u00f5e o desenvolvimento de compet\u00eancias te\u00f3rico-pr\u00e1ticas na cria\u00e7\u00e3o de gr\u00e1ficos em movimento, seja atrav\u00e9s da reflex\u00e3o acerca dos processos de produ\u00e7\u00e3o de objetos de comunica\u00e7\u00e3o audiovisual, seja atrav\u00e9s da manipula\u00e7\u00e3o, anima\u00e7\u00e3o e p\u00f3s-produ\u00e7\u00e3o de medias digitais (fotografia, ilustra\u00e7\u00e3o, tipografia, v\u00eddeo, m\u00fasica e som), incorporando os principais conceitos, t\u00e9cnicas e ferramentas 2D\/3D da pr\u00e1tica audiovisual contempor\u00e2nea (Photoshop, Illustrator, Premiere, After Effects, Resolume Avenue).<\/p>\n<\/div>\n\n\n\n<div class=\"wp-container-62 wp-block-column\" style=\"flex-basis:33.33%\">\n<p>Op\u00e7\u00e3o Livre V<br>Docente: Jo\u00e3o Pombeiro<br>LSI 6 ECTS TP 60 <br>6\u00ba semestre<\/p>\n<\/div>\n<\/div>\n<\/div><\/div><\/div><\/div>\n\n\n\n<div id=\"gba-pane_bf5579-58\" class=\"wp-block-pt-ipleiria-ued-wp-theme-ipleiria-gutenbergblocks-collapse-pane gba-pane gba-pane-save gba-pane_bf5579-58 teste joao\"><div class=\"card\"><div class=\"card-header\" id=\"gba-pane-heading_bf5579-58\"><div class=\"mb-0\"><button class=\"btn btn-link collapsed\" type=\"button\" data-toggle=\"collapse\" data-target=\"#gba-pane-collapse_bf5579-58\" aria-controls=\"gba-pane-collapse_bf5579-58\" aria-expanded=\"false\"><span class=\"gba-pane-title\">Oficina de Introdu\u00e7\u00e3o \u00e0 Cer\u00e2mica e Vidro<\/span><\/button><\/div><\/div><div id=\"gba-pane-collapse_bf5579-58\" class=\"panel-content collapse\" aria-labelledby=\"gba-pane-heading_bf5579-58\" data-parent=\"#gba_5979d8-53\"><div class=\"card-body\">\n<div class=\"wp-container-66 wp-block-columns\">\n<div class=\"wp-container-64 wp-block-column\" style=\"flex-basis:66.66%\">\n<p>Esta UC tem como objetivo permitir que os alunos desenvolvam um conhecimento elementar dos processos e tecnologias da cer\u00e2mica e do vidro. Pretende-se, atrav\u00e9s experimenta\u00e7\u00e3o pr\u00e1tica dos processos cer\u00e2micos, desenvolver compet\u00eancias tecnol\u00f3gicas para que os alunos possam desenvolver projetos em cer\u00e2mica, de modo tecnicamente informado.<\/p>\n<\/div>\n\n\n\n<div class=\"wp-container-65 wp-block-column\" style=\"flex-basis:33.33%\">\n<p>Op\u00e7\u00e3o Livre III<br>Docente: Paula Freitas<br>LDI 6 ECTS TP 60 <br>6\u00ba semestre<\/p>\n<\/div>\n<\/div>\n<\/div><\/div><\/div><\/div>\n\n\n\n<div id=\"gba-pane_55f93f-c7\" class=\"wp-block-pt-ipleiria-ued-wp-theme-ipleiria-gutenbergblocks-collapse-pane gba-pane gba-pane-save gba-pane_55f93f-c7 teste joao\"><div class=\"card\"><div class=\"card-header\" id=\"gba-pane-heading_55f93f-c7\"><div class=\"mb-0\"><button class=\"btn btn-link collapsed\" type=\"button\" data-toggle=\"collapse\" data-target=\"#gba-pane-collapse_55f93f-c7\" aria-controls=\"gba-pane-collapse_55f93f-c7\" aria-expanded=\"false\"><span class=\"gba-pane-title\">Packaging<\/span><\/button><\/div><\/div><div id=\"gba-pane-collapse_55f93f-c7\" class=\"panel-content collapse\" aria-labelledby=\"gba-pane-heading_55f93f-c7\" data-parent=\"#gba_5979d8-53\"><div class=\"card-body\">\n<div class=\"wp-container-69 wp-block-columns\">\n<div class=\"wp-container-67 wp-block-column\" style=\"flex-basis:66.66%\">\n<p>Packaging \u00e9 uma unidade curricular opcional de natureza pr\u00e1tica que reflete sobre a rela\u00e7\u00e3o entre forma e fun\u00e7\u00e3o. Pretende-se estimular as explora\u00e7\u00f5es volum\u00e9tricas recorrendo a diferentes materiais, as rela\u00e7\u00f5es de escala, e a cria\u00e7\u00e3o e inser\u00e7\u00e3o de linguagens gr\u00e1ficas adequadas aos processos produtivos. Planificar, maquetar e testar comportamentos mec\u00e2nicos dos materiais, tal como conceber estruturas de suporte, s\u00e3o etapas do processo de trabalho.<\/p>\n<\/div>\n\n\n\n<div class=\"wp-container-68 wp-block-column\" style=\"flex-basis:33.33%\">\n<p>Op\u00e7\u00e3o Livre II<br>Docente: Joana Vilela<br>LDGM-PL 6 ECTS TP 60 <br>6\u00ba semestre<\/p>\n<\/div>\n<\/div>\n<\/div><\/div><\/div><\/div>\n\n\n\n<div id=\"gba-pane_2507f1-9d\" class=\"wp-block-pt-ipleiria-ued-wp-theme-ipleiria-gutenbergblocks-collapse-pane gba-pane gba-pane-save gba-pane_2507f1-9d teste joao\"><div class=\"card\"><div class=\"card-header\" id=\"gba-pane-heading_2507f1-9d\"><div class=\"mb-0\"><button class=\"btn btn-link collapsed\" type=\"button\" data-toggle=\"collapse\" data-target=\"#gba-pane-collapse_2507f1-9d\" aria-controls=\"gba-pane-collapse_2507f1-9d\" aria-expanded=\"false\"><span class=\"gba-pane-title\">Patrimonio Tecnol\u00f3gico<\/span><\/button><\/div><\/div><div id=\"gba-pane-collapse_2507f1-9d\" class=\"panel-content collapse\" aria-labelledby=\"gba-pane-heading_2507f1-9d\" data-parent=\"#gba_5979d8-53\"><div class=\"card-body\">\n<div class=\"wp-container-72 wp-block-columns\">\n<div class=\"wp-container-70 wp-block-column\" style=\"flex-basis:66.66%\">\n<p>Nesta unidade curricular ser\u00e1 dado a conhecer uma abordagem te\u00f3rico-pr\u00e1tica \u00e0s diversas t\u00e9cnicas artesanais ancestrais pertencentes ao patrim\u00f3nio tecnol\u00f3gico da humanidade. Ser\u00e3o explorados processos de transforma\u00e7\u00e3o em diversos materiais como metais, madeiras, cer\u00e2mica, t\u00eaxteis, couro, pele, entre outros.<\/p>\n<\/div>\n\n\n\n<div class=\"wp-container-71 wp-block-column\" style=\"flex-basis:33.33%\">\n<p>Op\u00e7\u00e3o Livre II<br>Docente: Vitor Agostinho<br>LDI 6 ECTS TP 60 <br>6\u00ba semestre<\/p>\n<\/div>\n<\/div>\n<\/div><\/div><\/div><\/div>\n\n\n\n<div id=\"gba-pane_a9077f-17\" class=\"wp-block-pt-ipleiria-ued-wp-theme-ipleiria-gutenbergblocks-collapse-pane gba-pane gba-pane-save gba-pane_a9077f-17 teste joao\"><div class=\"card\"><div class=\"card-header\" id=\"gba-pane-heading_a9077f-17\"><div class=\"mb-0\"><button class=\"btn btn-link collapsed\" type=\"button\" data-toggle=\"collapse\" data-target=\"#gba-pane-collapse_a9077f-17\" aria-controls=\"gba-pane-collapse_a9077f-17\" aria-expanded=\"false\"><span class=\"gba-pane-title\">Portf\u00f3lio e Comunica\u00e7\u00e3o de Projeto<\/span><\/button><\/div><\/div><div id=\"gba-pane-collapse_a9077f-17\" class=\"panel-content collapse\" aria-labelledby=\"gba-pane-heading_a9077f-17\" data-parent=\"#gba_5979d8-53\"><div class=\"card-body\">\n<div class=\"wp-container-75 wp-block-columns\">\n<div class=\"wp-container-73 wp-block-column\" style=\"flex-basis:66.66%\">\n<p>Esta unidade curricular foca-se na comunica\u00e7\u00e3o intencional e inequ\u00edvoca das caracter\u00edsticas formais, funcionais e conceptuais dos resultados de projeto, atrav\u00e9s do Desenho tradicional, do Desenho vetorial, da Renderiza\u00e7\u00e3o 3D, da Fotografia e do V\u00eddeo. Pretende-se que o aluno possa aprofundar e articular a utiliza\u00e7\u00e3o destas ferramentas na constru\u00e7\u00e3o de um portf\u00f3lio dos seus trabalhos, gerando conte\u00fados que captem a aten\u00e7\u00e3o do observador e sejam adequados para plataformas tang\u00edveis e digitais.<\/p>\n<\/div>\n\n\n\n<div class=\"wp-container-74 wp-block-column\" style=\"flex-basis:33.33%\">\n<p>Op\u00e7\u00e3o Livre III<br>Docente: Ivo Rodrigues<br>LDI 6 ECTS TP 60 <br>6\u00ba semestre<\/p>\n<\/div>\n<\/div>\n<\/div><\/div><\/div><\/div>\n\n\n\n<div id=\"gba-pane_dec09b-90\" class=\"wp-block-pt-ipleiria-ued-wp-theme-ipleiria-gutenbergblocks-collapse-pane gba-pane gba-pane-save gba-pane_dec09b-90 teste joao\"><div class=\"card\"><div class=\"card-header\" id=\"gba-pane-heading_dec09b-90\"><div class=\"mb-0\"><button class=\"btn btn-link collapsed\" type=\"button\" data-toggle=\"collapse\" data-target=\"#gba-pane-collapse_dec09b-90\" aria-controls=\"gba-pane-collapse_dec09b-90\" aria-expanded=\"false\"><span class=\"gba-pane-title\">Pr\u00e1ticas de Anima\u00e7\u00e3o Direta<\/span><\/button><\/div><\/div><div id=\"gba-pane-collapse_dec09b-90\" class=\"panel-content collapse\" aria-labelledby=\"gba-pane-heading_dec09b-90\" data-parent=\"#gba_5979d8-53\"><div class=\"card-body\">\n<div class=\"wp-container-78 wp-block-columns\">\n<div class=\"wp-container-76 wp-block-column\" style=\"flex-basis:66.66%\">\n<p>Anima\u00e7\u00e3o direta \u00e9 toda a t\u00e9cnica de anima\u00e7\u00e3o realizada diretamente na pel\u00edcula, ou realizada debaixo da c\u00e2mara. Nesta disciplina vamos experimentar desde o \u201cdesenhar\u201d diretamente na pel\u00edcula, realizar experi\u00eancias em t\u00e9cnicas diretas como: recortes, plasticina, areia, stopmotion\u2026 desenvolvendo conhecimentos mais aprofundados da expressividade da imagem animada. Pretende-se, num projeto final, que cada aluno se centre na cria\u00e7\u00e3o de uma est\u00e9tica pessoal enquanto criador de imagens em movimento.<\/p>\n<\/div>\n\n\n\n<div class=\"wp-container-77 wp-block-column\" style=\"flex-basis:33.33%\">\n<p>Op\u00e7\u00e3o Livre II<br>Docente: Fernando Galrito Domingues<br>LSI 6 ECTS TP 60 <br>4\u00ba semestre<\/p>\n<\/div>\n<\/div>\n<\/div><\/div><\/div><\/div>\n\n\n\n<div id=\"gba-pane_59ee50-c1\" class=\"wp-block-pt-ipleiria-ued-wp-theme-ipleiria-gutenbergblocks-collapse-pane gba-pane gba-pane-save gba-pane_59ee50-c1 teste joao\"><div class=\"card\"><div class=\"card-header\" id=\"gba-pane-heading_59ee50-c1\"><div class=\"mb-0\"><button class=\"btn btn-link collapsed\" type=\"button\" data-toggle=\"collapse\" data-target=\"#gba-pane-collapse_59ee50-c1\" aria-controls=\"gba-pane-collapse_59ee50-c1\" aria-expanded=\"false\"><span class=\"gba-pane-title\">Pr\u00e1ticas de Ilumina\u00e7\u00e3o e Est\u00fadio<\/span><\/button><\/div><\/div><div id=\"gba-pane-collapse_59ee50-c1\" class=\"panel-content collapse\" aria-labelledby=\"gba-pane-heading_59ee50-c1\" data-parent=\"#gba_5979d8-53\"><div class=\"card-body\">\n<div class=\"wp-container-81 wp-block-columns\">\n<div class=\"wp-container-79 wp-block-column\" style=\"flex-basis:66.66%\">\n<p>Desenvolver conhecimentos na \u00e1rea da ilumina\u00e7\u00e3o, atrav\u00e9s da modela\u00e7\u00e3o de luz, fotometria e sensitometria. Experimentar e solidificar conhecimentos sobre a ilumina\u00e7\u00e3o e o modo como condiciona e determina o registo fotogr\u00e1fico nos v\u00e1rios suportes. Estabelecer as bases do funcionamento dos equipamentos de est\u00fadio, na ilumina\u00e7\u00e3o e registo. Exercitar os modos e implica\u00e7\u00f5es dos dispositivos de apresenta\u00e7\u00e3o na modela\u00e7\u00e3o da ilumina\u00e7\u00e3o de uma cena.<\/p>\n<\/div>\n\n\n\n<div class=\"wp-container-80 wp-block-column\" style=\"flex-basis:33.33%\">\n<p>Op\u00e7\u00e3o Livre II<br>Docente: Isabel Aboim Inglez<br>LSI 6 ECTS TP 60 <br>4\u00ba semestre<\/p>\n<\/div>\n<\/div>\n<\/div><\/div><\/div><\/div>\n\n\n\n<div id=\"gba-pane_6d6a8c-aa\" class=\"wp-block-pt-ipleiria-ued-wp-theme-ipleiria-gutenbergblocks-collapse-pane gba-pane gba-pane-save gba-pane_6d6a8c-aa teste joao\"><div class=\"card\"><div class=\"card-header\" id=\"gba-pane-heading_6d6a8c-aa\"><div class=\"mb-0\"><button class=\"btn btn-link collapsed\" type=\"button\" data-toggle=\"collapse\" data-target=\"#gba-pane-collapse_6d6a8c-aa\" aria-controls=\"gba-pane-collapse_6d6a8c-aa\" aria-expanded=\"false\"><span class=\"gba-pane-title\">Produ\u00e7\u00e3o de Interfaces<\/span><\/button><\/div><\/div><div id=\"gba-pane-collapse_6d6a8c-aa\" class=\"panel-content collapse\" aria-labelledby=\"gba-pane-heading_6d6a8c-aa\" data-parent=\"#gba_5979d8-53\"><div class=\"card-body\">\n<div class=\"wp-container-84 wp-block-columns\">\n<div class=\"wp-container-82 wp-block-column\" style=\"flex-basis:66.66%\">\n<p>A produ\u00e7\u00e3o de interfaces para a web e para as apps focadas no UX\/UI\/CX, tem o prop\u00f3sito de facilitar a intera\u00e7\u00e3o atrav\u00e9s de solu\u00e7\u00f5es amig\u00e1veis e intuitivas, e incrementar valor \u00e0 marca\/produto\/servi\u00e7o. Esta UC proporciona a oportunidade de experimenta\u00e7\u00e3o de t\u00e9cnicas de design e din\u00e2micas de desenvolvimento de conte\u00fado baseados em plataformas Front-End as a Service, que permitem o planeamento, design, constru\u00e7\u00e3o e implementa\u00e7\u00e3o de uma solu\u00e7\u00e3o web.<\/p>\n<\/div>\n\n\n\n<div class=\"wp-container-83 wp-block-column\" style=\"flex-basis:33.33%\">\n<p>Op\u00e7\u00e3o Livre<br>Professor: Lu\u00eds Carradas<br>3 ECTS TP 45<br>2\u00ba semestre<\/p>\n<\/div>\n<\/div>\n<\/div><\/div><\/div><\/div>\n\n\n\n<div id=\"gba-pane_a2fb14-be\" class=\"wp-block-pt-ipleiria-ued-wp-theme-ipleiria-gutenbergblocks-collapse-pane gba-pane gba-pane-save gba-pane_a2fb14-be teste joao\"><div class=\"card\"><div class=\"card-header\" id=\"gba-pane-heading_a2fb14-be\"><div class=\"mb-0\"><button class=\"btn btn-link collapsed\" type=\"button\" data-toggle=\"collapse\" data-target=\"#gba-pane-collapse_a2fb14-be\" aria-controls=\"gba-pane-collapse_a2fb14-be\" aria-expanded=\"false\"><span class=\"gba-pane-title\">Produ\u00e7\u00e3o Musical para Audiovisuais<\/span><\/button><\/div><\/div><div id=\"gba-pane-collapse_a2fb14-be\" class=\"panel-content collapse\" aria-labelledby=\"gba-pane-heading_a2fb14-be\" data-parent=\"#gba_5979d8-53\"><div class=\"card-body\">\n<div class=\"wp-container-87 wp-block-columns\">\n<div class=\"wp-container-85 wp-block-column\" style=\"flex-basis:66.66%\">\n<p>Trata-se de uma UC que visa explorar as bases musicais e sonoras que acompanham, valorizam e transformam, os diversos componentes audiovisuais. Atrav\u00e9s da an\u00e1lise e cria\u00e7\u00e3o de uma s\u00e9rie de exemplos, e formas de abordagem musical. Visa-se encetar a busca ao \u201cvalor acrescentado\u201d de uma ideia alargada de m\u00fasica traz ao audiovisual neste processo.<\/p>\n<\/div>\n\n\n\n<div class=\"wp-container-86 wp-block-column\" style=\"flex-basis:33.33%\">\n<p>Op\u00e7\u00e3o Livre V<br>Docente: Ana Carrasco<br>LSI 6 ECTS TP 60 <br>6\u00ba semestre<\/p>\n<\/div>\n<\/div>\n<\/div><\/div><\/div><\/div>\n\n\n\n<div id=\"gba-pane_23253d-5e\" class=\"wp-block-pt-ipleiria-ued-wp-theme-ipleiria-gutenbergblocks-collapse-pane gba-pane gba-pane-save gba-pane_23253d-5e teste joao\"><div class=\"card\"><div class=\"card-header\" id=\"gba-pane-heading_23253d-5e\"><div class=\"mb-0\"><button class=\"btn btn-link collapsed\" type=\"button\" data-toggle=\"collapse\" data-target=\"#gba-pane-collapse_23253d-5e\" aria-controls=\"gba-pane-collapse_23253d-5e\" aria-expanded=\"false\"><span class=\"gba-pane-title\">Projecto de Ilustra\u00e7\u00e3o<\/span><\/button><\/div><\/div><div id=\"gba-pane-collapse_23253d-5e\" class=\"panel-content collapse\" aria-labelledby=\"gba-pane-heading_23253d-5e\" data-parent=\"#gba_5979d8-53\"><div class=\"card-body\">\n<div class=\"wp-container-90 wp-block-columns\">\n<div class=\"wp-container-88 wp-block-column\" style=\"flex-basis:66.66%\">\n<p>Uma disciplina onde se pretende conhecer e compreender quais os poss\u00edveis registos de ilustra\u00e7\u00e3o, atrav\u00e9s da an\u00e1lise de trabalhos de refer\u00eancia. Aplicar e desenvolver as capacidades t\u00e9cnicas e criativas de ilustra\u00e7\u00e3o adquiridas pelo aluno ao longo do seu percurso acad\u00e9mico, culminando na obten\u00e7\u00e3o de uma express\u00e3o criativa para a individualidade.<\/p>\n<\/div>\n\n\n\n<div class=\"wp-container-89 wp-block-column\" style=\"flex-basis:33.33%\">\n<p>Op\u00e7\u00e3o Livre III<br>Docente: Bruno Santos<br>LDGM-PL 6 ECTS TP 60 <br>6\u00ba semestre<\/p>\n<\/div>\n<\/div>\n<\/div><\/div><\/div><\/div>\n\n\n\n<div id=\"gba-pane_b09a2b-ee\" class=\"wp-block-pt-ipleiria-ued-wp-theme-ipleiria-gutenbergblocks-collapse-pane gba-pane gba-pane-save gba-pane_b09a2b-ee teste joao\"><div class=\"card\"><div class=\"card-header\" id=\"gba-pane-heading_b09a2b-ee\"><div class=\"mb-0\"><button class=\"btn btn-link collapsed\" type=\"button\" data-toggle=\"collapse\" data-target=\"#gba-pane-collapse_b09a2b-ee\" aria-controls=\"gba-pane-collapse_b09a2b-ee\" aria-expanded=\"false\"><span class=\"gba-pane-title\">Som ao Vivo<\/span><\/button><\/div><\/div><div id=\"gba-pane-collapse_b09a2b-ee\" class=\"panel-content collapse\" aria-labelledby=\"gba-pane-heading_b09a2b-ee\" data-parent=\"#gba_5979d8-53\"><div class=\"card-body\">\n<div class=\"wp-container-93 wp-block-columns\">\n<div class=\"wp-container-91 wp-block-column\" style=\"flex-basis:66.66%\">\n<p>Explora os conceitos, pr\u00e1ticas e tecnologias para eventos com som ao vivo, articulando a introdu\u00e7\u00e3o aos fundamentos do som com as t\u00e9cnicas e metodologias que definem as pr\u00e1ticas de refor\u00e7o ac\u00fastico. Os alunos ir\u00e3o desenvolver metodologias e princ\u00edpios para a montagem, configura\u00e7\u00e3o e otimiza\u00e7\u00e3o de sistemas; normas para a implanta\u00e7\u00e3o t\u00e9cnica de uma produ\u00e7\u00e3o; t\u00e9cnicas de capta\u00e7\u00e3o, processamento e mistura \u00e1udio. O exerc\u00edcio final consistir\u00e1 na implementa\u00e7\u00e3o dos saberes adquiridos num evento de m\u00fasica ao vivo com p\u00fablico.<\/p>\n<\/div>\n\n\n\n<div class=\"wp-container-92 wp-block-column\" style=\"flex-basis:33.33%\">\n<p>Op\u00e7\u00e3o Livre II<br>Docente: Ricardo Costa<br>LSI 6 ECTS TP 60 <br>4\u00ba semestre<\/p>\n<\/div>\n<\/div>\n<\/div><\/div><\/div><\/div>\n\n\n\n<div id=\"gba-pane_3a9d6e-64\" class=\"wp-block-pt-ipleiria-ued-wp-theme-ipleiria-gutenbergblocks-collapse-pane gba-pane gba-pane-save gba-pane_3a9d6e-64 teste joao\"><div class=\"card\"><div class=\"card-header\" id=\"gba-pane-heading_3a9d6e-64\"><div class=\"mb-0\"><button class=\"btn btn-link collapsed\" type=\"button\" data-toggle=\"collapse\" data-target=\"#gba-pane-collapse_3a9d6e-64\" aria-controls=\"gba-pane-collapse_3a9d6e-64\" aria-expanded=\"false\"><span class=\"gba-pane-title\">Sound Design para Jogos<\/span><\/button><\/div><\/div><div id=\"gba-pane-collapse_3a9d6e-64\" class=\"panel-content collapse\" aria-labelledby=\"gba-pane-heading_3a9d6e-64\" data-parent=\"#gba_5979d8-53\"><div class=\"card-body\">\n<div class=\"wp-container-96 wp-block-columns\">\n<div class=\"wp-container-94 wp-block-column\" style=\"flex-basis:66.66%\">\n<p>A UC pretende explorar as ferramentas que possibilitam a constru\u00e7\u00e3o de elementos sonoros interativos presentes nos videojogos contempor\u00e2neos, privilegiando a sua elabora\u00e7\u00e3o, integra\u00e7\u00e3o, processamento e mistura din\u00e2mica. Com uma metodologia assente em exerc\u00edcios profissionalizantes, os alunos ir\u00e3o trabalhar com software dedicado e estudar os mecanismos de produ\u00e7\u00e3o e implementa\u00e7\u00e3o de efeitos e ambi\u00eancias sonoras, a par da manipula\u00e7\u00e3o de di\u00e1logos e diegese musical.<\/p>\n<\/div>\n\n\n\n<div class=\"wp-container-95 wp-block-column\" style=\"flex-basis:33.33%\">\n<p>Op\u00e7\u00e3o Livre<br>Docente: Miguel Bastos<br>LDGM 6 ECTS TP 60 <br>6\u00ba semestre<\/p>\n<\/div>\n<\/div>\n<\/div><\/div><\/div><\/div>\n\n\n\n<div id=\"gba-pane_f695e0-a6\" class=\"wp-block-pt-ipleiria-ued-wp-theme-ipleiria-gutenbergblocks-collapse-pane gba-pane gba-pane-save gba-pane_f695e0-a6 teste joao\"><div class=\"card\"><div class=\"card-header\" id=\"gba-pane-heading_f695e0-a6\"><div class=\"mb-0\"><button class=\"btn btn-link collapsed\" type=\"button\" data-toggle=\"collapse\" data-target=\"#gba-pane-collapse_f695e0-a6\" aria-controls=\"gba-pane-collapse_f695e0-a6\" aria-expanded=\"false\"><span class=\"gba-pane-title\">Urban Craft<\/span><\/button><\/div><\/div><div id=\"gba-pane-collapse_f695e0-a6\" class=\"panel-content collapse\" aria-labelledby=\"gba-pane-heading_f695e0-a6\" data-parent=\"#gba_5979d8-53\"><div class=\"card-body\">\n<div class=\"wp-container-99 wp-block-columns\">\n<div class=\"wp-container-97 wp-block-column\" style=\"flex-basis:66.66%\">\n<p>Urban Craft pretende ser uma reflex\u00e3o sobre o papel do craft e das pr\u00e1ticas anal\u00f3gicas como ferramentas flex\u00edveis e imprescind\u00edveis na realiza\u00e7\u00e3o de solu\u00e7\u00f5es est\u00e9ticas e t\u00e9cnicas fundamentais, como resposta do design de objetos bidimensionais e tridimensionais ao ambiente urbano. Atrav\u00e9s de exerc\u00edcios pr\u00e1ticos, pretende-se criar um ambiente de experimenta\u00e7\u00e3o, em que o aluno possa desenvolver aptid\u00f5es para a formula\u00e7\u00e3o de propostas para a intera\u00e7\u00e3o no espa\u00e7o urbano.<\/p>\n<\/div>\n\n\n\n<div class=\"wp-container-98 wp-block-column\" style=\"flex-basis:33.33%\">\n<p>Op\u00e7\u00e3o Livre<br>Docente: Bruno Santos e Vitor Reis<br>LDGM 6 ECTS TP 60 <br>6\u00ba semestre<\/p>\n<\/div>\n<\/div>\n<\/div><\/div><\/div><\/div>\n<\/div>\n\n\n\n<h3>Mestrados<\/h3>\n\n\n\n<div id=\"gba_12534e-e2\" class=\"wp-block-pt-ipleiria-ued-wp-theme-ipleiria-gutenbergblocks-collapse gba gba-view gba_12534e-e2\">\n<div id=\"gba-pane_5a788f-dc\" class=\"wp-block-pt-ipleiria-ued-wp-theme-ipleiria-gutenbergblocks-collapse-pane gba-pane gba-pane-save gba-pane_5a788f-dc teste-joao\"><div class=\"card\"><div class=\"card-header\" id=\"gba-pane-heading_5a788f-dc\"><div class=\"mb-0\"><button class=\"btn btn-link collapsed\" type=\"button\" data-toggle=\"collapse\" data-target=\"#gba-pane-collapse_5a788f-dc\" aria-controls=\"gba-pane-collapse_5a788f-dc\" aria-expanded=\"false\"><span class=\"gba-pane-title\">Desenho e Experi\u00eancia Art\u00edstica<\/span><\/button><\/div><\/div><div id=\"gba-pane-collapse_5a788f-dc\" class=\"panel-content collapse\" aria-labelledby=\"gba-pane-heading_5a788f-dc\" data-parent=\"#gba_12534e-e2\"><div class=\"card-body\">\n<div class=\"wp-container-102 wp-block-columns\">\n<div class=\"wp-container-100 wp-block-column\" style=\"flex-basis:66.66%\">\n<p>O Desenho das Artes Pl\u00e1sticas constitui um territ\u00f3rio que tem a sua pr\u00f3pria hist\u00f3ria e refer\u00eancias. Contudo, tal como as demais formas de express\u00e3o em arte, ele configura tamb\u00e9m um espa\u00e7o onde se equacionam as problem\u00e1ticas centrais que definem a pr\u00e1tica art\u00edstica contempor\u00e2nea. A natureza deste espa\u00e7o \u00e9 o objeto desta unidade curricular. Para o tratar recorreremos a uma estreita articula\u00e7\u00e3o entre os conte\u00fados te\u00f3ricos propriamente ditos e o trabalho individual em desenho.<\/p>\n<\/div>\n\n\n\n<div class=\"wp-container-101 wp-block-column\" style=\"flex-basis:33.33%\">\n<p>MAP &#8211; Op\u00e7\u00e3o I<br>Docente: Samuel Rama<br>6 ECTS<br>1\u00ba ano\/1\u00ba semestre<\/p>\n<\/div>\n<\/div>\n<\/div><\/div><\/div><\/div>\n\n\n\n<div id=\"gba-pane_01621c-a1\" class=\"wp-block-pt-ipleiria-ued-wp-theme-ipleiria-gutenbergblocks-collapse-pane gba-pane gba-pane-save gba-pane_01621c-a1 teste-joao\"><div class=\"card\"><div class=\"card-header\" id=\"gba-pane-heading_01621c-a1\"><div class=\"mb-0\"><button class=\"btn btn-link collapsed\" type=\"button\" data-toggle=\"collapse\" data-target=\"#gba-pane-collapse_01621c-a1\" aria-controls=\"gba-pane-collapse_01621c-a1\" aria-expanded=\"false\"><span class=\"gba-pane-title\">Gesto, aten\u00e7\u00e3o e sil\u00eancio<\/span><\/button><\/div><\/div><div id=\"gba-pane-collapse_01621c-a1\" class=\"panel-content collapse\" aria-labelledby=\"gba-pane-heading_01621c-a1\" data-parent=\"#gba_12534e-e2\"><div class=\"card-body\">\n<div class=\"wp-container-105 wp-block-columns\">\n<div class=\"wp-container-103 wp-block-column\" style=\"flex-basis:66.66%\">\n<p>Os estudantes ser\u00e3o convidados a uma reflex\u00e3o cr\u00edtica e sens\u00edvel sobre o gesto art\u00edstico nas artes pl\u00e1sticas, compreendido n\u00e3o apenas como a\u00e7\u00e3o vis\u00edvel, mas como pr\u00e1tica de escuta, de aten\u00e7\u00e3o e de inscri\u00e7\u00e3o no tempo. A disciplina articula teoria, an\u00e1lise cr\u00edtica de obras e exerc\u00edcios pr\u00e1ticos de experimenta\u00e7\u00e3o \u2014 individuais e coletivos \u2014 para investigar o sil\u00eancio como espa\u00e7o relacional e o gesto como forma de resist\u00eancia, abrindo caminhos para modos de cria\u00e7\u00e3o que desafiem a l\u00f3gica da produtividade e da visibilidade dominante.<\/p>\n<\/div>\n\n\n\n<div class=\"wp-container-104 wp-block-column\" style=\"flex-basis:33.33%\">\n<p>MAP &#8211; Op\u00e7\u00e3o II<br>Docente: Teresa Morais<br>6 ECTS <br>1\u00ba ano\/1\u00ba semestre<\/p>\n<\/div>\n<\/div>\n<\/div><\/div><\/div><\/div>\n\n\n\n<div id=\"gba-pane_1790f7-a8\" class=\"wp-block-pt-ipleiria-ued-wp-theme-ipleiria-gutenbergblocks-collapse-pane gba-pane gba-pane-save gba-pane_1790f7-a8 teste-joao\"><div class=\"card\"><div class=\"card-header\" id=\"gba-pane-heading_1790f7-a8\"><div class=\"mb-0\"><button class=\"btn btn-link collapsed\" type=\"button\" data-toggle=\"collapse\" data-target=\"#gba-pane-collapse_1790f7-a8\" aria-controls=\"gba-pane-collapse_1790f7-a8\" aria-expanded=\"false\"><span class=\"gba-pane-title\">Arte, Mem\u00f3ria e Natureza<\/span><\/button><\/div><\/div><div id=\"gba-pane-collapse_1790f7-a8\" class=\"panel-content collapse\" aria-labelledby=\"gba-pane-heading_1790f7-a8\" data-parent=\"#gba_12534e-e2\"><div class=\"card-body\">\n<div class=\"wp-container-108 wp-block-columns\">\n<div class=\"wp-container-106 wp-block-column\" style=\"flex-basis:66.66%\">\n<p>Com base na explora\u00e7\u00e3o de tr\u00eas eixos tem\u00e1ticos \u2013 Mem\u00f3ria Natureza e Sonho &#8211; a Unidade Curricular procurar\u00e1 pensar realidades hodiernas, quest\u00f5es urgentes e problemas que se colocam \u00e0 pr\u00e1tica art\u00edstica. A finalidade \u00e9 proporcionar o aparecimento do debate que se realize para l\u00e1 do fazer art\u00edstico, colocando no centro dessa experi\u00eancia a leitura e a an\u00e1lise de um conjunto textos. Na condi\u00e7\u00e3o de objetos vulner\u00e1veis a interpreta\u00e7\u00f5es, coment\u00e1rios, esses textos construir\u00e3o o eixo das aulas. S\u00f3 desse modo, se dar\u00e1 a necess\u00e1ria e espont\u00e2nea produ\u00e7\u00e3o de sentidos, intui\u00e7\u00f5es e (porque n\u00e3o?) imagens \u00e0 volta de constela\u00e7\u00e3o de propostas te\u00f3rico\/po\u00e9ticas.<\/p>\n<\/div>\n\n\n\n<div class=\"wp-container-107 wp-block-column\" style=\"flex-basis:33.33%\">\n<p>MAP &#8211; Op\u00e7\u00e3o III<br>Docente: Jos\u00e9 Marmeleira<br>6 ECTS <br>1\u00ba ano\/2\u00ba semestre<\/p>\n<\/div>\n<\/div>\n<\/div><\/div><\/div><\/div>\n\n\n\n<div id=\"gba-pane_155a86-6a\" class=\"wp-block-pt-ipleiria-ued-wp-theme-ipleiria-gutenbergblocks-collapse-pane gba-pane gba-pane-save gba-pane_155a86-6a teste-joao\"><div class=\"card\"><div class=\"card-header\" id=\"gba-pane-heading_155a86-6a\"><div class=\"mb-0\"><button class=\"btn btn-link collapsed\" type=\"button\" data-toggle=\"collapse\" data-target=\"#gba-pane-collapse_155a86-6a\" aria-controls=\"gba-pane-collapse_155a86-6a\" aria-expanded=\"false\"><span class=\"gba-pane-title\">Processos criativos<\/span><\/button><\/div><\/div><div id=\"gba-pane-collapse_155a86-6a\" class=\"panel-content collapse\" aria-labelledby=\"gba-pane-heading_155a86-6a\" data-parent=\"#gba_12534e-e2\"><div class=\"card-body\">\n<div class=\"wp-container-111 wp-block-columns\">\n<div class=\"wp-container-109 wp-block-column\" style=\"flex-basis:66.66%\">\n<p>Lecionada em regime tutorial, esta UC articula-se com Projeto II e Semin\u00e1rio de Investiga\u00e7\u00e3o II para, a partir de objetivos e conte\u00fados comuns, fornecer um enquadramento geral e diversificado sobre v\u00e1rias problem\u00e1ticas em torno das praticas art\u00edsticas contempor\u00e2neas. O aluno dever\u00e1 investigar e apropriar problem\u00e1ticas e conceitos relevantes para o desenvolvimento do seu processo individual de trabalho.<\/p>\n<\/div>\n\n\n\n<div class=\"wp-container-110 wp-block-column\" style=\"flex-basis:33.33%\">\n<p>MAP &#8211; Op\u00e7\u00e3o IV<br>Docente: Catarina Pereira<br>6 ECTS <br>1\u00ba ano\/2\u00ba semestre<\/p>\n<\/div>\n<\/div>\n<\/div><\/div><\/div><\/div>\n\n\n\n<div id=\"gba-pane_25af1b-80\" class=\"wp-block-pt-ipleiria-ued-wp-theme-ipleiria-gutenbergblocks-collapse-pane gba-pane gba-pane-save gba-pane_25af1b-80 teste-joao\"><div class=\"card\"><div class=\"card-header\" id=\"gba-pane-heading_25af1b-80\"><div class=\"mb-0\"><button class=\"btn btn-link collapsed\" type=\"button\" data-toggle=\"collapse\" data-target=\"#gba-pane-collapse_25af1b-80\" aria-controls=\"gba-pane-collapse_25af1b-80\" aria-expanded=\"false\"><span class=\"gba-pane-title\">Pr\u00e1ticas art\u00edsticas Contempor\u00e2neas<\/span><\/button><\/div><\/div><div id=\"gba-pane-collapse_25af1b-80\" class=\"panel-content collapse\" aria-labelledby=\"gba-pane-heading_25af1b-80\" data-parent=\"#gba_12534e-e2\"><div class=\"card-body\">\n<div class=\"wp-container-114 wp-block-columns\">\n<div class=\"wp-container-112 wp-block-column\" style=\"flex-basis:66.66%\">\n<p>Esta disciplina explora as pr\u00e1ticas art\u00edsticas contempor\u00e2neas a partir dos media e formatos audiovisuais em que se baseiam, e estrutura-se em tr\u00eas momentos:<br>um primeiro que reflete sobre t\u00f3picos fundamentais da arte contempor\u00e2nea e da sua praxis, abordando-os a partir dos conceitos de participa\u00e7\u00e3o, colabora\u00e7\u00e3o, comunidade, e rela\u00e7\u00e3o ao territ\u00f3rio e hist\u00f3ria recente;<br>um segundo momento que interage com artistas convidados, para debater diversos modos de trabalho e de cria\u00e7\u00e3o art\u00edstica, hoje, no s\u00e9culo XXI, sempre em rela\u00e7\u00e3o com os conceitos abordados no primeiro momento e com o contexto est\u00e9tico, social e pol\u00edtico atual e abrangente, sempre em mudan\u00e7a. um terceiro momento em que os alunos, inspirados pelas apresenta\u00e7\u00f5es e conversas com os artistas, apresentam o seu pr\u00f3prio trabalho, e os desafios que o seu desenvolvimento e implementa\u00e7\u00e3o colocam ao n\u00edvel da respetiva participa\u00e7\u00e3o no mundo que nos rodeia.<\/p>\n<\/div>\n\n\n\n<div class=\"wp-container-113 wp-block-column\" style=\"flex-basis:33.33%\">\n<p>MASI \u2013 Op\u00e7\u00e3o tem\u00e1tica I<br>Docente: Susana Duarte<br>3 ECTS <br>1\u00ba ano\/1\u00ba semestre<\/p>\n<\/div>\n<\/div>\n<\/div><\/div><\/div><\/div>\n\n\n\n<div id=\"gba-pane_9ef327-53\" class=\"wp-block-pt-ipleiria-ued-wp-theme-ipleiria-gutenbergblocks-collapse-pane gba-pane gba-pane-save gba-pane_9ef327-53 teste-joao\"><div class=\"card\"><div class=\"card-header\" id=\"gba-pane-heading_9ef327-53\"><div class=\"mb-0\"><button class=\"btn btn-link collapsed\" type=\"button\" data-toggle=\"collapse\" data-target=\"#gba-pane-collapse_9ef327-53\" aria-controls=\"gba-pane-collapse_9ef327-53\" aria-expanded=\"false\"><span class=\"gba-pane-title\">Pr\u00e1ticas da Instala\u00e7\u00e3o<\/span><\/button><\/div><\/div><div id=\"gba-pane-collapse_9ef327-53\" class=\"panel-content collapse\" aria-labelledby=\"gba-pane-heading_9ef327-53\" data-parent=\"#gba_12534e-e2\"><div class=\"card-body\">\n<div class=\"wp-container-117 wp-block-columns\">\n<div class=\"wp-container-115 wp-block-column\" style=\"flex-basis:66.66%\">\n<p>O trabalho desenvolvido em Op\u00e7\u00e3o Tem\u00e1tica II &#8211; Pr\u00e1ticas de Instala\u00e7\u00e3o, do Mestrado das Artes do Som e da Imagem, visa propor uma aproxima\u00e7\u00e3o cr\u00edtica \u00e0 dimens\u00e3o intermedial de uma instala\u00e7\u00e3o. Optando por um enfoque sobre as pr\u00e1ticas instalativas no contexto da produ\u00e7\u00e3o audiovisual e da arte contempor\u00e2nea, e relendo algumas dessas manifesta\u00e7\u00f5es a partir da sua imersividade e performatividade. Atrav\u00e9s de uma pr\u00e1tica continuada e colaborativa, pretende-se que os discentes explorem o agenciamento de m\u00faltiplos media no campo das artes do som e da imagem, consolidando uma abordagem reflexiva aos objetos art\u00edsticos instalativos.<\/p>\n<\/div>\n\n\n\n<div class=\"wp-container-116 wp-block-column\" style=\"flex-basis:33.33%\">\n<p>MASI \u2013 Op\u00e7\u00e3o tem\u00e1tica II<br>Docente: Maria Mire Carri\u00e7o<br>3 ECTS <br>1\u00ba ano\/2\u00ba semestre<\/p>\n<\/div>\n<\/div>\n<\/div><\/div><\/div><\/div>\n<\/div>\n","protected":false},"excerpt":{"rendered":"1\u00ba Semestre 2\u00ba Semestre Mestrados","protected":false},"author":16,"featured_media":18857,"parent":12216,"menu_order":0,"comment_status":"closed","ping_status":"closed","template":"","meta":{"multilingual_post_translation":"","custompostfields_banners":"18865","custompostfields_post-association_course-gallery":[]},"_links":{"self":[{"href":"https:\/\/www.ipleiria.pt\/esadcr\/wp-json\/wp\/v2\/pages\/12276"}],"collection":[{"href":"https:\/\/www.ipleiria.pt\/esadcr\/wp-json\/wp\/v2\/pages"}],"about":[{"href":"https:\/\/www.ipleiria.pt\/esadcr\/wp-json\/wp\/v2\/types\/page"}],"author":[{"embeddable":true,"href":"https:\/\/www.ipleiria.pt\/esadcr\/wp-json\/wp\/v2\/users\/16"}],"replies":[{"embeddable":true,"href":"https:\/\/www.ipleiria.pt\/esadcr\/wp-json\/wp\/v2\/comments?post=12276"}],"version-history":[{"count":49,"href":"https:\/\/www.ipleiria.pt\/esadcr\/wp-json\/wp\/v2\/pages\/12276\/revisions"}],"predecessor-version":[{"id":34697,"href":"https:\/\/www.ipleiria.pt\/esadcr\/wp-json\/wp\/v2\/pages\/12276\/revisions\/34697"}],"up":[{"embeddable":true,"href":"https:\/\/www.ipleiria.pt\/esadcr\/wp-json\/wp\/v2\/pages\/12216"}],"wp:featuredmedia":[{"embeddable":true,"href":"https:\/\/www.ipleiria.pt\/esadcr\/wp-json\/wp\/v2\/media\/18857"}],"wp:attachment":[{"href":"https:\/\/www.ipleiria.pt\/esadcr\/wp-json\/wp\/v2\/media?parent=12276"}],"curies":[{"name":"wp","href":"https:\/\/api.w.org\/{rel}","templated":true}]}}