{"id":14020,"date":"2021-11-12T10:51:43","date_gmt":"2021-11-12T10:51:43","guid":{"rendered":"https:\/\/www.ipleiria.pt\/esadcr\/?page_id=14020"},"modified":"2024-11-15T12:11:55","modified_gmt":"2024-11-15T12:11:55","slug":"eleicao-diretor-da-esad-cr","status":"publish","type":"page","link":"https:\/\/www.ipleiria.pt\/esadcr\/escola\/avisos\/eleicoes\/eleicao-diretor-da-esad-cr\/","title":{"rendered":"ELEI\u00c7\u00c3O DIRETOR DA ESAD.CR"},"content":{"rendered":"\n<div style=\"height:10px\" aria-hidden=\"true\" class=\"wp-block-spacer\"><\/div>\n\n\n\n<p><a href=\"https:\/\/www.ipleiria.pt\/esadcr\/wp-content\/uploads\/sites\/17\/2024\/10\/Aviso-Calenda\u0301rio-Eleitoral.pdf\">AVISO CALEND\u00c1RIO DE ELEI\u00c7\u00c3O DO DIRETOR DA ESAD.CR&nbsp;<\/a><\/p>\n\n\n\n<p><a href=\"https:\/\/www.ipleiria.pt\/esadcr\/wp-content\/uploads\/sites\/17\/2024\/10\/Regulamento-eleitoral-_-Diretor_-ESAD.CR_.pdf\">REGULAMENTO ELEITORAL PARA O CARGO DE DIRETOR DA ESAD.CR<\/a><\/p>\n\n\n\n<p><a href=\"https:\/\/www.ipleiria.pt\/esadcr\/wp-content\/uploads\/sites\/17\/2024\/11\/8_11_2024-Despacho-n.o3_2024-decisa\u0303o-final_admissa\u0303o-candidaturas_signed.pdf\">DESPACHO N\u00ba3\/2024 &#8211; DECIS\u00c3O FINAL SOBRE ADMISS\u00c3O DE CANDIDATURAS<\/a><\/p>\n\n\n\n<p><a href=\"https:\/\/www.ipleiria.pt\/esadcr\/wp-content\/uploads\/sites\/17\/2024\/11\/Despacho-n.o4_2024-de-14-de-novembro-Publicitac\u0327a\u0303o-definitiva.pdf\">DESPACHO N\u00ba4\/2024 &#8211; PUBLICITA\u00c7\u00c3O DE CANDIDATURAS DEFINITIVAMENTE ADMITIDAS<\/a><\/p>\n\n\n\n<p><a href=\"https:\/\/www.ipleiria.pt\/esadcr\/wp-content\/uploads\/sites\/17\/2024\/11\/Aviso-Audic\u0327a\u0303o.pdf\">AVISO AUDI\u00c7\u00c3O DAS CANDIDATAS AO CARGO DE DIRETORA DA ESAD.CR<\/a><\/p>\n\n\n\n<hr class=\"wp-block-separator has-alpha-channel-opacity\"\/>\n\n\n\n<h5><strong>CANDIDATURAS<\/strong><\/h5>\n\n\n\n<hr class=\"wp-block-separator has-alpha-channel-opacity\"\/>\n\n\n\n<p><strong>Cl\u00e1udia Alexandra da Cunha Pernencar&nbsp;<\/strong><\/p>\n\n\n\n<p><a href=\"https:\/\/www.ipleiria.pt\/esadcr\/wp-content\/uploads\/sites\/17\/2024\/11\/CV_Cla\u0301udia-Pernencar.pdf\">Curriculum Vitae<\/a><br><em>(Do documento publicitado foram expurgados os dados pessoais constantes do documento original)<\/em><\/p>\n\n\n\n<p><a href=\"https:\/\/www.ipleiria.pt\/esadcr\/wp-content\/uploads\/sites\/17\/2024\/11\/Plano-de-ac\u0327a\u0303o_Cla\u0301udia-Pernencar.pdf\">Programa de A\u00e7\u00e3o<\/a><br><em>(Do documento publicitado foram expurgados os dados pessoais constantes do documento original)<\/em><\/p>\n\n\n\n<hr class=\"wp-block-separator has-alpha-channel-opacity\"\/>\n\n\n\n<p><strong>S\u00edlvia Raquel Barros Pinto&nbsp;<\/strong><\/p>\n\n\n\n<p><a href=\"https:\/\/www.ipleiria.pt\/esadcr\/wp-content\/uploads\/sites\/17\/2024\/11\/CV_Silvia-Pinto.pdf\">Curriculum Vitae<\/a><\/p>\n\n\n\n<p><a href=\"https:\/\/www.ipleiria.pt\/esadcr\/wp-content\/uploads\/sites\/17\/2024\/11\/Plano-de-ac\u0327a\u0303o_Si\u0301lvia-Pinto.pdf\">Programa de A\u00e7\u00e3o<\/a><\/p>\n\n\n\n<div style=\"height:50px\" aria-hidden=\"true\" class=\"wp-block-spacer\"><\/div>\n","protected":false},"excerpt":{"rendered":"AVISO CALEND\u00c1RIO DE ELEI\u00c7\u00c3O DO DIRETOR DA ESAD.CR&nbsp; REGULAMENTO ELEITORAL PARA O CARGO DE DIRETOR DA ESAD.CR DESPACHO N\u00ba3\/2024 &#8211; DECIS\u00c3O FINAL SOBRE ADMISS\u00c3O DE CANDIDATURAS DESPACHO N\u00ba4\/2024 &#8211; PUBLICITA\u00c7\u00c3O DE CANDIDATURAS DEFINITIVAMENTE ADMITIDAS AVISO AUDI\u00c7\u00c3O DAS CANDIDATAS AO CARGO DE DIRETORA DA ESAD.CR CANDIDATURAS Cl\u00e1udia Alexandra da Cunha Pernencar&nbsp; Curriculum Vitae(Do documento publicitado foram [&hellip;]","protected":false},"author":16,"featured_media":3140,"parent":5527,"menu_order":0,"comment_status":"closed","ping_status":"closed","template":"","meta":{"multilingual_post_translation":"{\"en-GB\":{\"url\":\"\",\"postID\":null,\"postTitle\":\"\",\"siteID\":22,\"customURL\":true,\"languageInfo\":{\"multilingual_site_api_url\":\"https:\/\/www.ipleiria.pt\/esadcr-en\/wp-json\/\",\"name\":\"English\",\"locale\":\"en_GB\"}}}","custompostfields_banners":"","custompostfields_post-association_course-gallery":[]},"_links":{"self":[{"href":"https:\/\/www.ipleiria.pt\/esadcr\/wp-json\/wp\/v2\/pages\/14020"}],"collection":[{"href":"https:\/\/www.ipleiria.pt\/esadcr\/wp-json\/wp\/v2\/pages"}],"about":[{"href":"https:\/\/www.ipleiria.pt\/esadcr\/wp-json\/wp\/v2\/types\/page"}],"author":[{"embeddable":true,"href":"https:\/\/www.ipleiria.pt\/esadcr\/wp-json\/wp\/v2\/users\/16"}],"replies":[{"embeddable":true,"href":"https:\/\/www.ipleiria.pt\/esadcr\/wp-json\/wp\/v2\/comments?post=14020"}],"version-history":[{"count":18,"href":"https:\/\/www.ipleiria.pt\/esadcr\/wp-json\/wp\/v2\/pages\/14020\/revisions"}],"predecessor-version":[{"id":32029,"href":"https:\/\/www.ipleiria.pt\/esadcr\/wp-json\/wp\/v2\/pages\/14020\/revisions\/32029"}],"up":[{"embeddable":true,"href":"https:\/\/www.ipleiria.pt\/esadcr\/wp-json\/wp\/v2\/pages\/5527"}],"wp:featuredmedia":[{"embeddable":true,"href":"https:\/\/www.ipleiria.pt\/esadcr\/wp-json\/wp\/v2\/media\/3140"}],"wp:attachment":[{"href":"https:\/\/www.ipleiria.pt\/esadcr\/wp-json\/wp\/v2\/media?parent=14020"}],"curies":[{"name":"wp","href":"https:\/\/api.w.org\/{rel}","templated":true}]}}