{"id":503,"date":"2021-10-22T11:12:33","date_gmt":"2021-10-22T11:12:33","guid":{"rendered":"https:\/\/www.ipleiria.pt\/esecs\/?page_id=503"},"modified":"2025-02-03T11:35:01","modified_gmt":"2025-02-03T11:35:01","slug":"a-escola","status":"publish","type":"page","link":"https:\/\/www.ipleiria.pt\/estg\/escola\/quem-somos\/a-escola\/","title":{"rendered":"A ESTG"},"content":{"rendered":"\n<div class=\"wp-block-pt-ipleiria-ued-wp-theme-ipleiria-gutenbergblocks-moc gbmoc\" role=\"navigation\" aria-label=\"Menu de conte\u00fados\"><div class=\"gbmoc-menu-wrapper\"><div id=\"gbmoc-a9ff67-59-menu-container\" class=\"gbmoc-menu-container\"><div class=\"gbmoc-title\" id=\"gbmoc-a9ff67-59-title\">Ir para:<\/div><ul aria-describedby=\"gbmoc-a9ff67-59-title\" class=\"gbmoc-menuitems\"><li><a href=\"#a-estg\">A ESTG<\/a><\/li><li><a href=\"#horarios-dos-edificio\">Hor\u00e1rios dos Edif\u00edcios<\/a><\/li><li><a href=\"#missao\">Miss\u00e3o<\/a><\/li><li><a href=\"#visao\">Vis\u00e3o<\/a><\/li><li><a href=\"#como-chegar\">Como chegar<\/a><\/li><li class=\"gbmoc-scroll-to-top-wrapper\"><a class=\"gbmoc-scroll-to-top\" href=\"#top\">Topo<\/a><\/li><\/ul><\/div><\/div><\/div>\n\n\n\n<p class=\"is-style-theme-subtitle\">escola<\/p>\n\n\n\n<h2 class=\"is-style-theme-title\" id=\"a-estg\">A ESTG<\/h2>\n\n\n\n<div class=\"wp-container-3 wp-block-columns\">\n<div class=\"wp-container-1 wp-block-column\">\n<p>A&nbsp;Escola Superior de Tecnologia e Gest\u00e3o&nbsp;(ESTG) \u00e9 uma institui\u00e7\u00e3o de ensino superior integrada no&nbsp;Polit\u00e9cnico de Leiria, criada em 1985 pelo Decreto do Governo n.\u00ba 46\/85, de 22 de novembro, tendo iniciado a sua atividade acad\u00e9mica no ano letivo de 1989\/1990, com 100 estudantes e tr\u00eas cursos de bacharelato. <\/p>\n<\/div>\n\n\n\n<div class=\"wp-container-2 wp-block-column\">\n<p>No in\u00edcio, esteve instalada provisoriamente no edif\u00edcio do Antigo Convento de Santo Estev\u00e3o, em Leiria, onde permaneceu at\u00e9 1995. Nesse ano, a Escola foi transferida para o Campus 2 do Polit\u00e9cnico de Leiria, onde se situa presentemente e \u00e9 constitu\u00edda por cinco edif\u00edcios:<\/p>\n<\/div>\n<\/div>\n\n\n\n<div style=\"height:10px\" aria-hidden=\"true\" class=\"wp-block-spacer\"><\/div>\n\n\n\n<figure class=\"wp-container-5 wp-block-gallery-4 wp-block-gallery has-nested-images columns-default is-cropped\">\n<figure class=\"wp-block-image size-large\"><img loading=\"lazy\" width=\"1024\" height=\"681\" data-id=\"1008\"  src=\"https:\/\/www.ipleiria.pt\/estg\/wp-content\/uploads\/sites\/32\/2022\/05\/EdA-DSC_6146--1024x681.jpg\" alt=\"\" class=\"wp-image-1008\" srcset=\"https:\/\/www.ipleiria.pt\/estg\/wp-content\/uploads\/sites\/32\/2022\/05\/EdA-DSC_6146--1024x681.jpg 1024w, https:\/\/www.ipleiria.pt\/estg\/wp-content\/uploads\/sites\/32\/2022\/05\/EdA-DSC_6146--300x199.jpg 300w, https:\/\/www.ipleiria.pt\/estg\/wp-content\/uploads\/sites\/32\/2022\/05\/EdA-DSC_6146--768x511.jpg 768w, https:\/\/www.ipleiria.pt\/estg\/wp-content\/uploads\/sites\/32\/2022\/05\/EdA-DSC_6146--1536x1021.jpg 1536w, https:\/\/www.ipleiria.pt\/estg\/wp-content\/uploads\/sites\/32\/2022\/05\/EdA-DSC_6146--2048x1362.jpg 2048w\" sizes=\"(max-width: 1024px) 100vw, 1024px\" \/><figcaption>Edif\u00edcio A<br>Edif\u00edcio Pedag\u00f3gico<\/figcaption><\/figure>\n\n\n\n<figure class=\"wp-block-image size-large\"><img loading=\"lazy\" width=\"1024\" height=\"681\" data-id=\"1009\"  src=\"https:\/\/www.ipleiria.pt\/estg\/wp-content\/uploads\/sites\/32\/2022\/05\/DSC_2075-c2-1024x681.jpg\" alt=\"\" class=\"wp-image-1009\" srcset=\"https:\/\/www.ipleiria.pt\/estg\/wp-content\/uploads\/sites\/32\/2022\/05\/DSC_2075-c2-1024x681.jpg 1024w, https:\/\/www.ipleiria.pt\/estg\/wp-content\/uploads\/sites\/32\/2022\/05\/DSC_2075-c2-300x199.jpg 300w, https:\/\/www.ipleiria.pt\/estg\/wp-content\/uploads\/sites\/32\/2022\/05\/DSC_2075-c2-768x511.jpg 768w, https:\/\/www.ipleiria.pt\/estg\/wp-content\/uploads\/sites\/32\/2022\/05\/DSC_2075-c2-1536x1021.jpg 1536w, https:\/\/www.ipleiria.pt\/estg\/wp-content\/uploads\/sites\/32\/2022\/05\/DSC_2075-c2-2048x1362.jpg 2048w\" sizes=\"(max-width: 1024px) 100vw, 1024px\" \/><figcaption>Edif\u00edcio B<br>Servi\u00e7os Administrativos e Acad\u00e9micos<\/figcaption><\/figure>\n\n\n\n<figure class=\"wp-block-image size-large\"><img loading=\"lazy\" width=\"1024\" height=\"681\" data-id=\"1032\"  src=\"https:\/\/www.ipleiria.pt\/estg\/wp-content\/uploads\/sites\/32\/2022\/05\/DSC_2862-1024x681.jpg\" alt=\"\" class=\"wp-image-1032\" srcset=\"https:\/\/www.ipleiria.pt\/estg\/wp-content\/uploads\/sites\/32\/2022\/05\/DSC_2862-1024x681.jpg 1024w, https:\/\/www.ipleiria.pt\/estg\/wp-content\/uploads\/sites\/32\/2022\/05\/DSC_2862-300x199.jpg 300w, https:\/\/www.ipleiria.pt\/estg\/wp-content\/uploads\/sites\/32\/2022\/05\/DSC_2862-768x511.jpg 768w, https:\/\/www.ipleiria.pt\/estg\/wp-content\/uploads\/sites\/32\/2022\/05\/DSC_2862-1536x1021.jpg 1536w, https:\/\/www.ipleiria.pt\/estg\/wp-content\/uploads\/sites\/32\/2022\/05\/DSC_2862-2048x1362.jpg 2048w\" sizes=\"(max-width: 1024px) 100vw, 1024px\" \/><figcaption>Edif\u00edcio C<br>Investiga\u00e7\u00e3o e Projetos com o Exterior<\/figcaption><\/figure>\n\n\n\n<figure class=\"wp-block-image size-large\"><img loading=\"lazy\" width=\"1024\" height=\"683\" data-id=\"1011\"  src=\"https:\/\/www.ipleiria.pt\/estg\/wp-content\/uploads\/sites\/32\/2022\/05\/IMG_2254-1024x683.jpg\" alt=\"\" class=\"wp-image-1011\" srcset=\"https:\/\/www.ipleiria.pt\/estg\/wp-content\/uploads\/sites\/32\/2022\/05\/IMG_2254-1024x683.jpg 1024w, https:\/\/www.ipleiria.pt\/estg\/wp-content\/uploads\/sites\/32\/2022\/05\/IMG_2254-300x200.jpg 300w, https:\/\/www.ipleiria.pt\/estg\/wp-content\/uploads\/sites\/32\/2022\/05\/IMG_2254-768x512.jpg 768w, https:\/\/www.ipleiria.pt\/estg\/wp-content\/uploads\/sites\/32\/2022\/05\/IMG_2254-1536x1024.jpg 1536w, https:\/\/www.ipleiria.pt\/estg\/wp-content\/uploads\/sites\/32\/2022\/05\/IMG_2254-2048x1365.jpg 2048w\" sizes=\"(max-width: 1024px) 100vw, 1024px\" \/><figcaption>Edif\u00edcio D<br>Edif\u00edcio Pedag\u00f3gico<\/figcaption><\/figure>\n\n\n\n<figure class=\"wp-block-image size-large\"><img loading=\"lazy\" width=\"1024\" height=\"683\" data-id=\"1010\"  src=\"https:\/\/www.ipleiria.pt\/estg\/wp-content\/uploads\/sites\/32\/2022\/05\/IMG_1549_sMat-1024x683.jpg\" alt=\"\" class=\"wp-image-1010\" srcset=\"https:\/\/www.ipleiria.pt\/estg\/wp-content\/uploads\/sites\/32\/2022\/05\/IMG_1549_sMat-1024x683.jpg 1024w, https:\/\/www.ipleiria.pt\/estg\/wp-content\/uploads\/sites\/32\/2022\/05\/IMG_1549_sMat-300x200.jpg 300w, https:\/\/www.ipleiria.pt\/estg\/wp-content\/uploads\/sites\/32\/2022\/05\/IMG_1549_sMat-768x512.jpg 768w, https:\/\/www.ipleiria.pt\/estg\/wp-content\/uploads\/sites\/32\/2022\/05\/IMG_1549_sMat-1536x1024.jpg 1536w, https:\/\/www.ipleiria.pt\/estg\/wp-content\/uploads\/sites\/32\/2022\/05\/IMG_1549_sMat-2048x1365.jpg 2048w\" sizes=\"(max-width: 1024px) 100vw, 1024px\" \/><figcaption>Edif\u00edcio E<br>Edif\u00edcio Pedag\u00f3gico do curso de Engenharia Autom\u00f3vel<\/figcaption><\/figure>\n<\/figure>\n\n\n\n<div style=\"height:10px\" aria-hidden=\"true\" class=\"wp-block-spacer\"><\/div>\n\n\n\n<div class=\"wp-container-8 wp-block-columns\">\n<div class=\"wp-container-6 wp-block-column\">\n<p>A&nbsp;ESTG&nbsp;\u00e9 atualmente o maior estabelecimento de ensino superior do distrito de Leiria e, entre os seus cong\u00e9neres, um dos maiores a n\u00edvel nacional. Conta com cerca de 5900 estudantes, distribu\u00eddos por cursos de licenciatura, de mestrado e t\u00e9cnicos superiores profissionais, nos regimes diurno (D) e p\u00f3s-laboral (PL), nas \u00e1reas de Engenharia e Tecnologia e Ci\u00eancias Empresariais e Jur\u00eddicas. <\/p>\n\n\n\n<p>Al\u00e9m das forma\u00e7\u00f5es referidas, a ESTG dinamiza tamb\u00e9m a\u00e7\u00f5es de forma\u00e7\u00e3o cont\u00ednua, presta\u00e7\u00e3o de servi\u00e7os, investiga\u00e7\u00e3o cient\u00edfica e transfer\u00eancia de tecnologia. Estas, s\u00e3o atividades em que a institui\u00e7\u00e3o est\u00e1 fortemente empenhada e que se consubstanciam em projetos e parcerias com entidades e <\/p>\n<\/div>\n\n\n\n<div class=\"wp-container-7 wp-block-column\">\n<p>empresas quer a n\u00edvel regional e nacional, quer a n\u00edvel internacional.<\/p>\n\n\n\n<p>O Campus integra igualmente a&nbsp;<a rel=\"noreferrer noopener\" href=\"https:\/\/www.ipleiria.pt\/esslei\/\" target=\"_blank\">Escola Superior de Sa\u00fade de Leiria<\/a>&nbsp;(ESSLei), a&nbsp;<a rel=\"noreferrer noopener\" href=\"https:\/\/www.ipleiria.pt\/sdoc\/biblioteca-jose-saramago-do-campus-2-estg-ess\/\" target=\"_blank\">Biblioteca Jos\u00e9 Saramago<\/a>, diversos parques de estacionamento, estruturas exploradas pelos&nbsp;<a rel=\"noreferrer noopener\" href=\"https:\/\/www.ipleiria.pt\/sas\/\" target=\"_blank\">Servi\u00e7os de A\u00e7\u00e3o Social<\/a>, onde funcionam cantinas, bares e snack-bares.<\/p>\n\n\n\n<p>Atualmente, a ESTG \u00e9 reconhecida como&nbsp;Academia Cisco,&nbsp;Academia Microsoft,&nbsp;Academia Oracle,&nbsp;Academia EduNet\/Phoenix Contact&nbsp;e, \u00e0 escala mundial, como as primeiras&nbsp;Academias Siemens.<\/p>\n<\/div>\n<\/div>\n\n\n\n<div style=\"height:10px\" aria-hidden=\"true\" class=\"wp-block-spacer\"><\/div>\n\n\n\n<div class=\"wp-container-11 wp-block-columns\">\n<div class=\"wp-container-9 wp-block-column\"><div class=\"wp-block-image\">\n<figure class=\"aligncenter size-large\"><img loading=\"lazy\" width=\"1024\" height=\"682\" src=\"https:\/\/www.ipleiria.pt\/estg\/wp-content\/uploads\/sites\/32\/2022\/10\/cantina3-1024x682.jpg\" alt=\"\" class=\"wp-image-4882\" srcset=\"https:\/\/www.ipleiria.pt\/estg\/wp-content\/uploads\/sites\/32\/2022\/10\/cantina3-1024x682.jpg 1024w, https:\/\/www.ipleiria.pt\/estg\/wp-content\/uploads\/sites\/32\/2022\/10\/cantina3-300x200.jpg 300w, https:\/\/www.ipleiria.pt\/estg\/wp-content\/uploads\/sites\/32\/2022\/10\/cantina3-768x512.jpg 768w, https:\/\/www.ipleiria.pt\/estg\/wp-content\/uploads\/sites\/32\/2022\/10\/cantina3.jpg 1280w\" sizes=\"(max-width: 1024px) 100vw, 1024px\" \/><figcaption>Cantina 3<\/figcaption><\/figure><\/div><\/div>\n\n\n\n<div class=\"wp-container-10 wp-block-column\"><div class=\"wp-block-image\">\n<figure class=\"aligncenter size-large\"><img loading=\"lazy\" width=\"1024\" height=\"682\" src=\"https:\/\/www.ipleiria.pt\/estg\/wp-content\/uploads\/sites\/32\/2022\/10\/MG_4110-1-1024x682.jpg\" alt=\"\" class=\"wp-image-4879\" srcset=\"https:\/\/www.ipleiria.pt\/estg\/wp-content\/uploads\/sites\/32\/2022\/10\/MG_4110-1-1024x682.jpg 1024w, https:\/\/www.ipleiria.pt\/estg\/wp-content\/uploads\/sites\/32\/2022\/10\/MG_4110-1-300x200.jpg 300w, https:\/\/www.ipleiria.pt\/estg\/wp-content\/uploads\/sites\/32\/2022\/10\/MG_4110-1-768x512.jpg 768w, https:\/\/www.ipleiria.pt\/estg\/wp-content\/uploads\/sites\/32\/2022\/10\/MG_4110-1.jpg 1280w\" sizes=\"(max-width: 1024px) 100vw, 1024px\" \/><figcaption>Biblioteca Jose Saramago<\/figcaption><\/figure><\/div><\/div>\n<\/div>\n\n\n\n<div style=\"height:20px\" aria-hidden=\"true\" class=\"wp-block-spacer\"><\/div>\n\n\n\n<p class=\"is-style-theme-subtitle\">Edif\u00edcios<\/p>\n\n\n\n<h2 class=\"is-style-theme-title\" id=\"horarios-dos-edificio\">Hor\u00e1rios dos Edif\u00edcios<\/h2>\n\n\n\n<div style=\"height:20px\" aria-hidden=\"true\" class=\"wp-block-spacer\"><\/div>\n\n\n\n<figure class=\"wp-block-table is-style-stripes\"><table><thead><tr><th class=\"has-text-align-center\" data-align=\"center\">Edif\u00edcio<\/th><th class=\"has-text-align-left\" data-align=\"left\">2.\u00aa a 6.\u00aa feira<\/th><th class=\"has-text-align-left\" data-align=\"left\">S\u00e1bado<\/th><th class=\"has-text-align-center\" data-align=\"center\">Domingo<\/th><\/tr><\/thead><tbody><tr><td class=\"has-text-align-center\" data-align=\"center\">&nbsp;A<\/td><td class=\"has-text-align-left\" data-align=\"left\">07h15min &nbsp;\u00e0s 00h30min<\/td><td class=\"has-text-align-left\" data-align=\"left\">08h00min \u00e0s 20h00min &nbsp;<\/td><td class=\"has-text-align-center\" data-align=\"center\">Encerrado&nbsp;<\/td><\/tr><tr><td class=\"has-text-align-center\" data-align=\"center\">&nbsp;B<\/td><td class=\"has-text-align-left\" data-align=\"left\">08h30min&nbsp;\u00e0s 20h00min&nbsp;<\/td><td class=\"has-text-align-left\" data-align=\"left\">&nbsp;Encerrado&nbsp;<\/td><td class=\"has-text-align-center\" data-align=\"center\">Encerrado&nbsp;<\/td><\/tr><tr><td class=\"has-text-align-center\" data-align=\"center\">&nbsp;D<\/td><td class=\"has-text-align-left\" data-align=\"left\">&nbsp;07h45min \u00e0s 00h30min<\/td><td class=\"has-text-align-left\" data-align=\"left\">08h00min \u00e0s 18h15min &nbsp;<\/td><td class=\"has-text-align-center\" data-align=\"center\">&nbsp;Encerrado<\/td><\/tr><tr><td class=\"has-text-align-center\" data-align=\"center\">&nbsp;E<\/td><td class=\"has-text-align-left\" data-align=\"left\">&nbsp;08h00min \u00e0s 00h00min<\/td><td class=\"has-text-align-left\" data-align=\"left\">&nbsp;Encerrado<\/td><td class=\"has-text-align-center\" data-align=\"center\">&nbsp;Encerrado<\/td><\/tr><\/tbody><\/table><\/figure>\n\n\n\n<div style=\"height:27px\" aria-hidden=\"true\" class=\"wp-block-spacer\"><\/div>\n\n\n\n<div id=\"gbc-527429-da\" class=\"wp-block-pt-ipleiria-ued-wp-theme-ipleiria-gutenbergblocks-container gbc gbc-view row-valign-middle align-full\" style=\"background-color:#F3F3F3\"><div class=\"gbc-background\" style=\"background-image:url(https:\/\/www.ipleiria.pt\/estg\/wp-content\/uploads\/sites\/32\/2022\/06\/cartography-g57bc88fd6_1280.png);background-size:auto;background-position:center center;background-repeat:no-repeat;background-attachment:scroll\"><\/div><div class=\"gbc-background-overlay gbc-background-overlay-normal\" style=\"background-color:#F3F3F3;opacity:0.9\"><\/div><div class=\"gbc-wrapper\" style=\"padding-top:75px;padding-bottom:75px\"><div id=\"gbc-container-gbc-527429-da\" class=\"inner-container container\">\n<p class=\"is-style-theme-subtitle\">ESTG<\/p>\n\n\n\n<h2 class=\"is-style-theme-title\" id=\"missao\">Miss\u00e3o<\/h2>\n\n\n\n<div class=\"wp-container-15 wp-block-columns\">\n<div class=\"wp-container-12 wp-block-column\" style=\"flex-basis:22.22%\">\n<div style=\"height:40px\" aria-hidden=\"true\" class=\"wp-block-spacer\"><\/div>\n\n\n<div class=\"wp-block-image\">\n<figure class=\"aligncenter size-full is-resized\"><img loading=\"lazy\" src=\"https:\/\/www.ipleiria.pt\/estg\/wp-content\/uploads\/sites\/32\/2022\/06\/perfil_objetivo.svg\" alt=\"\" class=\"wp-image-1886\" width=\"197\" height=\"197\"\/><\/figure><\/div><\/div>\n\n\n\n<div class=\"wp-container-13 wp-block-column\" style=\"flex-basis:30%\">\n<p>A&nbsp;<strong>Escola Superior de Tecnologia e Gest\u00e3o de Leiria<\/strong>&nbsp;\u00e9 uma institui\u00e7\u00e3o p\u00fablica de ensino superior, unidade org\u00e2nica do&nbsp;<strong>Polit\u00e9cnico de Leiria<\/strong>, de cria\u00e7\u00e3o e transfer\u00eancia de conhecimento nas \u00e1reas da engenharia e tecnologia, ci\u00eancias empresariais e ci\u00eancias jur\u00eddicas. <\/p>\n\n\n\n<p><\/p>\n<\/div>\n\n\n\n<div class=\"wp-container-14 wp-block-column\" style=\"flex-basis:33.33%\">\n<p>Tem como miss\u00e3o formar pessoas altamente qualificadas, numa perspetiva interdisciplinar e num contexto de excel\u00eancia, com capacidade de adapta\u00e7\u00e3o \u00e0 mudan\u00e7a, promover a investiga\u00e7\u00e3o, inova\u00e7\u00e3o e empreendedorismo e a aprendizagem ao longo da vida, sendo uma for\u00e7a motriz de desenvolvimento regional numa perspetiva global.<\/p>\n<\/div>\n<\/div>\n<\/div><\/div><\/div>\n\n\n\n<div style=\"height:50px\" aria-hidden=\"true\" class=\"wp-block-spacer\"><\/div>\n\n\n\n<p class=\"is-style-theme-subtitle\">ESTG<\/p>\n\n\n\n<h2 class=\"is-style-theme-title\" id=\"visao\">Vis\u00e3o<\/h2>\n\n\n\n<div style=\"height:40px\" aria-hidden=\"true\" class=\"wp-block-spacer\"><\/div>\n\n\n\n<div class=\"wp-container-20 wp-block-columns\">\n<div class=\"wp-container-16 wp-block-column\"><div class=\"wp-block-image\">\n<figure class=\"aligncenter size-full is-resized\"><img loading=\"lazy\" src=\"https:\/\/www.ipleiria.pt\/estg\/wp-content\/uploads\/sites\/32\/2022\/06\/areas_conhecimento_educacao.svg\" alt=\"\" class=\"wp-image-1907\" width=\"86\" height=\"75\"\/><\/figure><\/div>\n\n\n<h3 class=\"has-text-align-center is-style-theme-default-title has-normal-font-size\"><strong>Forma\u00e7\u00e3o<\/strong><\/h3>\n\n\n\n<p class=\"has-text-align-center\">A ESTG \u00e9 uma Escola de ensino superior polit\u00e9cnico que disp\u00f5e de uma oferta formativa diversificada e de qualidade reconhecida que antecipa e responde aos desafios colocados pelo mercado de trabalho.<\/p>\n<\/div>\n\n\n\n<div class=\"wp-container-17 wp-block-column\"><div class=\"wp-block-image is-style-default\">\n<figure class=\"aligncenter size-full is-resized\"><img loading=\"lazy\" src=\"https:\/\/www.ipleiria.pt\/estg\/wp-content\/uploads\/sites\/32\/2022\/06\/perfil_portal_estudante.svg\" alt=\"\" class=\"wp-image-1891\" width=\"86\" height=\"75\"\/><\/figure><\/div>\n\n\n<h3 class=\"has-text-align-center is-style-theme-default-title has-normal-font-size\"><strong>Estudantes<\/strong><\/h3>\n\n\n\n<p class=\"has-text-align-center\">A ESTG proporciona um ambiente acad\u00e9mico atrativo a p\u00fablicos diversos, motivador do sucesso, potenciador de autonomia e empreendedorismo nos seus estudantes, que lhes facilita a empregabilidade e ocupa\u00e7\u00e3o de lugares de destaque na sociedade.<\/p>\n<\/div>\n\n\n\n<div class=\"wp-container-18 wp-block-column\"><div class=\"wp-block-image is-style-default\">\n<figure class=\"aligncenter size-full is-resized\"><img loading=\"lazy\" src=\"https:\/\/www.ipleiria.pt\/estg\/wp-content\/uploads\/sites\/32\/2022\/06\/investigacao_engenharia.svg\" alt=\"\" class=\"wp-image-1914\" width=\"75\" height=\"75\"\/><\/figure><\/div>\n\n\n<h3 class=\"has-text-align-center is-style-theme-default-title has-normal-font-size\"><strong>Desenvolvimento Regional e Empreendedorismo<\/strong><\/h3>\n\n\n\n<p class=\"has-text-align-center\">A ESTG \u00e9 um motor de desenvolvimento numa regi\u00e3o din\u00e2mica e em crescimento, sendo um agente facilitador de empreendedorismo em \u00e1reas de valor acrescentado.<\/p>\n<\/div>\n\n\n\n<div class=\"wp-container-19 wp-block-column\"><div class=\"wp-block-image is-style-default\">\n<figure class=\"aligncenter size-full is-resized\"><img loading=\"lazy\" src=\"https:\/\/www.ipleiria.pt\/estg\/wp-content\/uploads\/sites\/32\/2022\/06\/perfil_portal_estudante.svg\" alt=\"\" class=\"wp-image-1891\" width=\"86\" height=\"75\"\/><\/figure><\/div>\n\n\n<h3 class=\"has-text-align-center is-style-theme-default-title has-normal-font-size\"><strong>Pessoal Docente e <\/strong><br><strong>N\u00e3o Docente<\/strong><\/h3>\n\n\n\n<p class=\"has-text-align-center\">Uma Escola de pessoas qualificadas, din\u00e2micas e motivadas, caracterizada pela integra\u00e7\u00e3o, igualdade de oportunidades e elevado sentido de participa\u00e7\u00e3o.<\/p>\n<\/div>\n<\/div>\n\n\n\n<div style=\"height:40px\" aria-hidden=\"true\" class=\"wp-block-spacer\"><\/div>\n\n\n\n<div class=\"wp-container-24 wp-block-columns\">\n<div class=\"wp-container-21 wp-block-column\"><div class=\"wp-block-image is-style-default\">\n<figure class=\"aligncenter size-full is-resized\"><img loading=\"lazy\" src=\"https:\/\/www.ipleiria.pt\/estg\/wp-content\/uploads\/sites\/32\/2022\/06\/perfil_parceiros.svg\" alt=\"\" class=\"wp-image-1887\" width=\"86\" height=\"75\"\/><\/figure><\/div>\n\n\n<h3 class=\"has-text-align-center is-style-theme-default-title has-normal-font-size\" style=\"font-style:normal;font-weight:400\"><strong>Investiga\u00e7\u00e3o, Desenvolvimento e Inova\u00e7\u00e3o<\/strong><\/h3>\n\n\n\n<p class=\"has-text-align-center\">A ESTG \u00e9 um agente de refer\u00eancia em termos de transfer\u00eancia de conhecimento e tecnologia, parceiro de elei\u00e7\u00e3o em termos regionais, estando claramente implicado no desenvolvimento da competitividade nacional, atrav\u00e9s do apoio \u00e0 cria\u00e7\u00e3o, desenvolvimento e integra\u00e7\u00e3o de\/em centros e redes de investiga\u00e7\u00e3o. A sua a\u00e7\u00e3o pauta-se por rigor, qualidade e transpar\u00eancia.<\/p>\n<\/div>\n\n\n\n<div class=\"wp-container-22 wp-block-column\"><div class=\"wp-block-image is-style-default\">\n<figure class=\"aligncenter size-full is-resized\"><img loading=\"lazy\" src=\"https:\/\/www.ipleiria.pt\/estg\/wp-content\/uploads\/sites\/32\/2022\/06\/perfil_protocolos.svg\" alt=\"\" class=\"wp-image-1892\" width=\"86\" height=\"75\"\/><\/figure><\/div>\n\n\n<h3 class=\"has-text-align-center is-style-theme-default-title has-normal-font-size\"><strong>Organiza\u00e7\u00e3o e Gest\u00e3o<\/strong><\/h3>\n\n\n\n<p class=\"has-text-align-center\">Uma Escola reconhecida pela gest\u00e3o de proximidade, participativa, transparente e com crit\u00e9rios de qualidade, apoiada por uma organiza\u00e7\u00e3o flex\u00edvel e por um sistema de planifica\u00e7\u00e3o estrat\u00e9gica em todas as vertentes.<\/p>\n<\/div>\n\n\n\n<div class=\"wp-container-23 wp-block-column\"><div class=\"wp-block-image is-style-default\">\n<figure class=\"aligncenter size-full is-resized\"><img loading=\"lazy\" src=\"https:\/\/www.ipleiria.pt\/estg\/wp-content\/uploads\/sites\/32\/2022\/06\/investigacao_ambiente.svg\" alt=\"\" class=\"wp-image-1912\" width=\"75\" height=\"75\"\/><\/figure><\/div>\n\n\n<h3 class=\"has-text-align-center has-normal-font-size\"><strong>Internacionaliza\u00e7\u00e3o<\/strong><\/h3>\n\n\n\n<p class=\"has-text-align-center\">A ESTG integra redes internacionais de ensino e investiga\u00e7\u00e3o, fomenta a mobilidade de estudantes e professores e o desenvolvimento de projetos conjuntos, possui ainda rela\u00e7\u00f5es preferenciais com parceiros europeus e com os pa\u00edses da CPLP.<\/p>\n<\/div>\n<\/div>\n\n\n\n<div style=\"height:36px\" aria-hidden=\"true\" class=\"wp-block-spacer\"><\/div>\n\n\n\n<hr class=\"wp-block-separator has-css-opacity is-style-wide\"\/>\n\n\n\n<p class=\"is-style-theme-subtitle\">ESTG<\/p>\n\n\n\n<h2 class=\"is-style-theme-title\" id=\"como-chegar\">Como chegar<\/h2>\n\n\n\n<div class=\"wp-container-27 wp-block-columns\">\n<div class=\"wp-container-25 wp-block-column\">\n<p>Para quem se deslocar de transportes p\u00fablicos recomenda-se a utiliza\u00e7\u00e3o de autocarro, existindo uma central de camionagem no centro de Leiria com autocarros sistem\u00e1ticos (<a rel=\"noreferrer noopener\" href=\"https:\/\/mobilis.pt\/\" target=\"_blank\">Mobilis<\/a>) para o Campus 2 do&nbsp;Polit\u00e9cnico de Leiria.<\/p>\n<\/div>\n\n\n\n<div class=\"wp-container-26 wp-block-column\"><\/div>\n<\/div>\n\n\n\n<div style=\"height:30px\" aria-hidden=\"true\" class=\"wp-block-spacer\"><\/div>\n\n\n\n<div class=\"wp-container-31 wp-block-columns\">\n<div class=\"wp-container-28 wp-block-column\">\n<h2 class=\"has-text-align-left is-style-theme-subtitle\">Para quem se desloca do Sul<\/h2>\n\n\n\n<p class=\"has-text-align-left\">A melhor forma \u00e9 seguir pela autoestrada A1 na dire\u00e7\u00e3o \u201cNorte\u201d (Porto) ou pela autoestrada A8 na dire\u00e7\u00e3o \u201cNorte\u201d (Leiria) e sair na primeira sa\u00edda para \u201cLeiria Sul\u201d<\/p>\n\n\n\n<p class=\"has-text-align-left\"><strong>Dire\u00e7\u00f5es Google Maps &nbsp;<a rel=\"noreferrer noopener\" href=\"https:\/\/maps.google.pt\/maps?saddr=Lisboa&amp;daddr=leiria&amp;hl=pt-PT&amp;sll=40.972657,-8.5842&amp;sspn=0.022195,0.045447&amp;geocode=FbPmTgIdrGF0_yk78-RhGjMZDTHQNpDkvesABA%3BFZ2HXgId_Zp5_ym5ssk0FXMiDTFsPNQ5J4OvTQ&amp;mra=ls&amp;t=m&amp;z=9\" target=\"_blank\">A1<\/a><\/strong><\/p>\n\n\n\n<p class=\"has-text-align-left\"><strong>Dire\u00e7\u00f5es Google Maps &nbsp;<a rel=\"noreferrer noopener\" href=\"https:\/\/maps.google.pt\/maps?saddr=Lisboa&amp;daddr=39.2803559,-9.1470723+to:leiria&amp;hl=pt-PT&amp;sll=39.246283,-8.891046&amp;sspn=1.456973,2.90863&amp;geocode=FbPmTgIdrGF0_yk78-RhGjMZDTHQNpDkvesABA%3BFeNeVwIdQG10_ylvOrNIiMoYDTGWAd-2GJrMhA%3BFZ2HXgId_Zp5_ym5ssk0FXMiDTFsPNQ5J4OvTQ&amp;mra=dpe&amp;mrsp=1&amp;sz=9&amp;via=1&amp;t=m&amp;z=9\" target=\"_blank\">A8<\/a><\/strong><\/p>\n<\/div>\n\n\n\n<div class=\"wp-container-29 wp-block-column\">\n<h2 class=\"is-style-theme-subtitle\">para quem se desloca do Norte<\/h2>\n\n\n\n<p>Para quem se desloca do Norte:A melhor forma \u00e9 seguir pela autoestrada A1 na dire\u00e7\u00e3o \u201cSul\u201d e sair na \u00fanica sa\u00edda para \u201cLeiria\u201d ou pode seguir pelas auto-estradas A29 e A17, junto ao litoral na dire\u00e7\u00e3o \u201cSul\u201d e sair na segunda sa\u00edda para \u201cLeiria Sul\u201d.<\/p>\n\n\n\n<p><strong>Dire\u00e7\u00f5es Google Maps &nbsp;<a rel=\"noreferrer noopener\" href=\"https:\/\/maps.google.pt\/maps?saddr=Porto&amp;daddr=leiria&amp;hl=pt-PT&amp;ll=40.446947,-8.64624&amp;spn=2.86336,5.817261&amp;sll=40.225024,-8.536377&amp;sspn=2.872789,5.817261&amp;geocode=FVEAdAIdy2h8_ynBU-HEq2UkDTG8FLFAVtlIpg%3BFZ2HXgId_Zp5_ym5ssk0FXMiDTFsPNQ5J4OvTQ&amp;oq=porto&amp;mra=ls&amp;t=m&amp;z=8\" target=\"_blank\">A1<\/a><\/strong><\/p>\n\n\n\n<p><strong>Dire\u00e7\u00f5es Google Maps &nbsp;<a rel=\"noreferrer noopener\" href=\"https:\/\/maps.google.pt\/maps?saddr=Porto&amp;daddr=40.8211597,-8.5594316+to:40.5489499,-8.665168+to:leiria&amp;hl=pt-PT&amp;sll=40.446947,-8.464966&amp;sspn=2.86336,5.817261&amp;geocode=FVEAdAIdy2h8_ynBU-HEq2UkDTG8FLFAVtlIpg%3BFafhbgIduWR9_ym30jiXQoMjDTHm376eW1VdJA%3BFVW6agIdsMd7_ykJePMiVLsjDTE1z6TsePoV8A%3BFZ2HXgId_Zp5_ym5ssk0FXMiDTFsPNQ5J4OvTQ&amp;oq=porto&amp;mra=dpe&amp;mrsp=1&amp;sz=8&amp;via=1,2&amp;t=m&amp;z=8\" target=\"_blank\">A17<\/a><\/strong><\/p>\n<\/div>\n\n\n\n<div class=\"wp-container-30 wp-block-column\">\n<h2 class=\"is-style-theme-subtitle\">Para quem vem das Beiras\/Espanha<\/h2>\n\n\n\n<p>Pode seguir pela autoestrada A23 em dire\u00e7\u00e3o a Torres Novas e depois seguir pela auto-estrada A1 na dire\u00e7\u00e3o \u201cNorte\u201d (Porto) ou pode seguir pela auto-estrada A25 em dire\u00e7\u00e3o a Aveiro e depois seguir pela auto-estrada A1 na dire\u00e7\u00e3o \u201cSul\u201d(Lisboa).<\/p>\n\n\n\n<p><strong>Dire\u00e7\u00f5es Google Maps &nbsp;<a rel=\"noreferrer noopener\" href=\"https:\/\/maps.google.pt\/maps?saddr=vilar+formoso&amp;daddr=40.2432482,-7.3854628+to:leiria&amp;hl=pt-PT&amp;ll=40.225024,-8.536377&amp;spn=2.872789,5.817261&amp;sll=40.195659,-7.827759&amp;sspn=1.437071,2.90863&amp;geocode=FUbPawIddJ-X_yndPH_z30U8DTFAxpDkvesABQ%3BFTAQZgIdik6P_ylxpZe92hk9DTFseIFFTQyylQ%3BFZ2HXgId_Zp5_ym5ssk0FXMiDTFsPNQ5J4OvTQ&amp;mra=dpe&amp;mrsp=1&amp;sz=9&amp;via=1&amp;t=m&amp;z=8\" target=\"_blank\">A23<\/a><\/strong><\/p>\n\n\n\n<p><strong>Dire\u00e7\u00f5es Google Maps &nbsp;<a rel=\"noreferrer noopener\" href=\"https:\/\/maps.google.pt\/maps?saddr=vilar+formoso&amp;daddr=40.5622253,-7.2346247+to:40.6625398,-8.3931472+to:leiria&amp;hl=pt-PT&amp;sll=40.225024,-8.536377&amp;sspn=2.872789,5.817261&amp;geocode=FUbPawIddJ-X_yndPH_z30U8DTFAxpDkvesABQ%3BFTHuagIdwJuR_ykLtI8-hfo8DTFxUvs_XZA69A%3BFQt2bAIdRe5__ylPI_ggUXMjDTF1Veoc78UkGQ%3BFZ2HXgId_Zp5_ym5ssk0FXMiDTFsPNQ5J4OvTQ&amp;mra=dvme&amp;mrsp=1&amp;sz=8&amp;via=1,2&amp;t=m&amp;z=8\" target=\"_blank\">A25<\/a><\/strong><\/p>\n<\/div>\n<\/div>\n\n\n\n<div style=\"height:60px\" aria-hidden=\"true\" class=\"wp-block-spacer\"><\/div>\n","protected":false},"excerpt":{"rendered":"escola A ESTG A&nbsp;Escola Superior de Tecnologia e Gest\u00e3o&nbsp;(ESTG) \u00e9 uma institui\u00e7\u00e3o de ensino superior integrada no&nbsp;Polit\u00e9cnico de Leiria, criada em 1985 pelo Decreto do Governo n.\u00ba 46\/85, de 22 de novembro, tendo iniciado a sua atividade acad\u00e9mica no ano letivo de 1989\/1990, com 100 estudantes e tr\u00eas cursos de bacharelato. No in\u00edcio, esteve instalada [&hellip;]","protected":false},"author":1,"featured_media":7933,"parent":501,"menu_order":5,"comment_status":"closed","ping_status":"closed","template":"","meta":{"custompostfields_banners":""},"_links":{"self":[{"href":"https:\/\/www.ipleiria.pt\/estg\/wp-json\/wp\/v2\/pages\/503"}],"collection":[{"href":"https:\/\/www.ipleiria.pt\/estg\/wp-json\/wp\/v2\/pages"}],"about":[{"href":"https:\/\/www.ipleiria.pt\/estg\/wp-json\/wp\/v2\/types\/page"}],"author":[{"embeddable":true,"href":"https:\/\/www.ipleiria.pt\/estg\/wp-json\/wp\/v2\/users\/1"}],"replies":[{"embeddable":true,"href":"https:\/\/www.ipleiria.pt\/estg\/wp-json\/wp\/v2\/comments?post=503"}],"version-history":[{"count":50,"href":"https:\/\/www.ipleiria.pt\/estg\/wp-json\/wp\/v2\/pages\/503\/revisions"}],"predecessor-version":[{"id":9321,"href":"https:\/\/www.ipleiria.pt\/estg\/wp-json\/wp\/v2\/pages\/503\/revisions\/9321"}],"up":[{"embeddable":true,"href":"https:\/\/www.ipleiria.pt\/estg\/wp-json\/wp\/v2\/pages\/501"}],"wp:featuredmedia":[{"embeddable":true,"href":"https:\/\/www.ipleiria.pt\/estg\/wp-json\/wp\/v2\/media\/7933"}],"wp:attachment":[{"href":"https:\/\/www.ipleiria.pt\/estg\/wp-json\/wp\/v2\/media?parent=503"}],"curies":[{"name":"wp","href":"https:\/\/api.w.org\/{rel}","templated":true}]}}