{"id":428,"date":"2021-10-08T16:41:59","date_gmt":"2021-10-08T16:41:59","guid":{"rendered":"https:\/\/www.ipleiria.pt\/estm\/?page_id=428"},"modified":"2026-02-04T11:40:50","modified_gmt":"2026-02-04T11:40:50","slug":"inicio","status":"publish","type":"page","link":"https:\/\/www.ipleiria.pt\/estm\/","title":{"rendered":"In\u00edcio"},"content":{"rendered":"\n<p class=\"is-style-theme-title\">Not\u00edcias<\/p>\n\n\n\n<div id=\"gbc-e430de-dc\" class=\"wp-block-pt-ipleiria-ued-wp-theme-ipleiria-gutenbergblocks-container gbc gbc-view row-valign-top align-none\"><div class=\"gbc-background-overlay gbc-background-overlay-normal\" style=\"opacity:0.3\"><\/div><div class=\"gbc-wrapper\" style=\"padding-left:15;padding-right:15;padding-top:35px;padding-bottom:30px\"><div id=\"gbc-container-gbc-e430de-dc\" class=\"inner-container container\">            <div class=\"main-content\">\n                <div class=\"\">\n                    \n                    <ul class=\"posts news no-bullets pages-list\" style=\"grid-template-columns: repeat(auto-fill,minmax(270px, 1fr));\">\n                                                                                                                                                                                                                                                                                                                                                                                                                                                                                                                                                                                    <li id=\"post-12906\" class=\"post page-list-item\" style=\"\">\n                                <a href=\"https:\/\/www.ipleiria.pt\/estm\/sessao-de-apresentacao-dos-projetos-interdisciplinares-em-biotecnologia\/\"  class=\"block entry-link m-0 no-icon page-item-link\" style=\"padding-top: 100%;\" aria-roledescription=\"Liga\u00e7\u00e3o para not\u00edcia\" aria-labelledby=\"post-title-12906\">\n                                                                                                                                                                                                                    <span class=\"block page-item-thumbnail-wrapper\"><img loading=\"lazy\" width=\"700\" height=\"700\" class=\"block entry-thumbnail page-item-thumbnail m-0\" alt=\"\" src=\"https:\/\/www.ipleiria.pt\/estm\/wp-content\/uploads\/sites\/28\/2026\/04\/IMAGEM-DESTAQUE-SITE-NOVO-4-1.png\"><\/span>\n                                                                                                                                                            <div class=\"block page-item-title\">\n                                        <h3 id=\"post-title-12906\" aria-hidden=\"true\" role=\"presentation\" class=\"block entry-title has-dark-title-text-color-color\" style=\"font-size: 1.2rem;text-transform: none;\">Sess\u00e3o de Apresenta\u00e7\u00e3o dos Projetos Interdisciplinares em Biotecnologia<\/h3>\n                                    <\/div>\n                                <\/a>\n                            <\/li>\n                                                                                                                                                                                                                                                                                                                                                                                                                                                                                                                                                                                    <li id=\"post-12890\" class=\"post page-list-item\" style=\"\">\n                                <a href=\"https:\/\/www.ipleiria.pt\/estm\/apresentacao-do-livro-gestao-hoteleira-ii-sustentabilidade-experiencia-e-tecnologia-na-estm\/\"  class=\"block entry-link m-0 no-icon page-item-link\" style=\"padding-top: 100%;\" aria-roledescription=\"Liga\u00e7\u00e3o para not\u00edcia\" aria-labelledby=\"post-title-12890\">\n                                                                                                                                                                                                                    <span class=\"block page-item-thumbnail-wrapper\"><img loading=\"lazy\" width=\"700\" height=\"700\" class=\"block entry-thumbnail page-item-thumbnail m-0\" alt=\"\" src=\"https:\/\/www.ipleiria.pt\/estm\/wp-content\/uploads\/sites\/28\/2026\/04\/IMAGEM-DESTAQUE-SITE-NOVO-8.png\"><\/span>\n                                                                                                                                                            <div class=\"block page-item-title\">\n                                        <h3 id=\"post-title-12890\" aria-hidden=\"true\" role=\"presentation\" class=\"block entry-title has-dark-title-text-color-color\" style=\"font-size: 1.2rem;text-transform: none;\">Apresenta\u00e7\u00e3o do livro \u201cGest\u00e3o Hoteleira II \u2013 Sustentabilidade, Experi\u00eancia e Tecnologia\u201d na ESTM<\/h3>\n                                    <\/div>\n                                <\/a>\n                            <\/li>\n                                                                                                                                                                                                                                                                                                                                                                                                                                                                                                                                                                                    <li id=\"post-12862\" class=\"post page-list-item\" style=\"\">\n                                <a href=\"https:\/\/www.ipleiria.pt\/estm\/48-horas-para-mudar-o-oceano-peniche-volta-a-desafiar-mentes-criativas-a-moldar-o-futuro-dos-oceanos-com-solucoes-inovadoras\/\"  class=\"block entry-link m-0 no-icon page-item-link\" style=\"padding-top: 100%;\" aria-roledescription=\"Liga\u00e7\u00e3o para not\u00edcia\" aria-labelledby=\"post-title-12862\">\n                                                                                                                                                                                                                    <span class=\"block page-item-thumbnail-wrapper\"><img loading=\"lazy\" width=\"700\" height=\"700\" class=\"block entry-thumbnail page-item-thumbnail m-0\" alt=\"\" src=\"https:\/\/www.ipleiria.pt\/estm\/wp-content\/uploads\/sites\/28\/2026\/04\/IMAGEM-DESTAQUE-SITE-NOVO-6.png\"><\/span>\n                                                                                                                                                            <div class=\"block page-item-title\">\n                                        <h3 id=\"post-title-12862\" aria-hidden=\"true\" role=\"presentation\" class=\"block entry-title has-dark-title-text-color-color\" style=\"font-size: 1.2rem;text-transform: none;\">48 horas para mudar o oceano: Peniche volta a\u00a0desafiar\u00a0mentes criativas a moldar o futuro dos Oceanos com solu\u00e7\u00f5es inovadoras\u00a0<\/h3>\n                                    <\/div>\n                                <\/a>\n                            <\/li>\n                                                                                                                                                                                                                                                                                                                                                                                                                                                                                                                                                                                    <li id=\"post-12836\" class=\"post page-list-item\" style=\"\">\n                                <a href=\"https:\/\/www.ipleiria.pt\/estm\/aula-aberta-o-poder-dos-eventos-na-divulgacao-de-marcas\/\"  class=\"block entry-link m-0 no-icon page-item-link\" style=\"padding-top: 100%;\" aria-roledescription=\"Liga\u00e7\u00e3o para not\u00edcia\" aria-labelledby=\"post-title-12836\">\n                                                                                                                                                                                                                    <span class=\"block page-item-thumbnail-wrapper\"><img loading=\"lazy\" width=\"700\" height=\"700\" class=\"block entry-thumbnail page-item-thumbnail m-0\" alt=\"\" src=\"https:\/\/www.ipleiria.pt\/estm\/wp-content\/uploads\/sites\/28\/2026\/04\/IMAGEM-DESTAQUE-SITE-NOVO-3.png\"><\/span>\n                                                                                                                                                            <div class=\"block page-item-title\">\n                                        <h3 id=\"post-title-12836\" aria-hidden=\"true\" role=\"presentation\" class=\"block entry-title has-dark-title-text-color-color\" style=\"font-size: 1.2rem;text-transform: none;\">Aula Aberta | O poder dos eventos na divulga\u00e7\u00e3o de marcas<\/h3>\n                                    <\/div>\n                                <\/a>\n                            <\/li>\n                                                                                                                                                                                                                                                                                                                                                                                                                                                                                                                                                                                    <li id=\"post-12822\" class=\"post page-list-item\" style=\"\">\n                                <a href=\"https:\/\/www.ipleiria.pt\/estudar\/candidaturas\/provas-m23\/\" target=\"_blank\" rel=\"noopener\" class=\"block entry-link m-0 no-icon page-item-link\" style=\"padding-top: 100%;\" aria-roledescription=\"Liga\u00e7\u00e3o para not\u00edcia\" aria-labelledby=\"post-title-12822\">\n                                                                                                                                                                                                                    <span class=\"block page-item-thumbnail-wrapper\"><img loading=\"lazy\" width=\"700\" height=\"700\" class=\"block entry-thumbnail page-item-thumbnail m-0\" alt=\"\" src=\"https:\/\/www.ipleiria.pt\/estm\/wp-content\/uploads\/sites\/28\/2026\/04\/Site_Destque.png\"><\/span>\n                                                                                                                                                            <div class=\"block page-item-title\">\n                                        <h3 id=\"post-title-12822\" aria-hidden=\"true\" role=\"presentation\" class=\"block entry-title has-dark-title-text-color-color\" style=\"font-size: 1.2rem;text-transform: none;\">Provas M23 2026\/2027<\/h3>\n                                    <\/div>\n                                <\/a>\n                            <\/li>\n                                                                                                                                                                                                                                                                                                                                                                                                                                                                                                                                                                                                                                                        <li id=\"post-11909\" class=\"post page-list-item\" style=\"\">\n                                <a href=\"https:\/\/www.ipleiria.pt\/estm\/estudantes-internacionais-2026-2027\/\"  class=\"block entry-link m-0 no-icon page-item-link\" style=\"padding-top: 100%;\" aria-roledescription=\"Liga\u00e7\u00e3o para not\u00edcia\" aria-labelledby=\"post-title-11909\">\n                                                                            <div class=\"page-item-thumbnail-wrapper\">\n<div class=\"page-item-thumbnail\">\n                                            <div id=\"news-thumbnails-11909\" class=\"carousel slide\" data-ride=\"carousel\" data-interval=\"6031\">\n                                                                                                <ol class=\"carousel-indicators\">\n                                                                                                            <li data-target=\"#page-banners-11909\" data-slide-to=\"0\" class=\"active\"><\/li>\n                                                                                                            <li data-target=\"#page-banners-11909\" data-slide-to=\"1\"><\/li>\n                                                                                                    <\/ol>\n                                                \n                                                                                                <div class=\"carousel-inner\">\n                                                                                                            <div class=\"carousel-item item active\">\n                                                            <img loading=\"lazy\" width=\"700\" height=\"700\" class=\"d-block w-100 entry-thumbnail m-0\" alt=\"\" src=\"https:\/\/www.ipleiria.pt\/estm\/wp-content\/uploads\/sites\/28\/2026\/01\/SiteDestaque_Novo_1.png\">\n                                                        <\/div>\n                                                                                                            <div class=\"carousel-item item\">\n                                                            <img loading=\"lazy\" width=\"700\" height=\"700\" class=\"d-block w-100 entry-thumbnail m-0\" alt=\"\" src=\"https:\/\/www.ipleiria.pt\/estm\/wp-content\/uploads\/sites\/28\/2026\/01\/SiteDestaque_Novo_2.png\">\n                                                        <\/div>\n                                                                                                    <\/div>\n                                                \n                                                                                            <\/div>\n<\/div>\n<\/div>\n                                                                                                                <div class=\"block page-item-title\">\n                                        <h3 id=\"post-title-11909\" aria-hidden=\"true\" role=\"presentation\" class=\"block entry-title has-dark-title-text-color-color\" style=\"font-size: 1.2rem;text-transform: none;\">\u00a0Estudantes Internacionais 2026\/2027<\/h3>\n                                    <\/div>\n                                <\/a>\n                            <\/li>\n                                                                                                                                                                                                                                                                                                                                                                                                                                                                                                                                                                                    <li id=\"post-12767\" class=\"post page-list-item\" style=\"\">\n                                <a href=\"https:\/\/www.ipleiria.pt\/run-eu-innovation-meets-regions-e-bienal-do-mar\/\" target=\"_blank\" rel=\"noopener\" class=\"block entry-link m-0 no-icon page-item-link\" style=\"padding-top: 100%;\" aria-roledescription=\"Liga\u00e7\u00e3o para not\u00edcia\" aria-labelledby=\"post-title-12767\">\n                                                                                                                                                                                                                    <span class=\"block page-item-thumbnail-wrapper\"><img loading=\"lazy\" width=\"700\" height=\"700\" class=\"block entry-thumbnail page-item-thumbnail m-0\" alt=\"\" src=\"https:\/\/www.ipleiria.pt\/estm\/wp-content\/uploads\/sites\/28\/2026\/04\/IMR_web_destaque_IPL.png\"><\/span>\n                                                                                                                                                            <div class=\"block page-item-title\">\n                                        <h3 id=\"post-title-12767\" aria-hidden=\"true\" role=\"presentation\" class=\"block entry-title has-dark-title-text-color-color\" style=\"font-size: 1.2rem;text-transform: none;\">RUN-EU Innovation Meets Regions e Bienal do Mar<\/h3>\n                                    <\/div>\n                                <\/a>\n                            <\/li>\n                                                                                                                                                                                                                                                                                                                                                                                                                                                                                                                                                                                    <li id=\"post-12764\" class=\"post page-list-item\" style=\"\">\n                                <a href=\"https:\/\/www.ipleiria.pt\/guia-institucional-de-apoio-ao-estudante\/\" target=\"_blank\" rel=\"noopener\" class=\"block entry-link m-0 no-icon page-item-link\" style=\"padding-top: 100%;\" aria-roledescription=\"Liga\u00e7\u00e3o para not\u00edcia\" aria-labelledby=\"post-title-12764\">\n                                                                                                                                                                                                                    <span class=\"block page-item-thumbnail-wrapper\"><img loading=\"lazy\" width=\"700\" height=\"700\" class=\"block entry-thumbnail page-item-thumbnail m-0\" alt=\"\" src=\"https:\/\/www.ipleiria.pt\/estm\/wp-content\/uploads\/sites\/28\/2026\/04\/SitePolitecnico_Destaque.jpg\"><\/span>\n                                                                                                                                                            <div class=\"block page-item-title\">\n                                        <h3 id=\"post-title-12764\" aria-hidden=\"true\" role=\"presentation\" class=\"block entry-title has-dark-title-text-color-color\" style=\"font-size: 1.2rem;text-transform: none;\">Guia Institucional de Apoio ao Estudante<\/h3>\n                                    <\/div>\n                                <\/a>\n                            <\/li>\n                                                                                                                                                                                                                                                                                                                                                                                                                                                                                                                                                                                    <li id=\"post-12758\" class=\"post page-list-item\" style=\"\">\n                                <a href=\"https:\/\/www.ipleiria.pt\/estm\/ecossistema-de-inovacao-azul-de-peniche-em-destaque-no-iv-forum-de-desenvolvimento-da-economia-azul-do-rio-grande\/\"  class=\"block entry-link m-0 no-icon page-item-link\" style=\"padding-top: 100%;\" aria-roledescription=\"Liga\u00e7\u00e3o para not\u00edcia\" aria-labelledby=\"post-title-12758\">\n                                                                                                                                                                                                                    <span class=\"block page-item-thumbnail-wrapper\"><img loading=\"lazy\" width=\"700\" height=\"700\" class=\"block entry-thumbnail page-item-thumbnail m-0\" alt=\"\" src=\"https:\/\/www.ipleiria.pt\/estm\/wp-content\/uploads\/sites\/28\/2026\/04\/IMAGEM-DESTAQUE-SITE-NOVO-13.png\"><\/span>\n                                                                                                                                                            <div class=\"block page-item-title\">\n                                        <h3 id=\"post-title-12758\" aria-hidden=\"true\" role=\"presentation\" class=\"block entry-title has-dark-title-text-color-color\" style=\"font-size: 1.2rem;text-transform: none;\">Ecossistema de inova\u00e7\u00e3o azul de Peniche em destaque no IV F\u00f3rum de Desenvolvimento da Economia Azul do Rio Grande<\/h3>\n                                    <\/div>\n                                <\/a>\n                            <\/li>\n                                                                                                                                                                                                                                                                                                                                                                                                                                                                                                                                                                                    <li id=\"post-12738\" class=\"post page-list-item\" style=\"\">\n                                <a href=\"https:\/\/www.ipleiria.pt\/estm\/9-o-simposio-em-producao-e-transformacao-de-alimentos-em-ambiente-sustentavel\/\"  class=\"block entry-link m-0 no-icon page-item-link\" style=\"padding-top: 100%;\" aria-roledescription=\"Liga\u00e7\u00e3o para not\u00edcia\" aria-labelledby=\"post-title-12738\">\n                                                                                                                                                                                                                    <span class=\"block page-item-thumbnail-wrapper\"><img loading=\"lazy\" width=\"700\" height=\"700\" class=\"block entry-thumbnail page-item-thumbnail m-0\" alt=\"\" src=\"https:\/\/www.ipleiria.pt\/estm\/wp-content\/uploads\/sites\/28\/2026\/03\/IMAGEM-DESTAQUE-SITE-NOVO-12.png\"><\/span>\n                                                                                                                                                            <div class=\"block page-item-title\">\n                                        <h3 id=\"post-title-12738\" aria-hidden=\"true\" role=\"presentation\" class=\"block entry-title has-dark-title-text-color-color\" style=\"font-size: 1.2rem;text-transform: none;\">9.\u00ba Simp\u00f3sio em Produ\u00e7\u00e3o e Transforma\u00e7\u00e3o de Alimentos em Ambiente Sustent\u00e1vel<\/h3>\n                                    <\/div>\n                                <\/a>\n                            <\/li>\n                                                                                                                                                                                                                                                                                                                                                                                                                                                                                                                                                                                    <li id=\"post-12492\" class=\"post page-list-item\" style=\"\">\n                                <a href=\"https:\/\/www.ipleiria.pt\/estm\/59-o-european-marine-biology-symposium-embs\/\"  class=\"block entry-link m-0 no-icon page-item-link\" style=\"padding-top: 100%;\" aria-roledescription=\"Liga\u00e7\u00e3o para not\u00edcia\" aria-labelledby=\"post-title-12492\">\n                                                                                                                                                                                                                    <span class=\"block page-item-thumbnail-wrapper\"><img loading=\"lazy\" width=\"700\" height=\"700\" class=\"block entry-thumbnail page-item-thumbnail m-0\" alt=\"\" src=\"https:\/\/www.ipleiria.pt\/estm\/wp-content\/uploads\/sites\/28\/2026\/02\/IMAGEM-DESTAQUE-SITE-NOVO-2.png\"><\/span>\n                                                                                                                                                            <div class=\"block page-item-title\">\n                                        <h3 id=\"post-title-12492\" aria-hidden=\"true\" role=\"presentation\" class=\"block entry-title has-dark-title-text-color-color\" style=\"font-size: 1.2rem;text-transform: none;\">59.\u00ba European Marine Biology Symposium\u00a0(EMBS)<\/h3>\n                                    <\/div>\n                                <\/a>\n                            <\/li>\n                                                                                                                                                                                                                                                                                                                                                                                                                                                                                                                                                                                                                                                        <li id=\"post-11920\" class=\"post page-list-item\" style=\"\">\n                                <a href=\"https:\/\/www.ipleiria.pt\/estm\/escola-superior-de-turismo-e-tecnologia-do-mar-de-peniche-abre-novos-cursos-de-licenciatura-e-de-mestrado-no-ano-letivo-2026-2027\/\"  class=\"block entry-link m-0 no-icon page-item-link\" style=\"padding-top: 100%;\" aria-roledescription=\"Liga\u00e7\u00e3o para not\u00edcia\" aria-labelledby=\"post-title-11920\">\n                                                                            <div class=\"page-item-thumbnail-wrapper\">\n<div class=\"page-item-thumbnail\">\n                                            <div id=\"news-thumbnails-11920\" class=\"carousel slide\" data-ride=\"carousel\" data-interval=\"6884\">\n                                                                                                <ol class=\"carousel-indicators\">\n                                                                                                            <li data-target=\"#page-banners-11920\" data-slide-to=\"0\" class=\"active\"><\/li>\n                                                                                                            <li data-target=\"#page-banners-11920\" data-slide-to=\"1\"><\/li>\n                                                                                                    <\/ol>\n                                                \n                                                                                                <div class=\"carousel-inner\">\n                                                                                                            <div class=\"carousel-item item active\">\n                                                            <img loading=\"lazy\" width=\"700\" height=\"700\" class=\"d-block w-100 entry-thumbnail m-0\" alt=\"\" src=\"https:\/\/www.ipleiria.pt\/estm\/wp-content\/uploads\/sites\/28\/2026\/01\/IMAGEM-DESTAQUE-SITE-NOVO-5-1.png\">\n                                                        <\/div>\n                                                                                                            <div class=\"carousel-item item\">\n                                                            <img loading=\"lazy\" width=\"700\" height=\"700\" class=\"d-block w-100 entry-thumbnail m-0\" alt=\"\" src=\"https:\/\/www.ipleiria.pt\/estm\/wp-content\/uploads\/sites\/28\/2026\/01\/IMAGEM-DESTAQUE-SITE-NOVO-4.png\">\n                                                        <\/div>\n                                                                                                    <\/div>\n                                                \n                                                                                            <\/div>\n<\/div>\n<\/div>\n                                                                                                                <div class=\"block page-item-title\">\n                                        <h3 id=\"post-title-11920\" aria-hidden=\"true\" role=\"presentation\" class=\"block entry-title has-dark-title-text-color-color\" style=\"font-size: 1.2rem;text-transform: none;\">Escola Superior de Turismo e Tecnologia do Mar de Peniche abre novos cursos de licenciatura e de mestrado no ano letivo 2026\/2027<\/h3>\n                                    <\/div>\n                                <\/a>\n                            <\/li>\n                                            <\/ul>\n                    <div class=\"clearfix\"><\/div>\n                <\/div>\n            <\/div>\n<script>\n(function () {\n    if (\"ontouchstart\" in document.documentElement && \"querySelectorAll\" in document) {\n        window.addEventListener('DOMContentLoaded', function(){\n            var articlesLinks = document.querySelectorAll('.IPLeiria .news.pages-list a.page-item-link');\n            articlesLinks.forEach(function(articleLink){\n                articleLink.addEventListener('contextmenu', function(e){\n                    e.preventDefault();\n                    e.stopPropagation();\n                    e.stopImmediatePropagation();\n                    return false;\n                });\n            });\n        });\n    }\n})();\n<\/script>\n<noscript>\n<span class=\"d-none\">Sem suporte para JavaScript<\/span>\n<\/noscript>\n        \n\n\n<div style=\"height:10px\" aria-hidden=\"true\" class=\"wp-block-spacer\"><\/div>\n<\/div><\/div><\/div>\n\n\n\n<p><\/p>\n\n\n\n<hr class=\"wp-block-separator has-alpha-channel-opacity\"\/>\n\n\n\n<div class=\"wp-container-3 wp-block-columns\">\n<div class=\"wp-container-1 wp-block-column\" style=\"flex-basis:33.33%\">\n<p class=\"is-style-theme-subtitle\">Outras<\/p>\n\n\n\n<p class=\"is-style-theme-title\">Not\u00edcias<\/p>\n<\/div>\n\n\n\n<div class=\"wp-container-2 wp-block-column\">\n<div style=\"height:20px\" aria-hidden=\"true\" class=\"wp-block-spacer\"><\/div>\n\n\n    <section class=\"other-news pt-4 pt-sm-0\" style=\"display: grid;grid-template-columns: repeat(auto-fit, minmax(230px, 1fr));grid-gap: 50px 60px;\">\n                                        <article class=\"news-item\">\n                            <h4 class=\"entry-title font-weight-bold\" style=\"font-size: 1.7rem;\">Dia Internacional dos Museus 2026\u00a0<\/h4>\n                            <div class=\"entry-excerpt\">Museu Nacional da Resist\u00eancia e Liberdade, em Peniche<\/div>                            <a href=\"https:\/\/www.ipleiria.pt\/estm\/dia-internacional-dos-museus-2026\/\"  class=\"block entry-link\" rel=\"bookmark\" title=\"Saber mais sobre &quot;Dia Internacional dos Museus 2026\u00a0&quot;\">\n                            Saber mais\n                            <\/a>\n                        <\/article>\n                                        <article class=\"news-item\">\n                            <h4 class=\"entry-title font-weight-bold\" style=\"font-size: 1.7rem;\">Open Staff Week on EU Projects in Higher Education<\/h4>\n                                                        <a href=\"https:\/\/www.ipleiria.pt\/en\/open-staff-week-on-eu-projects-in-higher-education\/\" target=\"_blank\" rel=\"noopener\" class=\"block entry-link\" rel=\"bookmark\" title=\"Saber mais sobre &quot;Open Staff Week on EU Projects in Higher Education&quot;\">\n                            Saber mais\n                            <\/a>\n                        <\/article>\n                                        <article class=\"news-item\">\n                            <h4 class=\"entry-title font-weight-bold\" style=\"font-size: 1.7rem;\">Candidaturas Cursos TeSP &#8211; at\u00e9 31 de mar\u00e7o<\/h4>\n                                                        <a href=\"https:\/\/www.ipleiria.pt\/estm\/candidaturas-cursos-tesp-ate-31-de-marco\/\"  class=\"block entry-link\" rel=\"bookmark\" title=\"Saber mais sobre &quot;Candidaturas Cursos TeSP &amp;#8211; at\u00e9 31 de mar\u00e7o&quot;\">\n                            Saber mais\n                            <\/a>\n                        <\/article>\n                                        <article class=\"news-item\">\n                            <h4 class=\"entry-title font-weight-bold\" style=\"font-size: 1.7rem;\">Candidaturas mestrados &#8211; at\u00e9 31 de mar\u00e7o<\/h4>\n                                                        <a href=\"https:\/\/www.ipleiria.pt\/estm\/candidaturas-mestrados\/\"  class=\"block entry-link\" rel=\"bookmark\" title=\"Saber mais sobre &quot;Candidaturas mestrados &amp;#8211; at\u00e9 31 de mar\u00e7o&quot;\">\n                            Saber mais\n                            <\/a>\n                        <\/article>\n                                        <article class=\"news-item\">\n                            <h4 class=\"entry-title font-weight-bold\" style=\"font-size: 1.7rem;\">Os Pescadores&#8221; | Exposi\u00e7\u00e3o de ilustra\u00e7\u00e3o de Marta Nunes<\/h4>\n                            <div class=\"entry-excerpt\">Sala Berlenga<\/div>                            <a href=\"https:\/\/cultura.ipleiria.pt\/os-pescadores-ilustracao-de-marta-nunes\/\" target=\"_blank\" rel=\"noopener\" class=\"block entry-link\" rel=\"bookmark\" title=\"Saber mais sobre &quot;Os Pescadores&amp;#8221; | Exposi\u00e7\u00e3o de ilustra\u00e7\u00e3o de Marta Nunes&quot;\">\n                            Saber mais\n                            <\/a>\n                        <\/article>\n                                        <article class=\"news-item\">\n                            <h4 class=\"entry-title font-weight-bold\" style=\"font-size: 1.7rem;\">Lan\u00e7amento do livro \u201cGest\u00e3o Hoteleira II\u201d conta com docente da ESTM entre os autores<\/h4>\n                                                        <a href=\"https:\/\/www.ipleiria.pt\/estm\/lancamento-do-livro-gestao-hoteleira-ii-conta-com-docente-da-estm-entre-os-autores\/\"  class=\"block entry-link\" rel=\"bookmark\" title=\"Saber mais sobre &quot;Lan\u00e7amento do livro \u201cGest\u00e3o Hoteleira II\u201d conta com docente da ESTM entre os autores&quot;\">\n                            Saber mais\n                            <\/a>\n                        <\/article>\n                    <\/section>\n<\/div>\n<\/div>\n\n\n\n<div style=\"height:60px\" aria-hidden=\"true\" class=\"wp-block-spacer\"><\/div>\n\n\n\n<div class=\"wp-container-4 wp-block-buttons\">\n<div class=\"wp-block-button aligncenter is-style-theme-button-outline\"><a class=\"wp-block-button__link\" href=\"https:\/\/www.ipleiria.pt\/arquivo\/category\/estm\/\" target=\"_blank\" rel=\"noreferrer noopener\">Mais not\u00edcias<\/a><\/div>\n<\/div>\n\n\n\n<div style=\"height:50px\" aria-hidden=\"true\" class=\"wp-block-spacer\"><\/div>\n\n\n\n<div id=\"gbc-419736-f6\" class=\"wp-block-pt-ipleiria-ued-wp-theme-ipleiria-gutenbergblocks-container gbc gbc-view row-valign-top align-full\" style=\"background-color:#0094bd;color:#FFFFFF;margin-top:40px\"><div><script>(function(){\n\t\t\t\tconst style = document.createElement('style');\n\t\t\t\tstyle.innerHTML = `\n\t\t\t\t\n\t\t\t\t\n\t\t\t\t`;\n\t\t\t\tdocument.head.appendChild(style);\n\t\t\t})();<\/script><noscript class=\"sr-only\">Sem suporte para regras CSS personalizadas<\/noscript><\/div><div class=\"gbc-background\" style=\"background-image:url(https:\/\/www.ipleiria.pt\/estm\/wp-content\/uploads\/sites\/28\/2025\/01\/cubs_031.jpg);background-size:cover;background-position:center center;background-repeat:no-repeat;background-attachment:scroll\"><\/div><div class=\"gbc-background-overlay gbc-background-overlay-normal\" style=\"background-color:#0094bd;opacity:0.64\"><\/div><div class=\"gbc-wrapper\" style=\"padding-top:30px;padding-bottom:0px\"><div id=\"gbc-container-gbc-419736-f6\" class=\"inner-container\" style=\"color:#FFFFFF\">\n<div id=\"gbc-9fa7f3-25\" class=\"wp-block-pt-ipleiria-ued-wp-theme-ipleiria-gutenbergblocks-container gbc gbc-view row-valign-top align-full\"><div class=\"gbc-background-overlay gbc-background-overlay-normal\" style=\"opacity:0.3\"><\/div><div class=\"gbc-wrapper\" style=\"padding-top:60px;padding-bottom:60px\"><div id=\"gbc-container-gbc-9fa7f3-25\" class=\"inner-container container\">\n<div class=\"wp-container-6 wp-block-columns\">\n<div class=\"wp-container-5 wp-block-column\">\n<h2 class=\"has-text-align-center is-style-theme-title has-dark-title-text-color-color has-text-color\">ESTM na onda do teu futuro!<\/h2>\n\n\n\n<p class=\"has-text-align-center has-dark-title-text-color-color has-text-color\">parcerias nacionais e internacionais, compet\u00eancias e sucesso, rumo ao mercado de trabalho!<\/p>\n\n\n\n<p class=\"has-text-align-center has-dark-title-text-color-color has-text-color\">ESTM constr\u00f3i a tua realidade!<\/p>\n<\/div>\n<\/div>\n\n\n\n<div class=\"wp-container-7 wp-block-buttons\">\n<div class=\"wp-block-button aligncenter is-style-theme-button-outline button-white-has-backgourd-color\"><a class=\"wp-block-button__link\" href=\"https:\/\/www.ipleiria.pt\/estm\/escola\/quem-somos\/estm\/\">conhecer a escola<\/a><\/div>\n<\/div>\n<\/div><\/div><\/div>\n<\/div><\/div><\/div>\n\n\n\n<div id=\"gbc-73bb57-1b\" class=\"wp-block-pt-ipleiria-ued-wp-theme-ipleiria-gutenbergblocks-container gbc gbc-view row-valign-top align-full\" style=\"background-color:#F3F3F3\"><div class=\"gbc-background-overlay gbc-background-overlay-normal\" style=\"opacity:0.3\"><\/div><div class=\"gbc-wrapper\" style=\"padding-top:60px;padding-bottom:60px\"><div id=\"gbc-container-gbc-73bb57-1b\" class=\"inner-container container\">\n<h2 class=\"is-style-theme-subtitle-inherit-color\">A ESTM<\/h2>\n\n\n\n<h2 class=\"is-style-theme-title\">Apanha a nossa onda!<\/h2>\n\n\n\n<div style=\"height:20px\" aria-hidden=\"true\" class=\"wp-block-spacer\"><\/div>\n\n\n\n<figure class=\"wp-block-embed is-type-video is-provider-youtube wp-block-embed-youtube wp-embed-aspect-16-9 wp-has-aspect-ratio\"><div class=\"wp-block-embed__wrapper\">\n<iframe loading=\"lazy\" title=\"Polit\u00e9cnico de Leiria - Escola Superior de Turismo e Tecnologia do Mar\" width=\"500\" height=\"281\" src=\"https:\/\/www.youtube.com\/embed\/1_AD6CiPsVM?feature=oembed\" frameborder=\"0\" allow=\"accelerometer; autoplay; clipboard-write; encrypted-media; gyroscope; picture-in-picture; web-share\" referrerpolicy=\"strict-origin-when-cross-origin\" allowfullscreen><\/iframe>\n<\/div><\/figure>\n<\/div><\/div><\/div>\n\n\n\n<div style=\"height:25px\" aria-hidden=\"true\" class=\"wp-block-spacer\"><\/div>\n\n\n\n<div id=\"gbc-c8309f-db\" class=\"wp-block-pt-ipleiria-ued-wp-theme-ipleiria-gutenbergblocks-container gbc gbc-view row-valign-top align-full\" style=\"background-color:#FFFFFF;margin-top:-25px;margin-bottom:-25px\"><div class=\"gbc-background-overlay gbc-background-overlay-normal\" style=\"opacity:0.3\"><\/div><div class=\"gbc-wrapper\" style=\"padding-top:60px\"><div id=\"gbc-container-gbc-c8309f-db\" class=\"inner-container container\">\n<p class=\"has-text-align-center is-style-theme-subtitle\"><\/p>\n\n\n\n<p class=\"has-text-align-center is-style-theme-title has-huge-font-size\">Factos e N\u00fameros<\/p>\n\n\n\n<div style=\"height:20px\" aria-hidden=\"true\" class=\"wp-block-spacer\"><\/div>\n\n\n\n<div class=\"wp-container-12 wp-block-columns\">\n<div class=\"wp-container-8 wp-block-column\">\n<div class=\"wp-block-pt-ipleiria-ued-wp-theme-ipleiria-gutenbergblockdonut\">\n\t\t<div class=\" svg-item donut-view animate-when-visible donutfade\" style=\"width: 100%; font-size: 16px; margin: 0 auto; \">\n\t\t\t<svg width=\"100%\" height=\"100%\" viewBox=\"0 0 40 40\" class=\"donut\">\n\t\t\t\t<circle class=\"donut-hole\" cx=\"20\" cy=\"20\" r=\"15.91549430918954\" fill=\"#FFF\"><\/circle>\n\t\t\t\t<circle class=\"donut-ring\" cx=\"20\" cy=\"20\" r=\"15.91549430918954\" fill=\"transparent\" stroke-width=\"1.5\" stroke=\"#F3F3F3\"><\/circle>\n\t\t\t\t<circle class=\"donut-segment donut-animation\" cx=\"20\" cy=\"20\" r=\"15.91549430918954\" fill=\"transparent\" stroke-width=\"1.5\" stroke=\"#00A7E1\" stroke-dasharray=\"100 0\" stroke-dashoffset=\"25\" style=\"transform-origin: center;\"><\/circle>\n\t\t\t\t<g class=\"donut-text\" fill=\"#262626\">\n\t\t\t\t\t<text y=\"47%\" transform=\"translate(0, 2)\"><tspan x=\"50%\" text-anchor=\"middle\" class=\"donut-number donutfadelong\" style=\"font-size: 0.4em; line-height: 1; transform: translateY(0.5em); font-weight: bold;\">10<\/tspan><\/text>\n\t\t\t\t\t<text class=\"donut-text-lines\" y=\"58%\" transform=\"translate(0, 2)\"><tspan x=\"50%\" text-anchor=\"middle\" class=\"donut-data donutfadelong\" fill=\"#545454\" style=\"font-size: 0.14em; line-height: 1; transform: translateY(0.5em); text-align: center; text-anchor: middle;\">Tesp<\/tspan><tspan x=\"50%\" y=\"61%\" text-anchor=\"middle\" class=\"donut-data donutfadelong\" fill=\"#545454\" style=\"font-size: 0.14em;line-height: 1rem;transform: translateY(0.5em);text-align: center;text-anchor: middle;y: 10%;\"><\/tspan><\/text>\n\t\t\t\t<\/g>\n\t\t\t<\/svg>\n\t\t<\/div>\n\t<\/div>\n<\/div>\n\n\n\n<div class=\"wp-container-9 wp-block-column\">\n<div class=\"wp-block-pt-ipleiria-ued-wp-theme-ipleiria-gutenbergblockdonut\">\n\t\t<div class=\" svg-item donut-view animate-when-visible donutfade\" style=\"width: 100%; font-size: 16px; margin: 0 auto; \">\n\t\t\t<svg width=\"100%\" height=\"100%\" viewBox=\"0 0 40 40\" class=\"donut\">\n\t\t\t\t<circle class=\"donut-hole\" cx=\"20\" cy=\"20\" r=\"15.91549430918954\" fill=\"#FFF\"><\/circle>\n\t\t\t\t<circle class=\"donut-ring\" cx=\"20\" cy=\"20\" r=\"15.91549430918954\" fill=\"transparent\" stroke-width=\"1.5\" stroke=\"#F3F3F3\"><\/circle>\n\t\t\t\t<circle class=\"donut-segment donut-animation\" cx=\"20\" cy=\"20\" r=\"15.91549430918954\" fill=\"transparent\" stroke-width=\"1.5\" stroke=\"#00A7E1\" stroke-dasharray=\"100 0\" stroke-dashoffset=\"25\" style=\"transform-origin: center;\"><\/circle>\n\t\t\t\t<g class=\"donut-text\" fill=\"#262626\">\n\t\t\t\t\t<text y=\"47%\" transform=\"translate(0, 2)\"><tspan x=\"50%\" text-anchor=\"middle\" class=\"donut-number donutfadelong\" style=\"font-size: 0.4em; line-height: 1; transform: translateY(0.5em); font-weight: bold;\">11<\/tspan><\/text>\n\t\t\t\t\t<text class=\"donut-text-lines\" y=\"58%\" transform=\"translate(0, 2)\"><tspan x=\"50%\" text-anchor=\"middle\" class=\"donut-data donutfadelong\" fill=\"#545454\" style=\"font-size: 0.14em; line-height: 1; transform: translateY(0.5em); text-align: center; text-anchor: middle;\">Licenciaturas<\/tspan><tspan x=\"50%\" y=\"61%\" text-anchor=\"middle\" class=\"donut-data donutfadelong\" fill=\"#545454\" style=\"font-size: 0.14em;line-height: 1rem;transform: translateY(0.5em);text-align: center;text-anchor: middle;y: 10%;\"><\/tspan><\/text>\n\t\t\t\t<\/g>\n\t\t\t<\/svg>\n\t\t<\/div>\n\t<\/div>\n<\/div>\n\n\n\n<div class=\"wp-container-10 wp-block-column\">\n<div class=\"wp-block-pt-ipleiria-ued-wp-theme-ipleiria-gutenbergblockdonut\">\n\t\t<div class=\" svg-item donut-view animate-when-visible donutfade\" style=\"width: 100%; font-size: 16px; margin: 0 auto; \">\n\t\t\t<svg width=\"100%\" height=\"100%\" viewBox=\"0 0 40 40\" class=\"donut\">\n\t\t\t\t<circle class=\"donut-hole\" cx=\"20\" cy=\"20\" r=\"15.91549430918954\" fill=\"#FFF\"><\/circle>\n\t\t\t\t<circle class=\"donut-ring\" cx=\"20\" cy=\"20\" r=\"15.91549430918954\" fill=\"transparent\" stroke-width=\"1.5\" stroke=\"#F3F3F3\"><\/circle>\n\t\t\t\t<circle class=\"donut-segment donut-animation\" cx=\"20\" cy=\"20\" r=\"15.91549430918954\" fill=\"transparent\" stroke-width=\"1.5\" stroke=\"#00A7E1\" stroke-dasharray=\"100 0\" stroke-dashoffset=\"25\" style=\"transform-origin: center;\"><\/circle>\n\t\t\t\t<g class=\"donut-text\" fill=\"#262626\">\n\t\t\t\t\t<text y=\"47%\" transform=\"translate(0, 2)\"><tspan x=\"50%\" text-anchor=\"middle\" class=\"donut-number donutfadelong\" style=\"font-size: 0.4em; line-height: 1; transform: translateY(0.5em); font-weight: bold;\">8<\/tspan><\/text>\n\t\t\t\t\t<text class=\"donut-text-lines\" y=\"58%\" transform=\"translate(0, 2)\"><tspan x=\"50%\" text-anchor=\"middle\" class=\"donut-data donutfadelong\" fill=\"#545454\" style=\"font-size: 0.14em; line-height: 1; transform: translateY(0.5em); text-align: center; text-anchor: middle;\">Mestrados<\/tspan><tspan x=\"50%\" y=\"61%\" text-anchor=\"middle\" class=\"donut-data donutfadelong\" fill=\"#545454\" style=\"font-size: 0.14em;line-height: 1rem;transform: translateY(0.5em);text-align: center;text-anchor: middle;y: 10%;\"><\/tspan><\/text>\n\t\t\t\t<\/g>\n\t\t\t<\/svg>\n\t\t<\/div>\n\t<\/div>\n<\/div>\n\n\n\n<div class=\"wp-container-11 wp-block-column\">\n<div class=\"wp-block-pt-ipleiria-ued-wp-theme-ipleiria-gutenbergblockdonut\">\n\t\t<div class=\" svg-item donut-view animate-when-visible donutfade\" style=\"width: 100%; font-size: 16px; margin: 0 auto; \">\n\t\t\t<svg width=\"100%\" height=\"100%\" viewBox=\"0 0 40 40\" class=\"donut\">\n\t\t\t\t<circle class=\"donut-hole\" cx=\"20\" cy=\"20\" r=\"15.91549430918954\" fill=\"#FFF\"><\/circle>\n\t\t\t\t<circle class=\"donut-ring\" cx=\"20\" cy=\"20\" r=\"15.91549430918954\" fill=\"transparent\" stroke-width=\"1.5\" stroke=\"#F3F3F3\"><\/circle>\n\t\t\t\t<circle class=\"donut-segment donut-animation\" cx=\"20\" cy=\"20\" r=\"15.91549430918954\" fill=\"transparent\" stroke-width=\"1.5\" stroke=\"#00A7E1\" stroke-dasharray=\"100 0\" stroke-dashoffset=\"25\" style=\"transform-origin: center;\"><\/circle>\n\t\t\t\t<g class=\"donut-text\" fill=\"#262626\">\n\t\t\t\t\t<text y=\"47%\" transform=\"translate(0, 2)\"><tspan x=\"50%\" text-anchor=\"middle\" class=\"donut-number donutfadelong\" style=\"font-size: 0.4em; line-height: 1; transform: translateY(0.5em); font-weight: bold;\">2<\/tspan><\/text>\n\t\t\t\t\t<text class=\"donut-text-lines\" y=\"58%\" transform=\"translate(0, 2)\"><tspan x=\"50%\" text-anchor=\"middle\" class=\"donut-data donutfadelong\" fill=\"#545454\" style=\"font-size: 0.14em; line-height: 1; transform: translateY(0.5em); text-align: center; text-anchor: middle;\">P\u00f3s-Gradua\u00e7\u00f5es<\/tspan><tspan x=\"50%\" y=\"61%\" text-anchor=\"middle\" class=\"donut-data donutfadelong\" fill=\"#545454\" style=\"font-size: 0.14em;line-height: 1rem;transform: translateY(0.5em);text-align: center;text-anchor: middle;y: 10%;\"><\/tspan><\/text>\n\t\t\t\t<\/g>\n\t\t\t<\/svg>\n\t\t<\/div>\n\t<\/div>\n<\/div>\n<\/div>\n<\/div><\/div><\/div>\n\n\n\n<div id=\"gbc-419736-f6\" class=\"wp-block-pt-ipleiria-ued-wp-theme-ipleiria-gutenbergblocks-container gbc gbc-view row-valign-top align-full\" style=\"background-color:#FFFFFF;color:#FFFFFF;margin-top:40px\"><div><script>(function(){\n\t\t\t\tconst style = document.createElement('style');\n\t\t\t\tstyle.innerHTML = `\n\t\t\t\t\n\t\t\t\t\n\t\t\t\t`;\n\t\t\t\tdocument.head.appendChild(style);\n\t\t\t})();<\/script><noscript class=\"sr-only\">Sem suporte para regras CSS personalizadas<\/noscript><\/div><div class=\"gbc-background-overlay gbc-background-overlay-normal\" style=\"opacity:1\"><\/div><div class=\"gbc-wrapper\" style=\"padding-top:30px;padding-bottom:0px\"><div id=\"gbc-container-gbc-419736-f6\" class=\"inner-container\" style=\"color:#FFFFFF\"><\/div><\/div><\/div>\n\n\n\n<hr class=\"wp-block-separator has-alpha-channel-opacity is-style-wide\"\/>\n","protected":false},"excerpt":{"rendered":"Not\u00edcias Outras Not\u00edcias","protected":false},"author":1,"featured_media":788,"parent":0,"menu_order":0,"comment_status":"closed","ping_status":"closed","template":"","meta":{"multilingual_post_translation":"{\"en-GB\":{\"url\":\"https:\/\/www.ipleiria.pt\/estm-en\/\",\"postID\":45,\"postTitle\":\"Home\",\"siteID\":45,\"customURL\":false,\"languageInfo\":{\"name\":\"English (UK)\",\"locale\":\"en_GB\"}}}","page_post-custom-url":"","page_post-custom-url-target":""},"_links":{"self":[{"href":"https:\/\/www.ipleiria.pt\/estm\/wp-json\/wp\/v2\/pages\/428"}],"collection":[{"href":"https:\/\/www.ipleiria.pt\/estm\/wp-json\/wp\/v2\/pages"}],"about":[{"href":"https:\/\/www.ipleiria.pt\/estm\/wp-json\/wp\/v2\/types\/page"}],"author":[{"embeddable":true,"href":"https:\/\/www.ipleiria.pt\/estm\/wp-json\/wp\/v2\/users\/1"}],"replies":[{"embeddable":true,"href":"https:\/\/www.ipleiria.pt\/estm\/wp-json\/wp\/v2\/comments?post=428"}],"version-history":[{"count":34,"href":"https:\/\/www.ipleiria.pt\/estm\/wp-json\/wp\/v2\/pages\/428\/revisions"}],"predecessor-version":[{"id":12091,"href":"https:\/\/www.ipleiria.pt\/estm\/wp-json\/wp\/v2\/pages\/428\/revisions\/12091"}],"wp:featuredmedia":[{"embeddable":true,"href":"https:\/\/www.ipleiria.pt\/estm\/wp-json\/wp\/v2\/media\/788"}],"wp:attachment":[{"href":"https:\/\/www.ipleiria.pt\/estm\/wp-json\/wp\/v2\/media?parent=428"}],"curies":[{"name":"wp","href":"https:\/\/api.w.org\/{rel}","templated":true}]}}